{"id":14970,"date":"2025-01-20T16:54:13","date_gmt":"2025-01-20T16:54:13","guid":{"rendered":"https:\/\/clinicadentalmontsetimoneda.plesk.myfocus.es\/?page_id=14970"},"modified":"2025-02-20T11:19:55","modified_gmt":"2025-02-20T11:19:55","slug":"doctora-elisenda-torne","status":"publish","type":"page","link":"https:\/\/clinicadentalmontsetimoneda.com\/ca\/el-nostre-equip\/doctora-elisenda-torne\/","title":{"rendered":"Elisenda Torn\u00e9"},"content":{"rendered":"\t\t<div data-elementor-type=\"wp-page\" data-elementor-id=\"14970\" class=\"elementor elementor-14970 elementor-14969\" data-elementor-post-type=\"page\">\n\t\t\t\t<div class=\"elementor-element elementor-element-b409d1a e-con-full no-padding-block no-padding-inline e-flex e-con e-parent\" data-id=\"b409d1a\" data-element_type=\"container\" data-e-type=\"container\">\n\t\t<div class=\"elementor-element elementor-element-4547328 e-con-full e-flex e-con e-child\" data-id=\"4547328\" data-element_type=\"container\" data-e-type=\"container\" data-settings=\"{&quot;background_background&quot;:&quot;classic&quot;}\">\n\t\t<div class=\"elementor-element elementor-element-852a9e3 e-con-full e-flex e-con e-child\" data-id=\"852a9e3\" data-element_type=\"container\" data-e-type=\"container\" data-settings=\"{&quot;background_background&quot;:&quot;classic&quot;}\">\n\t\t\t\t<div class=\"elementor-element elementor-element-a83a09e elementor-align-left elementor-widget elementor-widget-breadcrumbs\" data-id=\"a83a09e\" data-element_type=\"widget\" data-e-type=\"widget\" data-widget_type=\"breadcrumbs.default\">\n\t\t\t\t<div class=\"elementor-widget-container\">\n\t\t\t\t\t<p id=\"breadcrumbs\"><span><span><a href=\"https:\/\/clinicadentalmontsetimoneda.com\/ca\/\">Portada<\/a><\/span><\/span><\/p>\t\t\t\t<\/div>\n\t\t\t\t<\/div>\n\t\t\t\t<div class=\"elementor-element elementor-element-8a4f3d4 elementor-widget elementor-widget-heading\" data-id=\"8a4f3d4\" data-element_type=\"widget\" data-e-type=\"widget\" data-widget_type=\"heading.default\">\n\t\t\t\t<div class=\"elementor-widget-container\">\n\t\t\t\t\t<h1 class=\"elementor-heading-title elementor-size-default\">Dra. Elisenda Torn\u00e9<\/h1>\t\t\t\t<\/div>\n\t\t\t\t<\/div>\n\t\t\t\t<div class=\"elementor-element elementor-element-7db00cb elementor-widget elementor-widget-heading\" data-id=\"7db00cb\" data-element_type=\"widget\" data-e-type=\"widget\" data-widget_type=\"heading.default\">\n\t\t\t\t<div class=\"elementor-widget-container\">\n\t\t\t\t\t<h3 class=\"elementor-heading-title elementor-size-default\">Odontolog\u00eda General i Est\u00e8tica<\/h3>\t\t\t\t<\/div>\n\t\t\t\t<\/div>\n\t\t\t\t<\/div>\n\t\t<div class=\"elementor-element elementor-element-ff4ffa7 e-con-full e-flex e-con e-child\" data-id=\"ff4ffa7\" data-element_type=\"container\" data-e-type=\"container\">\n\t\t\t\t<div class=\"elementor-element elementor-element-ed32835 elementor-widget__width-inherit elementor-widget elementor-widget-text-editor\" data-id=\"ed32835\" data-element_type=\"widget\" data-e-type=\"widget\" data-widget_type=\"text-editor.default\">\n\t\t\t\t<div class=\"elementor-widget-container\">\n\t\t\t\t\t\t\t\t\t<p>Experi\u00e8ncia Acad\u00e8mica<\/p>\t\t\t\t\t\t\t\t<\/div>\n\t\t\t\t<\/div>\n\t\t\t\t<div class=\"elementor-element elementor-element-97f6642 elementor-widget-mobile__width-initial elementor-widget elementor-widget-image\" data-id=\"97f6642\" data-element_type=\"widget\" data-e-type=\"widget\" data-widget_type=\"image.default\">\n\t\t\t\t<div class=\"elementor-widget-container\">\n\t\t\t\t\t\t\t\t\t\t\t\t\t\t\t<img decoding=\"async\" width=\"105\" height=\"105\" src=\"https:\/\/clinicadentalmontsetimoneda.com\/wp-content\/uploads\/2024\/05\/icono-lista.png\" class=\"attachment-full size-full wp-image-10567\" alt=\"\" \/>\t\t\t\t\t\t\t\t\t\t\t\t\t\t\t<\/div>\n\t\t\t\t<\/div>\n\t\t\t\t<div class=\"elementor-element elementor-element-201fcc5 elementor-widget elementor-widget-image\" data-id=\"201fcc5\" data-element_type=\"widget\" data-e-type=\"widget\" data-widget_type=\"image.default\">\n\t\t\t\t<div class=\"elementor-widget-container\">\n\t\t\t\t\t\t\t\t\t\t\t\t\t\t\t<img fetchpriority=\"high\" decoding=\"async\" width=\"1020\" height=\"583\" src=\"https:\/\/clinicadentalmontsetimoneda.com\/wp-content\/uploads\/2020\/02\/67_r-1400x800.jpg\" class=\"attachment-large size-large wp-image-3450\" alt=\"\" srcset=\"https:\/\/clinicadentalmontsetimoneda.com\/wp-content\/uploads\/2020\/02\/67_r-1400x800.jpg 1400w, https:\/\/clinicadentalmontsetimoneda.com\/wp-content\/uploads\/2020\/02\/67_r-700x400.jpg 700w, https:\/\/clinicadentalmontsetimoneda.com\/wp-content\/uploads\/2020\/02\/67_r-768x439.jpg 768w\" sizes=\"(max-width: 1020px) 100vw, 1020px\" \/>\t\t\t\t\t\t\t\t\t\t\t\t\t\t\t<\/div>\n\t\t\t\t<\/div>\n\t\t\t\t<\/div>\n\t\t<div class=\"elementor-element elementor-element-e4a00fa e-con-full no-padding-block e-flex e-con e-child\" data-id=\"e4a00fa\" data-element_type=\"container\" data-e-type=\"container\">\n\t\t\t\t<div class=\"elementor-element elementor-element-2f9b4f8 elementor-widget__width-initial elementor-widget elementor-widget-text-editor\" data-id=\"2f9b4f8\" data-element_type=\"widget\" data-e-type=\"widget\" data-widget_type=\"text-editor.default\">\n\t\t\t\t<div class=\"elementor-widget-container\">\n\t\t\t\t\t\t\t\t\t<p>Amb tan sols 10 anys la\u00a0<b>Dra. Torn\u00e9<\/b>\u00a0va tenir clar que volia ser dentista quan juntament amb el seu germ\u00e0 va anar a una revisi\u00f3 odontol\u00f2gica i va quedar fascinada per aquesta professi\u00f3, i el que va comen\u00e7ar com un joc d\u2019inf\u00e0ncia finalment es va convertir en una de les passions de la seva vida.<\/p><p>Despr\u00e9s d\u2019acabar la seva llicenciatura, va descobrir que la seva major motivaci\u00f3 era ajudar a les persones a recuperar el somriure, investigar solucions a problemes en \u00e0rees funcionals amb afectaci\u00f3 a la parla o la masticaci\u00f3, per\u00f2 tamb\u00e9 incidir en una millora substancial de l\u2019est\u00e8tica.<\/p><p>Per aquesta ra\u00f3, va encaminar els seus estudis d\u2019especialitzaci\u00f3 a realitzar m\u00e0sters de Pr\u00f2tesis, Rehabilitaci\u00f3 i d\u2019Est\u00e8tica, perqu\u00e8 sempre ha considerat que recuperar la funci\u00f3 natural de la boca mai ha de ser contrari a lluir un bon somriure.<\/p><ul><li>Postgrau en Odontologia Digital de SCOE<\/li><li>Formaci\u00f3 en T\u00e8cnica de Carilles Injectades.<\/li><li>&#8220;Curs de restauracions ceramiques&#8221;. Carilles de cer\u00e0mica con el Dr. Jon Gurrea<\/li><\/ul>\t\t\t\t\t\t\t\t<\/div>\n\t\t\t\t<\/div>\n\t\t\t\t<\/div>\n\t\t\t\t<\/div>\n\t\t<div class=\"elementor-element elementor-element-55a89b2 e-flex e-con-boxed e-con e-child\" data-id=\"55a89b2\" data-element_type=\"container\" data-e-type=\"container\" data-settings=\"{&quot;background_background&quot;:&quot;classic&quot;}\">\n\t\t\t\t\t<div class=\"e-con-inner\">\n\t\t<div class=\"elementor-element elementor-element-40187f5 e-con-full e-flex e-con e-child\" data-id=\"40187f5\" data-element_type=\"container\" data-e-type=\"container\" data-settings=\"{&quot;background_background&quot;:&quot;classic&quot;}\">\n\t\t\t\t<div class=\"elementor-element elementor-element-52a2328 elementor-widget elementor-widget-text-editor\" data-id=\"52a2328\" data-element_type=\"widget\" data-e-type=\"widget\" data-widget_type=\"text-editor.default\">\n\t\t\t\t<div class=\"elementor-widget-container\">\n\t\t\t\t\t\t\t\t\t<p>EXPLICA&#8217;NS ELS TEUS MOTIUS<\/p>\t\t\t\t\t\t\t\t<\/div>\n\t\t\t\t<\/div>\n\t\t\t\t<div class=\"elementor-element elementor-element-c94c95b elementor-widget__width-initial elementor-widget elementor-widget-text-editor\" data-id=\"c94c95b\" data-element_type=\"widget\" data-e-type=\"widget\" data-widget_type=\"text-editor.default\">\n\t\t\t\t<div class=\"elementor-widget-container\">\n\t\t\t\t\t\t\t\t\t<p>Demana la teva cita Ara i t&#8217;informarem sense comprom\u00eds del tractament i de com et podem ajudar. Posa&#8217;t en m\u00e0 d&#8217;uns grans professionals, nom\u00e9s cal una estona del teu temps.<\/p>\t\t\t\t\t\t\t\t<\/div>\n\t\t\t\t<\/div>\n\t\t\t\t<div class=\"elementor-element elementor-element-ad658a6 elementor-widget elementor-widget-button\" data-id=\"ad658a6\" data-element_type=\"widget\" data-e-type=\"widget\" data-widget_type=\"button.default\">\n\t\t\t\t<div class=\"elementor-widget-container\">\n\t\t\t\t\t\t\t\t\t<div class=\"elementor-button-wrapper\">\n\t\t\t\t\t<a class=\"elementor-button elementor-button-link elementor-size-sm\" href=\"https:\/\/clinicadentalmontsetimoneda.com\/ca\/demanar-cita\/\">\n\t\t\t\t\t\t<span class=\"elementor-button-content-wrapper\">\n\t\t\t\t\t\t<span class=\"elementor-button-icon\">\n\t\t\t\t<svg xmlns=\"http:\/\/www.w3.org\/2000\/svg\" width=\"47\" height=\"48\" viewBox=\"0 0 47 48\" fill=\"none\"><g clip-path=\"url(#clip0_2066_1867)\"><path d=\"M31.6046 28.0732L25.17 23.2473V13.4168C25.17 12.4284 24.3711 11.6294 23.3826 11.6294C22.3942 11.6294 21.5952 12.4284 21.5952 13.4168V24.1411C21.5952 24.7041 21.8598 25.235 22.3102 25.571L29.4596 30.9332C29.7813 31.1745 30.1568 31.2906 30.5303 31.2906C31.0754 31.2906 31.6117 31.0457 31.962 30.5739C32.5556 29.7855 32.3947 28.6649 31.6046 28.0732Z\" fill=\"black\"><\/path><path d=\"M23.3826 0.923096C10.6583 0.923096 0.307617 11.2738 0.307617 23.9981C0.307617 36.7224 10.6583 47.0731 23.3826 47.0731C36.1069 47.0731 46.4576 36.7224 46.4576 23.9981C46.4576 11.2738 36.1069 0.923096 23.3826 0.923096ZM23.3826 43.4984C12.6316 43.4984 3.88235 34.7492 3.88235 23.9981C3.88235 13.247 12.6316 4.49783 23.3826 4.49783C34.1355 4.49783 42.8829 13.247 42.8829 23.9981C42.8829 34.7492 34.1337 43.4984 23.3826 43.4984Z\" fill=\"black\"><\/path><\/g><defs><clipPath id=\"clip0_2066_1867\"><rect width=\"46.15\" height=\"46.15\" fill=\"white\" transform=\"translate(0.307617 0.923096)\"><\/rect><\/clipPath><\/defs><\/svg>\t\t\t<\/span>\n\t\t\t\t\t\t\t\t\t<span class=\"elementor-button-text\">Vull una cita<\/span>\n\t\t\t\t\t<\/span>\n\t\t\t\t\t<\/a>\n\t\t\t\t<\/div>\n\t\t\t\t\t\t\t\t<\/div>\n\t\t\t\t<\/div>\n\t\t\t\t<\/div>\n\t\t\t\t\t<\/div>\n\t\t\t\t<\/div>\n\t\t\t\t<\/div>\n\t\t\t\t<\/div>\n\t\t","protected":false},"excerpt":{"rendered":"<p>Dra. Elisenda Torn\u00e9 Odontolog\u00eda General i Est\u00e8tica Experi\u00e8ncia Acad\u00e8mica Amb tan sols 10 anys la\u00a0Dra. Torn\u00e9\u00a0va tenir clar que volia ser dentista quan juntament amb el seu germ\u00e0 va anar a una revisi\u00f3 odontol\u00f2gica i va quedar fascinada per aquesta professi\u00f3, i el que va comen\u00e7ar com un joc d\u2019inf\u00e0ncia finalment es va convertir en [&#8230;]\n","protected":false},"author":7,"featured_media":0,"parent":13001,"menu_order":1,"comment_status":"closed","ping_status":"closed","template":"elementor_header_footer","meta":{"footnotes":""},"class_list":["post-14970","page","type-page","status-publish","hentry"],"yoast_head":"<!-- This site is optimized with the Yoast SEO plugin v27.3 - https:\/\/yoast.com\/product\/yoast-seo-wordpress\/ -->\n<title>Elisenda Torn\u00e9 | Cl\u00ednica Dental Montse Timoneda<\/title>\n<meta name=\"description\" content=\"Descobreix la Dra. Elisenda Torn\u00e9 de Cl\u00ednica Dental Montse Timoneda. Experta dedicada a la cura de la teva salut bucal.\" \/>\n<meta name=\"robots\" content=\"index, follow\" \/>\n<link rel=\"canonical\" href=\"https:\/\/clinicadentalmontsetimoneda.com\/ca\/el-nostre-equip\/doctora-elisenda-torne\/\" \/>\n<meta property=\"og:locale\" content=\"ca_ES\" \/>\n<meta property=\"og:type\" content=\"article\" \/>\n<meta property=\"og:title\" content=\"Elisenda Torn\u00e9 | Cl\u00ednica Dental Montse Timoneda\" \/>\n<meta property=\"og:description\" content=\"Descobreix la Dra. Elisenda Torn\u00e9 de Cl\u00ednica Dental Montse Timoneda. Experta dedicada a la cura de la teva salut bucal.\" \/>\n<meta property=\"og:url\" content=\"https:\/\/clinicadentalmontsetimoneda.com\/ca\/el-nostre-equip\/doctora-elisenda-torne\/\" \/>\n<meta property=\"og:site_name\" content=\"Montse Timoneda\" \/>\n<meta property=\"article:publisher\" content=\"https:\/\/es-es.facebook.com\/ClinicaDentalMontseTimoneda\/\" \/>\n<meta property=\"article:modified_time\" content=\"2025-02-20T11:19:55+00:00\" \/>\n<meta property=\"og:image\" content=\"https:\/\/clinicadentalmontsetimoneda.com\/wp-content\/uploads\/2024\/05\/icono-lista.png\" \/>\n\t<meta property=\"og:image:width\" content=\"105\" \/>\n\t<meta property=\"og:image:height\" content=\"105\" \/>\n\t<meta property=\"og:image:type\" content=\"image\/png\" \/>\n<meta name=\"twitter:card\" content=\"summary_large_image\" \/>\n<meta name=\"twitter:label1\" content=\"Temps estimat de lectura\" \/>\n\t<meta name=\"twitter:data1\" content=\"1 minut\" \/>\n<script type=\"application\/ld+json\" class=\"yoast-schema-graph\">{\"@context\":\"https:\\\/\\\/schema.org\",\"@graph\":[{\"@type\":\"WebPage\",\"@id\":\"https:\\\/\\\/clinicadentalmontsetimoneda.com\\\/ca\\\/el-nostre-equip\\\/doctora-elisenda-torne\\\/\",\"url\":\"https:\\\/\\\/clinicadentalmontsetimoneda.com\\\/ca\\\/el-nostre-equip\\\/doctora-elisenda-torne\\\/\",\"name\":\"Elisenda Torn\u00e9 | Cl\u00ednica Dental Montse Timoneda\",\"isPartOf\":{\"@id\":\"https:\\\/\\\/clinicadentalmontsetimoneda.com\\\/ca\\\/#website\"},\"primaryImageOfPage\":{\"@id\":\"https:\\\/\\\/clinicadentalmontsetimoneda.com\\\/ca\\\/el-nostre-equip\\\/doctora-elisenda-torne\\\/#primaryimage\"},\"image\":{\"@id\":\"https:\\\/\\\/clinicadentalmontsetimoneda.com\\\/ca\\\/el-nostre-equip\\\/doctora-elisenda-torne\\\/#primaryimage\"},\"thumbnailUrl\":\"https:\\\/\\\/clinicadentalmontsetimoneda.com\\\/wp-content\\\/uploads\\\/2024\\\/05\\\/icono-lista.png\",\"datePublished\":\"2025-01-20T16:54:13+00:00\",\"dateModified\":\"2025-02-20T11:19:55+00:00\",\"description\":\"Descobreix la Dra. Elisenda Torn\u00e9 de Cl\u00ednica Dental Montse Timoneda. Experta dedicada a la cura de la teva salut bucal.\",\"breadcrumb\":{\"@id\":\"https:\\\/\\\/clinicadentalmontsetimoneda.com\\\/ca\\\/el-nostre-equip\\\/doctora-elisenda-torne\\\/#breadcrumb\"},\"inLanguage\":\"ca\",\"potentialAction\":[{\"@type\":\"ReadAction\",\"target\":[\"https:\\\/\\\/clinicadentalmontsetimoneda.com\\\/ca\\\/el-nostre-equip\\\/doctora-elisenda-torne\\\/\"]}]},{\"@type\":\"ImageObject\",\"inLanguage\":\"ca\",\"@id\":\"https:\\\/\\\/clinicadentalmontsetimoneda.com\\\/ca\\\/el-nostre-equip\\\/doctora-elisenda-torne\\\/#primaryimage\",\"url\":\"https:\\\/\\\/clinicadentalmontsetimoneda.com\\\/wp-content\\\/uploads\\\/2024\\\/05\\\/icono-lista.png\",\"contentUrl\":\"https:\\\/\\\/clinicadentalmontsetimoneda.com\\\/wp-content\\\/uploads\\\/2024\\\/05\\\/icono-lista.png\"},{\"@type\":\"BreadcrumbList\",\"@id\":\"https:\\\/\\\/clinicadentalmontsetimoneda.com\\\/ca\\\/el-nostre-equip\\\/doctora-elisenda-torne\\\/#breadcrumb\",\"itemListElement\":[{\"@type\":\"ListItem\",\"position\":1,\"name\":\"Portada\",\"item\":\"https:\\\/\\\/clinicadentalmontsetimoneda.com\\\/ca\\\/\"},{\"@type\":\"ListItem\",\"position\":2,\"name\":\"El Nostre Equip\",\"item\":\"https:\\\/\\\/clinicadentalmontsetimoneda.com\\\/ca\\\/el-nostre-equip\\\/\"},{\"@type\":\"ListItem\",\"position\":3,\"name\":\"Elisenda Torn\u00e9\"}]},{\"@type\":\"WebSite\",\"@id\":\"https:\\\/\\\/clinicadentalmontsetimoneda.com\\\/ca\\\/#website\",\"url\":\"https:\\\/\\\/clinicadentalmontsetimoneda.com\\\/ca\\\/\",\"name\":\"Montse Timoneda\",\"description\":\"Cl\u00ednica dental  | Tarragona\",\"publisher\":{\"@id\":\"https:\\\/\\\/clinicadentalmontsetimoneda.com\\\/ca\\\/#organization\"},\"potentialAction\":[{\"@type\":\"SearchAction\",\"target\":{\"@type\":\"EntryPoint\",\"urlTemplate\":\"https:\\\/\\\/clinicadentalmontsetimoneda.com\\\/ca\\\/?s={search_term_string}\"},\"query-input\":{\"@type\":\"PropertyValueSpecification\",\"valueRequired\":true,\"valueName\":\"search_term_string\"}}],\"inLanguage\":\"ca\"},{\"@type\":\"Organization\",\"@id\":\"https:\\\/\\\/clinicadentalmontsetimoneda.com\\\/ca\\\/#organization\",\"name\":\"Clinica Dental Montse Timoneda\",\"url\":\"https:\\\/\\\/clinicadentalmontsetimoneda.com\\\/ca\\\/\",\"logo\":{\"@type\":\"ImageObject\",\"inLanguage\":\"ca\",\"@id\":\"https:\\\/\\\/clinicadentalmontsetimoneda.com\\\/ca\\\/#\\\/schema\\\/logo\\\/image\\\/\",\"url\":\"https:\\\/\\\/clinicadentalmontsetimoneda.com\\\/wp-content\\\/uploads\\\/2024\\\/05\\\/Logo-central.svg\",\"contentUrl\":\"https:\\\/\\\/clinicadentalmontsetimoneda.com\\\/wp-content\\\/uploads\\\/2024\\\/05\\\/Logo-central.svg\",\"width\":515,\"height\":110,\"caption\":\"Clinica Dental Montse Timoneda\"},\"image\":{\"@id\":\"https:\\\/\\\/clinicadentalmontsetimoneda.com\\\/ca\\\/#\\\/schema\\\/logo\\\/image\\\/\"},\"sameAs\":[\"https:\\\/\\\/es-es.facebook.com\\\/ClinicaDentalMontseTimoneda\\\/\",\"https:\\\/\\\/www.instagram.com\\\/cd.montsetimoneda\\\/\",\"https:\\\/\\\/www.youtube.com\\\/channel\\\/UCBohbjYo6D3kp365Fs68cGw\"]}]}<\/script>\n<!-- \/ Yoast SEO plugin. -->","yoast_head_json":{"title":"Elisenda Torn\u00e9 | Cl\u00ednica Dental Montse Timoneda","description":"Descobreix la Dra. Elisenda Torn\u00e9 de Cl\u00ednica Dental Montse Timoneda. Experta dedicada a la cura de la teva salut bucal.","robots":{"index":"index","follow":"follow"},"canonical":"https:\/\/clinicadentalmontsetimoneda.com\/ca\/el-nostre-equip\/doctora-elisenda-torne\/","og_locale":"ca_ES","og_type":"article","og_title":"Elisenda Torn\u00e9 | Cl\u00ednica Dental Montse Timoneda","og_description":"Descobreix la Dra. Elisenda Torn\u00e9 de Cl\u00ednica Dental Montse Timoneda. Experta dedicada a la cura de la teva salut bucal.","og_url":"https:\/\/clinicadentalmontsetimoneda.com\/ca\/el-nostre-equip\/doctora-elisenda-torne\/","og_site_name":"Montse Timoneda","article_publisher":"https:\/\/es-es.facebook.com\/ClinicaDentalMontseTimoneda\/","article_modified_time":"2025-02-20T11:19:55+00:00","og_image":[{"width":105,"height":105,"url":"https:\/\/clinicadentalmontsetimoneda.com\/wp-content\/uploads\/2024\/05\/icono-lista.png","type":"image\/png"}],"twitter_card":"summary_large_image","twitter_misc":{"Temps estimat de lectura":"1 minut"},"schema":{"@context":"https:\/\/schema.org","@graph":[{"@type":"WebPage","@id":"https:\/\/clinicadentalmontsetimoneda.com\/ca\/el-nostre-equip\/doctora-elisenda-torne\/","url":"https:\/\/clinicadentalmontsetimoneda.com\/ca\/el-nostre-equip\/doctora-elisenda-torne\/","name":"Elisenda Torn\u00e9 | Cl\u00ednica Dental Montse Timoneda","isPartOf":{"@id":"https:\/\/clinicadentalmontsetimoneda.com\/ca\/#website"},"primaryImageOfPage":{"@id":"https:\/\/clinicadentalmontsetimoneda.com\/ca\/el-nostre-equip\/doctora-elisenda-torne\/#primaryimage"},"image":{"@id":"https:\/\/clinicadentalmontsetimoneda.com\/ca\/el-nostre-equip\/doctora-elisenda-torne\/#primaryimage"},"thumbnailUrl":"https:\/\/clinicadentalmontsetimoneda.com\/wp-content\/uploads\/2024\/05\/icono-lista.png","datePublished":"2025-01-20T16:54:13+00:00","dateModified":"2025-02-20T11:19:55+00:00","description":"Descobreix la Dra. Elisenda Torn\u00e9 de Cl\u00ednica Dental Montse Timoneda. Experta dedicada a la cura de la teva salut bucal.","breadcrumb":{"@id":"https:\/\/clinicadentalmontsetimoneda.com\/ca\/el-nostre-equip\/doctora-elisenda-torne\/#breadcrumb"},"inLanguage":"ca","potentialAction":[{"@type":"ReadAction","target":["https:\/\/clinicadentalmontsetimoneda.com\/ca\/el-nostre-equip\/doctora-elisenda-torne\/"]}]},{"@type":"ImageObject","inLanguage":"ca","@id":"https:\/\/clinicadentalmontsetimoneda.com\/ca\/el-nostre-equip\/doctora-elisenda-torne\/#primaryimage","url":"https:\/\/clinicadentalmontsetimoneda.com\/wp-content\/uploads\/2024\/05\/icono-lista.png","contentUrl":"https:\/\/clinicadentalmontsetimoneda.com\/wp-content\/uploads\/2024\/05\/icono-lista.png"},{"@type":"BreadcrumbList","@id":"https:\/\/clinicadentalmontsetimoneda.com\/ca\/el-nostre-equip\/doctora-elisenda-torne\/#breadcrumb","itemListElement":[{"@type":"ListItem","position":1,"name":"Portada","item":"https:\/\/clinicadentalmontsetimoneda.com\/ca\/"},{"@type":"ListItem","position":2,"name":"El Nostre Equip","item":"https:\/\/clinicadentalmontsetimoneda.com\/ca\/el-nostre-equip\/"},{"@type":"ListItem","position":3,"name":"Elisenda Torn\u00e9"}]},{"@type":"WebSite","@id":"https:\/\/clinicadentalmontsetimoneda.com\/ca\/#website","url":"https:\/\/clinicadentalmontsetimoneda.com\/ca\/","name":"Montse Timoneda","description":"Cl\u00ednica dental  | Tarragona","publisher":{"@id":"https:\/\/clinicadentalmontsetimoneda.com\/ca\/#organization"},"potentialAction":[{"@type":"SearchAction","target":{"@type":"EntryPoint","urlTemplate":"https:\/\/clinicadentalmontsetimoneda.com\/ca\/?s={search_term_string}"},"query-input":{"@type":"PropertyValueSpecification","valueRequired":true,"valueName":"search_term_string"}}],"inLanguage":"ca"},{"@type":"Organization","@id":"https:\/\/clinicadentalmontsetimoneda.com\/ca\/#organization","name":"Clinica Dental Montse Timoneda","url":"https:\/\/clinicadentalmontsetimoneda.com\/ca\/","logo":{"@type":"ImageObject","inLanguage":"ca","@id":"https:\/\/clinicadentalmontsetimoneda.com\/ca\/#\/schema\/logo\/image\/","url":"https:\/\/clinicadentalmontsetimoneda.com\/wp-content\/uploads\/2024\/05\/Logo-central.svg","contentUrl":"https:\/\/clinicadentalmontsetimoneda.com\/wp-content\/uploads\/2024\/05\/Logo-central.svg","width":515,"height":110,"caption":"Clinica Dental Montse Timoneda"},"image":{"@id":"https:\/\/clinicadentalmontsetimoneda.com\/ca\/#\/schema\/logo\/image\/"},"sameAs":["https:\/\/es-es.facebook.com\/ClinicaDentalMontseTimoneda\/","https:\/\/www.instagram.com\/cd.montsetimoneda\/","https:\/\/www.youtube.com\/channel\/UCBohbjYo6D3kp365Fs68cGw"]}]}},"_links":{"self":[{"href":"https:\/\/clinicadentalmontsetimoneda.com\/ca\/wp-json\/wp\/v2\/pages\/14970","targetHints":{"allow":["GET"]}}],"collection":[{"href":"https:\/\/clinicadentalmontsetimoneda.com\/ca\/wp-json\/wp\/v2\/pages"}],"about":[{"href":"https:\/\/clinicadentalmontsetimoneda.com\/ca\/wp-json\/wp\/v2\/types\/page"}],"author":[{"embeddable":true,"href":"https:\/\/clinicadentalmontsetimoneda.com\/ca\/wp-json\/wp\/v2\/users\/7"}],"replies":[{"embeddable":true,"href":"https:\/\/clinicadentalmontsetimoneda.com\/ca\/wp-json\/wp\/v2\/comments?post=14970"}],"version-history":[{"count":19,"href":"https:\/\/clinicadentalmontsetimoneda.com\/ca\/wp-json\/wp\/v2\/pages\/14970\/revisions"}],"predecessor-version":[{"id":16976,"href":"https:\/\/clinicadentalmontsetimoneda.com\/ca\/wp-json\/wp\/v2\/pages\/14970\/revisions\/16976"}],"up":[{"embeddable":true,"href":"https:\/\/clinicadentalmontsetimoneda.com\/ca\/wp-json\/wp\/v2\/pages\/13001"}],"wp:attachment":[{"href":"https:\/\/clinicadentalmontsetimoneda.com\/ca\/wp-json\/wp\/v2\/media?parent=14970"}],"curies":[{"name":"wp","href":"https:\/\/api.w.org\/{rel}","templated":true}]}}