{"id":13017,"date":"2024-05-24T11:39:29","date_gmt":"2024-05-24T11:39:29","guid":{"rendered":"https:\/\/clinicadentalmontsetimoneda.plesk.myfocus.es\/?page_id=13017"},"modified":"2025-02-20T11:01:22","modified_gmt":"2025-02-20T11:01:22","slug":"carilles","status":"publish","type":"page","link":"https:\/\/clinicadentalmontsetimoneda.com\/ca\/estetica-dental\/carilles\/","title":{"rendered":"Carilles"},"content":{"rendered":"\t\t<div data-elementor-type=\"wp-page\" data-elementor-id=\"13017\" class=\"elementor elementor-13017 elementor-10901\" data-elementor-post-type=\"page\">\n\t\t\t\t<div class=\"elementor-element elementor-element-b409d1a e-con-full no-padding-block no-padding-inline e-flex e-con e-parent\" data-id=\"b409d1a\" data-element_type=\"container\" data-e-type=\"container\">\n\t\t<div class=\"elementor-element elementor-element-61ba08d e-con-full no-padding-block no-padding-inline e-flex e-con e-child\" data-id=\"61ba08d\" data-element_type=\"container\" data-e-type=\"container\" data-settings=\"{&quot;background_background&quot;:&quot;classic&quot;}\">\n\t\t\t\t<div class=\"elementor-element elementor-element-e418f57 elementor-widget__width-inherit elementor-widget elementor-widget-image\" data-id=\"e418f57\" data-element_type=\"widget\" data-e-type=\"widget\" data-widget_type=\"image.default\">\n\t\t\t\t<div class=\"elementor-widget-container\">\n\t\t\t\t\t\t\t\t\t\t\t\t\t\t\t<img fetchpriority=\"high\" decoding=\"async\" width=\"1020\" height=\"515\" src=\"https:\/\/clinicadentalmontsetimoneda.com\/wp-content\/uploads\/2024\/05\/carillas-hero-1400x707.png\" class=\"attachment-large size-large wp-image-10905\" alt=\"\" srcset=\"https:\/\/clinicadentalmontsetimoneda.com\/wp-content\/uploads\/2024\/05\/carillas-hero-1400x707.png 1400w, https:\/\/clinicadentalmontsetimoneda.com\/wp-content\/uploads\/2024\/05\/carillas-hero-792x400.png 792w, https:\/\/clinicadentalmontsetimoneda.com\/wp-content\/uploads\/2024\/05\/carillas-hero-768x388.png 768w, https:\/\/clinicadentalmontsetimoneda.com\/wp-content\/uploads\/2024\/05\/carillas-hero-1536x776.png 1536w, https:\/\/clinicadentalmontsetimoneda.com\/wp-content\/uploads\/2024\/05\/carillas-hero.png 1920w\" sizes=\"(max-width: 1020px) 100vw, 1020px\" \/>\t\t\t\t\t\t\t\t\t\t\t\t\t\t\t<\/div>\n\t\t\t\t<\/div>\n\t\t\t\t<div class=\"elementor-element elementor-element-d227bea elementor-widget__width-inherit elementor-widget elementor-widget-image\" data-id=\"d227bea\" data-element_type=\"widget\" data-e-type=\"widget\" data-widget_type=\"image.default\">\n\t\t\t\t<div class=\"elementor-widget-container\">\n\t\t\t\t\t\t\t\t\t\t\t\t\t\t\t<img decoding=\"async\" width=\"390\" height=\"784\" src=\"https:\/\/clinicadentalmontsetimoneda.com\/wp-content\/uploads\/2024\/05\/carillas-hero-mobile.png\" class=\"attachment-large size-large wp-image-11254\" alt=\"\" srcset=\"https:\/\/clinicadentalmontsetimoneda.com\/wp-content\/uploads\/2024\/05\/carillas-hero-mobile.png 390w, https:\/\/clinicadentalmontsetimoneda.com\/wp-content\/uploads\/2024\/05\/carillas-hero-mobile-199x400.png 199w\" sizes=\"(max-width: 390px) 100vw, 390px\" \/>\t\t\t\t\t\t\t\t\t\t\t\t\t\t\t<\/div>\n\t\t\t\t<\/div>\n\t\t<div class=\"elementor-element elementor-element-506010c e-con-full e-flex e-con e-child\" data-id=\"506010c\" data-element_type=\"container\" data-e-type=\"container\" data-settings=\"{&quot;background_background&quot;:&quot;classic&quot;}\">\n\t\t\t\t<div class=\"elementor-element elementor-element-4742b98 elementor-align-left elementor-widget elementor-widget-breadcrumbs\" data-id=\"4742b98\" data-element_type=\"widget\" data-e-type=\"widget\" data-widget_type=\"breadcrumbs.default\">\n\t\t\t\t<div class=\"elementor-widget-container\">\n\t\t\t\t\t<p id=\"breadcrumbs\"><span><span><a href=\"https:\/\/clinicadentalmontsetimoneda.com\/ca\/\">Portada<\/a><\/span><\/span><\/p>\t\t\t\t<\/div>\n\t\t\t\t<\/div>\n\t\t\t\t<div class=\"elementor-element elementor-element-5ac3529 elementor-widget elementor-widget-heading\" data-id=\"5ac3529\" data-element_type=\"widget\" data-e-type=\"widget\" data-widget_type=\"heading.default\">\n\t\t\t\t<div class=\"elementor-widget-container\">\n\t\t\t\t\t<h1 class=\"elementor-heading-title elementor-size-default\">Les Carilles Dentals<\/h1>\t\t\t\t<\/div>\n\t\t\t\t<\/div>\n\t\t\t\t<div class=\"elementor-element elementor-element-6744d8f elementor-widget elementor-widget-text-editor\" data-id=\"6744d8f\" data-element_type=\"widget\" data-e-type=\"widget\" data-widget_type=\"text-editor.default\">\n\t\t\t\t<div class=\"elementor-widget-container\">\n\t\t\t\t\t\t\t\t\t<p>Llueix un somriure perfecte<\/p>\t\t\t\t\t\t\t\t<\/div>\n\t\t\t\t<\/div>\n\t\t\t\t<\/div>\n\t\t\t\t<\/div>\n\t\t<div class=\"elementor-element elementor-element-1f49797 e-con-full e-flex e-con e-child\" data-id=\"1f49797\" data-element_type=\"container\" data-e-type=\"container\" data-settings=\"{&quot;background_background&quot;:&quot;classic&quot;}\">\n\t\t\t\t<div class=\"elementor-element elementor-element-7b44c1e elementor-widget__width-initial elementor-widget elementor-widget-text-editor\" data-id=\"7b44c1e\" data-element_type=\"widget\" data-e-type=\"widget\" data-widget_type=\"text-editor.default\">\n\t\t\t\t<div class=\"elementor-widget-container\">\n\t\t\t\t\t\t\t\t\t<p>Qu\u00e8 \u00e9s una carilla dental?<\/p>\t\t\t\t\t\t\t\t<\/div>\n\t\t\t\t<\/div>\n\t\t\t\t<div class=\"elementor-element elementor-element-b39971a elementor-widget__width-initial elementor-widget elementor-widget-text-editor\" data-id=\"b39971a\" data-element_type=\"widget\" data-e-type=\"widget\" data-widget_type=\"text-editor.default\">\n\t\t\t\t<div class=\"elementor-widget-container\">\n\t\t\t\t\t\t\t\t\t<p>Les carilles dentals s\u00f3n fines l\u00e0mines d\u2019aproximadament 0,3 a 1 mm de gruix, que cobreixen tota la superf\u00edcie frontal de les dents i s\u2019uneixen a l\u2019esmalt natural mitjan\u00e7ant un adhesiu d\u2019alta resist\u00e8ncia.<br \/>S\u2019utilitzen principalment per:<br \/>Corregir anomalies del color de les dents<br \/>Modificar alteracions en la mida o la forma dent\u00e0ria<br \/>Aconseguir un somriure m\u00e9s atractiu i harm\u00f2nic<br \/>Hi ha diversos tipus de carilles dentals, per\u00f2 les m\u00e9s habituals s\u00f3n:<br \/>Carilles de porcellana<br \/>Carilles de composite<\/p>\t\t\t\t\t\t\t\t<\/div>\n\t\t\t\t<\/div>\n\t\t\t\t<\/div>\n\t\t<div class=\"elementor-element elementor-element-6fe70e2 e-con-full e-flex e-con e-child\" data-id=\"6fe70e2\" data-element_type=\"container\" data-e-type=\"container\" data-settings=\"{&quot;background_background&quot;:&quot;classic&quot;}\">\n\t\t<div class=\"elementor-element elementor-element-26943a6 e-con-full e-flex e-con e-child\" data-id=\"26943a6\" data-element_type=\"container\" data-e-type=\"container\" data-settings=\"{&quot;background_background&quot;:&quot;classic&quot;}\">\n\t\t\t\t<div class=\"elementor-element elementor-element-27b29ad elementor-widget__width-initial elementor-widget elementor-widget-image\" data-id=\"27b29ad\" data-element_type=\"widget\" data-e-type=\"widget\" data-widget_type=\"image.default\">\n\t\t\t\t<div class=\"elementor-widget-container\">\n\t\t\t\t\t\t\t\t\t\t\t\t\t\t\t<img decoding=\"async\" width=\"650\" height=\"650\" src=\"https:\/\/clinicadentalmontsetimoneda.com\/wp-content\/uploads\/2024\/05\/Dra_Elisenda_Torne_carillas.png\" class=\"attachment-full size-full wp-image-10912\" alt=\"\" srcset=\"https:\/\/clinicadentalmontsetimoneda.com\/wp-content\/uploads\/2024\/05\/Dra_Elisenda_Torne_carillas.png 650w, https:\/\/clinicadentalmontsetimoneda.com\/wp-content\/uploads\/2024\/05\/Dra_Elisenda_Torne_carillas-400x400.png 400w, https:\/\/clinicadentalmontsetimoneda.com\/wp-content\/uploads\/2024\/05\/Dra_Elisenda_Torne_carillas-280x280.png 280w\" sizes=\"(max-width: 650px) 100vw, 650px\" \/>\t\t\t\t\t\t\t\t\t\t\t\t\t\t\t<\/div>\n\t\t\t\t<\/div>\n\t\t<div class=\"elementor-element elementor-element-c418f11 e-con-full e-flex e-con e-child\" data-id=\"c418f11\" data-element_type=\"container\" data-e-type=\"container\">\n\t\t\t\t<div class=\"elementor-element elementor-element-d45c7a3 elementor-widget__width-inherit elementor-widget-tablet__width-initial elementor-widget elementor-widget-text-editor\" data-id=\"d45c7a3\" data-element_type=\"widget\" data-e-type=\"widget\" data-widget_type=\"text-editor.default\">\n\t\t\t\t<div class=\"elementor-widget-container\">\n\t\t\t\t\t\t\t\t\t<p>Dra. Elisenda Torn\u00e9<\/p>\t\t\t\t\t\t\t\t<\/div>\n\t\t\t\t<\/div>\n\t\t\t\t<div class=\"elementor-element elementor-element-a8ec2a5 elementor-widget__width-inherit elementor-widget elementor-widget-text-editor\" data-id=\"a8ec2a5\" data-element_type=\"widget\" data-e-type=\"widget\" data-widget_type=\"text-editor.default\">\n\t\t\t\t<div class=\"elementor-widget-container\">\n\t\t\t\t\t\t\t\t\t<p>La <strong>Dra. Elisenda Torn\u00e9<\/strong> \u00e9s la nostra especialista en Est\u00e8tica Dental, amb una \u00e0mplia formaci\u00f3 i una llarga experi\u00e8ncia en rehabilitaci\u00f3 est\u00e8tica. La seva funci\u00f3 \u00e9s preservar al m\u00e0xim l\u2019estructura del dent mentre corregeix els seus defectes i aconsegueix una est\u00e8tica natural i equilibrada.<\/p><p>L&#8217;objectiu de la <strong>Dra. Torn\u00e9<\/strong> \u00e9s millorar l\u2019aspecte de les somriures a trav\u00e9s dels m\u00e8todes innovadors que oferim, transformant espectacularment l\u2019est\u00e8tica de centenars de pacients.<\/p>\t\t\t\t\t\t\t\t<\/div>\n\t\t\t\t<\/div>\n\t\t\t\t<\/div>\n\t\t\t\t<\/div>\n\t\t<div class=\"elementor-element elementor-element-bee4160 e-con-full e-flex e-con e-child\" data-id=\"bee4160\" data-element_type=\"container\" data-e-type=\"container\" data-settings=\"{&quot;background_background&quot;:&quot;classic&quot;}\">\n\t\t<div class=\"elementor-element elementor-element-9de0dce e-con-full e-flex e-con e-child\" data-id=\"9de0dce\" data-element_type=\"container\" data-e-type=\"container\">\n\t\t\t\t<div class=\"elementor-element elementor-element-ae7efcc elementor-widget__width-inherit elementor-widget-mobile__width-initial elementor-widget-tablet__width-initial elementor-widget elementor-widget-text-editor\" data-id=\"ae7efcc\" data-element_type=\"widget\" data-e-type=\"widget\" data-widget_type=\"text-editor.default\">\n\t\t\t\t<div class=\"elementor-widget-container\">\n\t\t\t\t\t\t\t\t\t<p>Tractament amb carilles dentals<\/p>\t\t\t\t\t\t\t\t<\/div>\n\t\t\t\t<\/div>\n\t\t\t\t<div class=\"elementor-element elementor-element-14cc2c4 elementor-widget__width-initial elementor-widget-mobile__width-initial elementor-widget-tablet__width-initial elementor-widget elementor-widget-text-editor\" data-id=\"14cc2c4\" data-element_type=\"widget\" data-e-type=\"widget\" data-widget_type=\"text-editor.default\">\n\t\t\t\t<div class=\"elementor-widget-container\">\n\t\t\t\t\t\t\t\t\t<p><strong>Planificaci\u00f3 digital personalitzada<\/strong><br \/>Mitjan\u00e7ant un sistema inform\u00e0tic, podem determinar pr\u00e8viament quin \u00e9s el tamany i el gruix ideal de la carilla per a cada pacient, tenint en compte factors com:<br \/>\u2714 <strong>Edat<\/strong><br \/>\u2714 <strong>Tipus de somriure<\/strong><br \/>\u2714 <strong>Expectatives del pacient<\/strong><br \/><strong>Simulaci\u00f3 virtual del resultat final<\/strong><br \/>Realitzem una simulaci\u00f3 digital directament sobre el rostre del pacient per ajustar i decidir, de manera consensuada amb el doctor, el resultat final abans de la col\u00b7locaci\u00f3 real de les carilles.<br \/><strong>L\u2019excel\u00b7l\u00e8ncia en est\u00e8tica dental<\/strong><br \/>Per aconseguir un somriure natural amb carilles que resulti indetectable, cal una combinaci\u00f3 de factors clau en el professional d\u2019est\u00e8tica dental:<br \/>\u2714 <strong>Formaci\u00f3 constant<\/strong><br \/>\u2714 <strong>Experi\u00e8ncia contrastada<\/strong><br \/>\u2714 <strong>Atenci\u00f3 als petits detalls<\/strong><br \/>El nostre comprom\u00eds \u00e9s oferir resultats naturals, harm\u00f2nics i adaptats a cada pacient.<\/p>\t\t\t\t\t\t\t\t<\/div>\n\t\t\t\t<\/div>\n\t\t\t\t<\/div>\n\t\t<div class=\"elementor-element elementor-element-18eeefa e-con-full e-flex e-con e-child\" data-id=\"18eeefa\" data-element_type=\"container\" data-e-type=\"container\" data-settings=\"{&quot;background_background&quot;:&quot;classic&quot;}\">\n\t\t\t\t<\/div>\n\t\t\t\t<\/div>\n\t\t\t\t<\/div>\n\t\t<div class=\"elementor-element elementor-element-490614f e-con-full e-flex e-con e-child\" data-id=\"490614f\" data-element_type=\"container\" data-e-type=\"container\" data-settings=\"{&quot;background_background&quot;:&quot;classic&quot;}\">\n\t\t<div class=\"elementor-element elementor-element-ecbd193 e-con-full e-flex e-con e-child\" data-id=\"ecbd193\" data-element_type=\"container\" data-e-type=\"container\">\n\t\t\t\t<div class=\"elementor-element elementor-element-5ce30e1 elementor-widget elementor-widget-heading\" data-id=\"5ce30e1\" data-element_type=\"widget\" data-e-type=\"widget\" data-widget_type=\"heading.default\">\n\t\t\t\t<div class=\"elementor-widget-container\">\n\t\t\t\t\t<h2 class=\"elementor-heading-title elementor-size-default\">Beneficis de les carilles dentals<\/h2>\t\t\t\t<\/div>\n\t\t\t\t<\/div>\n\t\t<div class=\"elementor-element elementor-element-2eb66e6 e-con-full e-flex e-con e-child\" data-id=\"2eb66e6\" data-element_type=\"container\" data-e-type=\"container\">\n\t\t\t\t<div class=\"elementor-element elementor-element-9f094fc elementor-widget__width-initial elementor-widget elementor-widget-video\" data-id=\"9f094fc\" data-element_type=\"widget\" data-e-type=\"widget\" data-settings=\"{&quot;youtube_url&quot;:&quot;https:\\\/\\\/www.youtube.com\\\/watch?v=AtDaH0wAlW8&quot;,&quot;video_type&quot;:&quot;youtube&quot;,&quot;controls&quot;:&quot;yes&quot;}\" data-widget_type=\"video.default\">\n\t\t\t\t<div class=\"elementor-widget-container\">\n\t\t\t\t\t\t\t<div class=\"elementor-wrapper elementor-open-inline\">\n\t\t\t<div class=\"elementor-video\"><\/div>\t\t<\/div>\n\t\t\t\t\t\t<\/div>\n\t\t\t\t<\/div>\n\t\t\t\t<div class=\"elementor-element elementor-element-0dabe97 elementor-widget__width-initial elementor-widget elementor-widget-text-editor\" data-id=\"0dabe97\" data-element_type=\"widget\" data-e-type=\"widget\" data-widget_type=\"text-editor.default\">\n\t\t\t\t<div class=\"elementor-widget-container\">\n\t\t\t\t\t\t\t\t\t<ol><li>Millora de l\u2019est\u00e8tica dental<br \/>Permeten modificar la forma, la posici\u00f3, el brillantor i el color de les dents, oferint un aspecte molt natural.<\/li><li>Material biocompatible<br \/>La porcellana \u00e9s totalment biocompatible, fet que garanteix una excel\u00b7lent resposta de les genives a les carilles.<\/li><li>Superf\u00edcie llisa i polida<br \/>Presenten una superf\u00edcie altament polida, la qual cosa dificulta l\u2019acumulaci\u00f3 de placa bacteriana i afavoreix la salut periodontal.<\/li><li>Tractament conservador<br \/>\u00c9s una opci\u00f3 m\u00ednimament invasiva, ja que requereix una preparaci\u00f3 m\u00ednima del dent.<\/li><li>Alta resist\u00e8ncia i durabilitat<br \/>S\u00f3n molt resistents a l\u2019abrasi\u00f3, el desgast i la fractura, garantint una llarga durabilitat.<\/li><\/ol>\t\t\t\t\t\t\t\t<\/div>\n\t\t\t\t<\/div>\n\t\t\t\t<\/div>\n\t\t\t\t<\/div>\n\t\t\t\t<\/div>\n\t\t<div class=\"elementor-element elementor-element-a978520 e-con-full e-flex e-con e-child\" data-id=\"a978520\" data-element_type=\"container\" data-e-type=\"container\" data-settings=\"{&quot;background_background&quot;:&quot;classic&quot;}\">\n\t\t<div class=\"elementor-element elementor-element-1ba1822 e-con-full e-flex e-con e-child\" data-id=\"1ba1822\" data-element_type=\"container\" data-e-type=\"container\">\n\t\t\t\t<div class=\"elementor-element elementor-element-71de036 elementor-widget elementor-widget-image\" data-id=\"71de036\" data-element_type=\"widget\" data-e-type=\"widget\" data-widget_type=\"image.default\">\n\t\t\t\t<div class=\"elementor-widget-container\">\n\t\t\t\t\t\t\t\t\t\t\t\t\t\t\t<img loading=\"lazy\" decoding=\"async\" width=\"1020\" height=\"680\" src=\"https:\/\/clinicadentalmontsetimoneda.com\/wp-content\/uploads\/2025\/01\/carillas-1200x800.jpg\" class=\"attachment-large size-large wp-image-13838\" alt=\"\" srcset=\"https:\/\/clinicadentalmontsetimoneda.com\/wp-content\/uploads\/2025\/01\/carillas-1200x800.jpg 1200w, https:\/\/clinicadentalmontsetimoneda.com\/wp-content\/uploads\/2025\/01\/carillas-600x400.jpg 600w, https:\/\/clinicadentalmontsetimoneda.com\/wp-content\/uploads\/2025\/01\/carillas-768x512.jpg 768w, https:\/\/clinicadentalmontsetimoneda.com\/wp-content\/uploads\/2025\/01\/carillas.jpg 1500w\" sizes=\"(max-width: 1020px) 100vw, 1020px\" \/>\t\t\t\t\t\t\t\t\t\t\t\t\t\t\t<\/div>\n\t\t\t\t<\/div>\n\t\t\t\t<div class=\"elementor-element elementor-element-6417274 elementor-widget elementor-widget-heading\" data-id=\"6417274\" data-element_type=\"widget\" data-e-type=\"widget\" data-widget_type=\"heading.default\">\n\t\t\t\t<div class=\"elementor-widget-container\">\n\t\t\t\t\t<h2 class=\"elementor-heading-title elementor-size-default\">Duraci\u00f3 del tractament<\/h2>\t\t\t\t<\/div>\n\t\t\t\t<\/div>\n\t\t\t\t<div class=\"elementor-element elementor-element-512a5b9 elementor-widget elementor-widget-text-editor\" data-id=\"512a5b9\" data-element_type=\"widget\" data-e-type=\"widget\" data-widget_type=\"text-editor.default\">\n\t\t\t\t<div class=\"elementor-widget-container\">\n\t\t\t\t\t\t\t\t\t<p>El tractament amb <strong>carilles de porcellana o zirconi<\/strong> sol durar entre <strong>4 i 5 sessions<\/strong>, incloent-hi la primera visita, amb una freq\u00fc\u00e8ncia d\u2019<strong>1 o 2 sessions per setmana<\/strong>.<br \/><strong>Primera sessi\u00f3<\/strong>:<br \/>L\u2019especialista realitza un examen detallat de la situaci\u00f3 actual de les dents.<br \/>Amb eines com l\u2019Esc\u00e0ner Intraoral, es realitza un estudi personalitzat i es pot simular sobre el rostre i el somriure del pacient el tamany i el color ideal de les carilles.<br \/><strong>Sessions seg\u00fcents<\/strong>:<br \/>Es realitza el poliment de les dents per a la col\u00b7locaci\u00f3 posterior de les carilles.<br \/>Normalment es treballa un arc dental per sessi\u00f3.<br \/>Es fan els escanejats en 3D per fabricar les carilles a mida en un laboratori especialitzat.<br \/><strong>Dues \u00faltimes sessions<\/strong>:<br \/>Es realitza la col\u00b7locaci\u00f3 definitiva de les carilles sobre cada pe\u00e7a dental.<br \/>Durant el proc\u00e9s de fabricaci\u00f3, el pacient porta fundes provisionals de qualitat que ja milloren substancialment l\u2019est\u00e8tica del somriure.<br \/><strong>Possibles ajustos en el proc\u00e9s<\/strong>:<br \/>Si la Doctora ho considera necessari, es pot alternar l\u2019ordre de les fases de poliment i col\u00b7locaci\u00f3.<br \/>En aquest cas, es comen\u00e7aria el poliment de l\u2019arc inferior quan ja s\u2019hagin col\u00b7locat les carilles definitives a l\u2019arc superior, o viceversa.<\/p>\t\t\t\t\t\t\t\t<\/div>\n\t\t\t\t<\/div>\n\t\t\t\t<\/div>\n\t\t\t\t<\/div>\n\t\t<div class=\"elementor-element elementor-element-fe5e8cb e-con-full e-flex e-con e-child\" data-id=\"fe5e8cb\" data-element_type=\"container\" data-e-type=\"container\">\n\t\t<div class=\"elementor-element elementor-element-8434983 e-con-full e-flex e-con e-child\" data-id=\"8434983\" data-element_type=\"container\" data-e-type=\"container\">\n\t\t<div class=\"elementor-element elementor-element-8098623 e-con-full e-flex e-con e-child\" data-id=\"8098623\" data-element_type=\"container\" data-e-type=\"container\">\n\t\t<div class=\"elementor-element elementor-element-68fe622 e-con-full e-flex e-con e-child\" data-id=\"68fe622\" data-element_type=\"container\" data-e-type=\"container\" data-settings=\"{&quot;background_background&quot;:&quot;classic&quot;}\">\n\t\t\t\t<div class=\"elementor-element elementor-element-bab673a elementor-widget elementor-widget-heading\" data-id=\"bab673a\" data-element_type=\"widget\" data-e-type=\"widget\" data-widget_type=\"heading.default\">\n\t\t\t\t<div class=\"elementor-widget-container\">\n\t\t\t\t\t<h3 class=\"elementor-heading-title elementor-size-default\">Tipus de carilles<\/h3>\t\t\t\t<\/div>\n\t\t\t\t<\/div>\n\t\t\t\t<div class=\"elementor-element elementor-element-61d5539 elementor-widget elementor-widget-n-accordion\" data-id=\"61d5539\" data-element_type=\"widget\" data-e-type=\"widget\" data-settings=\"{&quot;default_state&quot;:&quot;all_collapsed&quot;,&quot;max_items_expended&quot;:&quot;one&quot;,&quot;n_accordion_animation_duration&quot;:{&quot;unit&quot;:&quot;ms&quot;,&quot;size&quot;:400,&quot;sizes&quot;:[]}}\" data-widget_type=\"nested-accordion.default\">\n\t\t\t\t<div class=\"elementor-widget-container\">\n\t\t\t\t\t\t\t<div class=\"e-n-accordion\" aria-label=\"Accordion. Open links with Enter or Space, close with Escape, and navigate with Arrow Keys\">\n\t\t\t\t\t\t<details id=\"e-n-accordion-item-1020\" class=\"e-n-accordion-item\" >\n\t\t\t\t<summary class=\"e-n-accordion-item-title\" data-accordion-index=\"1\" tabindex=\"0\" aria-expanded=\"false\" aria-controls=\"e-n-accordion-item-1020\" >\n\t\t\t\t\t<span class='e-n-accordion-item-title-header'><div class=\"e-n-accordion-item-title-text\"> Porcellana <\/div><\/span>\n\t\t\t\t\t\t\t<span class='e-n-accordion-item-title-icon'>\n\t\t\t<span class='e-opened' ><svg xmlns=\"http:\/\/www.w3.org\/2000\/svg\" width=\"37\" height=\"37\" viewBox=\"0 0 37 37\" fill=\"none\"><circle cx=\"18.5518\" cy=\"18.046\" r=\"17.6921\" stroke=\"#3A3A3A\" stroke-width=\"0.707685\"><\/circle><line x1=\"30.2305\" y1=\"18.7536\" x2=\"7.93838\" y2=\"18.7536\" stroke=\"#3A3A3A\" stroke-width=\"1.41537\"><\/line><\/svg><\/span>\n\t\t\t<span class='e-closed'><svg xmlns=\"http:\/\/www.w3.org\/2000\/svg\" width=\"37\" height=\"37\" viewBox=\"0 0 37 37\" fill=\"none\"><circle cx=\"18.5518\" cy=\"18.046\" r=\"17.6921\" stroke=\"#3A3A3A\" stroke-width=\"0.707685\"><\/circle><line x1=\"18.9069\" y1=\"6.8999\" x2=\"18.9069\" y2=\"29.192\" stroke=\"#3A3A3A\" stroke-width=\"1.41537\"><\/line><line x1=\"30.2305\" y1=\"18.7536\" x2=\"7.93838\" y2=\"18.7536\" stroke=\"#3A3A3A\" stroke-width=\"1.41537\"><\/line><\/svg><\/span>\n\t\t<\/span>\n\n\t\t\t\t\t\t<\/summary>\n\t\t\t\t<div role=\"region\" aria-labelledby=\"e-n-accordion-item-1020\" class=\"elementor-element elementor-element-387636f e-con-full e-flex e-con e-child\" data-id=\"387636f\" data-element_type=\"container\" data-e-type=\"container\">\n\t\t\t\t<div class=\"elementor-element elementor-element-1f997e8 elementor-widget elementor-widget-text-editor\" data-id=\"1f997e8\" data-element_type=\"widget\" data-e-type=\"widget\" data-widget_type=\"text-editor.default\">\n\t\t\t\t<div class=\"elementor-widget-container\">\n\t\t\t\t\t\t\t\t\t<ul><li style=\"list-style-type: none;\"><ul><li>Gran adhesi\u00f3 i resist\u00e8ncia a l&#8217;abrasi\u00f3.<\/li><li>No es desgasten amb el temps.<\/li><li>No perden brillantor ni canvien de color.<\/li><li>Proporcionen una sensaci\u00f3 est\u00e8tica excel\u00b7lent.<\/li><\/ul><\/li><\/ul>\t\t\t\t\t\t\t\t<\/div>\n\t\t\t\t<\/div>\n\t\t\t\t<\/div>\n\t\t\t\t\t<\/details>\n\t\t\t\t\t\t<details id=\"e-n-accordion-item-1021\" class=\"e-n-accordion-item\" >\n\t\t\t\t<summary class=\"e-n-accordion-item-title\" data-accordion-index=\"2\" tabindex=\"-1\" aria-expanded=\"false\" aria-controls=\"e-n-accordion-item-1021\" >\n\t\t\t\t\t<span class='e-n-accordion-item-title-header'><div class=\"e-n-accordion-item-title-text\"> Composite <\/div><\/span>\n\t\t\t\t\t\t\t<span class='e-n-accordion-item-title-icon'>\n\t\t\t<span class='e-opened' ><svg xmlns=\"http:\/\/www.w3.org\/2000\/svg\" width=\"37\" height=\"37\" viewBox=\"0 0 37 37\" fill=\"none\"><circle cx=\"18.5518\" cy=\"18.046\" r=\"17.6921\" stroke=\"#3A3A3A\" stroke-width=\"0.707685\"><\/circle><line x1=\"30.2305\" y1=\"18.7536\" x2=\"7.93838\" y2=\"18.7536\" stroke=\"#3A3A3A\" stroke-width=\"1.41537\"><\/line><\/svg><\/span>\n\t\t\t<span class='e-closed'><svg xmlns=\"http:\/\/www.w3.org\/2000\/svg\" width=\"37\" height=\"37\" viewBox=\"0 0 37 37\" fill=\"none\"><circle cx=\"18.5518\" cy=\"18.046\" r=\"17.6921\" stroke=\"#3A3A3A\" stroke-width=\"0.707685\"><\/circle><line x1=\"18.9069\" y1=\"6.8999\" x2=\"18.9069\" y2=\"29.192\" stroke=\"#3A3A3A\" stroke-width=\"1.41537\"><\/line><line x1=\"30.2305\" y1=\"18.7536\" x2=\"7.93838\" y2=\"18.7536\" stroke=\"#3A3A3A\" stroke-width=\"1.41537\"><\/line><\/svg><\/span>\n\t\t<\/span>\n\n\t\t\t\t\t\t<\/summary>\n\t\t\t\t<div role=\"region\" aria-labelledby=\"e-n-accordion-item-1021\" class=\"elementor-element elementor-element-64db868 e-con-full e-flex e-con e-child\" data-id=\"64db868\" data-element_type=\"container\" data-e-type=\"container\">\n\t\t\t\t<div class=\"elementor-element elementor-element-9b0ef3c elementor-widget elementor-widget-text-editor\" data-id=\"9b0ef3c\" data-element_type=\"widget\" data-e-type=\"widget\" data-widget_type=\"text-editor.default\">\n\t\t\t\t<div class=\"elementor-widget-container\">\n\t\t\t\t\t\t\t\t\t<ul><li style=\"list-style-type: none;\"><ul><li>Fabricades amb el mateix material que els empasts dentals.<\/li><li>M\u00e9s econ\u00f2miques que les de porcellana.<\/li><li>Es realitzen en una sola sessi\u00f3.<\/li><li>Amb el temps poden deteriorar-se i enfosquir-se.<\/li><li>Conserven millor l&#8217;esmalt dental natural.<\/li><\/ul><\/li><\/ul>\t\t\t\t\t\t\t\t<\/div>\n\t\t\t\t<\/div>\n\t\t\t\t<\/div>\n\t\t\t\t\t<\/details>\n\t\t\t\t\t<\/div>\n\t\t\t\t\t\t<\/div>\n\t\t\t\t<\/div>\n\t\t\t\t<\/div>\n\t\t<div class=\"elementor-element elementor-element-eae3e79 e-con-full e-flex e-con e-child\" data-id=\"eae3e79\" data-element_type=\"container\" data-e-type=\"container\" data-settings=\"{&quot;background_background&quot;:&quot;classic&quot;}\">\n\t\t\t\t<div class=\"elementor-element elementor-element-bfe4d5b elementor-widget elementor-widget-heading\" data-id=\"bfe4d5b\" data-element_type=\"widget\" data-e-type=\"widget\" data-widget_type=\"heading.default\">\n\t\t\t\t<div class=\"elementor-widget-container\">\n\t\t\t\t\t<h3 class=\"elementor-heading-title elementor-size-default\">Preu de carilles dentals<\/h3>\t\t\t\t<\/div>\n\t\t\t\t<\/div>\n\t\t\t\t<div class=\"elementor-element elementor-element-4c2293e elementor-widget elementor-widget-text-editor\" data-id=\"4c2293e\" data-element_type=\"widget\" data-e-type=\"widget\" data-widget_type=\"text-editor.default\">\n\t\t\t\t<div class=\"elementor-widget-container\">\n\t\t\t\t\t\t\t\t\t<p>Accedeix a aquest post del bloc per saber tot el que necessites sobre el preu de les facetes dentals. La Dra. Elisenda Torn\u00e9 t&#8217;ho explica amb tot detall.<\/p>\t\t\t\t\t\t\t\t<\/div>\n\t\t\t\t<\/div>\n\t\t\t\t<\/div>\n\t\t\t\t<\/div>\n\t\t\t\t<div class=\"elementor-element elementor-element-fd99892 elementor-widget elementor-widget-heading\" data-id=\"fd99892\" data-element_type=\"widget\" data-e-type=\"widget\" data-widget_type=\"heading.default\">\n\t\t\t\t<div class=\"elementor-widget-container\">\n\t\t\t\t\t<h2 class=\"elementor-heading-title elementor-size-default\">\u00bfC\u00f3mo funcionan<\/br> las carillas dentales?<\/h2>\t\t\t\t<\/div>\n\t\t\t\t<\/div>\n\t\t\t\t<div class=\"elementor-element elementor-element-a9956da elementor-widget__width-initial elementor-widget elementor-widget-text-editor\" data-id=\"a9956da\" data-element_type=\"widget\" data-e-type=\"widget\" data-widget_type=\"text-editor.default\">\n\t\t\t\t<div class=\"elementor-widget-container\">\n\t\t\t\t\t\t\t\t\t<p><span style=\"font-weight: 400;\">Un cop hagis decidit posar-te carilles dentals, els passos a seguir seran els seg\u00fcents: \u2026<\/span><\/p>\t\t\t\t\t\t\t\t<\/div>\n\t\t\t\t<\/div>\n\t\t<div class=\"elementor-element elementor-element-1273deb e-grid e-con-full e-con e-child\" data-id=\"1273deb\" data-element_type=\"container\" data-e-type=\"container\">\n\t\t<div class=\"elementor-element elementor-element-82de4c2 e-con-full e-flex e-con e-child\" data-id=\"82de4c2\" data-element_type=\"container\" data-e-type=\"container\" data-settings=\"{&quot;background_background&quot;:&quot;classic&quot;}\">\n\t\t\t\t<div class=\"elementor-element elementor-element-c91e844 elementor-widget elementor-widget-text-editor\" data-id=\"c91e844\" data-element_type=\"widget\" data-e-type=\"widget\" data-widget_type=\"text-editor.default\">\n\t\t\t\t<div class=\"elementor-widget-container\">\n\t\t\t\t\t\t\t\t\t<p>1<\/p>\t\t\t\t\t\t\t\t<\/div>\n\t\t\t\t<\/div>\n\t\t<div class=\"elementor-element elementor-element-e354077 e-con-full e-flex e-con e-child\" data-id=\"e354077\" data-element_type=\"container\" data-e-type=\"container\">\n\t\t\t\t<div class=\"elementor-element elementor-element-f32cdaa elementor-widget elementor-widget-text-editor\" data-id=\"f32cdaa\" data-element_type=\"widget\" data-e-type=\"widget\" data-widget_type=\"text-editor.default\">\n\t\t\t\t<div class=\"elementor-widget-container\">\n\t\t\t\t\t\t\t\t\t<p>Estudi Inicial<\/p>\t\t\t\t\t\t\t\t<\/div>\n\t\t\t\t<\/div>\n\t\t\t\t<\/div>\n\t\t\t\t<div class=\"elementor-element elementor-element-355265b elementor-widget elementor-widget-text-editor\" data-id=\"355265b\" data-element_type=\"widget\" data-e-type=\"widget\" data-widget_type=\"text-editor.default\">\n\t\t\t\t<div class=\"elementor-widget-container\">\n\t\t\t\t\t\t\t\t\t<p><span style=\"font-weight: 400;\">A la primera visita, la <\/span><b>Dra. Elisenda Torn\u00e9<\/b><span style=\"font-weight: 400;\">, la nostra especialista en <\/span><b>est\u00e8tica dental<\/b><span style=\"font-weight: 400;\">, analitzar\u00e0 qualsevol <\/span><b>alteraci\u00f3 en la forma, mida, color o posici\u00f3 dental<\/b><span style=\"font-weight: 400;\">. Basant-se en la seva experi\u00e8ncia, t\u2019exposar\u00e0 les <\/span><b>possibilitats de millora est\u00e8tica<\/b><span style=\"font-weight: 400;\"> que podem oferir-te.<\/span><\/p><p><span style=\"font-weight: 400;\">Per a aix\u00f2, es realitzar\u00e0 una <\/span><b>s\u00e8rie completa de fotografies i v\u00eddeos facials i dentals<\/b><span style=\"font-weight: 400;\"> per obtenir una visi\u00f3 global del somriure.<\/span><\/p>\t\t\t\t\t\t\t\t<\/div>\n\t\t\t\t<\/div>\n\t\t\t\t<\/div>\n\t\t<div class=\"elementor-element elementor-element-0f84f16 e-con-full e-flex e-con e-child\" data-id=\"0f84f16\" data-element_type=\"container\" data-e-type=\"container\" data-settings=\"{&quot;background_background&quot;:&quot;classic&quot;}\">\n\t\t\t\t<div class=\"elementor-element elementor-element-b62ccc2 elementor-widget elementor-widget-text-editor\" data-id=\"b62ccc2\" data-element_type=\"widget\" data-e-type=\"widget\" data-widget_type=\"text-editor.default\">\n\t\t\t\t<div class=\"elementor-widget-container\">\n\t\t\t\t\t\t\t\t\t<p>2<\/p>\t\t\t\t\t\t\t\t<\/div>\n\t\t\t\t<\/div>\n\t\t<div class=\"elementor-element elementor-element-68828d8 e-con-full e-flex e-con e-child\" data-id=\"68828d8\" data-element_type=\"container\" data-e-type=\"container\">\n\t\t\t\t<div class=\"elementor-element elementor-element-e959b2e elementor-widget elementor-widget-text-editor\" data-id=\"e959b2e\" data-element_type=\"widget\" data-e-type=\"widget\" data-widget_type=\"text-editor.default\">\n\t\t\t\t<div class=\"elementor-widget-container\">\n\t\t\t\t\t\t\t\t\t<p>Disseny de Somriure (DSD &#8211; Digital Smile Design)<\/p>\t\t\t\t\t\t\t\t<\/div>\n\t\t\t\t<\/div>\n\t\t\t\t<\/div>\n\t\t\t\t<div class=\"elementor-element elementor-element-cda2da4 elementor-widget elementor-widget-text-editor\" data-id=\"cda2da4\" data-element_type=\"widget\" data-e-type=\"widget\" data-widget_type=\"text-editor.default\">\n\t\t\t\t<div class=\"elementor-widget-container\">\n\t\t\t\t\t\t\t\t\t<p><span style=\"font-weight: 400;\">Amb aquestes imatges es podr\u00e0 estudiar <\/span><b>la relaci\u00f3 entre dents, genives, llavis i expressi\u00f3 facial en moviment i emoci\u00f3<\/b><span style=\"font-weight: 400;\">.<\/span><\/p><p><span style=\"font-weight: 400;\">Gr\u00e0cies a la tecnologia <\/span><b>Digital Smile Design<\/b><span style=\"font-weight: 400;\">, la nostra especialista planificar\u00e0 el tractament amb <\/span><b>precisi\u00f3 m\u00e0xima<\/b><span style=\"font-weight: 400;\"> i podr\u00e0 <\/span><b>presentar-te el resultat final<\/b><span style=\"font-weight: 400;\"> del teu somriure fins i tot <\/span><b>abans d\u2019iniciar el tractament<\/b><span style=\"font-weight: 400;\">, sempre amb <\/span><b>expectatives realistes<\/b><span style=\"font-weight: 400;\">.<\/span><\/p>\t\t\t\t\t\t\t\t<\/div>\n\t\t\t\t<\/div>\n\t\t\t\t<\/div>\n\t\t<div class=\"elementor-element elementor-element-415ab1d e-con-full e-flex e-con e-child\" data-id=\"415ab1d\" data-element_type=\"container\" data-e-type=\"container\" data-settings=\"{&quot;background_background&quot;:&quot;classic&quot;}\">\n\t\t\t\t<div class=\"elementor-element elementor-element-6296f67 elementor-widget elementor-widget-text-editor\" data-id=\"6296f67\" data-element_type=\"widget\" data-e-type=\"widget\" data-widget_type=\"text-editor.default\">\n\t\t\t\t<div class=\"elementor-widget-container\">\n\t\t\t\t\t\t\t\t\t<p>3<\/p>\t\t\t\t\t\t\t\t<\/div>\n\t\t\t\t<\/div>\n\t\t<div class=\"elementor-element elementor-element-b6c1e5e e-con-full e-flex e-con e-child\" data-id=\"b6c1e5e\" data-element_type=\"container\" data-e-type=\"container\">\n\t\t\t\t<div class=\"elementor-element elementor-element-d466459 elementor-widget elementor-widget-text-editor\" data-id=\"d466459\" data-element_type=\"widget\" data-e-type=\"widget\" data-widget_type=\"text-editor.default\">\n\t\t\t\t<div class=\"elementor-widget-container\">\n\t\t\t\t\t\t\t\t\t<p>Presentaci\u00f3 de l&#8217;estudi<\/p>\t\t\t\t\t\t\t\t<\/div>\n\t\t\t\t<\/div>\n\t\t\t\t<\/div>\n\t\t\t\t<div class=\"elementor-element elementor-element-53df439 elementor-widget elementor-widget-text-editor\" data-id=\"53df439\" data-element_type=\"widget\" data-e-type=\"widget\" data-widget_type=\"text-editor.default\">\n\t\t\t\t<div class=\"elementor-widget-container\">\n\t\t\t\t\t\t\t\t\t<p><span style=\"font-weight: 400;\">En aquesta fase es mostrar\u00e0 el <\/span><b>disseny final del somriure per ordinador abans d\u2019iniciar el tractament<\/b><span style=\"font-weight: 400;\">.<\/span><\/p><p><b>El pacient pot participar activament en aquesta fase<\/b><span style=\"font-weight: 400;\">, fent les <\/span><b>modificacions desitjades<\/b><span style=\"font-weight: 400;\"> sobre la imatge digital. Aix\u00ed, <\/span><b>podr\u00e0 visualitzar el resultat final abans de comen\u00e7ar el proc\u00e9s<\/b><span style=\"font-weight: 400;\">.<\/span><\/p>\t\t\t\t\t\t\t\t<\/div>\n\t\t\t\t<\/div>\n\t\t\t\t<\/div>\n\t\t<div class=\"elementor-element elementor-element-0853e24 e-con-full e-flex e-con e-child\" data-id=\"0853e24\" data-element_type=\"container\" data-e-type=\"container\" data-settings=\"{&quot;background_background&quot;:&quot;classic&quot;}\">\n\t\t\t\t<div class=\"elementor-element elementor-element-9b754ef elementor-widget elementor-widget-text-editor\" data-id=\"9b754ef\" data-element_type=\"widget\" data-e-type=\"widget\" data-widget_type=\"text-editor.default\">\n\t\t\t\t<div class=\"elementor-widget-container\">\n\t\t\t\t\t\t\t\t\t<p>4<\/p>\t\t\t\t\t\t\t\t<\/div>\n\t\t\t\t<\/div>\n\t\t<div class=\"elementor-element elementor-element-270a166 e-con-full e-flex e-con e-child\" data-id=\"270a166\" data-element_type=\"container\" data-e-type=\"container\">\n\t\t\t\t<div class=\"elementor-element elementor-element-b4e98db elementor-widget elementor-widget-text-editor\" data-id=\"b4e98db\" data-element_type=\"widget\" data-e-type=\"widget\" data-widget_type=\"text-editor.default\">\n\t\t\t\t<div class=\"elementor-widget-container\">\n\t\t\t\t\t\t\t\t\t<p>Preparaci\u00f3 de les dents i escaneig<\/p>\t\t\t\t\t\t\t\t<\/div>\n\t\t\t\t<\/div>\n\t\t\t\t<\/div>\n\t\t\t\t<div class=\"elementor-element elementor-element-68c5d08 elementor-widget elementor-widget-text-editor\" data-id=\"68c5d08\" data-element_type=\"widget\" data-e-type=\"widget\" data-widget_type=\"text-editor.default\">\n\t\t\t\t<div class=\"elementor-widget-container\">\n\t\t\t\t\t\t\t\t\t<p><span style=\"font-weight: 400;\">En <\/span><b>una \u00fanica sessi\u00f3<\/b><span style=\"font-weight: 400;\">, es prepararan les dents i es prendran <\/span><b>impressions digitals amb l\u2019esc\u00e0ner intraoral<\/b><span style=\"font-weight: 400;\">.<\/span><\/p><p><span style=\"font-weight: 400;\">Gr\u00e0cies a l\u2019<\/span><b>estudi previ<\/b><span style=\"font-weight: 400;\">, ens assegurem que el proc\u00e9s sigui <\/span><b>m\u00ednimament invasiu<\/b><span style=\"font-weight: 400;\">.<\/span><\/p><p><b>A la mateixa cita, es col\u00b7locaran carilles provisionals de resina<\/b><span style=\"font-weight: 400;\">, amb la <\/span><b>mateixa forma i mida que les definitives de cer\u00e0mica<\/b><span style=\"font-weight: 400;\">, perqu\u00e8 el pacient es pugui anar adaptant al nou somriure.<\/span><\/p>\t\t\t\t\t\t\t\t<\/div>\n\t\t\t\t<\/div>\n\t\t\t\t<\/div>\n\t\t<div class=\"elementor-element elementor-element-d457f50 e-con-full e-flex e-con e-child\" data-id=\"d457f50\" data-element_type=\"container\" data-e-type=\"container\" data-settings=\"{&quot;background_background&quot;:&quot;classic&quot;}\">\n\t\t\t\t<div class=\"elementor-element elementor-element-6781e76 elementor-widget elementor-widget-text-editor\" data-id=\"6781e76\" data-element_type=\"widget\" data-e-type=\"widget\" data-widget_type=\"text-editor.default\">\n\t\t\t\t<div class=\"elementor-widget-container\">\n\t\t\t\t\t\t\t\t\t<p>5<\/p>\t\t\t\t\t\t\t\t<\/div>\n\t\t\t\t<\/div>\n\t\t<div class=\"elementor-element elementor-element-2a674fc e-con-full e-flex e-con e-child\" data-id=\"2a674fc\" data-element_type=\"container\" data-e-type=\"container\">\n\t\t\t\t<div class=\"elementor-element elementor-element-9552c25 elementor-widget elementor-widget-text-editor\" data-id=\"9552c25\" data-element_type=\"widget\" data-e-type=\"widget\" data-widget_type=\"text-editor.default\">\n\t\t\t\t<div class=\"elementor-widget-container\">\n\t\t\t\t\t\t\t\t\t<p>Fabricaci\u00f3 de les carilles<\/p>\t\t\t\t\t\t\t\t<\/div>\n\t\t\t\t<\/div>\n\t\t\t\t<\/div>\n\t\t\t\t<div class=\"elementor-element elementor-element-b6f2e89 elementor-widget elementor-widget-text-editor\" data-id=\"b6f2e89\" data-element_type=\"widget\" data-e-type=\"widget\" data-widget_type=\"text-editor.default\">\n\t\t\t\t<div class=\"elementor-widget-container\">\n\t\t\t\t\t\t\t\t\t<p><span style=\"font-weight: 400;\">Amb el sistema <\/span><b>Digital Smile Design<\/b><span style=\"font-weight: 400;\">, els nostres <\/span><b>t\u00e8cnics de laboratori<\/b><span style=\"font-weight: 400;\"> poden aconseguir una <\/span><b>anatomia dental natural i est\u00e8tica<\/b><span style=\"font-weight: 400;\"> mitjan\u00e7ant el sistema <\/span><b>Skyn Concept<\/b><span style=\"font-weight: 400;\">.<\/span><\/p><p><span style=\"font-weight: 400;\">Aquest proc\u00e9s ens permet realitzar <\/span><b>planificacions precises<\/b><span style=\"font-weight: 400;\"> per aconseguir un resultat <\/span><b>exit\u00f3s<\/b><span style=\"font-weight: 400;\">, assegurant que les carilles es fabriquen amb les <\/span><b>cer\u00e0miques m\u00e9s adequades<\/b><span style=\"font-weight: 400;\"> per a l\u2019efecte est\u00e8tic desitjat i la resist\u00e8ncia necess\u00e0ria.<\/span><\/p>\t\t\t\t\t\t\t\t<\/div>\n\t\t\t\t<\/div>\n\t\t\t\t<\/div>\n\t\t<div class=\"elementor-element elementor-element-ad551be e-con-full e-flex e-con e-child\" data-id=\"ad551be\" data-element_type=\"container\" data-e-type=\"container\" data-settings=\"{&quot;background_background&quot;:&quot;classic&quot;}\">\n\t\t\t\t<div class=\"elementor-element elementor-element-b9fceaa elementor-widget elementor-widget-text-editor\" data-id=\"b9fceaa\" data-element_type=\"widget\" data-e-type=\"widget\" data-widget_type=\"text-editor.default\">\n\t\t\t\t<div class=\"elementor-widget-container\">\n\t\t\t\t\t\t\t\t\t<p>6<\/p>\t\t\t\t\t\t\t\t<\/div>\n\t\t\t\t<\/div>\n\t\t<div class=\"elementor-element elementor-element-4d58932 e-con-full e-flex e-con e-child\" data-id=\"4d58932\" data-element_type=\"container\" data-e-type=\"container\">\n\t\t\t\t<div class=\"elementor-element elementor-element-e1e2c63 elementor-widget elementor-widget-text-editor\" data-id=\"e1e2c63\" data-element_type=\"widget\" data-e-type=\"widget\" data-widget_type=\"text-editor.default\">\n\t\t\t\t<div class=\"elementor-widget-container\">\n\t\t\t\t\t\t\t\t\t<p>Cementat de les carilles<\/p>\t\t\t\t\t\t\t\t<\/div>\n\t\t\t\t<\/div>\n\t\t\t\t<\/div>\n\t\t\t\t<div class=\"elementor-element elementor-element-c09419a elementor-widget elementor-widget-text-editor\" data-id=\"c09419a\" data-element_type=\"widget\" data-e-type=\"widget\" data-widget_type=\"text-editor.default\">\n\t\t\t\t<div class=\"elementor-widget-container\">\n\t\t\t\t\t\t\t\t\t<p><span style=\"font-weight: 400;\">Aquesta sessi\u00f3 consisteix en la <\/span><b>col\u00b7locaci\u00f3 definitiva de les carilles<\/b><span style=\"font-weight: 400;\">.<\/span><\/p><p><span style=\"font-weight: 400;\">Es realitza un <\/span><b>cementat adhesiu qu\u00edmic d\u2019alta resist\u00e8ncia<\/b><span style=\"font-weight: 400;\"> entre la dent i la carilla per assegurar una uni\u00f3 <\/span><b>forta i duradora<\/b><span style=\"font-weight: 400;\">.<\/span><\/p><p><b>Des del primer moment, el pacient podr\u00e0 parlar, menjar, raspallar-se i passar-se el fil dental amb total normalitat<\/b><span style=\"font-weight: 400;\">.<\/span><\/p>\t\t\t\t\t\t\t\t<\/div>\n\t\t\t\t<\/div>\n\t\t\t\t<\/div>\n\t\t\t\t<\/div>\n\t\t<div class=\"elementor-element elementor-element-dec1c6a e-grid e-con-full e-con e-child\" data-id=\"dec1c6a\" data-element_type=\"container\" data-e-type=\"container\">\n\t\t<div class=\"elementor-element elementor-element-02263a1 e-con-full e-flex e-con e-child\" data-id=\"02263a1\" data-element_type=\"container\" data-e-type=\"container\" data-settings=\"{&quot;background_background&quot;:&quot;classic&quot;}\">\n\t\t\t\t<div class=\"elementor-element elementor-element-cb283e2 elementor-widget elementor-widget-text-editor\" data-id=\"cb283e2\" data-element_type=\"widget\" data-e-type=\"widget\" data-widget_type=\"text-editor.default\">\n\t\t\t\t<div class=\"elementor-widget-container\">\n\t\t\t\t\t\t\t\t\t<p>7<\/p>\t\t\t\t\t\t\t\t<\/div>\n\t\t\t\t<\/div>\n\t\t<div class=\"elementor-element elementor-element-a2c6cad e-con-full e-flex e-con e-child\" data-id=\"a2c6cad\" data-element_type=\"container\" data-e-type=\"container\">\n\t\t\t\t<div class=\"elementor-element elementor-element-7616d63 elementor-widget elementor-widget-text-editor\" data-id=\"7616d63\" data-element_type=\"widget\" data-e-type=\"widget\" data-widget_type=\"text-editor.default\">\n\t\t\t\t<div class=\"elementor-widget-container\">\n\t\t\t\t\t\t\t\t\t<p>Visita de revisi\u00f3 i acabat<\/p>\t\t\t\t\t\t\t\t<\/div>\n\t\t\t\t<\/div>\n\t\t\t\t<\/div>\n\t\t\t\t<div class=\"elementor-element elementor-element-651df76 elementor-widget elementor-widget-text-editor\" data-id=\"651df76\" data-element_type=\"widget\" data-e-type=\"widget\" data-widget_type=\"text-editor.default\">\n\t\t\t\t<div class=\"elementor-widget-container\">\n\t\t\t\t\t\t\t\t\t<p><span style=\"font-weight: 400;\">Al cap d\u2019una setmana es realitzar\u00e0 una <\/span><b>visita de control<\/b><span style=\"font-weight: 400;\"> per revisar:<\/span><span style=\"font-weight: 400;\"><br \/><\/span><span style=\"font-weight: 400;\"> \u2714 L\u2019<\/span><b>adaptaci\u00f3 de les genives<\/b><b><br \/><\/b><span style=\"font-weight: 400;\"> \u2714 El <\/span><b>confort i satisfacci\u00f3 del pacient<\/b><\/p><p><b>Un proc\u00e9s meticul\u00f3s per garantir un somriure perfecte!<\/b><\/p>\t\t\t\t\t\t\t\t<\/div>\n\t\t\t\t<\/div>\n\t\t\t\t<\/div>\n\t\t\t\t<\/div>\n\t\t\t\t<\/div>\n\t\t\t\t<\/div>\n\t\t<div class=\"elementor-element elementor-element-9dca752 e-con-full e-flex e-con e-child\" data-id=\"9dca752\" data-element_type=\"container\" data-e-type=\"container\" data-settings=\"{&quot;background_background&quot;:&quot;classic&quot;}\">\n\t\t\t\t<div class=\"elementor-element elementor-element-566f6b0 elementor-widget elementor-widget-heading\" data-id=\"566f6b0\" data-element_type=\"widget\" data-e-type=\"widget\" data-widget_type=\"heading.default\">\n\t\t\t\t<div class=\"elementor-widget-container\">\n\t\t\t\t\t<h2 class=\"elementor-heading-title elementor-size-default\">Abans i Despr\u00e9s<\/h2>\t\t\t\t<\/div>\n\t\t\t\t<\/div>\n\t\t<div class=\"elementor-element elementor-element-a1133ad e-con-full e-flex e-con e-child\" data-id=\"a1133ad\" data-element_type=\"container\" data-e-type=\"container\">\n\t\t<div class=\"elementor-element elementor-element-2c7b7df e-grid e-con-boxed e-con e-child\" data-id=\"2c7b7df\" data-element_type=\"container\" data-e-type=\"container\">\n\t\t\t\t\t<div class=\"e-con-inner\">\n\t\t<div class=\"elementor-element elementor-element-5d6709b e-con-full e-flex e-con e-child\" data-id=\"5d6709b\" data-element_type=\"container\" data-e-type=\"container\">\n\t\t\t\t<div class=\"elementor-element elementor-element-8a50135 elementor-widget elementor-widget-twenty20_widget\" data-id=\"8a50135\" data-element_type=\"widget\" data-e-type=\"widget\" data-widget_type=\"twenty20_widget.default\">\n\t\t\t\t<div class=\"elementor-widget-container\">\n\t\t\t\t\t<div id=\"twenty20-1\" class=\"twenty20\" style=\"width: 100% !important; clear: both;\"><div class=\"twentytwenty-container twenty20-1 \"><img decoding=\"async\" src=\"https:\/\/clinicadentalmontsetimoneda.com\/wp-content\/uploads\/2021\/04\/caso-carillas-dentales-4_antes.jpg\" alt=\"caso carillas dentales 4_antes\" \/><img decoding=\"async\" src=\"https:\/\/clinicadentalmontsetimoneda.com\/wp-content\/uploads\/2021\/04\/carillas-dentales_caso-4_despues.jpg\" alt=\"carillas dentales_caso 4_despues\" \/><\/div><\/div>\t\t\t\t<\/div>\n\t\t\t\t<\/div>\n\t\t\t\t<div class=\"elementor-element elementor-element-bd05eb9 elementor-widget elementor-widget-text-editor\" data-id=\"bd05eb9\" data-element_type=\"widget\" data-e-type=\"widget\" data-widget_type=\"text-editor.default\">\n\t\t\t\t<div class=\"elementor-widget-container\">\n\t\t\t\t\t\t\t\t\t<p><strong>Cas 1 <\/strong>&#8211; Carilles Dentals<\/p>\t\t\t\t\t\t\t\t<\/div>\n\t\t\t\t<\/div>\n\t\t\t\t<\/div>\n\t\t<div class=\"elementor-element elementor-element-015d268 e-con-full e-flex e-con e-child\" data-id=\"015d268\" data-element_type=\"container\" data-e-type=\"container\">\n\t\t\t\t<div class=\"elementor-element elementor-element-43714a9 elementor-widget elementor-widget-twenty20_widget\" data-id=\"43714a9\" data-element_type=\"widget\" data-e-type=\"widget\" data-widget_type=\"twenty20_widget.default\">\n\t\t\t\t<div class=\"elementor-widget-container\">\n\t\t\t\t\t<div id=\"twenty20-2\" class=\"twenty20\" style=\"width: 100% !important; clear: both;\"><div class=\"twentytwenty-container twenty20-2 \"><img decoding=\"async\" src=\"https:\/\/clinicadentalmontsetimoneda.com\/wp-content\/uploads\/2021\/04\/carillas-dentales_caso_5-antes.jpg\" alt=\"carillas dentales_caso_5 antes\" \/><img decoding=\"async\" src=\"https:\/\/clinicadentalmontsetimoneda.com\/wp-content\/uploads\/2021\/04\/carillas-dentales_caso_5-_despues.jpg\" alt=\"After image\" \/><\/div><\/div>\t\t\t\t<\/div>\n\t\t\t\t<\/div>\n\t\t\t\t<div class=\"elementor-element elementor-element-a4574da elementor-widget elementor-widget-text-editor\" data-id=\"a4574da\" data-element_type=\"widget\" data-e-type=\"widget\" data-widget_type=\"text-editor.default\">\n\t\t\t\t<div class=\"elementor-widget-container\">\n\t\t\t\t\t\t\t\t\t<p><strong>Cas 2 <\/strong>&#8211; Carilles Dentals<\/p>\t\t\t\t\t\t\t\t<\/div>\n\t\t\t\t<\/div>\n\t\t\t\t<\/div>\n\t\t<div class=\"elementor-element elementor-element-8a272bb e-con-full e-flex e-con e-child\" data-id=\"8a272bb\" data-element_type=\"container\" data-e-type=\"container\">\n\t\t\t\t<div class=\"elementor-element elementor-element-1083d98 elementor-widget elementor-widget-twenty20_widget\" data-id=\"1083d98\" data-element_type=\"widget\" data-e-type=\"widget\" data-widget_type=\"twenty20_widget.default\">\n\t\t\t\t<div class=\"elementor-widget-container\">\n\t\t\t\t\t<div id=\"twenty20-3\" class=\"twenty20\" style=\"width: 100% !important; clear: both;\"><div class=\"twentytwenty-container twenty20-3 \"><img decoding=\"async\" src=\"https:\/\/clinicadentalmontsetimoneda.com\/wp-content\/uploads\/2021\/04\/carillas-dentales_caso_6_antes.jpg\" alt=\"carillas dentales_caso_6_antes\" \/><img decoding=\"async\" src=\"https:\/\/clinicadentalmontsetimoneda.com\/wp-content\/uploads\/2021\/04\/carillas-dentales_caso_6_despues.jpg\" alt=\"carillas dentales_caso_6_despues\" \/><\/div><\/div>\t\t\t\t<\/div>\n\t\t\t\t<\/div>\n\t\t\t\t<div class=\"elementor-element elementor-element-4289735 elementor-widget elementor-widget-text-editor\" data-id=\"4289735\" data-element_type=\"widget\" data-e-type=\"widget\" data-widget_type=\"text-editor.default\">\n\t\t\t\t<div class=\"elementor-widget-container\">\n\t\t\t\t\t\t\t\t\t<p><strong>Cas 3 <\/strong>&#8211; Carilles Dentals<\/p>\t\t\t\t\t\t\t\t<\/div>\n\t\t\t\t<\/div>\n\t\t\t\t<\/div>\n\t\t<div class=\"elementor-element elementor-element-bc23651 e-con-full e-flex e-con e-child\" data-id=\"bc23651\" data-element_type=\"container\" data-e-type=\"container\">\n\t\t\t\t<div class=\"elementor-element elementor-element-cf9e252 elementor-widget elementor-widget-twenty20_widget\" data-id=\"cf9e252\" data-element_type=\"widget\" data-e-type=\"widget\" data-widget_type=\"twenty20_widget.default\">\n\t\t\t\t<div class=\"elementor-widget-container\">\n\t\t\t\t\t<div id=\"twenty20-4\" class=\"twenty20\" style=\"width: 100% !important; clear: both;\"><div class=\"twentytwenty-container twenty20-4 \"><img decoding=\"async\" src=\"https:\/\/clinicadentalmontsetimoneda.com\/wp-content\/uploads\/2021\/04\/carillas-dentales_caso_7_antes.jpg\" alt=\"carillas dentales_caso_7_antes\" \/><img decoding=\"async\" src=\"https:\/\/clinicadentalmontsetimoneda.com\/wp-content\/uploads\/2021\/04\/carillas-dentales_caso_7_despues.jpg\" alt=\"carillas dentales_caso_7_despues\" \/><\/div><\/div>\t\t\t\t<\/div>\n\t\t\t\t<\/div>\n\t\t\t\t<div class=\"elementor-element elementor-element-905072e elementor-widget elementor-widget-text-editor\" data-id=\"905072e\" data-element_type=\"widget\" data-e-type=\"widget\" data-widget_type=\"text-editor.default\">\n\t\t\t\t<div class=\"elementor-widget-container\">\n\t\t\t\t\t\t\t\t\t<p><strong>Cas 4 <\/strong>&#8211; Carilles Dentals<\/p>\t\t\t\t\t\t\t\t<\/div>\n\t\t\t\t<\/div>\n\t\t\t\t<\/div>\n\t\t\t\t\t<\/div>\n\t\t\t\t<\/div>\n\t\t\t\t<\/div>\n\t\t\t\t<\/div>\n\t\t<div class=\"elementor-element elementor-element-ad72c7c e-con-full e-flex e-con e-child\" data-id=\"ad72c7c\" data-element_type=\"container\" data-e-type=\"container\" data-settings=\"{&quot;background_background&quot;:&quot;classic&quot;}\">\n\t\t<div class=\"elementor-element elementor-element-2010dd3 e-con-full e-flex e-con e-child\" data-id=\"2010dd3\" data-element_type=\"container\" data-e-type=\"container\">\n\t\t\t\t<div class=\"elementor-element elementor-element-96b9164 elementor-widget__width-initial elementor-widget elementor-widget-heading\" data-id=\"96b9164\" data-element_type=\"widget\" data-e-type=\"widget\" data-widget_type=\"heading.default\">\n\t\t\t\t<div class=\"elementor-widget-container\">\n\t\t\t\t\t<h2 class=\"elementor-heading-title elementor-size-default\">Video Testimoni<\/br>de Carilles Dentals<\/h2>\t\t\t\t<\/div>\n\t\t\t\t<\/div>\n\t\t<div class=\"elementor-element elementor-element-e7d074b e-con-full e-flex e-con e-child\" data-id=\"e7d074b\" data-element_type=\"container\" data-e-type=\"container\">\n\t\t\t\t<div class=\"elementor-element elementor-element-bd611d9 elementor-widget-tablet__width-initial elementor-widget elementor-widget-video\" data-id=\"bd611d9\" data-element_type=\"widget\" data-e-type=\"widget\" data-settings=\"{&quot;youtube_url&quot;:&quot;https:\\\/\\\/www.youtube.com\\\/watch?v=Ld3gwjaPp7Y&quot;,&quot;video_type&quot;:&quot;youtube&quot;,&quot;controls&quot;:&quot;yes&quot;}\" data-widget_type=\"video.default\">\n\t\t\t\t<div class=\"elementor-widget-container\">\n\t\t\t\t\t\t\t<div class=\"elementor-wrapper elementor-open-inline\">\n\t\t\t<div class=\"elementor-video\"><\/div>\t\t<\/div>\n\t\t\t\t\t\t<\/div>\n\t\t\t\t<\/div>\n\t\t\t\t<\/div>\n\t\t\t\t<\/div>\n\t\t\t\t<\/div>\n\t\t<div class=\"elementor-element elementor-element-381420e e-con-full e-flex e-con e-child\" data-id=\"381420e\" data-element_type=\"container\" data-e-type=\"container\" data-settings=\"{&quot;background_background&quot;:&quot;classic&quot;}\">\n\t\t<div class=\"elementor-element elementor-element-a525cb4 e-con-full e-flex e-con e-child\" data-id=\"a525cb4\" data-element_type=\"container\" data-e-type=\"container\">\n\t\t\t\t<div class=\"elementor-element elementor-element-c6b264b elementor-widget__width-inherit elementor-widget elementor-widget-heading\" data-id=\"c6b264b\" data-element_type=\"widget\" data-e-type=\"widget\" data-widget_type=\"heading.default\">\n\t\t\t\t<div class=\"elementor-widget-container\">\n\t\t\t\t\t<h2 class=\"elementor-heading-title elementor-size-default\">Preguntes freq\u00fcents<\/br>sobre carilles dentals<\/h2>\t\t\t\t<\/div>\n\t\t\t\t<\/div>\n\t\t\t\t<div class=\"elementor-element elementor-element-514f9cf elementor-widget elementor-widget-accordion\" data-id=\"514f9cf\" data-element_type=\"widget\" data-e-type=\"widget\" data-widget_type=\"accordion.default\">\n\t\t\t\t<div class=\"elementor-widget-container\">\n\t\t\t\t\t\t\t<div class=\"elementor-accordion\">\n\t\t\t\t\t\t\t<div class=\"elementor-accordion-item\">\n\t\t\t\t\t<div id=\"elementor-tab-title-8521\" class=\"elementor-tab-title\" data-tab=\"1\" role=\"button\" aria-controls=\"elementor-tab-content-8521\" aria-expanded=\"false\">\n\t\t\t\t\t\t\t\t\t\t\t\t\t<span class=\"elementor-accordion-icon elementor-accordion-icon-right\" aria-hidden=\"true\">\n\t\t\t\t\t\t\t\t\t\t\t\t\t\t\t<span class=\"elementor-accordion-icon-closed\"><svg xmlns=\"http:\/\/www.w3.org\/2000\/svg\" width=\"37\" height=\"37\" viewBox=\"0 0 37 37\" fill=\"none\"><circle cx=\"18.5518\" cy=\"18.046\" r=\"17.6921\" stroke=\"#3A3A3A\" stroke-width=\"0.707685\"><\/circle><line x1=\"18.9069\" y1=\"6.8999\" x2=\"18.9069\" y2=\"29.192\" stroke=\"#3A3A3A\" stroke-width=\"1.41537\"><\/line><line x1=\"30.2305\" y1=\"18.7536\" x2=\"7.93838\" y2=\"18.7536\" stroke=\"#3A3A3A\" stroke-width=\"1.41537\"><\/line><\/svg><\/span>\n\t\t\t\t\t\t\t\t<span class=\"elementor-accordion-icon-opened\"><svg xmlns=\"http:\/\/www.w3.org\/2000\/svg\" width=\"37\" height=\"37\" viewBox=\"0 0 37 37\" fill=\"none\"><circle cx=\"18.5518\" cy=\"18.046\" r=\"17.6921\" stroke=\"#3A3A3A\" stroke-width=\"0.707685\"><\/circle><line x1=\"30.2305\" y1=\"18.7536\" x2=\"7.93838\" y2=\"18.7536\" stroke=\"#3A3A3A\" stroke-width=\"1.41537\"><\/line><\/svg><\/span>\n\t\t\t\t\t\t\t\t\t\t\t\t\t\t<\/span>\n\t\t\t\t\t\t\t\t\t\t\t\t<a class=\"elementor-accordion-title\" tabindex=\"0\">Qu\u00e8 s\u00f3n les carilles dentals?<\/a>\n\t\t\t\t\t<\/div>\n\t\t\t\t\t<div id=\"elementor-tab-content-8521\" class=\"elementor-tab-content elementor-clearfix\" data-tab=\"1\" role=\"region\" aria-labelledby=\"elementor-tab-title-8521\"><p><span style=\"font-weight: 400;\">Les <\/span><b>carilles dentals<\/b><span style=\"font-weight: 400;\"> s\u00f3n un <\/span><b>tractament d\u2019est\u00e8tica dental<\/b><span style=\"font-weight: 400;\"> que consisteix en la col\u00b7locaci\u00f3 de <\/span><b>fin\u00edssimes l\u00e0mines<\/b><span style=\"font-weight: 400;\"> sobre la superf\u00edcie del dent per <\/span><b>millorar-ne l\u2019aspecte est\u00e8tic<\/b><span style=\"font-weight: 400;\">.<\/span><\/p><p><b>Un tractament amb gaireb\u00e9 90 anys d\u2019hist\u00f2ria!<\/b><\/p><p><span style=\"font-weight: 400;\">Aquest tractament es realitza des de fa gaireb\u00e9 <\/span><b>90 anys<\/b><span style=\"font-weight: 400;\">. Va ser a la d\u00e8cada de <\/span><b>1930<\/b><span style=\"font-weight: 400;\"> quan el dentista californi\u00e0 <\/span><b>Charles Pincus<\/b><span style=\"font-weight: 400;\"> va crear les <\/span><b>primeres carilles dentals<\/b><span style=\"font-weight: 400;\"> per millorar l\u2019aspecte i el somriure dels <\/span><b>actors i actrius de Hollywood<\/b><span style=\"font-weight: 400;\"> que no tenien unes dents perfectes. A ell devem la idea original, que donaria lloc al que avui coneixem com a <\/span><b>carilles dentals modernes<\/b><span style=\"font-weight: 400;\">.<\/span><\/p><p><b>Una evoluci\u00f3 constant cap a la perfecci\u00f3<\/b><\/p><p><span style=\"font-weight: 400;\">Des dels seus inicis, tant la <\/span><b>t\u00e8cnica<\/b><span style=\"font-weight: 400;\"> com els <\/span><b>materials<\/b><span style=\"font-weight: 400;\"> han evolucionat <\/span><b>enormement<\/b><span style=\"font-weight: 400;\">.<\/span><\/p><p><span style=\"font-weight: 400;\">Ja no cal patir per si les carilles es <\/span><b>desenganxen o es trenquen f\u00e0cilment<\/b><span style=\"font-weight: 400;\">, com passava fins fa uns anys.<\/span><span style=\"font-weight: 400;\"><br \/><\/span><span style=\"font-weight: 400;\">Avui dia, amb carilles dentals d\u2019<\/span><b>alta qualitat<\/b><span style=\"font-weight: 400;\">, la sensaci\u00f3 \u00e9s com si portessis <\/span><b>les teves pr\u00f2pies dents naturals<\/b><span style=\"font-weight: 400;\">.<\/span><span style=\"font-weight: 400;\"><br \/><\/span><span style=\"font-weight: 400;\">A m\u00e9s de <\/span><b>millorar el teu somriure<\/b><span style=\"font-weight: 400;\">, experimentar\u00e0s una sensaci\u00f3 <\/span><b>meravellosa i natural<\/b><span style=\"font-weight: 400;\">.<\/span><\/p><p><iframe title=\"YouTube video player\" src=\"https:\/\/www.youtube.com\/embed\/BEyIfj2pyrQ?si=zA5juEmqvQwiCtMk\" width=\"560\" height=\"315\" frameborder=\"0\" allowfullscreen=\"allowfullscreen\"><\/iframe><\/p><\/div>\n\t\t\t\t<\/div>\n\t\t\t\t\t\t\t<div class=\"elementor-accordion-item\">\n\t\t\t\t\t<div id=\"elementor-tab-title-8522\" class=\"elementor-tab-title\" data-tab=\"2\" role=\"button\" aria-controls=\"elementor-tab-content-8522\" aria-expanded=\"false\">\n\t\t\t\t\t\t\t\t\t\t\t\t\t<span class=\"elementor-accordion-icon elementor-accordion-icon-right\" aria-hidden=\"true\">\n\t\t\t\t\t\t\t\t\t\t\t\t\t\t\t<span class=\"elementor-accordion-icon-closed\"><svg xmlns=\"http:\/\/www.w3.org\/2000\/svg\" width=\"37\" height=\"37\" viewBox=\"0 0 37 37\" fill=\"none\"><circle cx=\"18.5518\" cy=\"18.046\" r=\"17.6921\" stroke=\"#3A3A3A\" stroke-width=\"0.707685\"><\/circle><line x1=\"18.9069\" y1=\"6.8999\" x2=\"18.9069\" y2=\"29.192\" stroke=\"#3A3A3A\" stroke-width=\"1.41537\"><\/line><line x1=\"30.2305\" y1=\"18.7536\" x2=\"7.93838\" y2=\"18.7536\" stroke=\"#3A3A3A\" stroke-width=\"1.41537\"><\/line><\/svg><\/span>\n\t\t\t\t\t\t\t\t<span class=\"elementor-accordion-icon-opened\"><svg xmlns=\"http:\/\/www.w3.org\/2000\/svg\" width=\"37\" height=\"37\" viewBox=\"0 0 37 37\" fill=\"none\"><circle cx=\"18.5518\" cy=\"18.046\" r=\"17.6921\" stroke=\"#3A3A3A\" stroke-width=\"0.707685\"><\/circle><line x1=\"30.2305\" y1=\"18.7536\" x2=\"7.93838\" y2=\"18.7536\" stroke=\"#3A3A3A\" stroke-width=\"1.41537\"><\/line><\/svg><\/span>\n\t\t\t\t\t\t\t\t\t\t\t\t\t\t<\/span>\n\t\t\t\t\t\t\t\t\t\t\t\t<a class=\"elementor-accordion-title\" tabindex=\"0\">Quins tipus de carilles s\u00f3n m\u00e9s recomanables?<\/a>\n\t\t\t\t\t<\/div>\n\t\t\t\t\t<div id=\"elementor-tab-content-8522\" class=\"elementor-tab-content elementor-clearfix\" data-tab=\"2\" role=\"region\" aria-labelledby=\"elementor-tab-title-8522\"><p><span style=\"font-weight: 400;\">Avui dia hi ha <\/span><b>dos tipus de carilles dentals<\/b><span style=\"font-weight: 400;\"> al mercat: <\/span><b>carilles de composite<\/b><span style=\"font-weight: 400;\"> i <\/span><b>carilles de cer\u00e0mica<\/b><span style=\"font-weight: 400;\">.<\/span><\/p><h3>Carilles dentals de composite<\/h3><p><span style=\"font-weight: 400;\">Les <\/span><b>carilles de composite<\/b><span style=\"font-weight: 400;\"> es fabriquen amb un material derivat del que s\u2019utilitza per als <\/span><b>empasts dentals<\/b><span style=\"font-weight: 400;\">. No obstant aix\u00f2, per a les carilles s\u2019utilitza un <\/span><b>composite molt m\u00e9s est\u00e8tic<\/b><span style=\"font-weight: 400;\">, amb <\/span><b>propietats \u00f2ptiques millorades<\/b><span style=\"font-weight: 400;\"> que ofereixen un aspecte m\u00e9s natural i atractiu.<\/span><\/p><p><b>Procediment:<\/b><\/p><ul><li style=\"font-weight: 400;\" aria-level=\"1\"><span style=\"font-weight: 400;\">Es poden fabricar en <\/span><b>laboratori<\/b><span style=\"font-weight: 400;\"> o <\/span><b>directament a la boca del pacient<\/b><span style=\"font-weight: 400;\">.<\/span><\/li><li style=\"font-weight: 400;\" aria-level=\"1\"><b>Nosaltres descartem la fabricaci\u00f3 en laboratori<\/b><span style=\"font-weight: 400;\"> i optem per fer-les <\/span><b>directament a la consulta<\/b><span style=\"font-weight: 400;\">.<\/span><\/li><li style=\"font-weight: 400;\" aria-level=\"1\"><span style=\"font-weight: 400;\">Realitzem <\/span><b>el mateix estudi personalitzat<\/b><span style=\"font-weight: 400;\"> que amb les carilles de cer\u00e0mica, de manera que el pacient ja coneix <\/span><b>com ser\u00e0 el resultat final abans de comen\u00e7ar<\/b><span style=\"font-weight: 400;\">.<\/span><\/li><li style=\"font-weight: 400;\" aria-level=\"1\"><b>Avantatge principal:<\/b><span style=\"font-weight: 400;\"> el pacient surt <\/span><b>el mateix dia<\/b><span style=\"font-weight: 400;\"> amb les carilles col\u00b7locades.<\/span><\/li><\/ul><p><b>A qui les recomanem?<\/b><\/p><ul><li style=\"font-weight: 400;\" aria-level=\"1\"><span style=\"font-weight: 400;\">S\u00f3n ideals per a <\/span><b>pacients joves<\/b><span style=\"font-weight: 400;\">, ja que pr\u00e0cticament <\/span><b>no cal tocar el dent<\/b><span style=\"font-weight: 400;\">, fent que sigui un <\/span><b>tractament reversible<\/b><span style=\"font-weight: 400;\">.<\/span><\/li><\/ul><p><span style=\"font-weight: 400;\">Si en el futur el pacient vol <\/span><b>millorar encara m\u00e9s l\u2019est\u00e8tica<\/b><span style=\"font-weight: 400;\">, es poden <\/span><b>retirar les carilles de composite i substituir-les per unes de cer\u00e0mica<\/b><span style=\"font-weight: 400;\">.<\/span><\/p><h3>Carilles dentals de cer\u00e0mica<\/h3><p><span style=\"font-weight: 400;\">Les <\/span><b>carilles de cer\u00e0mica<\/b><span style=\"font-weight: 400;\"> es fabriquen exclusivament en <\/span><b>laboratori<\/b><span style=\"font-weight: 400;\"> i es consideren la <\/span><b>opci\u00f3 m\u00e9s avan\u00e7ada i duradora<\/b><span style=\"font-weight: 400;\">.<\/span><\/p><p><b>Caracter\u00edstiques:<\/b><\/p><ul><li style=\"font-weight: 400;\" aria-level=\"1\"><span style=\"font-weight: 400;\">S\u00f3n <\/span><b>fin\u00edssimes l\u00e0mines de cer\u00e0mica<\/b><span style=\"font-weight: 400;\"> dissenyades per adaptar-se perfectament a cada pacient.<\/span><\/li><li style=\"font-weight: 400;\" aria-level=\"1\"><b>Escollim el material espec\u00edficament segons el resultat est\u00e8tic desitjat<\/b><span style=\"font-weight: 400;\">.<\/span><\/li><li style=\"font-weight: 400;\" aria-level=\"1\"><span style=\"font-weight: 400;\">Per col\u00b7locar-les, \u00e9s necessari <\/span><b>retallar lleugerament el dent<\/b><span style=\"font-weight: 400;\">, per assegurar que hi hagi <\/span><b>espai suficient per a la carilla<\/b><span style=\"font-weight: 400;\"> i obtenir una adaptaci\u00f3 perfecta.<\/span><\/li><\/ul><p><b>A qui les recomanem?<\/b><\/p><ul><li style=\"font-weight: 400;\" aria-level=\"1\"><span style=\"font-weight: 400;\">Pacients que volen un <\/span><b>resultat durador, estable i amb una est\u00e8tica immillorable<\/b><span style=\"font-weight: 400;\">.<\/span><\/li><li style=\"font-weight: 400;\" aria-level=\"1\"><span style=\"font-weight: 400;\">En casos on es necessita una <\/span><b>transformaci\u00f3 m\u00e9s gran del somriure<\/b><span style=\"font-weight: 400;\">.<\/span><\/li><\/ul><p><b>Conclusi\u00f3:<\/b><b><br \/><\/b><span style=\"font-weight: 400;\"> \u2714 <\/span><b>Composite<\/b><span style=\"font-weight: 400;\">: Opci\u00f3 m\u00e9s r\u00e0pida, reversible i recomanada per a pacients joves.<\/span><span style=\"font-weight: 400;\"><br \/><\/span><span style=\"font-weight: 400;\"> \u2714 <\/span><b>Cer\u00e0mica<\/b><span style=\"font-weight: 400;\">: Opci\u00f3 m\u00e9s duradora, amb resultats est\u00e8tics excepcionals.<\/span><\/p><p><iframe title=\"YouTube video player\" src=\"https:\/\/www.youtube.com\/embed\/QvxZKuwcwNE?si=PtWxR4QeSWpyYzUJ\" width=\"560\" height=\"315\" frameborder=\"0\" allowfullscreen=\"allowfullscreen\"><\/iframe><\/p><\/div>\n\t\t\t\t<\/div>\n\t\t\t\t\t\t\t<div class=\"elementor-accordion-item\">\n\t\t\t\t\t<div id=\"elementor-tab-title-8523\" class=\"elementor-tab-title\" data-tab=\"3\" role=\"button\" aria-controls=\"elementor-tab-content-8523\" aria-expanded=\"false\">\n\t\t\t\t\t\t\t\t\t\t\t\t\t<span class=\"elementor-accordion-icon elementor-accordion-icon-right\" aria-hidden=\"true\">\n\t\t\t\t\t\t\t\t\t\t\t\t\t\t\t<span class=\"elementor-accordion-icon-closed\"><svg xmlns=\"http:\/\/www.w3.org\/2000\/svg\" width=\"37\" height=\"37\" viewBox=\"0 0 37 37\" fill=\"none\"><circle cx=\"18.5518\" cy=\"18.046\" r=\"17.6921\" stroke=\"#3A3A3A\" stroke-width=\"0.707685\"><\/circle><line x1=\"18.9069\" y1=\"6.8999\" x2=\"18.9069\" y2=\"29.192\" stroke=\"#3A3A3A\" stroke-width=\"1.41537\"><\/line><line x1=\"30.2305\" y1=\"18.7536\" x2=\"7.93838\" y2=\"18.7536\" stroke=\"#3A3A3A\" stroke-width=\"1.41537\"><\/line><\/svg><\/span>\n\t\t\t\t\t\t\t\t<span class=\"elementor-accordion-icon-opened\"><svg xmlns=\"http:\/\/www.w3.org\/2000\/svg\" width=\"37\" height=\"37\" viewBox=\"0 0 37 37\" fill=\"none\"><circle cx=\"18.5518\" cy=\"18.046\" r=\"17.6921\" stroke=\"#3A3A3A\" stroke-width=\"0.707685\"><\/circle><line x1=\"30.2305\" y1=\"18.7536\" x2=\"7.93838\" y2=\"18.7536\" stroke=\"#3A3A3A\" stroke-width=\"1.41537\"><\/line><\/svg><\/span>\n\t\t\t\t\t\t\t\t\t\t\t\t\t\t<\/span>\n\t\t\t\t\t\t\t\t\t\t\t\t<a class=\"elementor-accordion-title\" tabindex=\"0\">Quan recomanem carilles dentals de cer\u00e0mica o de composite i per qu\u00e8?<\/a>\n\t\t\t\t\t<\/div>\n\t\t\t\t\t<div id=\"elementor-tab-content-8523\" class=\"elementor-tab-content elementor-clearfix\" data-tab=\"3\" role=\"region\" aria-labelledby=\"elementor-tab-title-8523\"><h3><strong>Carilles de cer\u00e0mica<\/strong><\/h3><p><span style=\"font-weight: 400;\">\u2714 <\/span><b>Millor est\u00e8tica:<\/b><\/p><ul><li style=\"font-weight: 400;\" aria-level=\"1\"><span style=\"font-weight: 400;\">Les <\/span><b>carilles de cer\u00e0mica<\/b><span style=\"font-weight: 400;\"> ofereixen una <\/span><b>est\u00e8tica superior<\/b><span style=\"font-weight: 400;\"> respecte a les de composite.<\/span><\/li><li style=\"font-weight: 400;\" aria-level=\"1\"><span style=\"font-weight: 400;\">Si la teva prioritat principal \u00e9s l\u2019<\/span><b>est\u00e8tica<\/b><span style=\"font-weight: 400;\">, la millor opci\u00f3 s\u00f3n les carilles de cer\u00e0mica.<\/span><\/li><\/ul><p><span style=\"font-weight: 400;\">\u2714 <\/span><b>Alta durabilitat i resist\u00e8ncia:<\/b><\/p><ul><li style=\"font-weight: 400;\" aria-level=\"1\"><span style=\"font-weight: 400;\">La <\/span><b>cer\u00e0mica no pateix alteracions amb el temps<\/b><span style=\"font-weight: 400;\">, no es tenyeix ni es degrada, <\/span><b>independentment dels aliments que mengem o si fumem<\/b><span style=\"font-weight: 400;\"> (tot i que <\/span><b>desaconsellem el tabac per motius de salut<\/b><span style=\"font-weight: 400;\">).<\/span><\/li><\/ul><p><b>Desavantatge:<\/b><\/p><p><b>S\u2019ha de retocar una mica la dent natural<\/b><span style=\"font-weight: 400;\"> per adaptar la carilla correctament.<\/span><\/p><h3><strong>Carilles de composite<\/strong><\/h3><p><b>Tractament menys invasiu:<\/b><\/p><ul><li style=\"font-weight: 400;\" aria-level=\"1\"><b>No cal modificar gaireb\u00e9 gens la dent natural<\/b><span style=\"font-weight: 400;\">, la qual cosa les fa <\/span><b>m\u00e9s conservadores i reversibles<\/b><span style=\"font-weight: 400;\">.<\/span><\/li><\/ul><p><span style=\"font-weight: 400;\">\u2714 <\/span><b>Proc\u00e9s m\u00e9s r\u00e0pid:<\/b><\/p><ul><li style=\"font-weight: 400;\" aria-level=\"1\"><span style=\"font-weight: 400;\">El pacient surt <\/span><b>el mateix dia amb les carilles col\u00b7locades<\/b><span style=\"font-weight: 400;\">, sense necessitat d\u2019esperar que es fabriquin al laboratori.<\/span><\/li><\/ul><p><b>Desavantatges:<\/b><\/p><ul><li style=\"font-weight: 400;\" aria-level=\"1\"><b>El composite \u00e9s una resina<\/b><span style=\"font-weight: 400;\">, i com a tal, <\/span><b>es degrada amb el temps<\/b><span style=\"font-weight: 400;\">.<\/span><\/li><li style=\"font-weight: 400;\" aria-level=\"1\"><span style=\"font-weight: 400;\">\u00c9s necessari fer un <\/span><b>manteniment freq\u00fcent (anual o bianual)<\/b><span style=\"font-weight: 400;\"> per polir i recuperar la brillantor original.<\/span><\/li><li style=\"font-weight: 400;\" aria-level=\"1\"><span style=\"font-weight: 400;\">Els pacients <\/span><b>fumadors o que prenen molt caf\u00e8<\/b><span style=\"font-weight: 400;\"> poden notar petites <\/span><b>taques amb el temps<\/b><span style=\"font-weight: 400;\">.<\/span><\/li><li style=\"font-weight: 400;\" aria-level=\"1\"><b>L\u2019est\u00e8tica no \u00e9s tan excel\u00b7lent<\/b><span style=\"font-weight: 400;\"> com en les carilles de cer\u00e0mica.<\/span><\/li><\/ul><h3><b>Conclusi\u00f3:<\/b><\/h3><p><span style=\"font-weight: 400;\">\u2714 <\/span><b>Si busques el millor resultat est\u00e8tic i durador \u2192 Carilles de cer\u00e0mica<\/b><b><br \/><\/b><span style=\"font-weight: 400;\"> \u2714 <\/span><b>Si vols un tractament r\u00e0pid, reversible i menys invasiu \u2192 Carilles de composite<\/b><\/p><p><iframe title=\"YouTube video player\" src=\"https:\/\/www.youtube.com\/embed\/HOdbLm-Mmkc?si=UvgWNpEbKjW_U20s\" width=\"560\" height=\"315\" frameborder=\"0\" allowfullscreen=\"allowfullscreen\"><\/iframe><\/p><\/div>\n\t\t\t\t<\/div>\n\t\t\t\t\t\t\t<div class=\"elementor-accordion-item\">\n\t\t\t\t\t<div id=\"elementor-tab-title-8524\" class=\"elementor-tab-title\" data-tab=\"4\" role=\"button\" aria-controls=\"elementor-tab-content-8524\" aria-expanded=\"false\">\n\t\t\t\t\t\t\t\t\t\t\t\t\t<span class=\"elementor-accordion-icon elementor-accordion-icon-right\" aria-hidden=\"true\">\n\t\t\t\t\t\t\t\t\t\t\t\t\t\t\t<span class=\"elementor-accordion-icon-closed\"><svg xmlns=\"http:\/\/www.w3.org\/2000\/svg\" width=\"37\" height=\"37\" viewBox=\"0 0 37 37\" fill=\"none\"><circle cx=\"18.5518\" cy=\"18.046\" r=\"17.6921\" stroke=\"#3A3A3A\" stroke-width=\"0.707685\"><\/circle><line x1=\"18.9069\" y1=\"6.8999\" x2=\"18.9069\" y2=\"29.192\" stroke=\"#3A3A3A\" stroke-width=\"1.41537\"><\/line><line x1=\"30.2305\" y1=\"18.7536\" x2=\"7.93838\" y2=\"18.7536\" stroke=\"#3A3A3A\" stroke-width=\"1.41537\"><\/line><\/svg><\/span>\n\t\t\t\t\t\t\t\t<span class=\"elementor-accordion-icon-opened\"><svg xmlns=\"http:\/\/www.w3.org\/2000\/svg\" width=\"37\" height=\"37\" viewBox=\"0 0 37 37\" fill=\"none\"><circle cx=\"18.5518\" cy=\"18.046\" r=\"17.6921\" stroke=\"#3A3A3A\" stroke-width=\"0.707685\"><\/circle><line x1=\"30.2305\" y1=\"18.7536\" x2=\"7.93838\" y2=\"18.7536\" stroke=\"#3A3A3A\" stroke-width=\"1.41537\"><\/line><\/svg><\/span>\n\t\t\t\t\t\t\t\t\t\t\t\t\t\t<\/span>\n\t\t\t\t\t\t\t\t\t\t\t\t<a class=\"elementor-accordion-title\" tabindex=\"0\">En qu\u00e8 consisteix l'estudi previ a la col\u00b7locaci\u00f3 de carilles dentals?<\/a>\n\t\t\t\t\t<\/div>\n\t\t\t\t\t<div id=\"elementor-tab-content-8524\" class=\"elementor-tab-content elementor-clearfix\" data-tab=\"4\" role=\"region\" aria-labelledby=\"elementor-tab-title-8524\"><p><span style=\"font-weight: 400;\">El primer dia, t&#8217;expliquem <\/span><b>amb tot detall en qu\u00e8 consisteix el tractament<\/b><span style=\"font-weight: 400;\">. Si decideixes que t&#8217;interessa, el mateix dia podem realitzar el <\/span><b>estudi previ<\/b><span style=\"font-weight: 400;\">.<\/span><\/p><h3><strong>Fases de l&#8217;estudi previ:<\/strong><\/h3><p><b>A nivell d\u2019orientaci\u00f3 est\u00e8tica:<\/b><b><br \/><\/b><span style=\"font-weight: 400;\"> \u2714 <\/span><b>Fotografies de l&#8217;interior de la boca.<\/b><b><br \/><\/b><span style=\"font-weight: 400;\"> \u2714 <\/span><b>Fotografies facials en diferents posicions i gestos<\/b><span style=\"font-weight: 400;\"> per observar <\/span><b>com mostres les dents en diferents situacions<\/b><span style=\"font-weight: 400;\">.<\/span><\/p><p><b>A nivell t\u00e8cnic:<\/b><b><br \/><\/b><span style=\"font-weight: 400;\"> \u2714 <\/span><b>Escaneig intraoral complet<\/b><span style=\"font-weight: 400;\"> de la boca per aconseguir un <\/span><b>registre digital d&#8217;alta precisi\u00f3<\/b><span style=\"font-weight: 400;\">, que servir\u00e0 de <\/span><b>base per a la creaci\u00f3 de les carilles<\/b><span style=\"font-weight: 400;\">.<\/span><\/p><h3><b>Disseny personalitzat del somriure<\/b><\/h3><p><span style=\"font-weight: 400;\">Amb tota aquesta informaci\u00f3, el <\/span><b>prot\u00e8sic dental<\/b><span style=\"font-weight: 400;\"> realitzar\u00e0 un <\/span><b>disseny digital dels nous dents<\/b><span style=\"font-weight: 400;\"> seguint les nostres instruccions, basant-se en:<\/span><\/p><ul><li style=\"font-weight: 400;\" aria-level=\"1\"><span style=\"font-weight: 400;\">Les <\/span><b>fotografies facials<\/b><span style=\"font-weight: 400;\">.<\/span><\/li><li style=\"font-weight: 400;\" aria-level=\"1\"><span style=\"font-weight: 400;\">Els <\/span><b>resultats de l\u2019esc\u00e0ner intraoral<\/b><span style=\"font-weight: 400;\">.<\/span><\/li><\/ul><h3><b>Simulaci\u00f3 del resultat final abans de comen\u00e7ar<\/b><\/h3><p><b>A la seg\u00fcent visita:<\/b><b><br \/><\/b><span style=\"font-weight: 400;\"> \u2714 <\/span><b>T&#8217;imprimirem les imatges virtuals<\/b><span style=\"font-weight: 400;\"> del teu nou somriure.<\/span><span style=\"font-weight: 400;\"><br \/><\/span><span style=\"font-weight: 400;\"> \u2714 <\/span><b>Provar\u00e0s mostres de les carilles directament a la boca<\/b><span style=\"font-weight: 400;\">, per veure <\/span><b>com et quedaran abans de la col\u00b7locaci\u00f3 final<\/b><span style=\"font-weight: 400;\">.<\/span><\/p><p><b>Aix\u00f2 ens permet ajustar tots els detalls abans d\u2019iniciar el tractament.<\/b><\/p><p><span style=\"font-weight: 400;\">\u00a0<\/span><b>Gr\u00e0cies a aquestes proves, sabrem exactament el que t\u2019agrada i el que no, permetent fer modificacions perqu\u00e8 les carilles definitives siguin tal com les hem consensuat.<\/b><\/p><p><iframe title=\"YouTube video player\" src=\"https:\/\/www.youtube.com\/embed\/PdrpDLOKsBI?si=3W4dtT5EFW9x6ViE\" width=\"560\" height=\"315\" frameborder=\"0\" allowfullscreen=\"allowfullscreen\"><\/iframe><\/p><\/div>\n\t\t\t\t<\/div>\n\t\t\t\t\t\t\t<div class=\"elementor-accordion-item\">\n\t\t\t\t\t<div id=\"elementor-tab-title-8525\" class=\"elementor-tab-title\" data-tab=\"5\" role=\"button\" aria-controls=\"elementor-tab-content-8525\" aria-expanded=\"false\">\n\t\t\t\t\t\t\t\t\t\t\t\t\t<span class=\"elementor-accordion-icon elementor-accordion-icon-right\" aria-hidden=\"true\">\n\t\t\t\t\t\t\t\t\t\t\t\t\t\t\t<span class=\"elementor-accordion-icon-closed\"><svg xmlns=\"http:\/\/www.w3.org\/2000\/svg\" width=\"37\" height=\"37\" viewBox=\"0 0 37 37\" fill=\"none\"><circle cx=\"18.5518\" cy=\"18.046\" r=\"17.6921\" stroke=\"#3A3A3A\" stroke-width=\"0.707685\"><\/circle><line x1=\"18.9069\" y1=\"6.8999\" x2=\"18.9069\" y2=\"29.192\" stroke=\"#3A3A3A\" stroke-width=\"1.41537\"><\/line><line x1=\"30.2305\" y1=\"18.7536\" x2=\"7.93838\" y2=\"18.7536\" stroke=\"#3A3A3A\" stroke-width=\"1.41537\"><\/line><\/svg><\/span>\n\t\t\t\t\t\t\t\t<span class=\"elementor-accordion-icon-opened\"><svg xmlns=\"http:\/\/www.w3.org\/2000\/svg\" width=\"37\" height=\"37\" viewBox=\"0 0 37 37\" fill=\"none\"><circle cx=\"18.5518\" cy=\"18.046\" r=\"17.6921\" stroke=\"#3A3A3A\" stroke-width=\"0.707685\"><\/circle><line x1=\"30.2305\" y1=\"18.7536\" x2=\"7.93838\" y2=\"18.7536\" stroke=\"#3A3A3A\" stroke-width=\"1.41537\"><\/line><\/svg><\/span>\n\t\t\t\t\t\t\t\t\t\t\t\t\t\t<\/span>\n\t\t\t\t\t\t\t\t\t\t\t\t<a class=\"elementor-accordion-title\" tabindex=\"0\">Com preparem les dents per a la col\u00b7locaci\u00f3 de les carilles dentals?<\/a>\n\t\t\t\t\t<\/div>\n\t\t\t\t\t<div id=\"elementor-tab-content-8525\" class=\"elementor-tab-content elementor-clearfix\" data-tab=\"5\" role=\"region\" aria-labelledby=\"elementor-tab-title-8525\"><h4><b>\u00a0PAS 1: Preparaci\u00f3 de les dents<\/b><\/h4><ul><li style=\"font-weight: 400;\" aria-level=\"1\"><span style=\"font-weight: 400;\">En <\/span><b>una \u00fanica sessi\u00f3<\/b><span style=\"font-weight: 400;\">, i un cop hagis aprovat l&#8217;<\/span><b>estudi previ<\/b><span style=\"font-weight: 400;\">, fem un <\/span><b>lleuger retoc<\/b><span style=\"font-weight: 400;\"> en aquelles dents que ho requereixin.<\/span><\/li><li style=\"font-weight: 400;\" aria-level=\"1\"><span style=\"font-weight: 400;\">Aquest proc\u00e9s es realitza sota <\/span><b>anest\u00e8sia<\/b><span style=\"font-weight: 400;\">, per garantir que <\/span><b>no sentis cap mol\u00e8stia ni dolor<\/b><span style=\"font-weight: 400;\">.<\/span><\/li><\/ul><h4><b>PAS 2: Escaneig intraoral<\/b><\/h4><ul><li style=\"font-weight: 400;\" aria-level=\"1\"><span style=\"font-weight: 400;\">Tornem a <\/span><b>escanejar la teva boca<\/b><span style=\"font-weight: 400;\"> per proporcionar al <\/span><b>prot\u00e8sic dental<\/b><span style=\"font-weight: 400;\"> una base digital precisa per a la <\/span><b>creaci\u00f3 de les carilles definitives<\/b><span style=\"font-weight: 400;\">.<\/span><\/li><\/ul><h4><b>PAS 3: Col\u00b7locaci\u00f3 de carilles provisionals<\/b><\/h4><ul><li style=\"font-weight: 400;\" aria-level=\"1\"><b>Col\u00b7loquem unes carilles provisionals<\/b><span style=\"font-weight: 400;\"> que et permetran <\/span><b>valorar l\u2019est\u00e8tica i la sensaci\u00f3 en el dia a dia<\/b><span style=\"font-weight: 400;\">.<\/span><\/li><li style=\"font-weight: 400;\" aria-level=\"1\"><b>Podr\u00e0s tornar a casa<\/b><span style=\"font-weight: 400;\"> i, durant els dies que el prot\u00e8sic triga a fabricar les carilles definitives, <\/span><b>podr\u00e0s decidir si vols fer algun canvi<\/b><span style=\"font-weight: 400;\">.<\/span><\/li><li style=\"font-weight: 400;\" aria-level=\"1\"><span style=\"font-weight: 400;\">Si hi ha alguna modificaci\u00f3 que vulguis fer, <\/span><b>sempre estarem a temps de realitzar ajustaments abans de col\u00b7locar les carilles definitives<\/b><span style=\"font-weight: 400;\">.<\/span><\/li><\/ul><p><b>D\u2019aquesta manera, ens assegurem que el resultat final sigui exactament com el vols.<\/b><\/p><p><iframe title=\"YouTube video player\" src=\"https:\/\/www.youtube.com\/embed\/qBmlgnmnd1M?si=GfTpr6snbjfiW8Ow\" width=\"560\" height=\"315\" frameborder=\"0\" allowfullscreen=\"allowfullscreen\"><\/iframe><\/p><\/div>\n\t\t\t\t<\/div>\n\t\t\t\t\t\t\t\t<\/div>\n\t\t\t\t\t\t<\/div>\n\t\t\t\t<\/div>\n\t\t\t\t<\/div>\n\t\t\t\t<\/div>\n\t\t<div class=\"elementor-element elementor-element-7ecd72e e-con-full e-flex e-con e-child\" data-id=\"7ecd72e\" data-element_type=\"container\" data-e-type=\"container\">\n\t\t<div class=\"elementor-element elementor-element-c6bdaf4 e-con-full e-flex e-con e-child\" data-id=\"c6bdaf4\" data-element_type=\"container\" data-e-type=\"container\">\n\t\t\t\t<div class=\"elementor-element elementor-element-f701cad elementor-widget elementor-widget-heading\" data-id=\"f701cad\" data-element_type=\"widget\" data-e-type=\"widget\" data-widget_type=\"heading.default\">\n\t\t\t\t<div class=\"elementor-widget-container\">\n\t\t\t\t\t<h2 class=\"elementor-heading-title elementor-size-default\">Qu\u00e8 diuen els nostres pacients<\/h2>\t\t\t\t<\/div>\n\t\t\t\t<\/div>\n\t\t\t\t<div class=\"elementor-element elementor-element-a88bafe elementor-testimonial--layout-image_above elementor-testimonial--skin-default elementor-testimonial--align-center elementor-arrows-yes elementor-pagination-type-bullets elementor-widget elementor-widget-testimonial-carousel\" data-id=\"a88bafe\" data-element_type=\"widget\" data-e-type=\"widget\" data-settings=\"{&quot;slides_per_view&quot;:&quot;2&quot;,&quot;show_arrows&quot;:&quot;yes&quot;,&quot;pagination&quot;:&quot;bullets&quot;,&quot;speed&quot;:500,&quot;autoplay&quot;:&quot;yes&quot;,&quot;autoplay_speed&quot;:5000,&quot;loop&quot;:&quot;yes&quot;,&quot;pause_on_hover&quot;:&quot;yes&quot;,&quot;pause_on_interaction&quot;:&quot;yes&quot;,&quot;space_between&quot;:{&quot;unit&quot;:&quot;px&quot;,&quot;size&quot;:10,&quot;sizes&quot;:[]},&quot;space_between_tablet&quot;:{&quot;unit&quot;:&quot;px&quot;,&quot;size&quot;:10,&quot;sizes&quot;:[]},&quot;space_between_mobile&quot;:{&quot;unit&quot;:&quot;px&quot;,&quot;size&quot;:10,&quot;sizes&quot;:[]}}\" data-widget_type=\"testimonial-carousel.default\">\n\t\t\t\t<div class=\"elementor-widget-container\">\n\t\t\t\t\t\t\t\t\t<div class=\"elementor-swiper\">\n\t\t\t\t\t<div class=\"elementor-main-swiper swiper\" role=\"region\" aria-roledescription=\"carousel\" aria-label=\"Diapositivas\">\n\t\t\t\t<div class=\"swiper-wrapper\">\n\t\t\t\t\t\t\t\t\t\t\t<div class=\"swiper-slide\" role=\"group\" aria-roledescription=\"slide\">\n\t\t\t\t\t\t\t\t\t<div class=\"elementor-testimonial\">\n\t\t\t\t\t\t\t<div class=\"elementor-testimonial__content\">\n\t\t\t\t\t<div class=\"elementor-testimonial__text\">\n\t\t\t\t\t\tPer ara estic encantada d.haver trobat aquesta cl\u00ednica amb grans professionals tant amb els tractaments com l.atenci\u00f3 que donen al pacient.A mes un ambient modern ,net,relaxant i un gust exquisit amb la decoraci\u00f3.Montse Timoneda encantadora i molt sincera i a l.hora de fer tractament et dona bon consell que no sempre el mes car. \t\t\t\t\t<\/div>\n\t\t\t\t\t<cite class=\"elementor-testimonial__cite\"><span class=\"elementor-testimonial__name\">Ana Luna<\/span><span class=\"elementor-testimonial__title\">Facebook<\/span><\/cite>\t\t\t\t<\/div>\n\t\t\t\t\t\t<div class=\"elementor-testimonial__footer\">\n\t\t\t\t\t\t\t\t\t<div class=\"elementor-testimonial__image\">\n\t\t\t\t\t\t<img decoding=\"async\" src=\"https:\/\/clinicadentalmontsetimoneda.com\/wp-content\/uploads\/2025\/01\/analluna.jpg\" alt=\"Ana Luna\">\n\t\t\t\t\t\t\t\t\t\t\t<\/div>\n\t\t\t\t\t\t\t\t\t\t\t<\/div>\n\t\t<\/div>\n\t\t\t\t\t\t\t\t<\/div>\n\t\t\t\t\t\t\t\t\t\t\t<div class=\"swiper-slide\" role=\"group\" aria-roledescription=\"slide\">\n\t\t\t\t\t\t\t\t\t<div class=\"elementor-testimonial\">\n\t\t\t\t\t\t\t<div class=\"elementor-testimonial__content\">\n\t\t\t\t\t<div class=\"elementor-testimonial__text\">\n\t\t\t\t\t\tDe lo mejorcito que me ha pasado. Gracias a la doc Montse y plantilla ....\t\t\t\t\t<\/div>\n\t\t\t\t\t<cite class=\"elementor-testimonial__cite\"><span class=\"elementor-testimonial__name\">Antonio I\u00f1esta Frances<\/span><span class=\"elementor-testimonial__title\">Facebook<\/span><\/cite>\t\t\t\t<\/div>\n\t\t\t\t\t\t<div class=\"elementor-testimonial__footer\">\n\t\t\t\t\t\t\t\t\t<div class=\"elementor-testimonial__image\">\n\t\t\t\t\t\t<img decoding=\"async\" src=\"https:\/\/clinicadentalmontsetimoneda.com\/wp-content\/uploads\/2025\/01\/antonio.jpg\" alt=\"Antonio I\u00f1esta Frances\">\n\t\t\t\t\t\t\t\t\t\t\t<\/div>\n\t\t\t\t\t\t\t\t\t\t\t<\/div>\n\t\t<\/div>\n\t\t\t\t\t\t\t\t<\/div>\n\t\t\t\t\t\t\t\t\t\t\t<div class=\"swiper-slide\" role=\"group\" aria-roledescription=\"slide\">\n\t\t\t\t\t\t\t\t\t<div class=\"elementor-testimonial\">\n\t\t\t\t\t\t\t<div class=\"elementor-testimonial__content\">\n\t\t\t\t\t<div class=\"elementor-testimonial__text\">\n\t\t\t\t\t\tTodo o por lo menos lo que a m\u00ed me est\u00e1n haciendo!! Ortodoncia y estoy encantada con el trato personal!! Si necesitas preguntar i ir para cualquier cosa sobre el tratamiento siempre est\u00e1n!! Yo la recomiendo.\t\t\t\t\t<\/div>\n\t\t\t\t\t<cite class=\"elementor-testimonial__cite\"><span class=\"elementor-testimonial__name\">Angeles Cadenas<\/span><\/cite>\t\t\t\t<\/div>\n\t\t\t\t\t\t<div class=\"elementor-testimonial__footer\">\n\t\t\t\t\t\t\t\t\t<div class=\"elementor-testimonial__image\">\n\t\t\t\t\t\t<img decoding=\"async\" src=\"https:\/\/clinicadentalmontsetimoneda.com\/wp-content\/uploads\/2025\/01\/angeles.jpg\" alt=\"Angeles Cadenas\">\n\t\t\t\t\t\t\t\t\t\t\t<\/div>\n\t\t\t\t\t\t\t\t\t\t\t<\/div>\n\t\t<\/div>\n\t\t\t\t\t\t\t\t<\/div>\n\t\t\t\t\t\t\t\t\t<\/div>\n\t\t\t\t\t\t\t\t\t\t\t\t\t\t\t<div class=\"elementor-swiper-button elementor-swiper-button-prev\" role=\"button\" tabindex=\"0\" aria-label=\"Previous\">\n\t\t\t\t\t\t\t<svg aria-hidden=\"true\" class=\"e-font-icon-svg e-eicon-chevron-left\" viewBox=\"0 0 1000 1000\" xmlns=\"http:\/\/www.w3.org\/2000\/svg\"><path d=\"M646 125C629 125 613 133 604 142L308 442C296 454 292 471 292 487 292 504 296 521 308 533L604 854C617 867 629 875 646 875 663 875 679 871 692 858 704 846 713 829 713 812 713 796 708 779 692 767L438 487 692 225C700 217 708 204 708 187 708 171 704 154 692 142 675 129 663 125 646 125Z\"><\/path><\/svg>\t\t\t\t\t\t<\/div>\n\t\t\t\t\t\t<div class=\"elementor-swiper-button elementor-swiper-button-next\" role=\"button\" tabindex=\"0\" aria-label=\"Next\">\n\t\t\t\t\t\t\t<svg aria-hidden=\"true\" class=\"e-font-icon-svg e-eicon-chevron-right\" viewBox=\"0 0 1000 1000\" xmlns=\"http:\/\/www.w3.org\/2000\/svg\"><path d=\"M696 533C708 521 713 504 713 487 713 471 708 454 696 446L400 146C388 133 375 125 354 125 338 125 325 129 313 142 300 154 292 171 292 187 292 204 296 221 308 233L563 492 304 771C292 783 288 800 288 817 288 833 296 850 308 863 321 871 338 875 354 875 371 875 388 867 400 854L696 533Z\"><\/path><\/svg>\t\t\t\t\t\t<\/div>\n\t\t\t\t\t\t\t\t\t\t\t\t\t\t\t\t<div class=\"swiper-pagination\"><\/div>\n\t\t\t\t\t\t\t\t\t\t\t\t<\/div>\n\t\t\t\t<\/div>\n\t\t\t\t\t\t\t\t<\/div>\n\t\t\t\t<\/div>\n\t\t\t\t<\/div>\n\t\t\t\t<\/div>\n\t\t<div class=\"elementor-element elementor-element-55a89b2 e-flex e-con-boxed e-con e-child\" data-id=\"55a89b2\" data-element_type=\"container\" data-e-type=\"container\" data-settings=\"{&quot;background_background&quot;:&quot;classic&quot;}\">\n\t\t\t\t\t<div class=\"e-con-inner\">\n\t\t<div class=\"elementor-element elementor-element-40187f5 e-con-full e-flex e-con e-child\" data-id=\"40187f5\" data-element_type=\"container\" data-e-type=\"container\" data-settings=\"{&quot;background_background&quot;:&quot;classic&quot;}\">\n\t\t\t\t<div class=\"elementor-element elementor-element-52a2328 elementor-widget elementor-widget-text-editor\" data-id=\"52a2328\" data-element_type=\"widget\" data-e-type=\"widget\" data-widget_type=\"text-editor.default\">\n\t\t\t\t<div class=\"elementor-widget-container\">\n\t\t\t\t\t\t\t\t\t<p>ACONSEGUEIX EL SOMRIURE M\u00c9S DESITJAT<\/p>\t\t\t\t\t\t\t\t<\/div>\n\t\t\t\t<\/div>\n\t\t\t\t<div class=\"elementor-element elementor-element-c94c95b elementor-widget__width-initial elementor-widget elementor-widget-text-editor\" data-id=\"c94c95b\" data-element_type=\"widget\" data-e-type=\"widget\" data-widget_type=\"text-editor.default\">\n\t\t\t\t<div class=\"elementor-widget-container\">\n\t\t\t\t\t\t\t\t\t<p><span style=\"font-weight: 400;\">Vine a visitar-nos i els nostres especialistes <\/span><b>realitzaran un estudi personalitzat segons les teves necessitats<\/b><span style=\"font-weight: 400;\">.<\/span><\/p><p><span style=\"font-weight: 400;\">Et proposarem <\/span><b>la millor soluci\u00f3 est\u00e8tica<\/b><span style=\"font-weight: 400;\">, que, <\/span><b>sense cap dubte, complir\u00e0 les teves expectatives<\/b><span style=\"font-weight: 400;\">.<\/span><\/p><p><b>Nom\u00e9s has de dedicar-nos una estona del teu temps!<\/b><\/p>\t\t\t\t\t\t\t\t<\/div>\n\t\t\t\t<\/div>\n\t\t\t\t<div class=\"elementor-element elementor-element-ad658a6 elementor-widget elementor-widget-button\" data-id=\"ad658a6\" data-element_type=\"widget\" data-e-type=\"widget\" data-widget_type=\"button.default\">\n\t\t\t\t<div class=\"elementor-widget-container\">\n\t\t\t\t\t\t\t\t\t<div class=\"elementor-button-wrapper\">\n\t\t\t\t\t<a class=\"elementor-button elementor-button-link elementor-size-sm\" href=\"https:\/\/clinicadentalmontsetimoneda.com\/ca\/demanar-cita\/\">\n\t\t\t\t\t\t<span class=\"elementor-button-content-wrapper\">\n\t\t\t\t\t\t<span class=\"elementor-button-icon\">\n\t\t\t\t<svg xmlns=\"http:\/\/www.w3.org\/2000\/svg\" width=\"47\" height=\"48\" viewBox=\"0 0 47 48\" fill=\"none\"><g clip-path=\"url(#clip0_2066_1867)\"><path d=\"M31.6046 28.0732L25.17 23.2473V13.4168C25.17 12.4284 24.3711 11.6294 23.3826 11.6294C22.3942 11.6294 21.5952 12.4284 21.5952 13.4168V24.1411C21.5952 24.7041 21.8598 25.235 22.3102 25.571L29.4596 30.9332C29.7813 31.1745 30.1568 31.2906 30.5303 31.2906C31.0754 31.2906 31.6117 31.0457 31.962 30.5739C32.5556 29.7855 32.3947 28.6649 31.6046 28.0732Z\" fill=\"black\"><\/path><path d=\"M23.3826 0.923096C10.6583 0.923096 0.307617 11.2738 0.307617 23.9981C0.307617 36.7224 10.6583 47.0731 23.3826 47.0731C36.1069 47.0731 46.4576 36.7224 46.4576 23.9981C46.4576 11.2738 36.1069 0.923096 23.3826 0.923096ZM23.3826 43.4984C12.6316 43.4984 3.88235 34.7492 3.88235 23.9981C3.88235 13.247 12.6316 4.49783 23.3826 4.49783C34.1355 4.49783 42.8829 13.247 42.8829 23.9981C42.8829 34.7492 34.1337 43.4984 23.3826 43.4984Z\" fill=\"black\"><\/path><\/g><defs><clipPath id=\"clip0_2066_1867\"><rect width=\"46.15\" height=\"46.15\" fill=\"white\" transform=\"translate(0.307617 0.923096)\"><\/rect><\/clipPath><\/defs><\/svg>\t\t\t<\/span>\n\t\t\t\t\t\t\t\t\t<span class=\"elementor-button-text\">Vull una cita<\/span>\n\t\t\t\t\t<\/span>\n\t\t\t\t\t<\/a>\n\t\t\t\t<\/div>\n\t\t\t\t\t\t\t\t<\/div>\n\t\t\t\t<\/div>\n\t\t\t\t<\/div>\n\t\t\t\t\t<\/div>\n\t\t\t\t<\/div>\n\t\t\t\t<\/div>\n\t\t\t\t<\/div>\n\t\t","protected":false},"excerpt":{"rendered":"<p>Les Carilles Dentals Llueix un somriure perfecte Qu\u00e8 \u00e9s una carilla dental? Les carilles dentals s\u00f3n fines l\u00e0mines d\u2019aproximadament 0,3 a 1 mm de gruix, que cobreixen tota la superf\u00edcie frontal de les dents i s\u2019uneixen a l\u2019esmalt natural mitjan\u00e7ant un adhesiu d\u2019alta resist\u00e8ncia.S\u2019utilitzen principalment per:Corregir anomalies del color de les dentsModificar alteracions en la [&#8230;]\n","protected":false},"author":7,"featured_media":0,"parent":12969,"menu_order":1,"comment_status":"closed","ping_status":"closed","template":"elementor_header_footer","meta":{"footnotes":""},"class_list":["post-13017","page","type-page","status-publish","hentry"],"yoast_head":"<!-- This site is optimized with the Yoast SEO plugin v27.3 - https:\/\/yoast.com\/product\/yoast-seo-wordpress\/ -->\n<title>Carilles | Cl\u00ednica Dental Montse Timoneda<\/title>\n<meta name=\"description\" content=\"Transforma el teu somriure amb carilles dentals a Cl\u00ednica Dental Montse Timoneda. Solucions naturals per dents perfectes i brillants.\" \/>\n<meta name=\"robots\" content=\"index, follow\" \/>\n<link rel=\"canonical\" href=\"https:\/\/clinicadentalmontsetimoneda.com\/ca\/estetica-dental\/carilles\/\" \/>\n<meta property=\"og:locale\" content=\"ca_ES\" \/>\n<meta property=\"og:type\" content=\"article\" \/>\n<meta property=\"og:title\" content=\"Carilles | Cl\u00ednica Dental Montse Timoneda\" \/>\n<meta property=\"og:description\" content=\"Transforma el teu somriure amb carilles dentals a Cl\u00ednica Dental Montse Timoneda. Solucions naturals per dents perfectes i brillants.\" \/>\n<meta property=\"og:url\" content=\"https:\/\/clinicadentalmontsetimoneda.com\/ca\/estetica-dental\/carilles\/\" \/>\n<meta property=\"og:site_name\" content=\"Montse Timoneda\" \/>\n<meta property=\"article:publisher\" content=\"https:\/\/es-es.facebook.com\/ClinicaDentalMontseTimoneda\/\" \/>\n<meta property=\"article:modified_time\" content=\"2025-02-20T11:01:22+00:00\" \/>\n<meta property=\"og:image\" content=\"https:\/\/clinicadentalmontsetimoneda.com\/wp-content\/uploads\/2024\/05\/carillas-hero.png\" \/>\n\t<meta property=\"og:image:width\" content=\"1920\" \/>\n\t<meta property=\"og:image:height\" content=\"970\" \/>\n\t<meta property=\"og:image:type\" content=\"image\/png\" \/>\n<meta name=\"twitter:card\" content=\"summary_large_image\" \/>\n<meta name=\"twitter:label1\" content=\"Temps estimat de lectura\" \/>\n\t<meta name=\"twitter:data1\" content=\"13 minuts\" \/>\n<script type=\"application\/ld+json\" class=\"yoast-schema-graph\">{\"@context\":\"https:\\\/\\\/schema.org\",\"@graph\":[{\"@type\":\"WebPage\",\"@id\":\"https:\\\/\\\/clinicadentalmontsetimoneda.com\\\/ca\\\/estetica-dental\\\/carilles\\\/\",\"url\":\"https:\\\/\\\/clinicadentalmontsetimoneda.com\\\/ca\\\/estetica-dental\\\/carilles\\\/\",\"name\":\"Carilles | Cl\u00ednica Dental Montse Timoneda\",\"isPartOf\":{\"@id\":\"https:\\\/\\\/clinicadentalmontsetimoneda.com\\\/ca\\\/#website\"},\"primaryImageOfPage\":{\"@id\":\"https:\\\/\\\/clinicadentalmontsetimoneda.com\\\/ca\\\/estetica-dental\\\/carilles\\\/#primaryimage\"},\"image\":{\"@id\":\"https:\\\/\\\/clinicadentalmontsetimoneda.com\\\/ca\\\/estetica-dental\\\/carilles\\\/#primaryimage\"},\"thumbnailUrl\":\"https:\\\/\\\/clinicadentalmontsetimoneda.com\\\/wp-content\\\/uploads\\\/2024\\\/05\\\/carillas-hero-1400x707.png\",\"datePublished\":\"2024-05-24T11:39:29+00:00\",\"dateModified\":\"2025-02-20T11:01:22+00:00\",\"description\":\"Transforma el teu somriure amb carilles dentals a Cl\u00ednica Dental Montse Timoneda. Solucions naturals per dents perfectes i brillants.\",\"breadcrumb\":{\"@id\":\"https:\\\/\\\/clinicadentalmontsetimoneda.com\\\/ca\\\/estetica-dental\\\/carilles\\\/#breadcrumb\"},\"inLanguage\":\"ca\",\"potentialAction\":[{\"@type\":\"ReadAction\",\"target\":[\"https:\\\/\\\/clinicadentalmontsetimoneda.com\\\/ca\\\/estetica-dental\\\/carilles\\\/\"]}]},{\"@type\":\"ImageObject\",\"inLanguage\":\"ca\",\"@id\":\"https:\\\/\\\/clinicadentalmontsetimoneda.com\\\/ca\\\/estetica-dental\\\/carilles\\\/#primaryimage\",\"url\":\"https:\\\/\\\/clinicadentalmontsetimoneda.com\\\/wp-content\\\/uploads\\\/2024\\\/05\\\/carillas-hero-1400x707.png\",\"contentUrl\":\"https:\\\/\\\/clinicadentalmontsetimoneda.com\\\/wp-content\\\/uploads\\\/2024\\\/05\\\/carillas-hero-1400x707.png\"},{\"@type\":\"BreadcrumbList\",\"@id\":\"https:\\\/\\\/clinicadentalmontsetimoneda.com\\\/ca\\\/estetica-dental\\\/carilles\\\/#breadcrumb\",\"itemListElement\":[{\"@type\":\"ListItem\",\"position\":1,\"name\":\"Portada\",\"item\":\"https:\\\/\\\/clinicadentalmontsetimoneda.com\\\/ca\\\/\"},{\"@type\":\"ListItem\",\"position\":2,\"name\":\"Est\u00e8tica dental\",\"item\":\"https:\\\/\\\/clinicadentalmontsetimoneda.com\\\/ca\\\/estetica-dental\\\/\"},{\"@type\":\"ListItem\",\"position\":3,\"name\":\"Carilles\"}]},{\"@type\":\"WebSite\",\"@id\":\"https:\\\/\\\/clinicadentalmontsetimoneda.com\\\/ca\\\/#website\",\"url\":\"https:\\\/\\\/clinicadentalmontsetimoneda.com\\\/ca\\\/\",\"name\":\"Montse Timoneda\",\"description\":\"Cl\u00ednica dental  | Tarragona\",\"publisher\":{\"@id\":\"https:\\\/\\\/clinicadentalmontsetimoneda.com\\\/ca\\\/#organization\"},\"potentialAction\":[{\"@type\":\"SearchAction\",\"target\":{\"@type\":\"EntryPoint\",\"urlTemplate\":\"https:\\\/\\\/clinicadentalmontsetimoneda.com\\\/ca\\\/?s={search_term_string}\"},\"query-input\":{\"@type\":\"PropertyValueSpecification\",\"valueRequired\":true,\"valueName\":\"search_term_string\"}}],\"inLanguage\":\"ca\"},{\"@type\":\"Organization\",\"@id\":\"https:\\\/\\\/clinicadentalmontsetimoneda.com\\\/ca\\\/#organization\",\"name\":\"Clinica Dental Montse Timoneda\",\"url\":\"https:\\\/\\\/clinicadentalmontsetimoneda.com\\\/ca\\\/\",\"logo\":{\"@type\":\"ImageObject\",\"inLanguage\":\"ca\",\"@id\":\"https:\\\/\\\/clinicadentalmontsetimoneda.com\\\/ca\\\/#\\\/schema\\\/logo\\\/image\\\/\",\"url\":\"https:\\\/\\\/clinicadentalmontsetimoneda.com\\\/wp-content\\\/uploads\\\/2024\\\/05\\\/Logo-central.svg\",\"contentUrl\":\"https:\\\/\\\/clinicadentalmontsetimoneda.com\\\/wp-content\\\/uploads\\\/2024\\\/05\\\/Logo-central.svg\",\"width\":515,\"height\":110,\"caption\":\"Clinica Dental Montse Timoneda\"},\"image\":{\"@id\":\"https:\\\/\\\/clinicadentalmontsetimoneda.com\\\/ca\\\/#\\\/schema\\\/logo\\\/image\\\/\"},\"sameAs\":[\"https:\\\/\\\/es-es.facebook.com\\\/ClinicaDentalMontseTimoneda\\\/\",\"https:\\\/\\\/www.instagram.com\\\/cd.montsetimoneda\\\/\",\"https:\\\/\\\/www.youtube.com\\\/channel\\\/UCBohbjYo6D3kp365Fs68cGw\"]}]}<\/script>\n<!-- \/ Yoast SEO plugin. -->","yoast_head_json":{"title":"Carilles | Cl\u00ednica Dental Montse Timoneda","description":"Transforma el teu somriure amb carilles dentals a Cl\u00ednica Dental Montse Timoneda. Solucions naturals per dents perfectes i brillants.","robots":{"index":"index","follow":"follow"},"canonical":"https:\/\/clinicadentalmontsetimoneda.com\/ca\/estetica-dental\/carilles\/","og_locale":"ca_ES","og_type":"article","og_title":"Carilles | Cl\u00ednica Dental Montse Timoneda","og_description":"Transforma el teu somriure amb carilles dentals a Cl\u00ednica Dental Montse Timoneda. Solucions naturals per dents perfectes i brillants.","og_url":"https:\/\/clinicadentalmontsetimoneda.com\/ca\/estetica-dental\/carilles\/","og_site_name":"Montse Timoneda","article_publisher":"https:\/\/es-es.facebook.com\/ClinicaDentalMontseTimoneda\/","article_modified_time":"2025-02-20T11:01:22+00:00","og_image":[{"width":1920,"height":970,"url":"https:\/\/clinicadentalmontsetimoneda.com\/wp-content\/uploads\/2024\/05\/carillas-hero.png","type":"image\/png"}],"twitter_card":"summary_large_image","twitter_misc":{"Temps estimat de lectura":"13 minuts"},"schema":{"@context":"https:\/\/schema.org","@graph":[{"@type":"WebPage","@id":"https:\/\/clinicadentalmontsetimoneda.com\/ca\/estetica-dental\/carilles\/","url":"https:\/\/clinicadentalmontsetimoneda.com\/ca\/estetica-dental\/carilles\/","name":"Carilles | Cl\u00ednica Dental Montse Timoneda","isPartOf":{"@id":"https:\/\/clinicadentalmontsetimoneda.com\/ca\/#website"},"primaryImageOfPage":{"@id":"https:\/\/clinicadentalmontsetimoneda.com\/ca\/estetica-dental\/carilles\/#primaryimage"},"image":{"@id":"https:\/\/clinicadentalmontsetimoneda.com\/ca\/estetica-dental\/carilles\/#primaryimage"},"thumbnailUrl":"https:\/\/clinicadentalmontsetimoneda.com\/wp-content\/uploads\/2024\/05\/carillas-hero-1400x707.png","datePublished":"2024-05-24T11:39:29+00:00","dateModified":"2025-02-20T11:01:22+00:00","description":"Transforma el teu somriure amb carilles dentals a Cl\u00ednica Dental Montse Timoneda. Solucions naturals per dents perfectes i brillants.","breadcrumb":{"@id":"https:\/\/clinicadentalmontsetimoneda.com\/ca\/estetica-dental\/carilles\/#breadcrumb"},"inLanguage":"ca","potentialAction":[{"@type":"ReadAction","target":["https:\/\/clinicadentalmontsetimoneda.com\/ca\/estetica-dental\/carilles\/"]}]},{"@type":"ImageObject","inLanguage":"ca","@id":"https:\/\/clinicadentalmontsetimoneda.com\/ca\/estetica-dental\/carilles\/#primaryimage","url":"https:\/\/clinicadentalmontsetimoneda.com\/wp-content\/uploads\/2024\/05\/carillas-hero-1400x707.png","contentUrl":"https:\/\/clinicadentalmontsetimoneda.com\/wp-content\/uploads\/2024\/05\/carillas-hero-1400x707.png"},{"@type":"BreadcrumbList","@id":"https:\/\/clinicadentalmontsetimoneda.com\/ca\/estetica-dental\/carilles\/#breadcrumb","itemListElement":[{"@type":"ListItem","position":1,"name":"Portada","item":"https:\/\/clinicadentalmontsetimoneda.com\/ca\/"},{"@type":"ListItem","position":2,"name":"Est\u00e8tica dental","item":"https:\/\/clinicadentalmontsetimoneda.com\/ca\/estetica-dental\/"},{"@type":"ListItem","position":3,"name":"Carilles"}]},{"@type":"WebSite","@id":"https:\/\/clinicadentalmontsetimoneda.com\/ca\/#website","url":"https:\/\/clinicadentalmontsetimoneda.com\/ca\/","name":"Montse Timoneda","description":"Cl\u00ednica dental  | Tarragona","publisher":{"@id":"https:\/\/clinicadentalmontsetimoneda.com\/ca\/#organization"},"potentialAction":[{"@type":"SearchAction","target":{"@type":"EntryPoint","urlTemplate":"https:\/\/clinicadentalmontsetimoneda.com\/ca\/?s={search_term_string}"},"query-input":{"@type":"PropertyValueSpecification","valueRequired":true,"valueName":"search_term_string"}}],"inLanguage":"ca"},{"@type":"Organization","@id":"https:\/\/clinicadentalmontsetimoneda.com\/ca\/#organization","name":"Clinica Dental Montse Timoneda","url":"https:\/\/clinicadentalmontsetimoneda.com\/ca\/","logo":{"@type":"ImageObject","inLanguage":"ca","@id":"https:\/\/clinicadentalmontsetimoneda.com\/ca\/#\/schema\/logo\/image\/","url":"https:\/\/clinicadentalmontsetimoneda.com\/wp-content\/uploads\/2024\/05\/Logo-central.svg","contentUrl":"https:\/\/clinicadentalmontsetimoneda.com\/wp-content\/uploads\/2024\/05\/Logo-central.svg","width":515,"height":110,"caption":"Clinica Dental Montse Timoneda"},"image":{"@id":"https:\/\/clinicadentalmontsetimoneda.com\/ca\/#\/schema\/logo\/image\/"},"sameAs":["https:\/\/es-es.facebook.com\/ClinicaDentalMontseTimoneda\/","https:\/\/www.instagram.com\/cd.montsetimoneda\/","https:\/\/www.youtube.com\/channel\/UCBohbjYo6D3kp365Fs68cGw"]}]}},"_links":{"self":[{"href":"https:\/\/clinicadentalmontsetimoneda.com\/ca\/wp-json\/wp\/v2\/pages\/13017","targetHints":{"allow":["GET"]}}],"collection":[{"href":"https:\/\/clinicadentalmontsetimoneda.com\/ca\/wp-json\/wp\/v2\/pages"}],"about":[{"href":"https:\/\/clinicadentalmontsetimoneda.com\/ca\/wp-json\/wp\/v2\/types\/page"}],"author":[{"embeddable":true,"href":"https:\/\/clinicadentalmontsetimoneda.com\/ca\/wp-json\/wp\/v2\/users\/7"}],"replies":[{"embeddable":true,"href":"https:\/\/clinicadentalmontsetimoneda.com\/ca\/wp-json\/wp\/v2\/comments?post=13017"}],"version-history":[{"count":29,"href":"https:\/\/clinicadentalmontsetimoneda.com\/ca\/wp-json\/wp\/v2\/pages\/13017\/revisions"}],"predecessor-version":[{"id":16916,"href":"https:\/\/clinicadentalmontsetimoneda.com\/ca\/wp-json\/wp\/v2\/pages\/13017\/revisions\/16916"}],"up":[{"embeddable":true,"href":"https:\/\/clinicadentalmontsetimoneda.com\/ca\/wp-json\/wp\/v2\/pages\/12969"}],"wp:attachment":[{"href":"https:\/\/clinicadentalmontsetimoneda.com\/ca\/wp-json\/wp\/v2\/media?parent=13017"}],"curies":[{"name":"wp","href":"https:\/\/api.w.org\/{rel}","templated":true}]}}