{"id":12972,"date":"2024-07-19T08:28:12","date_gmt":"2024-07-19T08:28:12","guid":{"rendered":"https:\/\/clinicadentalmontsetimoneda.plesk.myfocus.es\/?page_id=12972"},"modified":"2025-02-20T09:18:49","modified_gmt":"2025-02-20T09:18:49","slug":"odontologia-general","status":"publish","type":"page","link":"https:\/\/clinicadentalmontsetimoneda.com\/ca\/odontologia-general\/","title":{"rendered":"Odontologia General"},"content":{"rendered":"\t\t<div data-elementor-type=\"wp-page\" data-elementor-id=\"12972\" class=\"elementor elementor-12972 elementor-11877\" data-elementor-post-type=\"page\">\n\t\t\t\t<div class=\"elementor-element elementor-element-b409d1a e-con-full no-padding-block no-padding-inline e-flex e-con e-parent\" data-id=\"b409d1a\" data-element_type=\"container\" data-e-type=\"container\">\n\t\t<div class=\"elementor-element elementor-element-a555d7c e-con-full no-padding-block no-padding-inline e-flex e-con e-child\" data-id=\"a555d7c\" data-element_type=\"container\" data-e-type=\"container\" data-settings=\"{&quot;background_background&quot;:&quot;classic&quot;}\">\n\t\t\t\t<div class=\"elementor-element elementor-element-4876668 elementor-widget__width-inherit elementor-widget elementor-widget-image\" data-id=\"4876668\" data-element_type=\"widget\" data-e-type=\"widget\" data-widget_type=\"image.default\">\n\t\t\t\t<div class=\"elementor-widget-container\">\n\t\t\t\t\t\t\t\t\t\t\t\t\t\t\t<img fetchpriority=\"high\" decoding=\"async\" width=\"1020\" height=\"307\" src=\"https:\/\/clinicadentalmontsetimoneda.com\/wp-content\/uploads\/2020\/02\/MONTSE-SLIDER_GENERAL-1400x422.jpg\" class=\"attachment-large size-large wp-image-3398\" alt=\"\" srcset=\"https:\/\/clinicadentalmontsetimoneda.com\/wp-content\/uploads\/2020\/02\/MONTSE-SLIDER_GENERAL-1400x422.jpg 1400w, https:\/\/clinicadentalmontsetimoneda.com\/wp-content\/uploads\/2020\/02\/MONTSE-SLIDER_GENERAL-800x241.jpg 800w, https:\/\/clinicadentalmontsetimoneda.com\/wp-content\/uploads\/2020\/02\/MONTSE-SLIDER_GENERAL-768x231.jpg 768w, https:\/\/clinicadentalmontsetimoneda.com\/wp-content\/uploads\/2020\/02\/MONTSE-SLIDER_GENERAL.jpg 1800w\" sizes=\"(max-width: 1020px) 100vw, 1020px\" \/>\t\t\t\t\t\t\t\t\t\t\t\t\t\t\t<\/div>\n\t\t\t\t<\/div>\n\t\t\t\t<div class=\"elementor-element elementor-element-15c72ff elementor-widget__width-inherit elementor-widget elementor-widget-image\" data-id=\"15c72ff\" data-element_type=\"widget\" data-e-type=\"widget\" data-widget_type=\"image.default\">\n\t\t\t\t<div class=\"elementor-widget-container\">\n\t\t\t\t\t\t\t\t\t\t\t\t\t\t\t<img decoding=\"async\" width=\"390\" height=\"784\" src=\"https:\/\/clinicadentalmontsetimoneda.com\/wp-content\/uploads\/2024\/05\/estetica-dental-hero-mobile.png\" class=\"attachment-large size-large wp-image-11201\" alt=\"\" srcset=\"https:\/\/clinicadentalmontsetimoneda.com\/wp-content\/uploads\/2024\/05\/estetica-dental-hero-mobile.png 390w, https:\/\/clinicadentalmontsetimoneda.com\/wp-content\/uploads\/2024\/05\/estetica-dental-hero-mobile-199x400.png 199w\" sizes=\"(max-width: 390px) 100vw, 390px\" \/>\t\t\t\t\t\t\t\t\t\t\t\t\t\t\t<\/div>\n\t\t\t\t<\/div>\n\t\t<div class=\"elementor-element elementor-element-58714e0 e-con-full e-flex e-con e-child\" data-id=\"58714e0\" data-element_type=\"container\" data-e-type=\"container\" data-settings=\"{&quot;background_background&quot;:&quot;classic&quot;}\">\n\t\t\t\t<div class=\"elementor-element elementor-element-28a4e93 elementor-align-left elementor-widget elementor-widget-breadcrumbs\" data-id=\"28a4e93\" data-element_type=\"widget\" data-e-type=\"widget\" data-widget_type=\"breadcrumbs.default\">\n\t\t\t\t<div class=\"elementor-widget-container\">\n\t\t\t\t\t<p id=\"breadcrumbs\"><span><span><a href=\"https:\/\/clinicadentalmontsetimoneda.com\/ca\/\">Portada<\/a><\/span><\/span><\/p>\t\t\t\t<\/div>\n\t\t\t\t<\/div>\n\t\t\t\t<div class=\"elementor-element elementor-element-36e9d28 elementor-widget elementor-widget-heading\" data-id=\"36e9d28\" data-element_type=\"widget\" data-e-type=\"widget\" data-widget_type=\"heading.default\">\n\t\t\t\t<div class=\"elementor-widget-container\">\n\t\t\t\t\t<h1 class=\"elementor-heading-title elementor-size-default\">Odontologia General<\/h1>\t\t\t\t<\/div>\n\t\t\t\t<\/div>\n\t\t\t\t<div class=\"elementor-element elementor-element-6d261a7 elementor-widget elementor-widget-heading\" data-id=\"6d261a7\" data-element_type=\"widget\" data-e-type=\"widget\" data-widget_type=\"heading.default\">\n\t\t\t\t<div class=\"elementor-widget-container\">\n\t\t\t\t\t<h2 class=\"elementor-heading-title elementor-size-default\">La millor soluci\u00f3 al teu necessitat particular<\/h2>\t\t\t\t<\/div>\n\t\t\t\t<\/div>\n\t\t\t\t<\/div>\n\t\t\t\t<\/div>\n\t\t<div class=\"elementor-element elementor-element-1d799f8 e-con-full e-flex e-con e-child\" data-id=\"1d799f8\" data-element_type=\"container\" data-e-type=\"container\" data-settings=\"{&quot;background_background&quot;:&quot;classic&quot;}\">\n\t\t<div class=\"elementor-element elementor-element-fc0a062 e-con-full e-flex e-con e-child\" data-id=\"fc0a062\" data-element_type=\"container\" data-e-type=\"container\">\n\t\t\t\t<div class=\"elementor-element elementor-element-68bd8b9 elementor-widget elementor-widget-text-editor\" data-id=\"68bd8b9\" data-element_type=\"widget\" data-e-type=\"widget\" data-widget_type=\"text-editor.default\">\n\t\t\t\t<div class=\"elementor-widget-container\">\n\t\t\t\t\t\t\t\t\t<p>La vocaci\u00f3 de servei al Pacient s\u00f3n la nostra m\u00e0xima prioritat, i aix\u00f2 comporta que l&#8217;Odontologia General sigui un dels nostres segells d&#8217;identitat. Un mal de queixal, una higiene dental, peces que reparar, bruxisme.\n<\/p>\n<p>\n\u00bfApretes les dents al dormir? o qualsevol que sigui la teva situaci\u00f3 bucodental, aquesta ser\u00e0 tractada per la Doctora especialitzada segons els seus coneixements, la seva tasca d&#8217;investigaci\u00f3 i la seva dilatada experi\u00e8ncia.\n<\/p>\t\t\t\t\t\t\t\t<\/div>\n\t\t\t\t<\/div>\n\t\t\t\t<div class=\"elementor-element elementor-element-0946181 elementor-widget elementor-widget-text-editor\" data-id=\"0946181\" data-element_type=\"widget\" data-e-type=\"widget\" data-widget_type=\"text-editor.default\">\n\t\t\t\t<div class=\"elementor-widget-container\">\n\t\t\t\t\t\t\t\t\t<p>A <strong>Montse Timoneda Cl\u00ednica Dental<\/strong> t&#8217;oferim les <strong>millors t\u00e8cniques d&#8217;odontologia general <\/strong>per assegurar-te la millor soluci\u00f3 a la teva necessitat particular, sempre practicant la nostra professi\u00f3 des del respecte als valors humans de la responsabilitat, la transpar\u00e8ncia i l&#8217;honestedat.<\/p>\n\t\t\t\t\t\t\t\t<\/div>\n\t\t\t\t<\/div>\n\t\t\t\t<\/div>\n\t\t\t\t<\/div>\n\t\t<div class=\"elementor-element elementor-element-1f49797 e-con-full e-flex e-con e-child\" data-id=\"1f49797\" data-element_type=\"container\" data-e-type=\"container\" data-settings=\"{&quot;background_background&quot;:&quot;classic&quot;}\">\n\t\t\t\t<div class=\"elementor-element elementor-element-c6526fd elementor-widget__width-inherit elementor-widget elementor-widget-image\" data-id=\"c6526fd\" data-element_type=\"widget\" data-e-type=\"widget\" data-widget_type=\"image.default\">\n\t\t\t\t<div class=\"elementor-widget-container\">\n\t\t\t\t\t\t\t\t\t\t\t\t\t\t\t<img decoding=\"async\" width=\"1921\" height=\"164\" src=\"https:\/\/clinicadentalmontsetimoneda.com\/wp-content\/uploads\/2024\/05\/textura_doctores.png\" class=\"attachment-full size-full wp-image-10718\" alt=\"\" srcset=\"https:\/\/clinicadentalmontsetimoneda.com\/wp-content\/uploads\/2024\/05\/textura_doctores.png 1921w, https:\/\/clinicadentalmontsetimoneda.com\/wp-content\/uploads\/2024\/05\/textura_doctores-800x68.png 800w, https:\/\/clinicadentalmontsetimoneda.com\/wp-content\/uploads\/2024\/05\/textura_doctores-1400x120.png 1400w, https:\/\/clinicadentalmontsetimoneda.com\/wp-content\/uploads\/2024\/05\/textura_doctores-768x66.png 768w, https:\/\/clinicadentalmontsetimoneda.com\/wp-content\/uploads\/2024\/05\/textura_doctores-1536x131.png 1536w\" sizes=\"(max-width: 1921px) 100vw, 1921px\" \/>\t\t\t\t\t\t\t\t\t\t\t\t\t\t\t<\/div>\n\t\t\t\t<\/div>\n\t\t<div class=\"elementor-element elementor-element-65a8c49 e-flex e-con-boxed e-con e-child\" data-id=\"65a8c49\" data-element_type=\"container\" data-e-type=\"container\">\n\t\t\t\t\t<div class=\"e-con-inner\">\n\t\t<div class=\"elementor-element elementor-element-6832ca5 e-grid e-con-boxed e-con e-child\" data-id=\"6832ca5\" data-element_type=\"container\" data-e-type=\"container\">\n\t\t\t\t\t<div class=\"e-con-inner\">\n\t\t<div class=\"elementor-element elementor-element-c256530 e-con-full e-flex e-con e-child\" data-id=\"c256530\" data-element_type=\"container\" data-e-type=\"container\">\n\t\t\t\t<div class=\"elementor-element elementor-element-1c3c4ce elementor-widget elementor-widget-heading\" data-id=\"1c3c4ce\" data-element_type=\"widget\" data-e-type=\"widget\" data-widget_type=\"heading.default\">\n\t\t\t\t<div class=\"elementor-widget-container\">\n\t\t\t\t\t<h2 class=\"elementor-heading-title elementor-size-default\">ODONTOLOGiA CONSERVADORA<\/h2>\t\t\t\t<\/div>\n\t\t\t\t<\/div>\n\t\t\t\t<div class=\"elementor-element elementor-element-3958ee7 elementor-widget elementor-widget-image\" data-id=\"3958ee7\" data-element_type=\"widget\" data-e-type=\"widget\" data-widget_type=\"image.default\">\n\t\t\t\t<div class=\"elementor-widget-container\">\n\t\t\t\t\t\t\t\t\t\t\t\t\t\t\t<img loading=\"lazy\" decoding=\"async\" width=\"896\" height=\"591\" src=\"https:\/\/clinicadentalmontsetimoneda.com\/wp-content\/uploads\/2019\/12\/odontologia_conservadora.jpg\" class=\"attachment-full size-full wp-image-3294\" alt=\"\" srcset=\"https:\/\/clinicadentalmontsetimoneda.com\/wp-content\/uploads\/2019\/12\/odontologia_conservadora.jpg 896w, https:\/\/clinicadentalmontsetimoneda.com\/wp-content\/uploads\/2019\/12\/odontologia_conservadora-606x400.jpg 606w, https:\/\/clinicadentalmontsetimoneda.com\/wp-content\/uploads\/2019\/12\/odontologia_conservadora-768x507.jpg 768w\" sizes=\"(max-width: 896px) 100vw, 896px\" \/>\t\t\t\t\t\t\t\t\t\t\t\t\t\t\t<\/div>\n\t\t\t\t<\/div>\n\t\t<div class=\"elementor-element elementor-element-1eeb32e e-con-full e-flex e-con e-child\" data-id=\"1eeb32e\" data-element_type=\"container\" data-e-type=\"container\">\n\t\t\t\t<div class=\"elementor-element elementor-element-e62cf29 elementor-widget__width-initial elementor-widget elementor-widget-text-editor\" data-id=\"e62cf29\" data-element_type=\"widget\" data-e-type=\"widget\" data-widget_type=\"text-editor.default\">\n\t\t\t\t<div class=\"elementor-widget-container\">\n\t\t\t\t\t\t\t\t\t<p>La c\u00e0ries \u00e9s una malaltia infecciosa que es caracteritza per la destrucci\u00f3 dels teixits durs de la dent com a conseq\u00fc\u00e8ncia d&#8217;una desmineralitzaci\u00f3 provocada per la placa bacteriana.<\/p>\n\t\t\t\t\t\t\t\t<\/div>\n\t\t\t\t<\/div>\n\t\t\t\t<div class=\"elementor-element elementor-element-d38bd40 elementor-widget elementor-widget-button\" data-id=\"d38bd40\" data-element_type=\"widget\" data-e-type=\"widget\" data-widget_type=\"button.default\">\n\t\t\t\t<div class=\"elementor-widget-container\">\n\t\t\t\t\t\t\t\t\t<div class=\"elementor-button-wrapper\">\n\t\t\t\t\t<a class=\"elementor-button elementor-button-link elementor-size-sm\" href=\"https:\/\/clinicadentalmontsetimoneda.com\/ca\/odontologia-general\/odontologia-conservadora\/\">\n\t\t\t\t\t\t<span class=\"elementor-button-content-wrapper\">\n\t\t\t\t\t\t\t\t\t<span class=\"elementor-button-text\">Vull saber m\u00e9s<\/span>\n\t\t\t\t\t<\/span>\n\t\t\t\t\t<\/a>\n\t\t\t\t<\/div>\n\t\t\t\t\t\t\t\t<\/div>\n\t\t\t\t<\/div>\n\t\t\t\t<\/div>\n\t\t\t\t<\/div>\n\t\t<div class=\"elementor-element elementor-element-b678106 e-con-full e-flex e-con e-child\" data-id=\"b678106\" data-element_type=\"container\" data-e-type=\"container\">\n\t\t\t\t<div class=\"elementor-element elementor-element-f87d71e elementor-widget elementor-widget-heading\" data-id=\"f87d71e\" data-element_type=\"widget\" data-e-type=\"widget\" data-widget_type=\"heading.default\">\n\t\t\t\t<div class=\"elementor-widget-container\">\n\t\t\t\t\t<h2 class=\"elementor-heading-title elementor-size-default\">ENDOD\u00d2NCIA<\/h2>\t\t\t\t<\/div>\n\t\t\t\t<\/div>\n\t\t\t\t<div class=\"elementor-element elementor-element-8f56014 elementor-widget elementor-widget-image\" data-id=\"8f56014\" data-element_type=\"widget\" data-e-type=\"widget\" data-widget_type=\"image.default\">\n\t\t\t\t<div class=\"elementor-widget-container\">\n\t\t\t\t\t\t\t\t\t\t\t\t\t\t\t<img loading=\"lazy\" decoding=\"async\" width=\"896\" height=\"598\" src=\"https:\/\/clinicadentalmontsetimoneda.com\/wp-content\/uploads\/2019\/12\/55.jpg\" class=\"attachment-full size-full wp-image-3266\" alt=\"\" srcset=\"https:\/\/clinicadentalmontsetimoneda.com\/wp-content\/uploads\/2019\/12\/55.jpg 896w, https:\/\/clinicadentalmontsetimoneda.com\/wp-content\/uploads\/2019\/12\/55-599x400.jpg 599w, https:\/\/clinicadentalmontsetimoneda.com\/wp-content\/uploads\/2019\/12\/55-768x513.jpg 768w\" sizes=\"(max-width: 896px) 100vw, 896px\" \/>\t\t\t\t\t\t\t\t\t\t\t\t\t\t\t<\/div>\n\t\t\t\t<\/div>\n\t\t<div class=\"elementor-element elementor-element-1d2d958 e-con-full e-flex e-con e-child\" data-id=\"1d2d958\" data-element_type=\"container\" data-e-type=\"container\">\n\t\t\t\t<div class=\"elementor-element elementor-element-698da1f elementor-widget__width-initial elementor-widget elementor-widget-text-editor\" data-id=\"698da1f\" data-element_type=\"widget\" data-e-type=\"widget\" data-widget_type=\"text-editor.default\">\n\t\t\t\t<div class=\"elementor-widget-container\">\n\t\t\t\t\t\t\t\t\t<p>\u00c9s un tractament que consisteix a eliminar el teixit pulpar (nervi) de la pe\u00e7a dental i substituir-lo per un farciment inorg\u00e0nic que garanteix la hermeticitat interna de la pe\u00e7a i en retorna la funci\u00f3 masticat\u00f2ria i est\u00e8tica.<\/p>\n\t\t\t\t\t\t\t\t<\/div>\n\t\t\t\t<\/div>\n\t\t\t\t<div class=\"elementor-element elementor-element-27c794a elementor-widget elementor-widget-button\" data-id=\"27c794a\" data-element_type=\"widget\" data-e-type=\"widget\" data-widget_type=\"button.default\">\n\t\t\t\t<div class=\"elementor-widget-container\">\n\t\t\t\t\t\t\t\t\t<div class=\"elementor-button-wrapper\">\n\t\t\t\t\t<a class=\"elementor-button elementor-button-link elementor-size-sm\" href=\"https:\/\/clinicadentalmontsetimoneda.com\/ca\/odontologia-general\/endodoncia\/\">\n\t\t\t\t\t\t<span class=\"elementor-button-content-wrapper\">\n\t\t\t\t\t\t\t\t\t<span class=\"elementor-button-text\">Vull saber m\u00e9s<\/span>\n\t\t\t\t\t<\/span>\n\t\t\t\t\t<\/a>\n\t\t\t\t<\/div>\n\t\t\t\t\t\t\t\t<\/div>\n\t\t\t\t<\/div>\n\t\t\t\t<\/div>\n\t\t\t\t<\/div>\n\t\t\t\t\t<\/div>\n\t\t\t\t<\/div>\n\t\t\t\t\t<\/div>\n\t\t\t\t<\/div>\n\t\t\t\t<\/div>\n\t\t<div class=\"elementor-element elementor-element-898ae14 e-con-full e-flex e-con e-child\" data-id=\"898ae14\" data-element_type=\"container\" data-e-type=\"container\" data-settings=\"{&quot;background_background&quot;:&quot;classic&quot;}\">\n\t\t<div class=\"elementor-element elementor-element-ff30e82 e-flex e-con-boxed e-con e-child\" data-id=\"ff30e82\" data-element_type=\"container\" data-e-type=\"container\">\n\t\t\t\t\t<div class=\"e-con-inner\">\n\t\t<div class=\"elementor-element elementor-element-e9e180e e-grid e-con-boxed e-con e-child\" data-id=\"e9e180e\" data-element_type=\"container\" data-e-type=\"container\">\n\t\t\t\t\t<div class=\"e-con-inner\">\n\t\t<div class=\"elementor-element elementor-element-fbd56dd e-con-full e-flex e-con e-child\" data-id=\"fbd56dd\" data-element_type=\"container\" data-e-type=\"container\">\n\t\t\t\t<div class=\"elementor-element elementor-element-e00c4fe elementor-widget elementor-widget-heading\" data-id=\"e00c4fe\" data-element_type=\"widget\" data-e-type=\"widget\" data-widget_type=\"heading.default\">\n\t\t\t\t<div class=\"elementor-widget-container\">\n\t\t\t\t\t<h2 class=\"elementor-heading-title elementor-size-default\">ODONTOLOGIA PREVENTIVA<\/h2>\t\t\t\t<\/div>\n\t\t\t\t<\/div>\n\t\t\t\t<div class=\"elementor-element elementor-element-92f7f91 elementor-widget elementor-widget-image\" data-id=\"92f7f91\" data-element_type=\"widget\" data-e-type=\"widget\" data-widget_type=\"image.default\">\n\t\t\t\t<div class=\"elementor-widget-container\">\n\t\t\t\t\t\t\t\t\t\t\t\t\t\t\t<img loading=\"lazy\" decoding=\"async\" width=\"896\" height=\"598\" src=\"https:\/\/clinicadentalmontsetimoneda.com\/wp-content\/uploads\/2019\/12\/56.jpg\" class=\"attachment-full size-full wp-image-3268\" alt=\"\" srcset=\"https:\/\/clinicadentalmontsetimoneda.com\/wp-content\/uploads\/2019\/12\/56.jpg 896w, https:\/\/clinicadentalmontsetimoneda.com\/wp-content\/uploads\/2019\/12\/56-599x400.jpg 599w, https:\/\/clinicadentalmontsetimoneda.com\/wp-content\/uploads\/2019\/12\/56-768x513.jpg 768w\" sizes=\"(max-width: 896px) 100vw, 896px\" \/>\t\t\t\t\t\t\t\t\t\t\t\t\t\t\t<\/div>\n\t\t\t\t<\/div>\n\t\t<div class=\"elementor-element elementor-element-5956665 e-con-full e-flex e-con e-child\" data-id=\"5956665\" data-element_type=\"container\" data-e-type=\"container\">\n\t\t\t\t<div class=\"elementor-element elementor-element-764dd0b elementor-widget__width-initial elementor-widget elementor-widget-text-editor\" data-id=\"764dd0b\" data-element_type=\"widget\" data-e-type=\"widget\" data-widget_type=\"text-editor.default\">\n\t\t\t\t<div class=\"elementor-widget-container\">\n\t\t\t\t\t\t\t\t\t<p>L&#8217;abs\u00e8ncia de dolor no vol dir que tinguem les nostres dents en perfectes condicions, per aix\u00f2 t&#8217;aconsellem que facis una revisi\u00f3 anual.<\/p>\n\t\t\t\t\t\t\t\t<\/div>\n\t\t\t\t<\/div>\n\t\t\t\t<div class=\"elementor-element elementor-element-00ef51f elementor-widget elementor-widget-button\" data-id=\"00ef51f\" data-element_type=\"widget\" data-e-type=\"widget\" data-widget_type=\"button.default\">\n\t\t\t\t<div class=\"elementor-widget-container\">\n\t\t\t\t\t\t\t\t\t<div class=\"elementor-button-wrapper\">\n\t\t\t\t\t<a class=\"elementor-button elementor-button-link elementor-size-sm\" href=\"https:\/\/clinicadentalmontsetimoneda.com\/ca\/odontologia-general\/odontologia-preventiva\/\">\n\t\t\t\t\t\t<span class=\"elementor-button-content-wrapper\">\n\t\t\t\t\t\t\t\t\t<span class=\"elementor-button-text\">Vull saber m\u00e9s<\/span>\n\t\t\t\t\t<\/span>\n\t\t\t\t\t<\/a>\n\t\t\t\t<\/div>\n\t\t\t\t\t\t\t\t<\/div>\n\t\t\t\t<\/div>\n\t\t\t\t<\/div>\n\t\t\t\t<\/div>\n\t\t<div class=\"elementor-element elementor-element-858bb3e e-con-full e-flex e-con e-child\" data-id=\"858bb3e\" data-element_type=\"container\" data-e-type=\"container\">\n\t\t\t\t<div class=\"elementor-element elementor-element-637a0fc elementor-widget elementor-widget-heading\" data-id=\"637a0fc\" data-element_type=\"widget\" data-e-type=\"widget\" data-widget_type=\"heading.default\">\n\t\t\t\t<div class=\"elementor-widget-container\">\n\t\t\t\t\t<h2 class=\"elementor-heading-title elementor-size-default\">PERIOD\u00d2NCIA<\/h2>\t\t\t\t<\/div>\n\t\t\t\t<\/div>\n\t\t\t\t<div class=\"elementor-element elementor-element-aec43a9 elementor-widget elementor-widget-image\" data-id=\"aec43a9\" data-element_type=\"widget\" data-e-type=\"widget\" data-widget_type=\"image.default\">\n\t\t\t\t<div class=\"elementor-widget-container\">\n\t\t\t\t\t\t\t\t\t\t\t\t\t\t\t<img loading=\"lazy\" decoding=\"async\" width=\"896\" height=\"598\" src=\"https:\/\/clinicadentalmontsetimoneda.com\/wp-content\/uploads\/2019\/12\/57.jpg\" class=\"attachment-full size-full wp-image-3270\" alt=\"\" srcset=\"https:\/\/clinicadentalmontsetimoneda.com\/wp-content\/uploads\/2019\/12\/57.jpg 896w, https:\/\/clinicadentalmontsetimoneda.com\/wp-content\/uploads\/2019\/12\/57-599x400.jpg 599w, https:\/\/clinicadentalmontsetimoneda.com\/wp-content\/uploads\/2019\/12\/57-768x513.jpg 768w\" sizes=\"(max-width: 896px) 100vw, 896px\" \/>\t\t\t\t\t\t\t\t\t\t\t\t\t\t\t<\/div>\n\t\t\t\t<\/div>\n\t\t<div class=\"elementor-element elementor-element-e527245 e-con-full e-flex e-con e-child\" data-id=\"e527245\" data-element_type=\"container\" data-e-type=\"container\">\n\t\t\t\t<div class=\"elementor-element elementor-element-aa7f1fc elementor-widget__width-initial elementor-widget elementor-widget-text-editor\" data-id=\"aa7f1fc\" data-element_type=\"widget\" data-e-type=\"widget\" data-widget_type=\"text-editor.default\">\n\t\t\t\t<div class=\"elementor-widget-container\">\n\t\t\t\t\t\t\t\t\t<p>\u00c9s un tractament consistent a <strong>eliminar el teixit pulpar de la pe\u00e7a dental<\/strong> i substituir-lo per un farciment inorg\u00e0nic que garanteix la hermeticidad interna de la pe\u00e7a\u2026<\/p>\n\t\t\t\t\t\t\t\t<\/div>\n\t\t\t\t<\/div>\n\t\t\t\t<div class=\"elementor-element elementor-element-b3efa9f elementor-widget elementor-widget-button\" data-id=\"b3efa9f\" data-element_type=\"widget\" data-e-type=\"widget\" data-widget_type=\"button.default\">\n\t\t\t\t<div class=\"elementor-widget-container\">\n\t\t\t\t\t\t\t\t\t<div class=\"elementor-button-wrapper\">\n\t\t\t\t\t<a class=\"elementor-button elementor-button-link elementor-size-sm\" href=\"https:\/\/clinicadentalmontsetimoneda.com\/ca\/odontologia-general\/periodoncia\/\">\n\t\t\t\t\t\t<span class=\"elementor-button-content-wrapper\">\n\t\t\t\t\t\t\t\t\t<span class=\"elementor-button-text\">Vull saber m\u00e9s<\/span>\n\t\t\t\t\t<\/span>\n\t\t\t\t\t<\/a>\n\t\t\t\t<\/div>\n\t\t\t\t\t\t\t\t<\/div>\n\t\t\t\t<\/div>\n\t\t\t\t<\/div>\n\t\t\t\t<\/div>\n\t\t\t\t\t<\/div>\n\t\t\t\t<\/div>\n\t\t\t\t\t<\/div>\n\t\t\t\t<\/div>\n\t\t\t\t<\/div>\n\t\t<div class=\"elementor-element elementor-element-ebdfcc3 e-con-full e-flex e-con e-child\" data-id=\"ebdfcc3\" data-element_type=\"container\" data-e-type=\"container\" data-settings=\"{&quot;background_background&quot;:&quot;classic&quot;}\">\n\t\t<div class=\"elementor-element elementor-element-aa30dad e-flex e-con-boxed e-con e-child\" data-id=\"aa30dad\" data-element_type=\"container\" data-e-type=\"container\">\n\t\t\t\t\t<div class=\"e-con-inner\">\n\t\t<div class=\"elementor-element elementor-element-5b5d923 e-grid e-con-boxed e-con e-child\" data-id=\"5b5d923\" data-element_type=\"container\" data-e-type=\"container\">\n\t\t\t\t\t<div class=\"e-con-inner\">\n\t\t<div class=\"elementor-element elementor-element-72acf37 e-con-full e-flex e-con e-child\" data-id=\"72acf37\" data-element_type=\"container\" data-e-type=\"container\">\n\t\t\t\t<div class=\"elementor-element elementor-element-3154622 elementor-widget elementor-widget-heading\" data-id=\"3154622\" data-element_type=\"widget\" data-e-type=\"widget\" data-widget_type=\"heading.default\">\n\t\t\t\t<div class=\"elementor-widget-container\">\n\t\t\t\t\t<h2 class=\"elementor-heading-title elementor-size-default\"><a href=\"https:\/\/clinicadentalmontsetimoneda.com\/ca\/odontologia-general\/ortodoncia-con-brackets-damon-system\/\">ORTOD\u00d2NCIA AMB BRACKETS - DAMON<\/a><\/h2>\t\t\t\t<\/div>\n\t\t\t\t<\/div>\n\t\t\t\t<div class=\"elementor-element elementor-element-328f1ce elementor-widget elementor-widget-image\" data-id=\"328f1ce\" data-element_type=\"widget\" data-e-type=\"widget\" data-widget_type=\"image.default\">\n\t\t\t\t<div class=\"elementor-widget-container\">\n\t\t\t\t\t\t\t\t\t\t\t\t\t\t\t\t<a href=\"https:\/\/clinicadentalmontsetimoneda.com\/ca\/odontologia-general\/ortodoncia-con-brackets-damon-system\/\">\n\t\t\t\t\t\t\t<img loading=\"lazy\" decoding=\"async\" width=\"896\" height=\"598\" src=\"https:\/\/clinicadentalmontsetimoneda.com\/wp-content\/uploads\/2024\/07\/damon-v2.jpg\" class=\"attachment-full size-full wp-image-12632\" alt=\"\" srcset=\"https:\/\/clinicadentalmontsetimoneda.com\/wp-content\/uploads\/2024\/07\/damon-v2.jpg 896w, https:\/\/clinicadentalmontsetimoneda.com\/wp-content\/uploads\/2024\/07\/damon-v2-599x400.jpg 599w, https:\/\/clinicadentalmontsetimoneda.com\/wp-content\/uploads\/2024\/07\/damon-v2-768x513.jpg 768w\" sizes=\"(max-width: 896px) 100vw, 896px\" \/>\t\t\t\t\t\t\t\t<\/a>\n\t\t\t\t\t\t\t\t\t\t\t\t\t\t\t<\/div>\n\t\t\t\t<\/div>\n\t\t\t\t<\/div>\n\t\t<div class=\"elementor-element elementor-element-a4d6736 e-con-full e-flex e-con e-child\" data-id=\"a4d6736\" data-element_type=\"container\" data-e-type=\"container\">\n\t\t\t\t<div class=\"elementor-element elementor-element-6276723 elementor-widget elementor-widget-heading\" data-id=\"6276723\" data-element_type=\"widget\" data-e-type=\"widget\" data-widget_type=\"heading.default\">\n\t\t\t\t<div class=\"elementor-widget-container\">\n\t\t\t\t\t<h2 class=\"elementor-heading-title elementor-size-default\"><a href=\"https:\/\/clinicadentalmontsetimoneda.com\/ca\/odontologia-general\/odontopediatria\/\">ODONTOPEDIATRIA<\/a><\/h2>\t\t\t\t<\/div>\n\t\t\t\t<\/div>\n\t\t\t\t<div class=\"elementor-element elementor-element-ea228e5 elementor-widget elementor-widget-image\" data-id=\"ea228e5\" data-element_type=\"widget\" data-e-type=\"widget\" data-widget_type=\"image.default\">\n\t\t\t\t<div class=\"elementor-widget-container\">\n\t\t\t\t\t\t\t\t\t\t\t\t\t\t\t\t<a href=\"https:\/\/clinicadentalmontsetimoneda.com\/ca\/odontologia-general\/odontopediatria\/\">\n\t\t\t\t\t\t\t<img loading=\"lazy\" decoding=\"async\" width=\"896\" height=\"598\" src=\"https:\/\/clinicadentalmontsetimoneda.com\/wp-content\/uploads\/2019\/12\/odontopediatria.jpg\" class=\"attachment-full size-full wp-image-3262\" alt=\"\" srcset=\"https:\/\/clinicadentalmontsetimoneda.com\/wp-content\/uploads\/2019\/12\/odontopediatria.jpg 896w, https:\/\/clinicadentalmontsetimoneda.com\/wp-content\/uploads\/2019\/12\/odontopediatria-599x400.jpg 599w, https:\/\/clinicadentalmontsetimoneda.com\/wp-content\/uploads\/2019\/12\/odontopediatria-768x513.jpg 768w\" sizes=\"(max-width: 896px) 100vw, 896px\" \/>\t\t\t\t\t\t\t\t<\/a>\n\t\t\t\t\t\t\t\t\t\t\t\t\t\t\t<\/div>\n\t\t\t\t<\/div>\n\t\t\t\t<\/div>\n\t\t<div class=\"elementor-element elementor-element-483ad58 e-con-full e-flex e-con e-child\" data-id=\"483ad58\" data-element_type=\"container\" data-e-type=\"container\">\n\t\t\t\t<div class=\"elementor-element elementor-element-9663d3b elementor-widget elementor-widget-heading\" data-id=\"9663d3b\" data-element_type=\"widget\" data-e-type=\"widget\" data-widget_type=\"heading.default\">\n\t\t\t\t<div class=\"elementor-widget-container\">\n\t\t\t\t\t<h2 class=\"elementor-heading-title elementor-size-default\"><a href=\"https:\/\/clinicadentalmontsetimoneda.com\/ca\/odontologia-general\/rehabilitacio-mandibular\/\">REHABILITACI\u00d3 MANDIBULAR<\/a><\/h2>\t\t\t\t<\/div>\n\t\t\t\t<\/div>\n\t\t\t\t<div class=\"elementor-element elementor-element-9acf5a8 elementor-widget__width-inherit elementor-widget elementor-widget-image\" data-id=\"9acf5a8\" data-element_type=\"widget\" data-e-type=\"widget\" data-widget_type=\"image.default\">\n\t\t\t\t<div class=\"elementor-widget-container\">\n\t\t\t\t\t\t\t\t\t\t\t\t\t\t\t\t<a href=\"https:\/\/clinicadentalmontsetimoneda.com\/ca\/odontologia-general\/rehabilitacio-mandibular\/\">\n\t\t\t\t\t\t\t<img loading=\"lazy\" decoding=\"async\" width=\"896\" height=\"598\" src=\"https:\/\/clinicadentalmontsetimoneda.com\/wp-content\/uploads\/2024\/07\/rehabilitacion-mandibular-v3.jpg\" class=\"attachment-full size-full wp-image-12625\" alt=\"\" srcset=\"https:\/\/clinicadentalmontsetimoneda.com\/wp-content\/uploads\/2024\/07\/rehabilitacion-mandibular-v3.jpg 896w, https:\/\/clinicadentalmontsetimoneda.com\/wp-content\/uploads\/2024\/07\/rehabilitacion-mandibular-v3-599x400.jpg 599w, https:\/\/clinicadentalmontsetimoneda.com\/wp-content\/uploads\/2024\/07\/rehabilitacion-mandibular-v3-768x513.jpg 768w\" sizes=\"(max-width: 896px) 100vw, 896px\" \/>\t\t\t\t\t\t\t\t<\/a>\n\t\t\t\t\t\t\t\t\t\t\t\t\t\t\t<\/div>\n\t\t\t\t<\/div>\n\t\t\t\t<\/div>\n\t\t\t\t\t<\/div>\n\t\t\t\t<\/div>\n\t\t\t\t\t<\/div>\n\t\t\t\t<\/div>\n\t\t\t\t<\/div>\n\t\t\t\t<\/div>\n\t\t\t\t<\/div>\n\t\t","protected":false},"excerpt":{"rendered":"<p>Odontologia General La millor soluci\u00f3 al teu necessitat particular La vocaci\u00f3 de servei al Pacient s\u00f3n la nostra m\u00e0xima prioritat, i aix\u00f2 comporta que l&#8217;Odontologia General sigui un dels nostres segells d&#8217;identitat. Un mal de queixal, una higiene dental, peces que reparar, bruxisme. \u00bfApretes les dents al dormir? o qualsevol que sigui la teva situaci\u00f3 [&#8230;]\n","protected":false},"author":7,"featured_media":0,"parent":0,"menu_order":1,"comment_status":"closed","ping_status":"closed","template":"elementor_header_footer","meta":{"footnotes":""},"class_list":["post-12972","page","type-page","status-publish","hentry"],"yoast_head":"<!-- This site is optimized with the Yoast SEO plugin v27.3 - https:\/\/yoast.com\/product\/yoast-seo-wordpress\/ -->\n<title>Odontolog\u00eda General | Cl\u00ednica Dental Montse Timoneda<\/title>\n<meta name=\"description\" content=\"Cuida la teva salut bucal amb els serveis d&#039;odontologia general de Cl\u00ednica Dental Montse Timoneda. Prevenci\u00f3 i tractaments efectius.\" \/>\n<meta name=\"robots\" content=\"index, follow\" \/>\n<link rel=\"canonical\" href=\"https:\/\/clinicadentalmontsetimoneda.com\/ca\/odontologia-general\/\" \/>\n<meta property=\"og:locale\" content=\"ca_ES\" \/>\n<meta property=\"og:type\" content=\"article\" \/>\n<meta property=\"og:title\" content=\"Odontolog\u00eda General | Cl\u00ednica Dental Montse Timoneda\" \/>\n<meta property=\"og:description\" content=\"Cuida la teva salut bucal amb els serveis d&#039;odontologia general de Cl\u00ednica Dental Montse Timoneda. Prevenci\u00f3 i tractaments efectius.\" \/>\n<meta property=\"og:url\" content=\"https:\/\/clinicadentalmontsetimoneda.com\/ca\/odontologia-general\/\" \/>\n<meta property=\"og:site_name\" content=\"Montse Timoneda\" \/>\n<meta property=\"article:publisher\" content=\"https:\/\/es-es.facebook.com\/ClinicaDentalMontseTimoneda\/\" \/>\n<meta property=\"article:modified_time\" content=\"2025-02-20T09:18:49+00:00\" \/>\n<meta property=\"og:image\" content=\"https:\/\/clinicadentalmontsetimoneda.com\/wp-content\/uploads\/2020\/02\/MONTSE-SLIDER_GENERAL.jpg\" \/>\n\t<meta property=\"og:image:width\" content=\"1800\" \/>\n\t<meta property=\"og:image:height\" content=\"542\" \/>\n\t<meta property=\"og:image:type\" content=\"image\/jpeg\" \/>\n<meta name=\"twitter:card\" content=\"summary_large_image\" \/>\n<meta name=\"twitter:label1\" content=\"Temps estimat de lectura\" \/>\n\t<meta name=\"twitter:data1\" content=\"1 minut\" \/>\n<script type=\"application\/ld+json\" class=\"yoast-schema-graph\">{\"@context\":\"https:\\\/\\\/schema.org\",\"@graph\":[{\"@type\":\"WebPage\",\"@id\":\"https:\\\/\\\/clinicadentalmontsetimoneda.com\\\/ca\\\/odontologia-general\\\/\",\"url\":\"https:\\\/\\\/clinicadentalmontsetimoneda.com\\\/ca\\\/odontologia-general\\\/\",\"name\":\"Odontolog\u00eda General | Cl\u00ednica Dental Montse Timoneda\",\"isPartOf\":{\"@id\":\"https:\\\/\\\/clinicadentalmontsetimoneda.com\\\/ca\\\/#website\"},\"primaryImageOfPage\":{\"@id\":\"https:\\\/\\\/clinicadentalmontsetimoneda.com\\\/ca\\\/odontologia-general\\\/#primaryimage\"},\"image\":{\"@id\":\"https:\\\/\\\/clinicadentalmontsetimoneda.com\\\/ca\\\/odontologia-general\\\/#primaryimage\"},\"thumbnailUrl\":\"https:\\\/\\\/clinicadentalmontsetimoneda.com\\\/wp-content\\\/uploads\\\/2020\\\/02\\\/MONTSE-SLIDER_GENERAL-1400x422.jpg\",\"datePublished\":\"2024-07-19T08:28:12+00:00\",\"dateModified\":\"2025-02-20T09:18:49+00:00\",\"description\":\"Cuida la teva salut bucal amb els serveis d'odontologia general de Cl\u00ednica Dental Montse Timoneda. Prevenci\u00f3 i tractaments efectius.\",\"breadcrumb\":{\"@id\":\"https:\\\/\\\/clinicadentalmontsetimoneda.com\\\/ca\\\/odontologia-general\\\/#breadcrumb\"},\"inLanguage\":\"ca\",\"potentialAction\":[{\"@type\":\"ReadAction\",\"target\":[\"https:\\\/\\\/clinicadentalmontsetimoneda.com\\\/ca\\\/odontologia-general\\\/\"]}]},{\"@type\":\"ImageObject\",\"inLanguage\":\"ca\",\"@id\":\"https:\\\/\\\/clinicadentalmontsetimoneda.com\\\/ca\\\/odontologia-general\\\/#primaryimage\",\"url\":\"https:\\\/\\\/clinicadentalmontsetimoneda.com\\\/wp-content\\\/uploads\\\/2020\\\/02\\\/MONTSE-SLIDER_GENERAL-1400x422.jpg\",\"contentUrl\":\"https:\\\/\\\/clinicadentalmontsetimoneda.com\\\/wp-content\\\/uploads\\\/2020\\\/02\\\/MONTSE-SLIDER_GENERAL-1400x422.jpg\"},{\"@type\":\"BreadcrumbList\",\"@id\":\"https:\\\/\\\/clinicadentalmontsetimoneda.com\\\/ca\\\/odontologia-general\\\/#breadcrumb\",\"itemListElement\":[{\"@type\":\"ListItem\",\"position\":1,\"name\":\"Portada\",\"item\":\"https:\\\/\\\/clinicadentalmontsetimoneda.com\\\/ca\\\/\"},{\"@type\":\"ListItem\",\"position\":2,\"name\":\"Odontologia General\"}]},{\"@type\":\"WebSite\",\"@id\":\"https:\\\/\\\/clinicadentalmontsetimoneda.com\\\/ca\\\/#website\",\"url\":\"https:\\\/\\\/clinicadentalmontsetimoneda.com\\\/ca\\\/\",\"name\":\"Montse Timoneda\",\"description\":\"Cl\u00ednica dental  | Tarragona\",\"publisher\":{\"@id\":\"https:\\\/\\\/clinicadentalmontsetimoneda.com\\\/ca\\\/#organization\"},\"potentialAction\":[{\"@type\":\"SearchAction\",\"target\":{\"@type\":\"EntryPoint\",\"urlTemplate\":\"https:\\\/\\\/clinicadentalmontsetimoneda.com\\\/ca\\\/?s={search_term_string}\"},\"query-input\":{\"@type\":\"PropertyValueSpecification\",\"valueRequired\":true,\"valueName\":\"search_term_string\"}}],\"inLanguage\":\"ca\"},{\"@type\":\"Organization\",\"@id\":\"https:\\\/\\\/clinicadentalmontsetimoneda.com\\\/ca\\\/#organization\",\"name\":\"Clinica Dental Montse Timoneda\",\"url\":\"https:\\\/\\\/clinicadentalmontsetimoneda.com\\\/ca\\\/\",\"logo\":{\"@type\":\"ImageObject\",\"inLanguage\":\"ca\",\"@id\":\"https:\\\/\\\/clinicadentalmontsetimoneda.com\\\/ca\\\/#\\\/schema\\\/logo\\\/image\\\/\",\"url\":\"https:\\\/\\\/clinicadentalmontsetimoneda.com\\\/wp-content\\\/uploads\\\/2024\\\/05\\\/Logo-central.svg\",\"contentUrl\":\"https:\\\/\\\/clinicadentalmontsetimoneda.com\\\/wp-content\\\/uploads\\\/2024\\\/05\\\/Logo-central.svg\",\"width\":515,\"height\":110,\"caption\":\"Clinica Dental Montse Timoneda\"},\"image\":{\"@id\":\"https:\\\/\\\/clinicadentalmontsetimoneda.com\\\/ca\\\/#\\\/schema\\\/logo\\\/image\\\/\"},\"sameAs\":[\"https:\\\/\\\/es-es.facebook.com\\\/ClinicaDentalMontseTimoneda\\\/\",\"https:\\\/\\\/www.instagram.com\\\/cd.montsetimoneda\\\/\",\"https:\\\/\\\/www.youtube.com\\\/channel\\\/UCBohbjYo6D3kp365Fs68cGw\"]}]}<\/script>\n<!-- \/ Yoast SEO plugin. -->","yoast_head_json":{"title":"Odontolog\u00eda General | Cl\u00ednica Dental Montse Timoneda","description":"Cuida la teva salut bucal amb els serveis d'odontologia general de Cl\u00ednica Dental Montse Timoneda. Prevenci\u00f3 i tractaments efectius.","robots":{"index":"index","follow":"follow"},"canonical":"https:\/\/clinicadentalmontsetimoneda.com\/ca\/odontologia-general\/","og_locale":"ca_ES","og_type":"article","og_title":"Odontolog\u00eda General | Cl\u00ednica Dental Montse Timoneda","og_description":"Cuida la teva salut bucal amb els serveis d'odontologia general de Cl\u00ednica Dental Montse Timoneda. Prevenci\u00f3 i tractaments efectius.","og_url":"https:\/\/clinicadentalmontsetimoneda.com\/ca\/odontologia-general\/","og_site_name":"Montse Timoneda","article_publisher":"https:\/\/es-es.facebook.com\/ClinicaDentalMontseTimoneda\/","article_modified_time":"2025-02-20T09:18:49+00:00","og_image":[{"width":1800,"height":542,"url":"https:\/\/clinicadentalmontsetimoneda.com\/wp-content\/uploads\/2020\/02\/MONTSE-SLIDER_GENERAL.jpg","type":"image\/jpeg"}],"twitter_card":"summary_large_image","twitter_misc":{"Temps estimat de lectura":"1 minut"},"schema":{"@context":"https:\/\/schema.org","@graph":[{"@type":"WebPage","@id":"https:\/\/clinicadentalmontsetimoneda.com\/ca\/odontologia-general\/","url":"https:\/\/clinicadentalmontsetimoneda.com\/ca\/odontologia-general\/","name":"Odontolog\u00eda General | Cl\u00ednica Dental Montse Timoneda","isPartOf":{"@id":"https:\/\/clinicadentalmontsetimoneda.com\/ca\/#website"},"primaryImageOfPage":{"@id":"https:\/\/clinicadentalmontsetimoneda.com\/ca\/odontologia-general\/#primaryimage"},"image":{"@id":"https:\/\/clinicadentalmontsetimoneda.com\/ca\/odontologia-general\/#primaryimage"},"thumbnailUrl":"https:\/\/clinicadentalmontsetimoneda.com\/wp-content\/uploads\/2020\/02\/MONTSE-SLIDER_GENERAL-1400x422.jpg","datePublished":"2024-07-19T08:28:12+00:00","dateModified":"2025-02-20T09:18:49+00:00","description":"Cuida la teva salut bucal amb els serveis d'odontologia general de Cl\u00ednica Dental Montse Timoneda. Prevenci\u00f3 i tractaments efectius.","breadcrumb":{"@id":"https:\/\/clinicadentalmontsetimoneda.com\/ca\/odontologia-general\/#breadcrumb"},"inLanguage":"ca","potentialAction":[{"@type":"ReadAction","target":["https:\/\/clinicadentalmontsetimoneda.com\/ca\/odontologia-general\/"]}]},{"@type":"ImageObject","inLanguage":"ca","@id":"https:\/\/clinicadentalmontsetimoneda.com\/ca\/odontologia-general\/#primaryimage","url":"https:\/\/clinicadentalmontsetimoneda.com\/wp-content\/uploads\/2020\/02\/MONTSE-SLIDER_GENERAL-1400x422.jpg","contentUrl":"https:\/\/clinicadentalmontsetimoneda.com\/wp-content\/uploads\/2020\/02\/MONTSE-SLIDER_GENERAL-1400x422.jpg"},{"@type":"BreadcrumbList","@id":"https:\/\/clinicadentalmontsetimoneda.com\/ca\/odontologia-general\/#breadcrumb","itemListElement":[{"@type":"ListItem","position":1,"name":"Portada","item":"https:\/\/clinicadentalmontsetimoneda.com\/ca\/"},{"@type":"ListItem","position":2,"name":"Odontologia General"}]},{"@type":"WebSite","@id":"https:\/\/clinicadentalmontsetimoneda.com\/ca\/#website","url":"https:\/\/clinicadentalmontsetimoneda.com\/ca\/","name":"Montse Timoneda","description":"Cl\u00ednica dental  | Tarragona","publisher":{"@id":"https:\/\/clinicadentalmontsetimoneda.com\/ca\/#organization"},"potentialAction":[{"@type":"SearchAction","target":{"@type":"EntryPoint","urlTemplate":"https:\/\/clinicadentalmontsetimoneda.com\/ca\/?s={search_term_string}"},"query-input":{"@type":"PropertyValueSpecification","valueRequired":true,"valueName":"search_term_string"}}],"inLanguage":"ca"},{"@type":"Organization","@id":"https:\/\/clinicadentalmontsetimoneda.com\/ca\/#organization","name":"Clinica Dental Montse Timoneda","url":"https:\/\/clinicadentalmontsetimoneda.com\/ca\/","logo":{"@type":"ImageObject","inLanguage":"ca","@id":"https:\/\/clinicadentalmontsetimoneda.com\/ca\/#\/schema\/logo\/image\/","url":"https:\/\/clinicadentalmontsetimoneda.com\/wp-content\/uploads\/2024\/05\/Logo-central.svg","contentUrl":"https:\/\/clinicadentalmontsetimoneda.com\/wp-content\/uploads\/2024\/05\/Logo-central.svg","width":515,"height":110,"caption":"Clinica Dental Montse Timoneda"},"image":{"@id":"https:\/\/clinicadentalmontsetimoneda.com\/ca\/#\/schema\/logo\/image\/"},"sameAs":["https:\/\/es-es.facebook.com\/ClinicaDentalMontseTimoneda\/","https:\/\/www.instagram.com\/cd.montsetimoneda\/","https:\/\/www.youtube.com\/channel\/UCBohbjYo6D3kp365Fs68cGw"]}]}},"_links":{"self":[{"href":"https:\/\/clinicadentalmontsetimoneda.com\/ca\/wp-json\/wp\/v2\/pages\/12972","targetHints":{"allow":["GET"]}}],"collection":[{"href":"https:\/\/clinicadentalmontsetimoneda.com\/ca\/wp-json\/wp\/v2\/pages"}],"about":[{"href":"https:\/\/clinicadentalmontsetimoneda.com\/ca\/wp-json\/wp\/v2\/types\/page"}],"author":[{"embeddable":true,"href":"https:\/\/clinicadentalmontsetimoneda.com\/ca\/wp-json\/wp\/v2\/users\/7"}],"replies":[{"embeddable":true,"href":"https:\/\/clinicadentalmontsetimoneda.com\/ca\/wp-json\/wp\/v2\/comments?post=12972"}],"version-history":[{"count":18,"href":"https:\/\/clinicadentalmontsetimoneda.com\/ca\/wp-json\/wp\/v2\/pages\/12972\/revisions"}],"predecessor-version":[{"id":16762,"href":"https:\/\/clinicadentalmontsetimoneda.com\/ca\/wp-json\/wp\/v2\/pages\/12972\/revisions\/16762"}],"wp:attachment":[{"href":"https:\/\/clinicadentalmontsetimoneda.com\/ca\/wp-json\/wp\/v2\/media?parent=12972"}],"curies":[{"name":"wp","href":"https:\/\/api.w.org\/{rel}","templated":true}]}}