{"id":12968,"date":"2024-06-27T11:30:39","date_gmt":"2024-06-27T11:30:39","guid":{"rendered":"https:\/\/clinicadentalmontsetimoneda.plesk.myfocus.es\/?page_id=12968"},"modified":"2025-02-20T10:59:11","modified_gmt":"2025-02-20T10:59:11","slug":"blanquejament-dental","status":"publish","type":"page","link":"https:\/\/clinicadentalmontsetimoneda.com\/ca\/estetica-dental\/blanquejament-dental\/","title":{"rendered":"Blanquejament dental"},"content":{"rendered":"\t\t<div data-elementor-type=\"wp-page\" data-elementor-id=\"12968\" class=\"elementor elementor-12968 elementor-11789\" data-elementor-post-type=\"page\">\n\t\t\t\t<div class=\"elementor-element elementor-element-b409d1a e-con-full no-padding-block no-padding-inline e-flex e-con e-parent\" data-id=\"b409d1a\" data-element_type=\"container\" data-e-type=\"container\">\n\t\t<div class=\"elementor-element elementor-element-61ba08d e-con-full no-padding-block no-padding-inline e-flex e-con e-child\" data-id=\"61ba08d\" data-element_type=\"container\" data-e-type=\"container\" data-settings=\"{&quot;background_background&quot;:&quot;classic&quot;}\">\n\t\t\t\t<div class=\"elementor-element elementor-element-e418f57 elementor-widget__width-inherit elementor-widget elementor-widget-image\" data-id=\"e418f57\" data-element_type=\"widget\" data-e-type=\"widget\" data-widget_type=\"image.default\">\n\t\t\t\t<div class=\"elementor-widget-container\">\n\t\t\t\t\t\t\t\t\t\t\t\t\t\t\t<img fetchpriority=\"high\" decoding=\"async\" width=\"1020\" height=\"680\" src=\"https:\/\/clinicadentalmontsetimoneda.com\/wp-content\/uploads\/2025\/01\/TECNOLOGIA-_-blanqueamiento-dental-2-1200x800.jpg\" class=\"attachment-large size-large wp-image-14810\" alt=\"\" srcset=\"https:\/\/clinicadentalmontsetimoneda.com\/wp-content\/uploads\/2025\/01\/TECNOLOGIA-_-blanqueamiento-dental-2-1200x800.jpg 1200w, https:\/\/clinicadentalmontsetimoneda.com\/wp-content\/uploads\/2025\/01\/TECNOLOGIA-_-blanqueamiento-dental-2-600x400.jpg 600w, https:\/\/clinicadentalmontsetimoneda.com\/wp-content\/uploads\/2025\/01\/TECNOLOGIA-_-blanqueamiento-dental-2-768x512.jpg 768w, https:\/\/clinicadentalmontsetimoneda.com\/wp-content\/uploads\/2025\/01\/TECNOLOGIA-_-blanqueamiento-dental-2-1536x1024.jpg 1536w, https:\/\/clinicadentalmontsetimoneda.com\/wp-content\/uploads\/2025\/01\/TECNOLOGIA-_-blanqueamiento-dental-2.jpg 2000w\" sizes=\"(max-width: 1020px) 100vw, 1020px\" \/>\t\t\t\t\t\t\t\t\t\t\t\t\t\t\t<\/div>\n\t\t\t\t<\/div>\n\t\t\t\t<div class=\"elementor-element elementor-element-d227bea elementor-widget__width-inherit elementor-widget elementor-widget-image\" data-id=\"d227bea\" data-element_type=\"widget\" data-e-type=\"widget\" data-widget_type=\"image.default\">\n\t\t\t\t<div class=\"elementor-widget-container\">\n\t\t\t\t\t\t\t\t\t\t\t\t\t\t\t<img decoding=\"async\" width=\"390\" height=\"784\" src=\"https:\/\/clinicadentalmontsetimoneda.com\/wp-content\/uploads\/2025\/01\/blanqueamiento_hero_mobile.jpg\" class=\"attachment-large size-large wp-image-14806\" alt=\"\" srcset=\"https:\/\/clinicadentalmontsetimoneda.com\/wp-content\/uploads\/2025\/01\/blanqueamiento_hero_mobile.jpg 390w, https:\/\/clinicadentalmontsetimoneda.com\/wp-content\/uploads\/2025\/01\/blanqueamiento_hero_mobile-199x400.jpg 199w\" sizes=\"(max-width: 390px) 100vw, 390px\" \/>\t\t\t\t\t\t\t\t\t\t\t\t\t\t\t<\/div>\n\t\t\t\t<\/div>\n\t\t<div class=\"elementor-element elementor-element-506010c e-con-full e-flex e-con e-child\" data-id=\"506010c\" data-element_type=\"container\" data-e-type=\"container\" data-settings=\"{&quot;background_background&quot;:&quot;classic&quot;}\">\n\t\t\t\t<div class=\"elementor-element elementor-element-4742b98 elementor-align-left elementor-widget elementor-widget-breadcrumbs\" data-id=\"4742b98\" data-element_type=\"widget\" data-e-type=\"widget\" data-widget_type=\"breadcrumbs.default\">\n\t\t\t\t<div class=\"elementor-widget-container\">\n\t\t\t\t\t<p id=\"breadcrumbs\"><span><span><a href=\"https:\/\/clinicadentalmontsetimoneda.com\/ca\/\">Portada<\/a><\/span><\/span><\/p>\t\t\t\t<\/div>\n\t\t\t\t<\/div>\n\t\t\t\t<div class=\"elementor-element elementor-element-5ac3529 elementor-widget-mobile__width-initial elementor-widget elementor-widget-heading\" data-id=\"5ac3529\" data-element_type=\"widget\" data-e-type=\"widget\" data-widget_type=\"heading.default\">\n\t\t\t\t<div class=\"elementor-widget-container\">\n\t\t\t\t\t<h1 class=\"elementor-heading-title elementor-size-default\">Blanquejament Dental<\/h1>\t\t\t\t<\/div>\n\t\t\t\t<\/div>\n\t\t\t\t<div class=\"elementor-element elementor-element-6744d8f elementor-widget elementor-widget-text-editor\" data-id=\"6744d8f\" data-element_type=\"widget\" data-e-type=\"widget\" data-widget_type=\"text-editor.default\">\n\t\t\t\t<div class=\"elementor-widget-container\">\n\t\t\t\t\t\t\t\t\t<p><span style=\"font-weight: 400;\">Tot el que necessites saber abans d\u00b4aclarir les teves dents.<\/span><\/p>\t\t\t\t\t\t\t\t<\/div>\n\t\t\t\t<\/div>\n\t\t\t\t<\/div>\n\t\t\t\t<\/div>\n\t\t<div class=\"elementor-element elementor-element-4beaba2 e-con-full e-flex e-con e-child\" data-id=\"4beaba2\" data-element_type=\"container\" data-e-type=\"container\" data-settings=\"{&quot;background_background&quot;:&quot;classic&quot;}\">\n\t\t<div class=\"elementor-element elementor-element-2472d43 e-con-full e-flex e-con e-child\" data-id=\"2472d43\" data-element_type=\"container\" data-e-type=\"container\">\n\t\t\t\t<div class=\"elementor-element elementor-element-25cab29 elementor-widget elementor-widget-text-editor\" data-id=\"25cab29\" data-element_type=\"widget\" data-e-type=\"widget\" data-widget_type=\"text-editor.default\">\n\t\t\t\t<div class=\"elementor-widget-container\">\n\t\t\t\t\t\t\t\t\t<h3><b>Un somriure brillant i radiant \u00e9s el desig de tothom<\/b><\/h3><p><span style=\"font-weight: 400;\">El <\/span><b>blanquejament dental<\/b><span style=\"font-weight: 400;\"> \u00e9s un <\/span><b>procediment odontol\u00f2gic cada cop m\u00e9s popular<\/b><span style=\"font-weight: 400;\"> que pot ajudar-te a aconseguir <\/span><b>un aspecte llumin\u00f3s i juvenil<\/b><span style=\"font-weight: 400;\"> per a les teves dents.<\/span><\/p><p><span style=\"font-weight: 400;\">Amb el pas del temps, factors com:<\/span><span style=\"font-weight: 400;\"><br \/><\/span><span style=\"font-weight: 400;\"> \u2714 El consum d\u2019<\/span><b>aliments i begudes amb pigments<\/b><b><br \/><\/b><span style=\"font-weight: 400;\"> \u2714 El <\/span><b>tabac<\/b><b><br \/><\/b><span style=\"font-weight: 400;\"> \u2714 L\u2019<\/span><b>envelliment natural<\/b><\/p><p><span style=\"font-weight: 400;\">poden fer que les nostres dents es tornin <\/span><b>m\u00e9s opaques i groguenques<\/b><span style=\"font-weight: 400;\">.<\/span><\/p><p><b>Per\u00f2 gr\u00e0cies als aven\u00e7os en odontologia est\u00e8tica, avui tenim la possibilitat de revertir aquests efectes i recuperar un somriure deslumbrant!<\/b><\/p>\t\t\t\t\t\t\t\t<\/div>\n\t\t\t\t<\/div>\n\t\t\t\t<\/div>\n\t\t\t\t<div class=\"elementor-element elementor-element-142aa95 elementor-widget__width-initial elementor-widget elementor-widget-image\" data-id=\"142aa95\" data-element_type=\"widget\" data-e-type=\"widget\" data-widget_type=\"image.default\">\n\t\t\t\t<div class=\"elementor-widget-container\">\n\t\t\t\t\t\t\t\t\t\t\t\t\t\t\t<img decoding=\"async\" width=\"1000\" height=\"667\" src=\"https:\/\/clinicadentalmontsetimoneda.com\/wp-content\/uploads\/2025\/01\/recurso-blanqueamiento-v2.jpg\" class=\"attachment-full size-full wp-image-14808\" alt=\"\" srcset=\"https:\/\/clinicadentalmontsetimoneda.com\/wp-content\/uploads\/2025\/01\/recurso-blanqueamiento-v2.jpg 1000w, https:\/\/clinicadentalmontsetimoneda.com\/wp-content\/uploads\/2025\/01\/recurso-blanqueamiento-v2-600x400.jpg 600w, https:\/\/clinicadentalmontsetimoneda.com\/wp-content\/uploads\/2025\/01\/recurso-blanqueamiento-v2-768x512.jpg 768w\" sizes=\"(max-width: 1000px) 100vw, 1000px\" \/>\t\t\t\t\t\t\t\t\t\t\t\t\t\t\t<\/div>\n\t\t\t\t<\/div>\n\t\t\t\t<\/div>\n\t\t<div class=\"elementor-element elementor-element-1f49797 e-con-full e-flex e-con e-child\" data-id=\"1f49797\" data-element_type=\"container\" data-e-type=\"container\" data-settings=\"{&quot;background_background&quot;:&quot;classic&quot;}\">\n\t\t\t\t<div class=\"elementor-element elementor-element-7b44c1e elementor-widget__width-initial elementor-widget elementor-widget-text-editor\" data-id=\"7b44c1e\" data-element_type=\"widget\" data-e-type=\"widget\" data-widget_type=\"text-editor.default\">\n\t\t\t\t<div class=\"elementor-widget-container\">\n\t\t\t\t\t\t\t\t\t<p>Qu\u00e8 \u00e9s el blanquejament dental?<\/p>\t\t\t\t\t\t\t\t<\/div>\n\t\t\t\t<\/div>\n\t\t\t\t<div class=\"elementor-element elementor-element-b39971a elementor-widget__width-initial elementor-widget elementor-widget-text-editor\" data-id=\"b39971a\" data-element_type=\"widget\" data-e-type=\"widget\" data-widget_type=\"text-editor.default\">\n\t\t\t\t<div class=\"elementor-widget-container\">\n\t\t\t\t\t\t\t\t\t<p>El blanquejament dental \u00e9s un tractament odontol\u00f2gic que s\u2019utilitza per aclarir les dents i reduir les taques causades per nombrosos factors. A trav\u00e9s de la utilitzaci\u00f3 de diversos productes qu\u00edmics, el blanquejament dental pot millorar significativament el to de les dents i la seva aparen\u00e7a general.<br \/>Aquest procediment ha de ser realitzat i supervisat per un especialista, i \u00e9s important destacar que no tots els tipus de taques poden eliminar-se amb aquest tractament.<br \/>Hi ha diferents tipus de blanquejament dental, com el blanquejament extern (sobre dents vitals), el m\u00e8tode LED, o el blanquejament a casa amb f\u00e8rules personalitzades.<br \/>El tractament \u00e9s r\u00e0pid i indolor, i des de Cl\u00ednica Dental Montse Timoneda, suggerim fer pr\u00e8viament una revisi\u00f3 completa de la salut bucodental per assegurar-se que les dents estan preparades per al tractament i que no hi ha cap patologia pr\u00e8via que pugui afectar els resultats del blanquejament.<br \/>Per obtenir resultats duradors, \u00e9s fonamental seguir les recomanacions del teu odont\u00f2leg especialista i practicar una bona higiene bucodental.<br \/>A nivell est\u00e8tic, cal destacar que tamb\u00e9 existeixen altres tractaments dentals, com les carilles o l\u2019ortod\u00f2ncia, per millorar l\u2019aspecte de les dents. En alguns casos, les carilles poden ser l\u2019\u00fanica alternativa per corregir els problemes de decoloraci\u00f3 dental.<\/p>\t\t\t\t\t\t\t\t<\/div>\n\t\t\t\t<\/div>\n\t\t\t\t<\/div>\n\t\t<div class=\"elementor-element elementor-element-490614f e-con-full e-flex e-con e-child\" data-id=\"490614f\" data-element_type=\"container\" data-e-type=\"container\" data-settings=\"{&quot;background_background&quot;:&quot;classic&quot;}\">\n\t\t<div class=\"elementor-element elementor-element-ecbd193 e-con-full e-flex e-con e-child\" data-id=\"ecbd193\" data-element_type=\"container\" data-e-type=\"container\">\n\t\t\t\t<div class=\"elementor-element elementor-element-5ce30e1 elementor-widget elementor-widget-heading\" data-id=\"5ce30e1\" data-element_type=\"widget\" data-e-type=\"widget\" data-widget_type=\"heading.default\">\n\t\t\t\t<div class=\"elementor-widget-container\">\n\t\t\t\t\t<h2 class=\"elementor-heading-title elementor-size-default\">Avantatges d'un Blanquejament Dental<\/h2>\t\t\t\t<\/div>\n\t\t\t\t<\/div>\n\t\t<div class=\"elementor-element elementor-element-2eb66e6 e-con-full e-flex e-con e-child\" data-id=\"2eb66e6\" data-element_type=\"container\" data-e-type=\"container\">\n\t\t\t\t<div class=\"elementor-element elementor-element-0dabe97 elementor-widget__width-initial elementor-widget elementor-widget-text-editor\" data-id=\"0dabe97\" data-element_type=\"widget\" data-e-type=\"widget\" data-widget_type=\"text-editor.default\">\n\t\t\t\t<div class=\"elementor-widget-container\">\n\t\t\t\t\t\t\t\t\t<p>El blanquejament dental \u00e9s un dels tractaments m\u00e9s populars de l\u2019est\u00e8tica dental gr\u00e0cies als seus m\u00faltiples beneficis. A continuaci\u00f3, detallem algunes de les seves avantatges:<\/p><ul><li style=\"list-style-type: none;\"><ul><li><p><strong>Millora l\u2019est\u00e8tica dental<\/strong><br \/>El principal benefici del blanquejament dental \u00e9s que millora l\u2019aspecte de les dents, deixant-les m\u00e9s blanques i brillants. Aix\u00f2 pot tenir un gran impacte en l\u2019autoestima i en la confian\u00e7a en un mateix, ja que un somriure brillant i blanc pot fer que les persones es sentin m\u00e9s atractives.<\/p><\/li><li><strong>Resultats r\u00e0pids<\/strong><br \/>El blanquejament dental \u00e9s un procediment r\u00e0pid, que pot dur-se a terme en una sola sessi\u00f3 a la cl\u00ednica o a casa en uns dies, depenent del m\u00e8tode utilitzat. Els resultats s\u00f3n visibles immediatament, cosa que significa que els pacients poden gaudir d\u2019un somriure m\u00e9s blanc i llumin\u00f3s en poc temps.<\/li><li><strong>Millora la higiene bucodental<\/strong><br \/>Moltes persones que se sotmeten a un tractament de blanquejament dental tendeixen a cuidar m\u00e9s les seves dents i a mantenir una higiene bucodental m\u00e9s rigorosa per preservar els efectes del tractament. Aix\u00f2 pot ser benefici\u00f3s per a la salut dental en general i ajudar a prevenir futurs problemes dentals.<\/li><li><strong>\u00c9s un tractament segur<\/strong><br \/>El blanquejament dental \u00e9s un tractament segur i efectiu si es realitza per un professional en una cl\u00ednica dental o sota la seva supervisi\u00f3 a casa. L\u2019especialista pot avaluar l\u2019estat de les dents i assegurar-se que el tractament \u00e9s adequat per al pacient, evitant qualsevol risc per a la salut dental.<\/li><\/ul><\/li><\/ul><p>El blanquejament dental \u00e9s un tractament est\u00e8tic que es pot combinar amb altres tractaments dentals per millorar encara m\u00e9s l\u2019est\u00e8tica dental. Per exemple, pot ser un bon complement per a l\u2019ortod\u00f2ncia o els implants dentals.<\/p>\t\t\t\t\t\t\t\t<\/div>\n\t\t\t\t<\/div>\n\t\t\t\t<\/div>\n\t\t\t\t<\/div>\n\t\t\t\t<\/div>\n\t\t<div class=\"elementor-element elementor-element-9dca752 e-con-full e-flex e-con e-child\" data-id=\"9dca752\" data-element_type=\"container\" data-e-type=\"container\" data-settings=\"{&quot;background_background&quot;:&quot;classic&quot;}\">\n\t\t\t\t<div class=\"elementor-element elementor-element-566f6b0 elementor-widget elementor-widget-heading\" data-id=\"566f6b0\" data-element_type=\"widget\" data-e-type=\"widget\" data-widget_type=\"heading.default\">\n\t\t\t\t<div class=\"elementor-widget-container\">\n\t\t\t\t\t<h2 class=\"elementor-heading-title elementor-size-default\">Abans i Despr\u00e9s d'un blanquejament  dental<\/h2>\t\t\t\t<\/div>\n\t\t\t\t<\/div>\n\t\t<div class=\"elementor-element elementor-element-a1133ad e-con-full e-flex e-con e-child\" data-id=\"a1133ad\" data-element_type=\"container\" data-e-type=\"container\">\n\t\t<div class=\"elementor-element elementor-element-2c7b7df e-grid e-con-boxed e-con e-child\" data-id=\"2c7b7df\" data-element_type=\"container\" data-e-type=\"container\">\n\t\t\t\t\t<div class=\"e-con-inner\">\n\t\t<div class=\"elementor-element elementor-element-5d6709b e-con-full e-flex e-con e-child\" data-id=\"5d6709b\" data-element_type=\"container\" data-e-type=\"container\">\n\t\t\t\t<div class=\"elementor-element elementor-element-17d9c78 elementor-widget elementor-widget-twenty20_widget\" data-id=\"17d9c78\" data-element_type=\"widget\" data-e-type=\"widget\" data-widget_type=\"twenty20_widget.default\">\n\t\t\t\t<div class=\"elementor-widget-container\">\n\t\t\t\t\t<div id=\"twenty20-1\" class=\"twenty20\" style=\"width: 100% !important; clear: both;\"><div class=\"twentytwenty-container twenty20-1 \"><img decoding=\"async\" src=\"https:\/\/clinicadentalmontsetimoneda.com\/wp-content\/uploads\/2020\/02\/blanquea_antes.jpg\" alt=\"Before image\" \/><img decoding=\"async\" src=\"https:\/\/clinicadentalmontsetimoneda.com\/wp-content\/uploads\/2020\/02\/blanquea_desp.jpg\" alt=\"After image\" \/><\/div><\/div>\t\t\t\t<\/div>\n\t\t\t\t<\/div>\n\t\t\t\t<div class=\"elementor-element elementor-element-bd05eb9 elementor-widget elementor-widget-text-editor\" data-id=\"bd05eb9\" data-element_type=\"widget\" data-e-type=\"widget\" data-widget_type=\"text-editor.default\">\n\t\t\t\t<div class=\"elementor-widget-container\">\n\t\t\t\t\t\t\t\t\t<p><strong>Cas 1 <\/strong>&#8211; Blanquejament Dental<\/p>\t\t\t\t\t\t\t\t<\/div>\n\t\t\t\t<\/div>\n\t\t\t\t<\/div>\n\t\t<div class=\"elementor-element elementor-element-015d268 e-con-full e-flex e-con e-child\" data-id=\"015d268\" data-element_type=\"container\" data-e-type=\"container\">\n\t\t\t\t<div class=\"elementor-element elementor-element-2f208e0 elementor-widget elementor-widget-twenty20_widget\" data-id=\"2f208e0\" data-element_type=\"widget\" data-e-type=\"widget\" data-widget_type=\"twenty20_widget.default\">\n\t\t\t\t<div class=\"elementor-widget-container\">\n\t\t\t\t\t<div id=\"twenty20-2\" class=\"twenty20\" style=\"width: 100% !important; clear: both;\"><div class=\"twentytwenty-container twenty20-2 \"><img decoding=\"async\" src=\"https:\/\/clinicadentalmontsetimoneda.com\/wp-content\/uploads\/2021\/04\/blanqueamiento-caso-2_antes.jpg\" alt=\"blanqueamiento caso 2_antes\" \/><img decoding=\"async\" src=\"https:\/\/clinicadentalmontsetimoneda.com\/wp-content\/uploads\/2021\/04\/blanqueamiento-caso-2_despues.jpg\" alt=\"blanqueamiento caso 2_despues\" \/><\/div><\/div>\t\t\t\t<\/div>\n\t\t\t\t<\/div>\n\t\t\t\t<div class=\"elementor-element elementor-element-a4574da elementor-widget elementor-widget-text-editor\" data-id=\"a4574da\" data-element_type=\"widget\" data-e-type=\"widget\" data-widget_type=\"text-editor.default\">\n\t\t\t\t<div class=\"elementor-widget-container\">\n\t\t\t\t\t\t\t\t\t<p><strong>Cas 2 <\/strong>&#8211; Blanquejament Dental<\/p>\t\t\t\t\t\t\t\t<\/div>\n\t\t\t\t<\/div>\n\t\t\t\t<\/div>\n\t\t<div class=\"elementor-element elementor-element-8a272bb e-con-full e-flex e-con e-child\" data-id=\"8a272bb\" data-element_type=\"container\" data-e-type=\"container\">\n\t\t\t\t<div class=\"elementor-element elementor-element-2293d53 elementor-widget elementor-widget-twenty20_widget\" data-id=\"2293d53\" data-element_type=\"widget\" data-e-type=\"widget\" data-widget_type=\"twenty20_widget.default\">\n\t\t\t\t<div class=\"elementor-widget-container\">\n\t\t\t\t\t<div id=\"twenty20-3\" class=\"twenty20\" style=\"width: 100% !important; clear: both;\"><div class=\"twentytwenty-container twenty20-3 \"><img decoding=\"async\" src=\"https:\/\/clinicadentalmontsetimoneda.com\/wp-content\/uploads\/2023\/08\/caso-3-antes-blanqueamiento-dental.jpg\" alt=\"caso 3 antes | blanqueamiento dental\" \/><img decoding=\"async\" src=\"https:\/\/clinicadentalmontsetimoneda.com\/wp-content\/uploads\/2023\/08\/caso-3-despues-blanqueamiento-dental.jpg\" alt=\"caso 3 despues | blanqueamiento dental\" \/><\/div><\/div>\t\t\t\t<\/div>\n\t\t\t\t<\/div>\n\t\t\t\t<div class=\"elementor-element elementor-element-4289735 elementor-widget elementor-widget-text-editor\" data-id=\"4289735\" data-element_type=\"widget\" data-e-type=\"widget\" data-widget_type=\"text-editor.default\">\n\t\t\t\t<div class=\"elementor-widget-container\">\n\t\t\t\t\t\t\t\t\t<p><strong>Cas 3 <\/strong>&#8211; Blanquejament Dental<\/p>\t\t\t\t\t\t\t\t<\/div>\n\t\t\t\t<\/div>\n\t\t\t\t<\/div>\n\t\t<div class=\"elementor-element elementor-element-bc23651 e-con-full e-flex e-con e-child\" data-id=\"bc23651\" data-element_type=\"container\" data-e-type=\"container\">\n\t\t\t\t<div class=\"elementor-element elementor-element-c24ff4b elementor-widget elementor-widget-twenty20_widget\" data-id=\"c24ff4b\" data-element_type=\"widget\" data-e-type=\"widget\" data-widget_type=\"twenty20_widget.default\">\n\t\t\t\t<div class=\"elementor-widget-container\">\n\t\t\t\t\t<div id=\"twenty20-4\" class=\"twenty20\" style=\"width: 100% !important; clear: both;\"><div class=\"twentytwenty-container twenty20-4 \"><img decoding=\"async\" src=\"https:\/\/clinicadentalmontsetimoneda.com\/wp-content\/uploads\/2023\/08\/caso-5-antes-blanqueamiento-dental.jpg\" alt=\"caso 5 antes | blanqueamiento dental\" \/><img decoding=\"async\" src=\"https:\/\/clinicadentalmontsetimoneda.com\/wp-content\/uploads\/2023\/08\/caso-5-despues-blanqueamiento-dental.jpg\" alt=\"caso 5 despues | blanqueamiento dental\" \/><\/div><\/div>\t\t\t\t<\/div>\n\t\t\t\t<\/div>\n\t\t\t\t<div class=\"elementor-element elementor-element-905072e elementor-widget elementor-widget-text-editor\" data-id=\"905072e\" data-element_type=\"widget\" data-e-type=\"widget\" data-widget_type=\"text-editor.default\">\n\t\t\t\t<div class=\"elementor-widget-container\">\n\t\t\t\t\t\t\t\t\t<p><strong>Cas 4 <\/strong>&#8211; Blanquejament Dental<\/p>\t\t\t\t\t\t\t\t<\/div>\n\t\t\t\t<\/div>\n\t\t\t\t<\/div>\n\t\t\t\t\t<\/div>\n\t\t\t\t<\/div>\n\t\t\t\t<\/div>\n\t\t\t\t<\/div>\n\t\t<div class=\"elementor-element elementor-element-a25fc3d e-con-full e-flex e-con e-child\" data-id=\"a25fc3d\" data-element_type=\"container\" data-e-type=\"container\" data-settings=\"{&quot;background_background&quot;:&quot;classic&quot;}\">\n\t\t<div class=\"elementor-element elementor-element-c117f9c e-con-full e-flex e-con e-child\" data-id=\"c117f9c\" data-element_type=\"container\" data-e-type=\"container\">\n\t\t\t\t<div class=\"elementor-element elementor-element-aa9ec39 elementor-widget__width-inherit elementor-widget elementor-widget-heading\" data-id=\"aa9ec39\" data-element_type=\"widget\" data-e-type=\"widget\" data-widget_type=\"heading.default\">\n\t\t\t\t<div class=\"elementor-widget-container\">\n\t\t\t\t\t<h2 class=\"elementor-heading-title elementor-size-default\">Tipus de Blanquejament dental<\/h2>\t\t\t\t<\/div>\n\t\t\t\t<\/div>\n\t\t<div class=\"elementor-element elementor-element-2179029 e-con-full e-flex e-con e-child\" data-id=\"2179029\" data-element_type=\"container\" data-e-type=\"container\">\n\t\t\t\t<div class=\"elementor-element elementor-element-7f542f4 elementor-widget elementor-widget-text-editor\" data-id=\"7f542f4\" data-element_type=\"widget\" data-e-type=\"widget\" data-widget_type=\"text-editor.default\">\n\t\t\t\t<div class=\"elementor-widget-container\">\n\t\t\t\t\t\t\t\t\t<p><span style=\"font-weight: 400;\">Existeixen diferents <\/span><b>m\u00e8todes de blanquejament dental<\/b><span style=\"font-weight: 400;\">. A continuaci\u00f3, detallem els m\u00e9s comuns:<\/span><\/p>\t\t\t\t\t\t\t\t<\/div>\n\t\t\t\t<\/div>\n\t\t\t\t<\/div>\n\t\t<div class=\"elementor-element elementor-element-4f22621 e-con-full e-flex e-con e-child\" data-id=\"4f22621\" data-element_type=\"container\" data-e-type=\"container\">\n\t\t\t\t<div class=\"elementor-element elementor-element-32585fe elementor-widget__width-inherit elementor-widget elementor-widget-heading\" data-id=\"32585fe\" data-element_type=\"widget\" data-e-type=\"widget\" data-widget_type=\"heading.default\">\n\t\t\t\t<div class=\"elementor-widget-container\">\n\t\t\t\t\t<h2 class=\"elementor-heading-title elementor-size-default\">Blanquejament dental a casa amb f\u00e8rules personalitzades<\/h2>\t\t\t\t<\/div>\n\t\t\t\t<\/div>\n\t\t\t\t<div class=\"elementor-element elementor-element-0ed69ce elementor-widget elementor-widget-text-editor\" data-id=\"0ed69ce\" data-element_type=\"widget\" data-e-type=\"widget\" data-widget_type=\"text-editor.default\">\n\t\t\t\t<div class=\"elementor-widget-container\">\n\t\t\t\t\t\t\t\t\t<p><span style=\"font-weight: 400;\">Aquest tipus de blanquejament es realitza <\/span><b>a casa<\/b><span style=\"font-weight: 400;\">, amb un <\/span><b>kit proporcionat per l\u2019odont\u00f2leg<\/b><span style=\"font-weight: 400;\">.<\/span><\/p><p><span style=\"font-weight: 400;\">\u00a0<\/span><b>Com funciona?<\/b><b><br \/><\/b><span style=\"font-weight: 400;\"> \u2714 El kit cont\u00e9 unes <\/span><b>f\u00e8rules fetes a mida<\/b><span style=\"font-weight: 400;\">, que s\u2019ajusten perfectament a la dentadura del pacient.<\/span><span style=\"font-weight: 400;\"><br \/><\/span><span style=\"font-weight: 400;\"> \u2714 Tamb\u00e9 inclou un <\/span><b>gel blanquejador<\/b><span style=\"font-weight: 400;\"> que s\u2019aplica sobre les f\u00e8rules.<\/span><span style=\"font-weight: 400;\"><br \/><\/span><span style=\"font-weight: 400;\"> \u2714 El pacient ha de portar-les posades <\/span><b>unes hores al dia<\/b><span style=\"font-weight: 400;\">, durant un temps determinat pel dentista, per aconseguir l\u2019efecte desitjat.<\/span><\/p><p><span style=\"font-weight: 400;\">\u00a0<\/span><b>\u00c9s important seguir les instruccions del professional i no prolongar el tractament m\u00e9s del temps indicat.<\/b><\/p>\t\t\t\t\t\t\t\t<\/div>\n\t\t\t\t<\/div>\n\t\t\t\t<\/div>\n\t\t<div class=\"elementor-element elementor-element-c4eaca8 e-con-full e-flex e-con e-child\" data-id=\"c4eaca8\" data-element_type=\"container\" data-e-type=\"container\">\n\t\t\t\t<div class=\"elementor-element elementor-element-385acf0 elementor-widget__width-inherit elementor-widget elementor-widget-heading\" data-id=\"385acf0\" data-element_type=\"widget\" data-e-type=\"widget\" data-widget_type=\"heading.default\">\n\t\t\t\t<div class=\"elementor-widget-container\">\n\t\t\t\t\t<h2 class=\"elementor-heading-title elementor-size-default\">Blanquejament dental amb l\u00e0mpada LED<\/h2>\t\t\t\t<\/div>\n\t\t\t\t<\/div>\n\t\t\t\t<div class=\"elementor-element elementor-element-e99d982 elementor-widget elementor-widget-text-editor\" data-id=\"e99d982\" data-element_type=\"widget\" data-e-type=\"widget\" data-widget_type=\"text-editor.default\">\n\t\t\t\t<div class=\"elementor-widget-container\">\n\t\t\t\t\t\t\t\t\t<p><span style=\"font-weight: 400;\">Aquest m\u00e8tode de blanquejament es realitza <\/span><b>a la cl\u00ednica dental<\/b><span style=\"font-weight: 400;\">.<\/span><\/p><p><b>Com funciona?<\/b><b><br \/><\/b><span style=\"font-weight: 400;\"> \u2714 L\u2019odont\u00f2leg aplica un <\/span><b>gel blanquejador de per\u00f2xid d\u2019hidrogen<\/b><span style=\"font-weight: 400;\"> sobre les dents del pacient.<\/span><span style=\"font-weight: 400;\"><br \/><\/span><span style=\"font-weight: 400;\"> \u2714 S\u2019utilitza una <\/span><b>llum LED o l\u00e0ser<\/b><span style=\"font-weight: 400;\"> per <\/span><b>activar el gel i accelerar el proc\u00e9s de blanquejament<\/b><span style=\"font-weight: 400;\">.<\/span><\/p><p><b>Avantatges:<\/b><b><br \/><\/b><span style=\"font-weight: 400;\"> \u2714 \u00c9s <\/span><b>m\u00e9s r\u00e0pid<\/b><span style=\"font-weight: 400;\"> que el blanquejament a casa.<\/span><span style=\"font-weight: 400;\"><br \/><\/span><b>Inconvenients:<\/b><b><br \/><\/b><span style=\"font-weight: 400;\"> \u2714 \u00c9s <\/span><b>m\u00e9s cost\u00f3s<\/b><span style=\"font-weight: 400;\">, depenent de la tecnologia utilitzada.<\/span><\/p>\t\t\t\t\t\t\t\t<\/div>\n\t\t\t\t<\/div>\n\t\t\t\t<\/div>\n\t\t<div class=\"elementor-element elementor-element-5c8df0e e-con-full e-flex e-con e-child\" data-id=\"5c8df0e\" data-element_type=\"container\" data-e-type=\"container\">\n\t\t\t\t<div class=\"elementor-element elementor-element-56c4880 elementor-widget__width-inherit elementor-widget elementor-widget-heading\" data-id=\"56c4880\" data-element_type=\"widget\" data-e-type=\"widget\" data-widget_type=\"heading.default\">\n\t\t\t\t<div class=\"elementor-widget-container\">\n\t\t\t\t\t<h2 class=\"elementor-heading-title elementor-size-default\">Blanquejament dental combinat<\/h2>\t\t\t\t<\/div>\n\t\t\t\t<\/div>\n\t\t\t\t<div class=\"elementor-element elementor-element-6dbda8c elementor-widget elementor-widget-text-editor\" data-id=\"6dbda8c\" data-element_type=\"widget\" data-e-type=\"widget\" data-widget_type=\"text-editor.default\">\n\t\t\t\t<div class=\"elementor-widget-container\">\n\t\t\t\t\t\t\t\t\t<p><span style=\"font-weight: 400;\">Aquest tractament combina <\/span><b>el blanquejament a casa<\/b><span style=\"font-weight: 400;\"> amb <\/span><b>el blanquejament amb l\u00e0mpada LED<\/b><span style=\"font-weight: 400;\">.<\/span><\/p><p><b>Com funciona?<\/b><b><br \/><\/b><span style=\"font-weight: 400;\">Primer, el pacient <\/span><b>fa el tractament a casa amb f\u00e8rules personalitzades<\/b><span style=\"font-weight: 400;\"> durant un per\u00edode determinat.<\/span><span style=\"font-weight: 400;\"><br \/><\/span><span style=\"font-weight: 400;\">Despr\u00e9s, es <\/span><b>completa el proc\u00e9s amb una sessi\u00f3 de blanquejament LED a la cl\u00ednica dental<\/b><span style=\"font-weight: 400;\">.<\/span><\/p><p><b>Avantatges:<\/b><b><br \/><\/b><span style=\"font-weight: 400;\"> \u2714 Resultats <\/span><b>m\u00e9s r\u00e0pids i duradors<\/b><span style=\"font-weight: 400;\"> que el blanquejament exclusivament a casa.<\/span><span style=\"font-weight: 400;\"><br \/><\/span><b>Inconvenients:<\/b><b><br \/><\/b><span style=\"font-weight: 400;\"> \u2714 <\/span><b>M\u00e9s cost\u00f3s<\/b><span style=\"font-weight: 400;\"> que el blanquejament domiciliari.<\/span><\/p>\t\t\t\t\t\t\t\t<\/div>\n\t\t\t\t<\/div>\n\t\t\t\t<\/div>\n\t\t\t\t<\/div>\n\t\t\t\t<\/div>\n\t\t<div class=\"elementor-element elementor-element-7b8abfa e-con-full e-flex e-con e-child\" data-id=\"7b8abfa\" data-element_type=\"container\" data-e-type=\"container\" data-settings=\"{&quot;background_background&quot;:&quot;classic&quot;}\">\n\t\t\t\t<div class=\"elementor-element elementor-element-079fd6b elementor-widget__width-initial elementor-widget elementor-widget-video\" data-id=\"079fd6b\" data-element_type=\"widget\" data-e-type=\"widget\" data-settings=\"{&quot;youtube_url&quot;:&quot;https:\\\/\\\/www.youtube.com\\\/embed\\\/Ov9zauoNn-Q&quot;,&quot;video_type&quot;:&quot;youtube&quot;,&quot;controls&quot;:&quot;yes&quot;}\" data-widget_type=\"video.default\">\n\t\t\t\t<div class=\"elementor-widget-container\">\n\t\t\t\t\t\t\t<div class=\"elementor-wrapper elementor-open-inline\">\n\t\t\t<div class=\"elementor-video\"><\/div>\t\t<\/div>\n\t\t\t\t\t\t<\/div>\n\t\t\t\t<\/div>\n\t\t<div class=\"elementor-element elementor-element-3f39acd e-con-full e-flex e-con e-child\" data-id=\"3f39acd\" data-element_type=\"container\" data-e-type=\"container\">\n\t\t\t\t<div class=\"elementor-element elementor-element-54c0c48 elementor-widget__width-initial elementor-widget elementor-widget-text-editor\" data-id=\"54c0c48\" data-element_type=\"widget\" data-e-type=\"widget\" data-widget_type=\"text-editor.default\">\n\t\t\t\t<div class=\"elementor-widget-container\">\n\t\t\t\t\t\t\t\t\t<p>Com es fa el blanquejament dental?<\/p>\t\t\t\t\t\t\t\t<\/div>\n\t\t\t\t<\/div>\n\t\t\t\t<div class=\"elementor-element elementor-element-a69df19 elementor-widget elementor-widget-text-editor\" data-id=\"a69df19\" data-element_type=\"widget\" data-e-type=\"widget\" data-widget_type=\"text-editor.default\">\n\t\t\t\t<div class=\"elementor-widget-container\">\n\t\t\t\t\t\t\t\t\t<p><span style=\"font-weight: 400;\">El <\/span><b>blanquejament dental<\/b><span style=\"font-weight: 400;\"> \u00e9s un <\/span><b>tractament est\u00e8tic<\/b><span style=\"font-weight: 400;\"> en qu\u00e8 s\u2019utilitzen <\/span><b>productes qu\u00edmics<\/b><span style=\"font-weight: 400;\"> per <\/span><b>aclarir les dents<\/b><span style=\"font-weight: 400;\"> i reduir les taques causades per l\u2019<\/span><b>alimentaci\u00f3<\/b><span style=\"font-weight: 400;\">, el <\/span><b>tabac<\/b><span style=\"font-weight: 400;\"> o l\u2019<\/span><b>envelliment<\/b><span style=\"font-weight: 400;\">.<\/span><\/p><p><span style=\"font-weight: 400;\">En aquesta secci\u00f3, explicarem els <\/span><b>m\u00e8todes m\u00e9s comuns<\/b><span style=\"font-weight: 400;\"> per dur a terme el <\/span><b>blanquejament dental<\/b><span style=\"font-weight: 400;\"> i els <\/span><b>cuidados posteriors<\/b><span style=\"font-weight: 400;\"> que ha de seguir el pacient, seguint <\/span><b>les nostres indicacions despr\u00e9s del tractament<\/b><span style=\"font-weight: 400;\">.<\/span><\/p>\t\t\t\t\t\t\t\t<\/div>\n\t\t\t\t<\/div>\n\t\t\t\t<\/div>\n\t\t\t\t<\/div>\n\t\t<div class=\"elementor-element elementor-element-fe5e8cb e-con-full e-flex e-con e-child\" data-id=\"fe5e8cb\" data-element_type=\"container\" data-e-type=\"container\">\n\t\t<div class=\"elementor-element elementor-element-8434983 e-con-full e-flex e-con e-child\" data-id=\"8434983\" data-element_type=\"container\" data-e-type=\"container\">\n\t\t\t\t<div class=\"elementor-element elementor-element-fd99892 elementor-widget elementor-widget-heading\" data-id=\"fd99892\" data-element_type=\"widget\" data-e-type=\"widget\" data-widget_type=\"heading.default\">\n\t\t\t\t<div class=\"elementor-widget-container\">\n\t\t\t\t\t<h2 class=\"elementor-heading-title elementor-size-default\">Procediment del blanquejament dental a la cl\u00ednica<\/h2>\t\t\t\t<\/div>\n\t\t\t\t<\/div>\n\t\t\t\t<div class=\"elementor-element elementor-element-a9956da elementor-widget__width-initial elementor-widget elementor-widget-text-editor\" data-id=\"a9956da\" data-element_type=\"widget\" data-e-type=\"widget\" data-widget_type=\"text-editor.default\">\n\t\t\t\t<div class=\"elementor-widget-container\">\n\t\t\t\t\t\t\t\t\t<p>El blanquejament dental en cl\u00ednica el realitza un especialista en una sola sessi\u00f3 d\u2019aproximadament 45 minuts.<br \/>Aquest m\u00e8tode \u00e9s el m\u00e9s r\u00e0pid i efectiu, ja que el professional pot controlar la concentraci\u00f3 del producte blanquejador i ajustar la intensitat de l\u2019activaci\u00f3 per aconseguir un to \u00f2ptim en les dents.<\/p>\t\t\t\t\t\t\t\t<\/div>\n\t\t\t\t<\/div>\n\t\t<div class=\"elementor-element elementor-element-1273deb e-grid e-con-full e-con e-child\" data-id=\"1273deb\" data-element_type=\"container\" data-e-type=\"container\">\n\t\t<div class=\"elementor-element elementor-element-82de4c2 e-con-full e-flex e-con e-child\" data-id=\"82de4c2\" data-element_type=\"container\" data-e-type=\"container\" data-settings=\"{&quot;background_background&quot;:&quot;classic&quot;}\">\n\t\t\t\t<div class=\"elementor-element elementor-element-9970cbf elementor-widget__width-initial elementor-widget elementor-widget-text-editor\" data-id=\"9970cbf\" data-element_type=\"widget\" data-e-type=\"widget\" data-widget_type=\"text-editor.default\">\n\t\t\t\t<div class=\"elementor-widget-container\">\n\t\t\t\t\t\t\t\t\t<p>PAS 1<\/p>\t\t\t\t\t\t\t\t<\/div>\n\t\t\t\t<\/div>\n\t\t<div class=\"elementor-element elementor-element-f48039d e-con-full e-flex e-con e-child\" data-id=\"f48039d\" data-element_type=\"container\" data-e-type=\"container\">\n\t\t\t\t<div class=\"elementor-element elementor-element-91593e2 elementor-widget__width-initial elementor-widget elementor-widget-image\" data-id=\"91593e2\" data-element_type=\"widget\" data-e-type=\"widget\" data-widget_type=\"image.default\">\n\t\t\t\t<div class=\"elementor-widget-container\">\n\t\t\t\t\t\t\t\t\t\t\t\t\t\t\t<img loading=\"lazy\" decoding=\"async\" width=\"400\" height=\"213\" src=\"https:\/\/clinicadentalmontsetimoneda.com\/wp-content\/uploads\/2023\/07\/blanqueamiento-dental-en-tarragona-tipos-de-blanqueamiento-dental.jpg\" class=\"attachment-full size-full wp-image-7976\" alt=\"blanqueamiento dental en tarragona | tipos de blanqueamiento dental\" \/>\t\t\t\t\t\t\t\t\t\t\t\t\t\t\t<\/div>\n\t\t\t\t<\/div>\n\t\t\t\t<div class=\"elementor-element elementor-element-baf8292 elementor-widget__width-initial elementor-widget elementor-widget-text-editor\" data-id=\"baf8292\" data-element_type=\"widget\" data-e-type=\"widget\" data-widget_type=\"text-editor.default\">\n\t\t\t\t<div class=\"elementor-widget-container\">\n\t\t\t\t\t\t\t\t\t<p><b>Protecci\u00f3 de les genives<\/b><\/p><p><span style=\"font-weight: 400;\">Es cobriran les <\/span><b>genives amb una barrera protectora<\/b><span style=\"font-weight: 400;\"> per evitar el contacte amb el producte blanquejador.<\/span><\/p>\t\t\t\t\t\t\t\t<\/div>\n\t\t\t\t<\/div>\n\t\t\t\t<\/div>\n\t\t\t\t<\/div>\n\t\t<div class=\"elementor-element elementor-element-1e6462c e-con-full e-flex e-con e-child\" data-id=\"1e6462c\" data-element_type=\"container\" data-e-type=\"container\" data-settings=\"{&quot;background_background&quot;:&quot;classic&quot;}\">\n\t\t\t\t<div class=\"elementor-element elementor-element-b75e0c7 elementor-widget__width-initial elementor-widget elementor-widget-text-editor\" data-id=\"b75e0c7\" data-element_type=\"widget\" data-e-type=\"widget\" data-widget_type=\"text-editor.default\">\n\t\t\t\t<div class=\"elementor-widget-container\">\n\t\t\t\t\t\t\t\t\t<p>PAS 2<\/p>\t\t\t\t\t\t\t\t<\/div>\n\t\t\t\t<\/div>\n\t\t<div class=\"elementor-element elementor-element-2350671 e-con-full e-flex e-con e-child\" data-id=\"2350671\" data-element_type=\"container\" data-e-type=\"container\">\n\t\t\t\t<div class=\"elementor-element elementor-element-1444430 elementor-widget__width-initial elementor-widget elementor-widget-image\" data-id=\"1444430\" data-element_type=\"widget\" data-e-type=\"widget\" data-widget_type=\"image.default\">\n\t\t\t\t<div class=\"elementor-widget-container\">\n\t\t\t\t\t\t\t\t\t\t\t\t\t\t\t<img loading=\"lazy\" decoding=\"async\" width=\"400\" height=\"224\" src=\"https:\/\/clinicadentalmontsetimoneda.com\/wp-content\/uploads\/2023\/07\/blanqueamiento-dental-en-tarragona-con-lampara-LED.jpg\" class=\"attachment-full size-full wp-image-7978\" alt=\"blanqueamiento dental en tarragona | con lampara LED\" \/>\t\t\t\t\t\t\t\t\t\t\t\t\t\t\t<\/div>\n\t\t\t\t<\/div>\n\t\t\t\t<div class=\"elementor-element elementor-element-197b2e5 elementor-widget__width-initial elementor-widget elementor-widget-text-editor\" data-id=\"197b2e5\" data-element_type=\"widget\" data-e-type=\"widget\" data-widget_type=\"text-editor.default\">\n\t\t\t\t<div class=\"elementor-widget-container\">\n\t\t\t\t\t\t\t\t\t<p><b>Aplicaci\u00f3 del producte blanquejador<\/b><\/p><p><span style=\"font-weight: 400;\">L\u2019<\/span><b>especialista aplicar\u00e0 el gel blanquejador<\/b><span style=\"font-weight: 400;\"> sobre les dents.<\/span><\/p>\t\t\t\t\t\t\t\t<\/div>\n\t\t\t\t<\/div>\n\t\t\t\t<\/div>\n\t\t\t\t<\/div>\n\t\t<div class=\"elementor-element elementor-element-eb6bf78 e-con-full e-flex e-con e-child\" data-id=\"eb6bf78\" data-element_type=\"container\" data-e-type=\"container\" data-settings=\"{&quot;background_background&quot;:&quot;classic&quot;}\">\n\t\t\t\t<div class=\"elementor-element elementor-element-47aef41 elementor-widget__width-initial elementor-widget elementor-widget-text-editor\" data-id=\"47aef41\" data-element_type=\"widget\" data-e-type=\"widget\" data-widget_type=\"text-editor.default\">\n\t\t\t\t<div class=\"elementor-widget-container\">\n\t\t\t\t\t\t\t\t\t<p>PAS 3<\/p>\t\t\t\t\t\t\t\t<\/div>\n\t\t\t\t<\/div>\n\t\t<div class=\"elementor-element elementor-element-e4bd429 e-con-full e-flex e-con e-child\" data-id=\"e4bd429\" data-element_type=\"container\" data-e-type=\"container\">\n\t\t\t\t<div class=\"elementor-element elementor-element-f62a38a elementor-widget__width-initial elementor-widget elementor-widget-image\" data-id=\"f62a38a\" data-element_type=\"widget\" data-e-type=\"widget\" data-widget_type=\"image.default\">\n\t\t\t\t<div class=\"elementor-widget-container\">\n\t\t\t\t\t\t\t\t\t\t\t\t\t\t\t<img loading=\"lazy\" decoding=\"async\" width=\"400\" height=\"225\" src=\"https:\/\/clinicadentalmontsetimoneda.com\/wp-content\/uploads\/2023\/07\/blanqueamiento-dental-en-tarragona-cuidados-despues-del-blanqueamiento.jpg\" class=\"attachment-full size-full wp-image-7980\" alt=\"blanqueamiento dental en tarragona | cuidados despues del blanqueamiento\" \/>\t\t\t\t\t\t\t\t\t\t\t\t\t\t\t<\/div>\n\t\t\t\t<\/div>\n\t\t\t\t<div class=\"elementor-element elementor-element-da826f9 elementor-widget__width-initial elementor-widget elementor-widget-text-editor\" data-id=\"da826f9\" data-element_type=\"widget\" data-e-type=\"widget\" data-widget_type=\"text-editor.default\">\n\t\t\t\t<div class=\"elementor-widget-container\">\n\t\t\t\t\t\t\t\t\t<b>Activaci\u00f3 del blanquejament<\/b>\n<ul>\n \t<li style=\"font-weight: 400;\" aria-level=\"1\"><span style=\"font-weight: 400;\">Es dur\u00e0 a terme un <\/span><b>proc\u00e9s d\u2019activaci\u00f3<\/b><span style=\"font-weight: 400;\"> que pot variar segons el producte utilitzat.<\/span><\/li>\n \t<li><span style=\"font-weight: 400;\">Generalment, s\u2019aplica <\/span><b>calor o llum LED<\/b><span style=\"font-weight: 400;\"> per <\/span><b>accelerar el proc\u00e9s de blanquejament<\/b><span style=\"font-weight: 400;\">.<\/span><\/li>\n<\/ul>\t\t\t\t\t\t\t\t<\/div>\n\t\t\t\t<\/div>\n\t\t\t\t<\/div>\n\t\t\t\t<\/div>\n\t\t<div class=\"elementor-element elementor-element-5040659 e-con-full e-flex e-con e-child\" data-id=\"5040659\" data-element_type=\"container\" data-e-type=\"container\" data-settings=\"{&quot;background_background&quot;:&quot;classic&quot;}\">\n\t\t\t\t<div class=\"elementor-element elementor-element-125284f elementor-widget__width-initial elementor-widget elementor-widget-text-editor\" data-id=\"125284f\" data-element_type=\"widget\" data-e-type=\"widget\" data-widget_type=\"text-editor.default\">\n\t\t\t\t<div class=\"elementor-widget-container\">\n\t\t\t\t\t\t\t\t\t<p>PAS 4<\/p>\t\t\t\t\t\t\t\t<\/div>\n\t\t\t\t<\/div>\n\t\t<div class=\"elementor-element elementor-element-80a03d8 e-con-full e-flex e-con e-child\" data-id=\"80a03d8\" data-element_type=\"container\" data-e-type=\"container\">\n\t\t\t\t<div class=\"elementor-element elementor-element-db997e9 elementor-widget__width-initial elementor-widget elementor-widget-image\" data-id=\"db997e9\" data-element_type=\"widget\" data-e-type=\"widget\" data-widget_type=\"image.default\">\n\t\t\t\t<div class=\"elementor-widget-container\">\n\t\t\t\t\t\t\t\t\t\t\t\t\t\t\t<img loading=\"lazy\" decoding=\"async\" width=\"400\" height=\"225\" src=\"https:\/\/clinicadentalmontsetimoneda.com\/wp-content\/uploads\/2023\/07\/blanqueamiento-dental-en-tarragona-tratamiento-seguro.jpg\" class=\"attachment-full size-full wp-image-7982\" alt=\"blanqueamiento dental en tarragona | tratamiento seguro\" \/>\t\t\t\t\t\t\t\t\t\t\t\t\t\t\t<\/div>\n\t\t\t\t<\/div>\n\t\t\t\t<div class=\"elementor-element elementor-element-f94e1d4 elementor-widget__width-initial elementor-widget elementor-widget-text-editor\" data-id=\"f94e1d4\" data-element_type=\"widget\" data-e-type=\"widget\" data-widget_type=\"text-editor.default\">\n\t\t\t\t<div class=\"elementor-widget-container\">\n\t\t\t\t\t\t\t\t\t<p><b>Revisi\u00f3 del to dental<\/b><\/p><ul><li style=\"font-weight: 400;\" aria-level=\"1\"><span style=\"font-weight: 400;\">Despr\u00e9s de retirar el producte blanquejador, l\u2019especialista <\/span><b>avaluar\u00e0 el to de les dents<\/b><span style=\"font-weight: 400;\">.<\/span><\/li><li style=\"font-weight: 400;\" aria-level=\"1\"><span style=\"font-weight: 400;\">Si cal, es repetir\u00e0 el proc\u00e9s per obtenir el resultat desitjat.<\/span><\/li><\/ul>\t\t\t\t\t\t\t\t<\/div>\n\t\t\t\t<\/div>\n\t\t\t\t<\/div>\n\t\t\t\t<\/div>\n\t\t\t\t<\/div>\n\t\t\t\t<\/div>\n\t\t\t\t<\/div>\n\t\t<div class=\"elementor-element elementor-element-bc9ed8e e-con-full e-flex e-con e-child\" data-id=\"bc9ed8e\" data-element_type=\"container\" data-e-type=\"container\" data-settings=\"{&quot;background_background&quot;:&quot;classic&quot;}\">\n\t\t<div class=\"elementor-element elementor-element-b794a7c e-con-full e-flex e-con e-child\" data-id=\"b794a7c\" data-element_type=\"container\" data-e-type=\"container\">\n\t\t\t\t<div class=\"elementor-element elementor-element-14b80e3 elementor-widget__width-inherit elementor-widget elementor-widget-heading\" data-id=\"14b80e3\" data-element_type=\"widget\" data-e-type=\"widget\" data-widget_type=\"heading.default\">\n\t\t\t\t<div class=\"elementor-widget-container\">\n\t\t\t\t\t<h2 class=\"elementor-heading-title elementor-size-default\">Cures despr\u00e9s del blanquejament dental<\/h2>\t\t\t\t<\/div>\n\t\t\t\t<\/div>\n\t\t<div class=\"elementor-element elementor-element-e6ef648 e-con-full e-flex e-con e-child\" data-id=\"e6ef648\" data-element_type=\"container\" data-e-type=\"container\">\n\t\t\t\t<div class=\"elementor-element elementor-element-9f497ed elementor-widget elementor-widget-text-editor\" data-id=\"9f497ed\" data-element_type=\"widget\" data-e-type=\"widget\" data-widget_type=\"text-editor.default\">\n\t\t\t\t<div class=\"elementor-widget-container\">\n\t\t\t\t\t\t\t\t\t<p>Despr\u00e9s d\u2019un tractament de blanquejament dental en cl\u00ednica, \u00e9s important que el pacient segueixi unes pautes per mantenir els resultats. Recomanacions posteriors al blanquejament dental:<\/p><ul style=\"width: 90%; margin: 1rem auto;\"><li>Evita els aliments i begudes que taquen les dents (caf\u00e8, te, vi negre) durant almenys 48 hores despr\u00e9s del tractament.<\/li><li>Utilitza una pasta de dents espec\u00edfica per a dents sensibles i blanquejament per ajudar a mantenir el color.<\/li><li>Usa un col\u00b7lutori sense alcohol per evitar la irritaci\u00f3 de les genives.<\/li><li>Programa visites regulars al dentista (cada sis mesos) per mantenir una bona salut bucodental i un control del color de les dents.<\/li><\/ul><p>Consideracions importants:<br \/>El blanquejament dental no \u00e9s permanent. Amb el temps, l\u2019envelliment i l\u2019exposici\u00f3 a certs aliments i subst\u00e0ncies poden modificar el to de les dents.<br \/>Aquest tractament no \u00e9s adequat per a totes les taques dentals, per aix\u00f2 \u00e9s essencial consultar un especialista abans de sotmetre\u2019s a un blanquejament dental.<\/p>\t\t\t\t\t\t\t\t<\/div>\n\t\t\t\t<\/div>\n\t\t\t\t<\/div>\n\t\t\t\t<\/div>\n\t\t\t\t<\/div>\n\t\t<div class=\"elementor-element elementor-element-381420e e-con-full e-flex e-con e-child\" data-id=\"381420e\" data-element_type=\"container\" data-e-type=\"container\" data-settings=\"{&quot;background_background&quot;:&quot;classic&quot;}\">\n\t\t<div class=\"elementor-element elementor-element-a525cb4 e-con-full e-flex e-con e-child\" data-id=\"a525cb4\" data-element_type=\"container\" data-e-type=\"container\">\n\t\t\t\t<div class=\"elementor-element elementor-element-c6b264b elementor-widget__width-inherit elementor-widget elementor-widget-heading\" data-id=\"c6b264b\" data-element_type=\"widget\" data-e-type=\"widget\" data-widget_type=\"heading.default\">\n\t\t\t\t<div class=\"elementor-widget-container\">\n\t\t\t\t\t<h2 class=\"elementor-heading-title elementor-size-default\">Preguntes freq\u00fcents sobre el blanquejament dental<\/h2>\t\t\t\t<\/div>\n\t\t\t\t<\/div>\n\t\t\t\t<div class=\"elementor-element elementor-element-514f9cf elementor-widget elementor-widget-accordion\" data-id=\"514f9cf\" data-element_type=\"widget\" data-e-type=\"widget\" data-widget_type=\"accordion.default\">\n\t\t\t\t<div class=\"elementor-widget-container\">\n\t\t\t\t\t\t\t<div class=\"elementor-accordion\">\n\t\t\t\t\t\t\t<div class=\"elementor-accordion-item\">\n\t\t\t\t\t<div id=\"elementor-tab-title-8521\" class=\"elementor-tab-title\" data-tab=\"1\" role=\"button\" aria-controls=\"elementor-tab-content-8521\" aria-expanded=\"false\">\n\t\t\t\t\t\t\t\t\t\t\t\t\t<span class=\"elementor-accordion-icon elementor-accordion-icon-right\" aria-hidden=\"true\">\n\t\t\t\t\t\t\t\t\t\t\t\t\t\t\t<span class=\"elementor-accordion-icon-closed\"><svg xmlns=\"http:\/\/www.w3.org\/2000\/svg\" width=\"37\" height=\"37\" viewBox=\"0 0 37 37\" fill=\"none\"><circle cx=\"18.5518\" cy=\"18.046\" r=\"17.6921\" stroke=\"#3A3A3A\" stroke-width=\"0.707685\"><\/circle><line x1=\"18.9069\" y1=\"6.8999\" x2=\"18.9069\" y2=\"29.192\" stroke=\"#3A3A3A\" stroke-width=\"1.41537\"><\/line><line x1=\"30.2305\" y1=\"18.7536\" x2=\"7.93838\" y2=\"18.7536\" stroke=\"#3A3A3A\" stroke-width=\"1.41537\"><\/line><\/svg><\/span>\n\t\t\t\t\t\t\t\t<span class=\"elementor-accordion-icon-opened\"><svg xmlns=\"http:\/\/www.w3.org\/2000\/svg\" width=\"37\" height=\"37\" viewBox=\"0 0 37 37\" fill=\"none\"><circle cx=\"18.5518\" cy=\"18.046\" r=\"17.6921\" stroke=\"#3A3A3A\" stroke-width=\"0.707685\"><\/circle><line x1=\"30.2305\" y1=\"18.7536\" x2=\"7.93838\" y2=\"18.7536\" stroke=\"#3A3A3A\" stroke-width=\"1.41537\"><\/line><\/svg><\/span>\n\t\t\t\t\t\t\t\t\t\t\t\t\t\t<\/span>\n\t\t\t\t\t\t\t\t\t\t\t\t<a class=\"elementor-accordion-title\" tabindex=\"0\">Fa mal el blanquejament dental?<\/a>\n\t\t\t\t\t<\/div>\n\t\t\t\t\t<div id=\"elementor-tab-content-8521\" class=\"elementor-tab-content elementor-clearfix\" data-tab=\"1\" role=\"region\" aria-labelledby=\"elementor-tab-title-8521\"><p><span style=\"font-weight: 400;\">El <\/span><b>blanquejament dental<\/b><span style=\"font-weight: 400;\"> \u00e9s, en general, un <\/span><b>tractament indolor<\/b><span style=\"font-weight: 400;\">.<\/span><\/p><p><b>Algunes persones poden experimentar sensibilitat temporal a les dents durant el proc\u00e9s<\/b><span style=\"font-weight: 400;\">, per\u00f2 aquesta <\/span><b>sol desapar\u00e8ixer en pocs dies<\/b><span style=\"font-weight: 400;\"> despr\u00e9s del tractament.<\/span><\/p><p><b>Si la mol\u00e8stia \u00e9s molt intensa<\/b><span style=\"font-weight: 400;\">, \u00e9s important <\/span><b>contactar immediatament amb l\u2019especialista<\/b><span style=\"font-weight: 400;\"> perqu\u00e8 pugui avaluar la situaci\u00f3 i oferir una soluci\u00f3 adequada.<\/span><\/p><\/div>\n\t\t\t\t<\/div>\n\t\t\t\t\t\t\t<div class=\"elementor-accordion-item\">\n\t\t\t\t\t<div id=\"elementor-tab-title-8522\" class=\"elementor-tab-title\" data-tab=\"2\" role=\"button\" aria-controls=\"elementor-tab-content-8522\" aria-expanded=\"false\">\n\t\t\t\t\t\t\t\t\t\t\t\t\t<span class=\"elementor-accordion-icon elementor-accordion-icon-right\" aria-hidden=\"true\">\n\t\t\t\t\t\t\t\t\t\t\t\t\t\t\t<span class=\"elementor-accordion-icon-closed\"><svg xmlns=\"http:\/\/www.w3.org\/2000\/svg\" width=\"37\" height=\"37\" viewBox=\"0 0 37 37\" fill=\"none\"><circle cx=\"18.5518\" cy=\"18.046\" r=\"17.6921\" stroke=\"#3A3A3A\" stroke-width=\"0.707685\"><\/circle><line x1=\"18.9069\" y1=\"6.8999\" x2=\"18.9069\" y2=\"29.192\" stroke=\"#3A3A3A\" stroke-width=\"1.41537\"><\/line><line x1=\"30.2305\" y1=\"18.7536\" x2=\"7.93838\" y2=\"18.7536\" stroke=\"#3A3A3A\" stroke-width=\"1.41537\"><\/line><\/svg><\/span>\n\t\t\t\t\t\t\t\t<span class=\"elementor-accordion-icon-opened\"><svg xmlns=\"http:\/\/www.w3.org\/2000\/svg\" width=\"37\" height=\"37\" viewBox=\"0 0 37 37\" fill=\"none\"><circle cx=\"18.5518\" cy=\"18.046\" r=\"17.6921\" stroke=\"#3A3A3A\" stroke-width=\"0.707685\"><\/circle><line x1=\"30.2305\" y1=\"18.7536\" x2=\"7.93838\" y2=\"18.7536\" stroke=\"#3A3A3A\" stroke-width=\"1.41537\"><\/line><\/svg><\/span>\n\t\t\t\t\t\t\t\t\t\t\t\t\t\t<\/span>\n\t\t\t\t\t\t\t\t\t\t\t\t<a class=\"elementor-accordion-title\" tabindex=\"0\">El blanquejament dental produeix sensibilitat a les dents?<\/a>\n\t\t\t\t\t<\/div>\n\t\t\t\t\t<div id=\"elementor-tab-content-8522\" class=\"elementor-tab-content elementor-clearfix\" data-tab=\"2\" role=\"region\" aria-labelledby=\"elementor-tab-title-8522\"><p><span style=\"font-weight: 400;\">Una de les preocupacions m\u00e9s comunes de les persones que volen fer-se un <\/span><b>blanquejament dental<\/b><span style=\"font-weight: 400;\"> \u00e9s si aquest tractament pot causar <\/span><b>sensibilitat dental<\/b><span style=\"font-weight: 400;\">.<\/span><\/p><p><b>Si es segueixen correctament les instruccions posteriors al tractament, el blanquejament dental no hauria de produir sensibilitat.<\/b><span style=\"font-weight: 400;\">\u00a0<\/span><b>Com funciona el proc\u00e9s?<\/b><b><br \/><\/b><span style=\"font-weight: 400;\"> El blanquejament dental implica l\u2019aplicaci\u00f3 d\u2019un <\/span><b>gel blanquejador amb per\u00f2xid d\u2019hidrogen<\/b><span style=\"font-weight: 400;\"> sobre les dents, que s\u2019activa amb <\/span><b>llums LED<\/b><span style=\"font-weight: 400;\">. Aquest procediment <\/span><b>\u00e9s indolor i no hauria de generar mol\u00e8sties<\/b><span style=\"font-weight: 400;\">.<\/span><\/p><p><b>Casos de sensibilitat temporal<\/b><\/p><ul><li style=\"font-weight: 400;\" aria-level=\"1\"><span style=\"font-weight: 400;\">Algunes persones poden experimentar <\/span><b>una lleu sensibilitat temporal<\/b><span style=\"font-weight: 400;\"> despr\u00e9s del blanquejament, especialment si tenen dents <\/span><b>naturalment sensibles<\/b><span style=\"font-weight: 400;\">.<\/span><\/li><li style=\"font-weight: 400;\" aria-level=\"1\"><span style=\"font-weight: 400;\">Gr\u00e0cies a la <\/span><b>nova tecnologia<\/b><span style=\"font-weight: 400;\">, s\u2019ha redu\u00eft <\/span><b>dr\u00e0sticament el temps d\u2019activaci\u00f3 i el percentatge de per\u00f2xid d\u2019hidrogen<\/b><span style=\"font-weight: 400;\">, disminuint encara m\u00e9s aquest <\/span><b>efecte secundari altament improbable<\/b><span style=\"font-weight: 400;\">.<\/span><\/li><\/ul><p><b>Com minimitzar qualsevol possible sensibilitat?<\/b><b><br \/><\/b><span style=\"font-weight: 400;\"> \u2714 Seguir les <\/span><b>recomanacions del dentista<\/b><span style=\"font-weight: 400;\">.<\/span><span style=\"font-weight: 400;\"><br \/><\/span><span style=\"font-weight: 400;\"> \u2714 Utilitzar <\/span><b>productes espec\u00edfics per a dents sensibles<\/b><span style=\"font-weight: 400;\"> durant i despr\u00e9s del tractament.<\/span><span style=\"font-weight: 400;\"><br \/><\/span><span style=\"font-weight: 400;\"> \u2714 Evitar <\/span><b>aliments i begudes extremadament fredes o calentes<\/b><span style=\"font-weight: 400;\"> durant un temps despr\u00e9s del tractament, ja que podrien agreujar la sensibilitat dental.<\/span><\/p><p><b>La sensibilitat despr\u00e9s del blanquejament dental \u00e9s poc freq\u00fcent i, en cas de produir-se, desapareix r\u00e0pidament.<\/b><\/p><p><b>Si notes mol\u00e8sties persistents o intenses, \u00e9s important comunicar-ho al teu dentista.<\/b><\/p><p><span style=\"font-weight: 400;\">A <\/span><b>la nostra Cl\u00ednica Dental<\/b><span style=\"font-weight: 400;\">, et podem oferir <\/span><b>orientaci\u00f3 addicional i recomanar productes o tractaments espec\u00edfics<\/b><span style=\"font-weight: 400;\"> per alleujar qualsevol incomoditat.<\/span><\/p><\/div>\n\t\t\t\t<\/div>\n\t\t\t\t\t\t\t<div class=\"elementor-accordion-item\">\n\t\t\t\t\t<div id=\"elementor-tab-title-8523\" class=\"elementor-tab-title\" data-tab=\"3\" role=\"button\" aria-controls=\"elementor-tab-content-8523\" aria-expanded=\"false\">\n\t\t\t\t\t\t\t\t\t\t\t\t\t<span class=\"elementor-accordion-icon elementor-accordion-icon-right\" aria-hidden=\"true\">\n\t\t\t\t\t\t\t\t\t\t\t\t\t\t\t<span class=\"elementor-accordion-icon-closed\"><svg xmlns=\"http:\/\/www.w3.org\/2000\/svg\" width=\"37\" height=\"37\" viewBox=\"0 0 37 37\" fill=\"none\"><circle cx=\"18.5518\" cy=\"18.046\" r=\"17.6921\" stroke=\"#3A3A3A\" stroke-width=\"0.707685\"><\/circle><line x1=\"18.9069\" y1=\"6.8999\" x2=\"18.9069\" y2=\"29.192\" stroke=\"#3A3A3A\" stroke-width=\"1.41537\"><\/line><line x1=\"30.2305\" y1=\"18.7536\" x2=\"7.93838\" y2=\"18.7536\" stroke=\"#3A3A3A\" stroke-width=\"1.41537\"><\/line><\/svg><\/span>\n\t\t\t\t\t\t\t\t<span class=\"elementor-accordion-icon-opened\"><svg xmlns=\"http:\/\/www.w3.org\/2000\/svg\" width=\"37\" height=\"37\" viewBox=\"0 0 37 37\" fill=\"none\"><circle cx=\"18.5518\" cy=\"18.046\" r=\"17.6921\" stroke=\"#3A3A3A\" stroke-width=\"0.707685\"><\/circle><line x1=\"30.2305\" y1=\"18.7536\" x2=\"7.93838\" y2=\"18.7536\" stroke=\"#3A3A3A\" stroke-width=\"1.41537\"><\/line><\/svg><\/span>\n\t\t\t\t\t\t\t\t\t\t\t\t\t\t<\/span>\n\t\t\t\t\t\t\t\t\t\t\t\t<a class=\"elementor-accordion-title\" tabindex=\"0\">Quant temps dura un blanquejament dental?<\/a>\n\t\t\t\t\t<\/div>\n\t\t\t\t\t<div id=\"elementor-tab-content-8523\" class=\"elementor-tab-content elementor-clearfix\" data-tab=\"3\" role=\"region\" aria-labelledby=\"elementor-tab-title-8523\"><p><span style=\"font-weight: 400;\">La duraci\u00f3 dels resultats d\u2019un <\/span><b>blanquejament dental<\/b><span style=\"font-weight: 400;\"> pot variar segons diferents factors. En general, els efectes del blanquejament poden durar <\/span><b>entre sis mesos i dos anys<\/b><span style=\"font-weight: 400;\">, per\u00f2 aix\u00f2 <\/span><b>dep\u00e8n de cada persona<\/b><span style=\"font-weight: 400;\">.<\/span><\/p><p><b>\u00c9s important tenir en compte que el blanquejament dental no \u00e9s un tractament permanent.<\/b><span style=\"font-weight: 400;\"> Amb el temps, les dents poden tornar a enfosquir-se per diferents motius, com ara:<\/span><span style=\"font-weight: 400;\"><br \/><\/span><span style=\"font-weight: 400;\"> \u2714 <\/span><b>Gen\u00e8tica<\/b><b><br \/><\/b><span style=\"font-weight: 400;\"> \u2714 <\/span><b>Envelliment natural<\/b><b><br \/><\/b><span style=\"font-weight: 400;\"> \u2714 <\/span><b>Consum d\u2019aliments i begudes pigmentades<\/b><span style=\"font-weight: 400;\"> (vi negre, caf\u00e8, te, refrescos carb\u00f2nics)<\/span><\/p><\/div>\n\t\t\t\t<\/div>\n\t\t\t\t\t\t\t<div class=\"elementor-accordion-item\">\n\t\t\t\t\t<div id=\"elementor-tab-title-8524\" class=\"elementor-tab-title\" data-tab=\"4\" role=\"button\" aria-controls=\"elementor-tab-content-8524\" aria-expanded=\"false\">\n\t\t\t\t\t\t\t\t\t\t\t\t\t<span class=\"elementor-accordion-icon elementor-accordion-icon-right\" aria-hidden=\"true\">\n\t\t\t\t\t\t\t\t\t\t\t\t\t\t\t<span class=\"elementor-accordion-icon-closed\"><svg xmlns=\"http:\/\/www.w3.org\/2000\/svg\" width=\"37\" height=\"37\" viewBox=\"0 0 37 37\" fill=\"none\"><circle cx=\"18.5518\" cy=\"18.046\" r=\"17.6921\" stroke=\"#3A3A3A\" stroke-width=\"0.707685\"><\/circle><line x1=\"18.9069\" y1=\"6.8999\" x2=\"18.9069\" y2=\"29.192\" stroke=\"#3A3A3A\" stroke-width=\"1.41537\"><\/line><line x1=\"30.2305\" y1=\"18.7536\" x2=\"7.93838\" y2=\"18.7536\" stroke=\"#3A3A3A\" stroke-width=\"1.41537\"><\/line><\/svg><\/span>\n\t\t\t\t\t\t\t\t<span class=\"elementor-accordion-icon-opened\"><svg xmlns=\"http:\/\/www.w3.org\/2000\/svg\" width=\"37\" height=\"37\" viewBox=\"0 0 37 37\" fill=\"none\"><circle cx=\"18.5518\" cy=\"18.046\" r=\"17.6921\" stroke=\"#3A3A3A\" stroke-width=\"0.707685\"><\/circle><line x1=\"30.2305\" y1=\"18.7536\" x2=\"7.93838\" y2=\"18.7536\" stroke=\"#3A3A3A\" stroke-width=\"1.41537\"><\/line><\/svg><\/span>\n\t\t\t\t\t\t\t\t\t\t\t\t\t\t<\/span>\n\t\t\t\t\t\t\t\t\t\t\t\t<a class=\"elementor-accordion-title\" tabindex=\"0\">Com prolongar els resultats del blanquejament dental?<\/a>\n\t\t\t\t\t<\/div>\n\t\t\t\t\t<div id=\"elementor-tab-content-8524\" class=\"elementor-tab-content elementor-clearfix\" data-tab=\"4\" role=\"region\" aria-labelledby=\"elementor-tab-title-8524\"><p><span style=\"font-weight: 400;\">\u2714 <\/span><b>Mantenir una bona higiene oral<\/b><span style=\"font-weight: 400;\">, raspallant-se les dents regularment.<\/span><span style=\"font-weight: 400;\"><br \/><\/span><span style=\"font-weight: 400;\"> \u2714 <\/span><b>Utilitzar productes de cura dental adequats<\/b><span style=\"font-weight: 400;\"> per dents blanquejades.<\/span><span style=\"font-weight: 400;\"><br \/><\/span><span style=\"font-weight: 400;\"> \u2714 <\/span><b>Evitar aliments i begudes que puguin tacar les dents<\/b><span style=\"font-weight: 400;\">, com el vi negre, caf\u00e8, te i begudes gasoses.<\/span><span style=\"font-weight: 400;\"><br \/><\/span><span style=\"font-weight: 400;\"> \u2714 <\/span><b>Realitzar visites peri\u00f2diques al dentista<\/b><span style=\"font-weight: 400;\"> per neteges i revisions dentals.<\/span><\/p><p><b>Si les dents comencen a enfosquir-se de nou, es pot realitzar un blanquejament de manteniment per conservar els resultats desitjats.<\/b><\/p><\/div>\n\t\t\t\t<\/div>\n\t\t\t\t\t\t\t<div class=\"elementor-accordion-item\">\n\t\t\t\t\t<div id=\"elementor-tab-title-8525\" class=\"elementor-tab-title\" data-tab=\"5\" role=\"button\" aria-controls=\"elementor-tab-content-8525\" aria-expanded=\"false\">\n\t\t\t\t\t\t\t\t\t\t\t\t\t<span class=\"elementor-accordion-icon elementor-accordion-icon-right\" aria-hidden=\"true\">\n\t\t\t\t\t\t\t\t\t\t\t\t\t\t\t<span class=\"elementor-accordion-icon-closed\"><svg xmlns=\"http:\/\/www.w3.org\/2000\/svg\" width=\"37\" height=\"37\" viewBox=\"0 0 37 37\" fill=\"none\"><circle cx=\"18.5518\" cy=\"18.046\" r=\"17.6921\" stroke=\"#3A3A3A\" stroke-width=\"0.707685\"><\/circle><line x1=\"18.9069\" y1=\"6.8999\" x2=\"18.9069\" y2=\"29.192\" stroke=\"#3A3A3A\" stroke-width=\"1.41537\"><\/line><line x1=\"30.2305\" y1=\"18.7536\" x2=\"7.93838\" y2=\"18.7536\" stroke=\"#3A3A3A\" stroke-width=\"1.41537\"><\/line><\/svg><\/span>\n\t\t\t\t\t\t\t\t<span class=\"elementor-accordion-icon-opened\"><svg xmlns=\"http:\/\/www.w3.org\/2000\/svg\" width=\"37\" height=\"37\" viewBox=\"0 0 37 37\" fill=\"none\"><circle cx=\"18.5518\" cy=\"18.046\" r=\"17.6921\" stroke=\"#3A3A3A\" stroke-width=\"0.707685\"><\/circle><line x1=\"30.2305\" y1=\"18.7536\" x2=\"7.93838\" y2=\"18.7536\" stroke=\"#3A3A3A\" stroke-width=\"1.41537\"><\/line><\/svg><\/span>\n\t\t\t\t\t\t\t\t\t\t\t\t\t\t<\/span>\n\t\t\t\t\t\t\t\t\t\t\t\t<a class=\"elementor-accordion-title\" tabindex=\"0\">Quantes sessions necessito per blanquejar les meves dents?<\/a>\n\t\t\t\t\t<\/div>\n\t\t\t\t\t<div id=\"elementor-tab-content-8525\" class=\"elementor-tab-content elementor-clearfix\" data-tab=\"5\" role=\"region\" aria-labelledby=\"elementor-tab-title-8525\"><p><span style=\"font-weight: 400;\">La quantitat de sessions necess\u00e0ries per blanquejar les dents pot variar segons <\/span><b>cada persona i les seves circumst\u00e0ncies individuals<\/b><span style=\"font-weight: 400;\">. No hi ha una resposta \u00fanica, ja que diversos factors influeixen en el proc\u00e9s.<\/span><\/p><p><b>Factors que determinen el nombre de sessions:<\/b><b><br \/><\/b><span style=\"font-weight: 400;\"> \u2714 <\/span><b>Intensitat de les taques<\/b><span style=\"font-weight: 400;\"> en les dents.<\/span><span style=\"font-weight: 400;\"><br \/><\/span><span style=\"font-weight: 400;\"> \u2714 <\/span><b>Grau de blanquejament desitjat<\/b><span style=\"font-weight: 400;\">.<\/span><span style=\"font-weight: 400;\"><br \/><\/span><span style=\"font-weight: 400;\"> \u2714 <\/span><b>Resposta individual al tractament<\/b><span style=\"font-weight: 400;\">.<\/span><\/p><p><span style=\"font-weight: 400;\">Algunes persones poden aconseguir el resultat esperat amb nom\u00e9s <\/span><b>una o dues sessions<\/b><span style=\"font-weight: 400;\">, mentre que altres poden necessitar-ne <\/span><b>m\u00e9s<\/b><span style=\"font-weight: 400;\">.<\/span><\/p><h3><b>El blanquejament dental \u00e9s un proc\u00e9s gradual<\/b><\/h3><p><b>No \u00e9s un tractament instantani<\/b><span style=\"font-weight: 400;\">, i generalment es requereixen <\/span><b>diverses sessions<\/b><span style=\"font-weight: 400;\"> per obtenir <\/span><b>resultats significatius<\/b><span style=\"font-weight: 400;\">.<\/span><\/p><p><b>Com es planifiquen les sessions?<\/b><b><br \/><\/b><span style=\"font-weight: 400;\"> \u2714 Les sessions es programen amb una <\/span><b>separaci\u00f3 de temps adequada<\/b><span style=\"font-weight: 400;\"> per permetre que el <\/span><b>gel blanquejador faci efecte<\/b><span style=\"font-weight: 400;\"> i per avaluar el <\/span><b>progr\u00e9s del blanquejament<\/b><span style=\"font-weight: 400;\">.<\/span><\/p><p><b>Avaluaci\u00f3 personalitzada per un especialista<\/b><b><br \/><\/b><span style=\"font-weight: 400;\"> \u2714 Els <\/span><b>dentistes especialitzats en blanquejament dental<\/b><span style=\"font-weight: 400;\"> analitzaran les teves dents i determinaran <\/span><b>el nombre adequat de sessions<\/b><span style=\"font-weight: 400;\"> per aconseguir els millors resultats.<\/span><span style=\"font-weight: 400;\"><br \/><\/span><span style=\"font-weight: 400;\"> \u2714 A m\u00e9s, t\u2019oferiran <\/span><b>recomanacions personalitzades<\/b><span style=\"font-weight: 400;\"> per mantenir el blanquejament a llarg termini.<\/span><\/p><p><b>Paci\u00e8ncia i seguiment<\/b><b><br \/><\/b><span style=\"font-weight: 400;\">El blanquejament dental <\/span><b>requereix temps<\/b><span style=\"font-weight: 400;\">, i els resultats <\/span><b>no es veuran d\u2019un dia per l\u2019altre<\/b><span style=\"font-weight: 400;\">.<\/span><span style=\"font-weight: 400;\"><br \/><\/span><span style=\"font-weight: 400;\">\u00c9s fonamental seguir les <\/span><b>indicacions del dentista<\/b><span style=\"font-weight: 400;\"> i ser <\/span><b>constant durant el tractament<\/b><span style=\"font-weight: 400;\"> per aconseguir els millors resultats possibles.<\/span><\/p><\/div>\n\t\t\t\t<\/div>\n\t\t\t\t\t\t\t<div class=\"elementor-accordion-item\">\n\t\t\t\t\t<div id=\"elementor-tab-title-8526\" class=\"elementor-tab-title\" data-tab=\"6\" role=\"button\" aria-controls=\"elementor-tab-content-8526\" aria-expanded=\"false\">\n\t\t\t\t\t\t\t\t\t\t\t\t\t<span class=\"elementor-accordion-icon elementor-accordion-icon-right\" aria-hidden=\"true\">\n\t\t\t\t\t\t\t\t\t\t\t\t\t\t\t<span class=\"elementor-accordion-icon-closed\"><svg xmlns=\"http:\/\/www.w3.org\/2000\/svg\" width=\"37\" height=\"37\" viewBox=\"0 0 37 37\" fill=\"none\"><circle cx=\"18.5518\" cy=\"18.046\" r=\"17.6921\" stroke=\"#3A3A3A\" stroke-width=\"0.707685\"><\/circle><line x1=\"18.9069\" y1=\"6.8999\" x2=\"18.9069\" y2=\"29.192\" stroke=\"#3A3A3A\" stroke-width=\"1.41537\"><\/line><line x1=\"30.2305\" y1=\"18.7536\" x2=\"7.93838\" y2=\"18.7536\" stroke=\"#3A3A3A\" stroke-width=\"1.41537\"><\/line><\/svg><\/span>\n\t\t\t\t\t\t\t\t<span class=\"elementor-accordion-icon-opened\"><svg xmlns=\"http:\/\/www.w3.org\/2000\/svg\" width=\"37\" height=\"37\" viewBox=\"0 0 37 37\" fill=\"none\"><circle cx=\"18.5518\" cy=\"18.046\" r=\"17.6921\" stroke=\"#3A3A3A\" stroke-width=\"0.707685\"><\/circle><line x1=\"30.2305\" y1=\"18.7536\" x2=\"7.93838\" y2=\"18.7536\" stroke=\"#3A3A3A\" stroke-width=\"1.41537\"><\/line><\/svg><\/span>\n\t\t\t\t\t\t\t\t\t\t\t\t\t\t<\/span>\n\t\t\t\t\t\t\t\t\t\t\t\t<a class=\"elementor-accordion-title\" tabindex=\"0\">El blanquejament dental fa malb\u00e9 l\u2019esmalt?<\/a>\n\t\t\t\t\t<\/div>\n\t\t\t\t\t<div id=\"elementor-tab-content-8526\" class=\"elementor-tab-content elementor-clearfix\" data-tab=\"6\" role=\"region\" aria-labelledby=\"elementor-tab-title-8526\"><p><span style=\"font-weight: 400;\">Una de les preocupacions m\u00e9s comunes a l\u2019hora de considerar un <\/span><b>blanquejament dental<\/b><span style=\"font-weight: 400;\"> \u00e9s si aquest pot <\/span><b>danyar l\u2019esmalt dental<\/b><span style=\"font-weight: 400;\">. No obstant aix\u00f2, \u00e9s important destacar que <\/span><b>quan es realitza correctament i sota la supervisi\u00f3 d\u2019un professional, el blanquejament dental no fa malb\u00e9 l\u2019esmalt<\/b><span style=\"font-weight: 400;\">.<\/span><\/p><p><b>Com funciona el blanquejament dental?<\/b><b><br \/><\/b><span style=\"font-weight: 400;\"> \u2714 El procediment consisteix en l\u2019aplicaci\u00f3 d\u2019un <\/span><b>gel blanquejador amb per\u00f2xid d\u2019hidrogen<\/b><span style=\"font-weight: 400;\"> sobre les dents.<\/span><span style=\"font-weight: 400;\"><br \/><\/span><span style=\"font-weight: 400;\"> \u2714 Aquest gel actua sobre les <\/span><b>capes externes de l\u2019esmalt<\/b><span style=\"font-weight: 400;\"> per <\/span><b>eliminar taques i decoloracions<\/b><span style=\"font-weight: 400;\">, retornant aix\u00ed la <\/span><b>brillantor i la blancor<\/b><span style=\"font-weight: 400;\"> a les dents.<\/span><\/p><p><b>Sensibilitat dental durant el blanquejament<\/b><b><br \/><\/b><span style=\"font-weight: 400;\"> \u2714 \u00c9s normal, encara que poc freq\u00fcent, que <\/span><b>algunes persones experimentin sensibilitat temporal<\/b><span style=\"font-weight: 400;\"> durant el proc\u00e9s.<\/span><span style=\"font-weight: 400;\"><br \/><\/span><span style=\"font-weight: 400;\"> \u2714 <\/span><b>Aquesta sensibilitat no significa que l\u2019esmalt estigui danyat<\/b><span style=\"font-weight: 400;\">.<\/span><span style=\"font-weight: 400;\"><br \/><\/span><span style=\"font-weight: 400;\"> \u2714 Si apareix, es pot controlar utilitzant <\/span><b>productes espec\u00edfics recomanats pel dentista<\/b><span style=\"font-weight: 400;\"> i sol desapar\u00e8ixer <\/span><b>al cap d\u2019uns dies despr\u00e9s del tractament<\/b><span style=\"font-weight: 400;\">.<\/span><\/p><p><b>Com protegir l\u2019esmalt dental durant el blanquejament?<\/b><b><br \/><\/b><span style=\"font-weight: 400;\"> \u2714 <\/span><b>Seguir sempre les instruccions del dentista<\/b><span style=\"font-weight: 400;\"> i evitar l\u2019\u00fas excessiu del blanquejament.<\/span><span style=\"font-weight: 400;\"><br \/><\/span><span style=\"font-weight: 400;\"> \u2714 <\/span><b>No abusar del tractament<\/b><span style=\"font-weight: 400;\">, ja que un \u00fas inadequat pot <\/span><b>afectar l\u2019esmalt<\/b><span style=\"font-weight: 400;\">.<\/span><\/p><p><b>Nova tecnologia m\u00e9s segura per a l\u2019esmalt<\/b><b><br \/><\/b><span style=\"font-weight: 400;\"> \u2714 Amb la nostra nova tecnologia, hem <\/span><b>redu\u00eft dr\u00e0sticament el temps d\u2019activaci\u00f3 del gel blanquejador<\/b><span style=\"font-weight: 400;\"> i el seu <\/span><b>percentatge de per\u00f2xid d\u2019hidrogen<\/b><span style=\"font-weight: 400;\">, assegurant que <\/span><b>no hi ha cap agressi\u00f3 a l\u2019esmalt dental<\/b><span style=\"font-weight: 400;\">.<\/span><\/p><p><b>Consulta sempre amb el teu dentista<\/b><b><br \/><\/b><span style=\"font-weight: 400;\"> \u2714 Si tens qualsevol preocupaci\u00f3 sobre el teu esmalt dental, \u00e9s recomanable que <\/span><b>consultis amb el teu dentista abans de sotmetre\u2019t a un blanquejament dental<\/b><span style=\"font-weight: 400;\">.<\/span><span style=\"font-weight: 400;\"><br \/><\/span><span style=\"font-weight: 400;\"> \u2714 Avaluarem la teva situaci\u00f3 i t\u2019oferirem les <\/span><b>recomanacions m\u00e9s adequades<\/b><span style=\"font-weight: 400;\"> per garantir la salut i el benestar de les teves dents.<\/span><\/p><h3><b>Resum<\/b><\/h3><p><b><span style=\"font-weight: 400;\">\u2714 <\/span>El blanquejament dental no fa malb\u00e9 l\u2019esmalt si es realitza correctament.<\/b><b><br \/><\/b><b><span style=\"font-weight: 400;\">\u2714 <\/span>El gel blanquejador actua a les capes externes de l\u2019esmalt per eliminar taques.<\/b><b><br \/><\/b><b><span style=\"font-weight: 400;\">\u2714 <\/span>\u00c9s normal, encara que poc freq\u00fcent, experimentar sensibilitat temporal.<\/b><b><br \/><\/b><b><span style=\"font-weight: 400;\">\u2714 <\/span>La sensibilitat sol desapar\u00e8ixer en pocs dies despr\u00e9s del tractament.<\/b><b><br \/><\/b><b><span style=\"font-weight: 400;\">\u2714 <\/span>Segueix sempre les instruccions del dentista i no abusis del blanquejament.<\/b><b><br \/><\/b><b><span style=\"font-weight: 400;\">\u2714 <\/span>Consulta amb el teu dentista si tens preocupacions sobre el teu esmalt dental.<\/b><\/p><\/div>\n\t\t\t\t<\/div>\n\t\t\t\t\t\t\t<div class=\"elementor-accordion-item\">\n\t\t\t\t\t<div id=\"elementor-tab-title-8527\" class=\"elementor-tab-title\" data-tab=\"7\" role=\"button\" aria-controls=\"elementor-tab-content-8527\" aria-expanded=\"false\">\n\t\t\t\t\t\t\t\t\t\t\t\t\t<span class=\"elementor-accordion-icon elementor-accordion-icon-right\" aria-hidden=\"true\">\n\t\t\t\t\t\t\t\t\t\t\t\t\t\t\t<span class=\"elementor-accordion-icon-closed\"><svg xmlns=\"http:\/\/www.w3.org\/2000\/svg\" width=\"37\" height=\"37\" viewBox=\"0 0 37 37\" fill=\"none\"><circle cx=\"18.5518\" cy=\"18.046\" r=\"17.6921\" stroke=\"#3A3A3A\" stroke-width=\"0.707685\"><\/circle><line x1=\"18.9069\" y1=\"6.8999\" x2=\"18.9069\" y2=\"29.192\" stroke=\"#3A3A3A\" stroke-width=\"1.41537\"><\/line><line x1=\"30.2305\" y1=\"18.7536\" x2=\"7.93838\" y2=\"18.7536\" stroke=\"#3A3A3A\" stroke-width=\"1.41537\"><\/line><\/svg><\/span>\n\t\t\t\t\t\t\t\t<span class=\"elementor-accordion-icon-opened\"><svg xmlns=\"http:\/\/www.w3.org\/2000\/svg\" width=\"37\" height=\"37\" viewBox=\"0 0 37 37\" fill=\"none\"><circle cx=\"18.5518\" cy=\"18.046\" r=\"17.6921\" stroke=\"#3A3A3A\" stroke-width=\"0.707685\"><\/circle><line x1=\"30.2305\" y1=\"18.7536\" x2=\"7.93838\" y2=\"18.7536\" stroke=\"#3A3A3A\" stroke-width=\"1.41537\"><\/line><\/svg><\/span>\n\t\t\t\t\t\t\t\t\t\t\t\t\t\t<\/span>\n\t\t\t\t\t\t\t\t\t\t\t\t<a class=\"elementor-accordion-title\" tabindex=\"0\">Tots els tipus de taques s\u2019eliminen amb el blanquejament dental?<\/a>\n\t\t\t\t\t<\/div>\n\t\t\t\t\t<div id=\"elementor-tab-content-8527\" class=\"elementor-tab-content elementor-clearfix\" data-tab=\"7\" role=\"region\" aria-labelledby=\"elementor-tab-title-8527\"><p><span style=\"font-weight: 400;\">No totes les taques dentals s\u00f3n iguals ni tenen el mateix origen. <\/span><b>Algunes taques es poden eliminar amb el blanquejament dental, mentre que altres poden requerir un tractament diferent, com carilles dentals o corones.<\/b><\/p><p><span style=\"font-weight: 400;\">Per aquest motiu, \u00e9s essencial que un especialista realitzi <\/span><b>una avaluaci\u00f3 pr\u00e8via<\/b><span style=\"font-weight: 400;\"> per determinar <\/span><b>l\u2019origen de les taques<\/b><span style=\"font-weight: 400;\"> i el tractament m\u00e9s adequat.<\/span><\/p><p><b>Tipus de taques i tractaments recomanats<\/b><\/p><p><span style=\"font-weight: 400;\">\u2714 <\/span><b>Taques d\u2019origen extern<\/b><\/p><ul><li style=\"font-weight: 400;\" aria-level=\"1\"><span style=\"font-weight: 400;\">Causades per una <\/span><b>higiene bucodental deficient<\/b><span style=\"font-weight: 400;\"> o pel <\/span><b>consum excessiu de caf\u00e8, te, vi o tabac<\/b><span style=\"font-weight: 400;\">.<\/span><\/li><li style=\"font-weight: 400;\" aria-level=\"1\"><b>El blanquejament dental pot eliminar-les o reduir-les significativament.<\/b><\/li><\/ul><p><span style=\"font-weight: 400;\">\u2714 <\/span><b>Taques d\u2019origen intern<\/b><\/p><ul><li style=\"font-weight: 400;\" aria-level=\"1\"><span style=\"font-weight: 400;\">Poden ser causades per la presa de <\/span><b>certs antibi\u00f2tics durant la inf\u00e0ncia<\/b><span style=\"font-weight: 400;\"> o altres alteracions internes de l\u2019estructura dental.<\/span><\/li><li style=\"font-weight: 400;\" aria-level=\"1\"><b>El blanquejament dental pot no ser efectiu<\/b><span style=\"font-weight: 400;\"> en aquests casos.<\/span><\/li><li style=\"font-weight: 400;\" aria-level=\"1\"><span style=\"font-weight: 400;\">Tractaments alternatius:<\/span><ul><li style=\"font-weight: 400;\" aria-level=\"2\"><b>Carilles dentals<\/b><\/li><li style=\"font-weight: 400;\" aria-level=\"2\"><b>Corones<\/b><span style=\"font-weight: 400;\"> per corregir l\u2019aparen\u00e7a de les dents.<\/span><\/li><\/ul><\/li><\/ul><p><b>Conclusi\u00f3<\/b><b><br \/><\/b><span style=\"font-weight: 400;\"> \u00c9s important realitzar una <\/span><b>valoraci\u00f3 pr\u00e8via amb un odont\u00f2leg<\/b><span style=\"font-weight: 400;\"> per determinar quin \u00e9s <\/span><b>el millor tractament per a cada cas en particular.<\/b><\/p><\/div>\n\t\t\t\t<\/div>\n\t\t\t\t\t\t\t<div class=\"elementor-accordion-item\">\n\t\t\t\t\t<div id=\"elementor-tab-title-8528\" class=\"elementor-tab-title\" data-tab=\"8\" role=\"button\" aria-controls=\"elementor-tab-content-8528\" aria-expanded=\"false\">\n\t\t\t\t\t\t\t\t\t\t\t\t\t<span class=\"elementor-accordion-icon elementor-accordion-icon-right\" aria-hidden=\"true\">\n\t\t\t\t\t\t\t\t\t\t\t\t\t\t\t<span class=\"elementor-accordion-icon-closed\"><svg xmlns=\"http:\/\/www.w3.org\/2000\/svg\" width=\"37\" height=\"37\" viewBox=\"0 0 37 37\" fill=\"none\"><circle cx=\"18.5518\" cy=\"18.046\" r=\"17.6921\" stroke=\"#3A3A3A\" stroke-width=\"0.707685\"><\/circle><line x1=\"18.9069\" y1=\"6.8999\" x2=\"18.9069\" y2=\"29.192\" stroke=\"#3A3A3A\" stroke-width=\"1.41537\"><\/line><line x1=\"30.2305\" y1=\"18.7536\" x2=\"7.93838\" y2=\"18.7536\" stroke=\"#3A3A3A\" stroke-width=\"1.41537\"><\/line><\/svg><\/span>\n\t\t\t\t\t\t\t\t<span class=\"elementor-accordion-icon-opened\"><svg xmlns=\"http:\/\/www.w3.org\/2000\/svg\" width=\"37\" height=\"37\" viewBox=\"0 0 37 37\" fill=\"none\"><circle cx=\"18.5518\" cy=\"18.046\" r=\"17.6921\" stroke=\"#3A3A3A\" stroke-width=\"0.707685\"><\/circle><line x1=\"30.2305\" y1=\"18.7536\" x2=\"7.93838\" y2=\"18.7536\" stroke=\"#3A3A3A\" stroke-width=\"1.41537\"><\/line><\/svg><\/span>\n\t\t\t\t\t\t\t\t\t\t\t\t\t\t<\/span>\n\t\t\t\t\t\t\t\t\t\t\t\t<a class=\"elementor-accordion-title\" tabindex=\"0\">Quant dura l\u2019efecte blanquejador?<\/a>\n\t\t\t\t\t<\/div>\n\t\t\t\t\t<div id=\"elementor-tab-content-8528\" class=\"elementor-tab-content elementor-clearfix\" data-tab=\"8\" role=\"region\" aria-labelledby=\"elementor-tab-title-8528\"><p><span style=\"font-weight: 400;\">La <\/span><b>duraci\u00f3 de l\u2019efecte blanquejador<\/b><span style=\"font-weight: 400;\"> dep\u00e8n de diversos factors, com ara:<\/span><span style=\"font-weight: 400;\"><br \/><\/span><span style=\"font-weight: 400;\"> \u2714 <\/span><b>H\u00e0bits alimentaris<\/b><b><br \/><\/b><span style=\"font-weight: 400;\"> \u2714 <\/span><b>Consum de tabac<\/b><b><br \/><\/b><span style=\"font-weight: 400;\"> \u2714 <\/span><b>Higiene bucodental<\/b><\/p><p><b>En general, els resultats del blanquejament dental es mantenen entre 1 i 3 anys.<\/b><b><br \/><\/b><b>Amb un bon manteniment, es pot prolongar durant m\u00e9s temps.<\/b><\/p><\/div>\n\t\t\t\t<\/div>\n\t\t\t\t\t\t\t\t<\/div>\n\t\t\t\t\t\t<\/div>\n\t\t\t\t<\/div>\n\t\t\t\t<\/div>\n\t\t\t\t<\/div>\n\t\t<div class=\"elementor-element elementor-element-ad72c7c e-con-full e-flex e-con e-child\" data-id=\"ad72c7c\" data-element_type=\"container\" data-e-type=\"container\" data-settings=\"{&quot;background_background&quot;:&quot;classic&quot;}\">\n\t\t<div class=\"elementor-element elementor-element-2010dd3 e-con-full e-flex e-con e-child\" data-id=\"2010dd3\" data-element_type=\"container\" data-e-type=\"container\">\n\t\t\t\t<div class=\"elementor-element elementor-element-96b9164 elementor-widget__width-inherit elementor-widget elementor-widget-heading\" data-id=\"96b9164\" data-element_type=\"widget\" data-e-type=\"widget\" data-widget_type=\"heading.default\">\n\t\t\t\t<div class=\"elementor-widget-container\">\n\t\t\t\t\t<h2 class=\"elementor-heading-title elementor-size-default\">Video Testimoni<\/br>de blanquejament dental<\/h2>\t\t\t\t<\/div>\n\t\t\t\t<\/div>\n\t\t<div class=\"elementor-element elementor-element-e7d074b e-con-full e-flex e-con e-child\" data-id=\"e7d074b\" data-element_type=\"container\" data-e-type=\"container\">\n\t\t\t\t<div class=\"elementor-element elementor-element-bd611d9 elementor-widget-tablet__width-initial elementor-widget elementor-widget-video\" data-id=\"bd611d9\" data-element_type=\"widget\" data-e-type=\"widget\" data-settings=\"{&quot;youtube_url&quot;:&quot;https:\\\/\\\/www.youtube.com\\\/embed\\\/s_fRcPHI4GE&quot;,&quot;video_type&quot;:&quot;youtube&quot;,&quot;controls&quot;:&quot;yes&quot;}\" data-widget_type=\"video.default\">\n\t\t\t\t<div class=\"elementor-widget-container\">\n\t\t\t\t\t\t\t<div class=\"elementor-wrapper elementor-open-inline\">\n\t\t\t<div class=\"elementor-video\"><\/div>\t\t<\/div>\n\t\t\t\t\t\t<\/div>\n\t\t\t\t<\/div>\n\t\t\t\t<\/div>\n\t\t\t\t<\/div>\n\t\t\t\t<\/div>\n\t\t<div class=\"elementor-element elementor-element-4b0b3bd e-con-full e-flex e-con e-child\" data-id=\"4b0b3bd\" data-element_type=\"container\" data-e-type=\"container\" data-settings=\"{&quot;background_background&quot;:&quot;classic&quot;}\">\n\t\t\t\t<div class=\"elementor-element elementor-element-d7bb71b elementor-widget__width-inherit elementor-widget elementor-widget-image\" data-id=\"d7bb71b\" data-element_type=\"widget\" data-e-type=\"widget\" data-widget_type=\"image.default\">\n\t\t\t\t<div class=\"elementor-widget-container\">\n\t\t\t\t\t\t\t\t\t\t\t\t\t\t\t<img loading=\"lazy\" decoding=\"async\" width=\"1921\" height=\"164\" src=\"https:\/\/clinicadentalmontsetimoneda.com\/wp-content\/uploads\/2024\/05\/textura_doctores.png\" class=\"attachment-full size-full wp-image-10718\" alt=\"\" srcset=\"https:\/\/clinicadentalmontsetimoneda.com\/wp-content\/uploads\/2024\/05\/textura_doctores.png 1921w, https:\/\/clinicadentalmontsetimoneda.com\/wp-content\/uploads\/2024\/05\/textura_doctores-800x68.png 800w, https:\/\/clinicadentalmontsetimoneda.com\/wp-content\/uploads\/2024\/05\/textura_doctores-1400x120.png 1400w, https:\/\/clinicadentalmontsetimoneda.com\/wp-content\/uploads\/2024\/05\/textura_doctores-768x66.png 768w, https:\/\/clinicadentalmontsetimoneda.com\/wp-content\/uploads\/2024\/05\/textura_doctores-1536x131.png 1536w\" sizes=\"(max-width: 1921px) 100vw, 1921px\" \/>\t\t\t\t\t\t\t\t\t\t\t\t\t\t\t<\/div>\n\t\t\t\t<\/div>\n\t\t\t\t<div class=\"elementor-element elementor-element-5cda41d elementor-widget elementor-widget-heading\" data-id=\"5cda41d\" data-element_type=\"widget\" data-e-type=\"widget\" data-widget_type=\"heading.default\">\n\t\t\t\t<div class=\"elementor-widget-container\">\n\t\t\t\t\t<h2 class=\"elementor-heading-title elementor-size-default\">Altres tractaments dentals per millorar l\u2019est\u00e8tica<\/h2>\t\t\t\t<\/div>\n\t\t\t\t<\/div>\n\t\t\t\t<div class=\"elementor-element elementor-element-2933304 elementor-widget__width-initial elementor-widget elementor-widget-text-editor\" data-id=\"2933304\" data-element_type=\"widget\" data-e-type=\"widget\" data-widget_type=\"text-editor.default\">\n\t\t\t\t<div class=\"elementor-widget-container\">\n\t\t\t\t\t\t\t\t\t<p><span style=\"font-weight: 400;\">A m\u00e9s del <\/span><b>blanquejament dental<\/b><span style=\"font-weight: 400;\">, existeixen altres <\/span><b>tractaments est\u00e8tics<\/b><span style=\"font-weight: 400;\"> que poden millorar l\u2019aparen\u00e7a de les dents. Aquests tractaments poden ser <\/span><b>recomanats per un dentista<\/b><span style=\"font-weight: 400;\"> segons les necessitats espec\u00edfiques de cada pacient.<\/span><\/p>\t\t\t\t\t\t\t\t<\/div>\n\t\t\t\t<\/div>\n\t\t<div class=\"elementor-element elementor-element-8e2df02 e-flex e-con-boxed e-con e-child\" data-id=\"8e2df02\" data-element_type=\"container\" data-e-type=\"container\">\n\t\t\t\t\t<div class=\"e-con-inner\">\n\t\t<div class=\"elementor-element elementor-element-323df8d e-grid e-con-full e-con e-child\" data-id=\"323df8d\" data-element_type=\"container\" data-e-type=\"container\">\n\t\t<a class=\"elementor-element elementor-element-52fa35d e-con-full e-flex e-con e-child\" data-id=\"52fa35d\" data-element_type=\"container\" data-e-type=\"container\" href=\"https:\/\/clinicadentalmontsetimoneda.com\/ca\/estetica-dental\/carilles\/\">\n\t\t\t\t<div class=\"elementor-element elementor-element-7899923 elementor-widget__width-initial elementor-widget elementor-widget-heading\" data-id=\"7899923\" data-element_type=\"widget\" data-e-type=\"widget\" data-widget_type=\"heading.default\">\n\t\t\t\t<div class=\"elementor-widget-container\">\n\t\t\t\t\t<h2 class=\"elementor-heading-title elementor-size-default\">CARILLES DENTALS<\/h2>\t\t\t\t<\/div>\n\t\t\t\t<\/div>\n\t\t<div class=\"elementor-element elementor-element-0870b8f e-con-full e-flex e-con e-child\" data-id=\"0870b8f\" data-element_type=\"container\" data-e-type=\"container\">\n\t\t<div class=\"elementor-element elementor-element-8b5f6c7 e-con-full e-flex e-con e-child\" data-id=\"8b5f6c7\" data-element_type=\"container\" data-e-type=\"container\" data-settings=\"{&quot;background_background&quot;:&quot;classic&quot;}\">\n\t\t\t\t<\/div>\n\t\t\t\t<div class=\"elementor-element elementor-element-1b3bee3 elementor-widget__width-initial elementor-widget elementor-widget-text-editor\" data-id=\"1b3bee3\" data-element_type=\"widget\" data-e-type=\"widget\" data-widget_type=\"text-editor.default\">\n\t\t\t\t<div class=\"elementor-widget-container\">\n\t\t\t\t\t\t\t\t\t<div id=\"row-1510690210\" class=\"row\"><div id=\"col-341518271\" class=\"col medium-9 small-12 large-9\" data-animate=\"fadeInLeft\" data-animated=\"true\"><div class=\"col-inner\"><p><span style=\"font-weight: 400;\">Les <\/span><b>carilles dentals<\/b><span style=\"font-weight: 400;\"> s\u00f3n un <\/span><b>recobriment est\u00e8tic<\/b><span style=\"font-weight: 400;\"> que s\u2019adhereix a la superf\u00edcie de les dents per <\/span><b>millorar el seu aspecte<\/b><span style=\"font-weight: 400;\">.<\/span><\/p><p><b>Caracter\u00edstiques principals:<\/b><b><br \/><\/b><span style=\"font-weight: 400;\"> \u2714 Fabricades en <\/span><b>porcellana o composite<\/b><span style=\"font-weight: 400;\">.<\/span><span style=\"font-weight: 400;\"><br \/><\/span><span style=\"font-weight: 400;\"> \u2714 Corregeixen problemes com <\/span><b>decoloraci\u00f3, desgast, fractures o fins i tot malposicions dentals<\/b><span style=\"font-weight: 400;\">.<\/span><span style=\"font-weight: 400;\"><br \/><\/span><span style=\"font-weight: 400;\"> \u2714 El proc\u00e9s consisteix en:<\/span><\/p><ul><li style=\"font-weight: 400;\" aria-level=\"1\"><b>Moldelat de les dents<\/b><span style=\"font-weight: 400;\"> per ajustar les carilles.<\/span><\/li><li style=\"font-weight: 400;\" aria-level=\"1\"><b>Col\u00b7locaci\u00f3 mitjan\u00e7ant adhesiu dental<\/b><span style=\"font-weight: 400;\">.<\/span><\/li><\/ul><p><b>Beneficis:<\/b><b><br \/><\/b><span style=\"font-weight: 400;\"> \u2714 <\/span><b>Opci\u00f3 conservadora i duradora<\/b><span style=\"font-weight: 400;\"> per a la restauraci\u00f3 dental est\u00e8tica.<\/span><span style=\"font-weight: 400;\"><br \/><\/span><span style=\"font-weight: 400;\"> \u2714 Proporcionen <\/span><b>resultats naturals i espectaculars<\/b><span style=\"font-weight: 400;\">.<\/span><\/p><\/div><\/div><div id=\"col-43641192\" class=\"col hide-for-medium medium-1 small-12 large-1\"><div class=\"col-inner\">\u00a0<\/div><\/div><\/div><div id=\"row-811127186\" class=\"row\">\u00a0<\/div>\t\t\t\t\t\t\t\t<\/div>\n\t\t\t\t<\/div>\n\t\t\t\t<\/div>\n\t\t\t\t<\/a>\n\t\t<a class=\"elementor-element elementor-element-7cbf32d e-con-full e-flex e-con e-child\" data-id=\"7cbf32d\" data-element_type=\"container\" data-e-type=\"container\" href=\"https:\/\/clinicadentalmontsetimoneda.com\/ca\/estetica-dental\/implants-dentals-tarragona\/\">\n\t\t\t\t<div class=\"elementor-element elementor-element-a810365 elementor-widget__width-initial elementor-widget elementor-widget-heading\" data-id=\"a810365\" data-element_type=\"widget\" data-e-type=\"widget\" data-widget_type=\"heading.default\">\n\t\t\t\t<div class=\"elementor-widget-container\">\n\t\t\t\t\t<h2 class=\"elementor-heading-title elementor-size-default\">IMPLANTS DENTALS<\/h2>\t\t\t\t<\/div>\n\t\t\t\t<\/div>\n\t\t<div class=\"elementor-element elementor-element-e09a726 e-con-full e-flex e-con e-child\" data-id=\"e09a726\" data-element_type=\"container\" data-e-type=\"container\">\n\t\t\t\t<div class=\"elementor-element elementor-element-3bfe61c elementor-widget__width-initial elementor-widget elementor-widget-text-editor\" data-id=\"3bfe61c\" data-element_type=\"widget\" data-e-type=\"widget\" data-widget_type=\"text-editor.default\">\n\t\t\t\t<div class=\"elementor-widget-container\">\n\t\t\t\t\t\t\t\t\t<div id=\"row-1510690210\" class=\"row\"><div id=\"col-341518271\" class=\"col medium-9 small-12 large-9\" data-animate=\"fadeInLeft\" data-animated=\"true\"><div class=\"col-inner\"><p><span style=\"font-weight: 400;\">Els <\/span><b>implants dentals<\/b><span style=\"font-weight: 400;\"> s\u00f3n una soluci\u00f3 per <\/span><b>restaurar l\u2019est\u00e8tica dental en casos de p\u00e8rdua de dents<\/b><span style=\"font-weight: 400;\">.<\/span><\/p><p><b>Com funcionen?<\/b><b><br \/><\/b><span style=\"font-weight: 400;\"> \u2714 Es col\u00b7loquen <\/span><b>petites peces de titani<\/b><span style=\"font-weight: 400;\"> a l\u2019os maxil\u00b7lar o mandibular.<\/span><span style=\"font-weight: 400;\"><br \/><\/span><span style=\"font-weight: 400;\"> \u2714 Sobre aquests implants es fixa <\/span><b>una pr\u00f2tesi dental<\/b><span style=\"font-weight: 400;\"> que substitueix la dent perduda.<\/span><\/p><p><b>Beneficis:<\/b><b><br \/><\/b><span style=\"font-weight: 400;\"> \u2714 Millora l\u2019<\/span><b>aparici\u00f3 est\u00e8tica<\/b><span style=\"font-weight: 400;\">.<\/span><span style=\"font-weight: 400;\"><br \/><\/span><span style=\"font-weight: 400;\"> \u2714 <\/span><b>Recupera la funcionalitat<\/b><span style=\"font-weight: 400;\"> en la masticaci\u00f3 i la parla.<\/span><span style=\"font-weight: 400;\"><br \/><\/span><span style=\"font-weight: 400;\"> \u2714 <\/span><b>Ofereix estabilitat i comoditat<\/b><span style=\"font-weight: 400;\"> a llarg termini.<\/span><\/p><p><b>Consideracions:<\/b><b><br \/><\/b><span style=\"font-weight: 400;\"> \u2714 El procediment pot requerir <\/span><b>diversos mesos<\/b><span style=\"font-weight: 400;\"> i <\/span><b>diverses visites al dentista<\/b><span style=\"font-weight: 400;\"> per a l\u2019adaptaci\u00f3 i col\u00b7locaci\u00f3 de la pr\u00f2tesi.<\/span><\/p><\/div><\/div><div id=\"col-43641192\" class=\"col hide-for-medium medium-1 small-12 large-1\"><div class=\"col-inner\">\u00a0<\/div><\/div><\/div><div id=\"row-811127186\" class=\"row\">\u00a0<\/div>\t\t\t\t\t\t\t\t<\/div>\n\t\t\t\t<\/div>\n\t\t<div class=\"elementor-element elementor-element-558dba4 e-con-full e-flex e-con e-child\" data-id=\"558dba4\" data-element_type=\"container\" data-e-type=\"container\" data-settings=\"{&quot;background_background&quot;:&quot;classic&quot;}\">\n\t\t\t\t<\/div>\n\t\t\t\t<\/div>\n\t\t\t\t<\/a>\n\t\t\t\t<\/div>\n\t\t<div class=\"elementor-element elementor-element-0997d13 e-grid e-con-full e-con e-child\" data-id=\"0997d13\" data-element_type=\"container\" data-e-type=\"container\">\n\t\t<a class=\"elementor-element elementor-element-07a2d37 e-con-full e-flex e-con e-child\" data-id=\"07a2d37\" data-element_type=\"container\" data-e-type=\"container\" href=\"https:\/\/clinicadentalmontsetimoneda.com\/ca\/estetica-dental\/ortodoncia-invisible-invisalign\/\">\n\t\t\t\t<div class=\"elementor-element elementor-element-f863c8f elementor-widget__width-initial elementor-widget elementor-widget-heading\" data-id=\"f863c8f\" data-element_type=\"widget\" data-e-type=\"widget\" data-widget_type=\"heading.default\">\n\t\t\t\t<div class=\"elementor-widget-container\">\n\t\t\t\t\t<h2 class=\"elementor-heading-title elementor-size-default\">ORTOD\u00d2NCIA INVISIBLE<\/h2>\t\t\t\t<\/div>\n\t\t\t\t<\/div>\n\t\t<div class=\"elementor-element elementor-element-1bffb3c e-con-full e-flex e-con e-child\" data-id=\"1bffb3c\" data-element_type=\"container\" data-e-type=\"container\">\n\t\t\t\t<div class=\"elementor-element elementor-element-ef6a0c1 elementor-widget__width-initial elementor-widget elementor-widget-image\" data-id=\"ef6a0c1\" data-element_type=\"widget\" data-e-type=\"widget\" data-widget_type=\"image.default\">\n\t\t\t\t<div class=\"elementor-widget-container\">\n\t\t\t\t\t\t\t\t\t\t\t\t\t\t\t<img loading=\"lazy\" decoding=\"async\" width=\"1140\" height=\"461\" src=\"https:\/\/clinicadentalmontsetimoneda.com\/wp-content\/uploads\/2024\/05\/Ortodoncia_invisible.png\" class=\"attachment-full size-full wp-image-10824\" alt=\"\" srcset=\"https:\/\/clinicadentalmontsetimoneda.com\/wp-content\/uploads\/2024\/05\/Ortodoncia_invisible.png 1140w, https:\/\/clinicadentalmontsetimoneda.com\/wp-content\/uploads\/2024\/05\/Ortodoncia_invisible-800x324.png 800w, https:\/\/clinicadentalmontsetimoneda.com\/wp-content\/uploads\/2024\/05\/Ortodoncia_invisible-768x311.png 768w\" sizes=\"(max-width: 1140px) 100vw, 1140px\" \/>\t\t\t\t\t\t\t\t\t\t\t\t\t\t\t<\/div>\n\t\t\t\t<\/div>\n\t\t\t\t<div class=\"elementor-element elementor-element-49d7bd7 elementor-widget__width-initial elementor-widget elementor-widget-text-editor\" data-id=\"49d7bd7\" data-element_type=\"widget\" data-e-type=\"widget\" data-widget_type=\"text-editor.default\">\n\t\t\t\t<div class=\"elementor-widget-container\">\n\t\t\t\t\t\t\t\t\t<div id=\"row-1510690210\" class=\"row\"><div id=\"col-341518271\" class=\"col medium-9 small-12 large-9\" data-animate=\"fadeInLeft\" data-animated=\"true\"><div class=\"col-inner\"><p><span style=\"font-weight: 400;\">L\u2019<\/span><b>ortod\u00f2ncia invisible<\/b><span style=\"font-weight: 400;\"> \u00e9s un <\/span><b>tractament dental<\/b><span style=\"font-weight: 400;\"> dissenyat per corregir <\/span><b>problemes de maloclusi\u00f3 i mala posici\u00f3 dental<\/b><span style=\"font-weight: 400;\">.<\/span><\/p><p><b>Com funciona?<\/b><b><br \/><\/b><span style=\"font-weight: 400;\"> \u2714 Utilitza <\/span><b>f\u00e8rules invisibles<\/b><span style=\"font-weight: 400;\"> que es canvien <\/span><b>cada poques setmanes<\/b><span style=\"font-weight: 400;\"> per corregir <\/span><b>progressivament la posici\u00f3 de les dents<\/b><span style=\"font-weight: 400;\">.<\/span><span style=\"font-weight: 400;\"><br \/><\/span><span style=\"font-weight: 400;\"> \u2714 En ser <\/span><b>transparents<\/b><span style=\"font-weight: 400;\">, les f\u00e8rules s\u00f3n pr\u00e0cticament <\/span><b>imperceptibles<\/b><span style=\"font-weight: 400;\">, permetent al pacient <\/span><b>mantenir una aparen\u00e7a est\u00e8tica normal<\/b><span style=\"font-weight: 400;\"> durant tot el tractament.<\/span><span style=\"font-weight: 400;\"><br \/><\/span><span style=\"font-weight: 400;\"> \u2714 La <\/span><b>duraci\u00f3 del tractament<\/b><span style=\"font-weight: 400;\"> pot variar segons el cas i el nombre de correccions necess\u00e0ries.<\/span><\/p><p><b>Resum de les opcions per a l\u2019est\u00e8tica dental:<\/b><b><br \/><\/b><span style=\"font-weight: 400;\"> \u2714 <\/span><b>Carilles dentals<\/b><span style=\"font-weight: 400;\"> \u2192 Opci\u00f3 <\/span><b>conservadora i duradora<\/b><span style=\"font-weight: 400;\"> per a la restauraci\u00f3 est\u00e8tica dental, amb un <\/span><b>moldelat espec\u00edfic de les dents<\/b><span style=\"font-weight: 400;\"> i la col\u00b7locaci\u00f3 de carilles personalitzades.<\/span><span style=\"font-weight: 400;\"><br \/><\/span><span style=\"font-weight: 400;\"> \u2714 <\/span><b>Implantologia dental<\/b><span style=\"font-weight: 400;\"> \u2192 Soluci\u00f3 per <\/span><b>substituir dents perdudes<\/b><span style=\"font-weight: 400;\">, mitjan\u00e7ant la col\u00b7locaci\u00f3 de <\/span><b>pr\u00f2tesis dentals<\/b><span style=\"font-weight: 400;\"> que poden requerir <\/span><b>diverses visites al dentista<\/b><span style=\"font-weight: 400;\">.<\/span><span style=\"font-weight: 400;\"><br \/><\/span><span style=\"font-weight: 400;\"> \u2714 <\/span><b>Ortod\u00f2ncia invisible<\/b><span style=\"font-weight: 400;\"> \u2192 Utilitza <\/span><b>f\u00e8rules transparents<\/b><span style=\"font-weight: 400;\"> que, al llarg del tractament, <\/span><b>corregeixen la maloclusi\u00f3 i la mala posici\u00f3 dental<\/b><span style=\"font-weight: 400;\">.<\/span><\/p><\/div><\/div><\/div>\t\t\t\t\t\t\t\t<\/div>\n\t\t\t\t<\/div>\n\t\t\t\t<\/div>\n\t\t\t\t<\/a>\n\t\t\t\t<\/div>\n\t\t\t\t\t<\/div>\n\t\t\t\t<\/div>\n\t\t\t\t<\/div>\n\t\t<div class=\"elementor-element elementor-element-0f0cae4 e-con-full e-flex e-con e-child\" data-id=\"0f0cae4\" data-element_type=\"container\" data-e-type=\"container\" data-settings=\"{&quot;background_background&quot;:&quot;classic&quot;}\">\n\t\t\t\t<div class=\"elementor-element elementor-element-f04e238 elementor-widget elementor-widget-image\" data-id=\"f04e238\" data-element_type=\"widget\" data-e-type=\"widget\" data-widget_type=\"image.default\">\n\t\t\t\t<div class=\"elementor-widget-container\">\n\t\t\t\t\t\t\t\t\t\t\t\t\t\t\t<img loading=\"lazy\" decoding=\"async\" width=\"1020\" height=\"583\" src=\"https:\/\/clinicadentalmontsetimoneda.com\/wp-content\/uploads\/2023\/08\/marta-blanqueamiento-1400x800.jpg\" class=\"attachment-large size-large wp-image-8171\" alt=\"marta blanqueamiento\" srcset=\"https:\/\/clinicadentalmontsetimoneda.com\/wp-content\/uploads\/2023\/08\/marta-blanqueamiento.jpg 1400w, https:\/\/clinicadentalmontsetimoneda.com\/wp-content\/uploads\/2023\/08\/marta-blanqueamiento-700x400.jpg 700w, https:\/\/clinicadentalmontsetimoneda.com\/wp-content\/uploads\/2023\/08\/marta-blanqueamiento-768x439.jpg 768w\" sizes=\"(max-width: 1020px) 100vw, 1020px\" \/>\t\t\t\t\t\t\t\t\t\t\t\t\t\t\t<\/div>\n\t\t\t\t<\/div>\n\t\t<div class=\"elementor-element elementor-element-c7b7cf5 e-con-full e-flex e-con e-child\" data-id=\"c7b7cf5\" data-element_type=\"container\" data-e-type=\"container\">\n\t\t\t\t<div class=\"elementor-element elementor-element-2858651 elementor-widget__width-initial elementor-widget elementor-widget-text-editor\" data-id=\"2858651\" data-element_type=\"widget\" data-e-type=\"widget\" data-widget_type=\"text-editor.default\">\n\t\t\t\t<div class=\"elementor-widget-container\">\n\t\t\t\t\t\t\t\t\t<p>T&#8217;ajudem a aconseguir el teu somriure perfecte<\/p>\t\t\t\t\t\t\t\t<\/div>\n\t\t\t\t<\/div>\n\t\t\t\t<div class=\"elementor-element elementor-element-9b6c52e elementor-widget elementor-widget-text-editor\" data-id=\"9b6c52e\" data-element_type=\"widget\" data-e-type=\"widget\" data-widget_type=\"text-editor.default\">\n\t\t\t\t<div class=\"elementor-widget-container\">\n\t\t\t\t\t\t\t\t\t<p>En aquest cas, de resultat espectacular, es va combinar un tractament previ d&#8217;ortod\u00f2ncia invisible Invisalign amb un blanquejament dental final.<\/p>\t\t\t\t\t\t\t\t<\/div>\n\t\t\t\t<\/div>\n\t\t\t\t<\/div>\n\t\t\t\t<\/div>\n\t\t<div class=\"elementor-element elementor-element-b97a21c e-con-full e-flex e-con e-child\" data-id=\"b97a21c\" data-element_type=\"container\" data-e-type=\"container\" data-settings=\"{&quot;background_background&quot;:&quot;classic&quot;}\">\n\t\t<div class=\"elementor-element elementor-element-28f59a3 e-con-full e-flex e-con e-child\" data-id=\"28f59a3\" data-element_type=\"container\" data-e-type=\"container\">\n\t\t\t\t<div class=\"elementor-element elementor-element-ffbb18d elementor-widget__width-inherit elementor-widget elementor-widget-heading\" data-id=\"ffbb18d\" data-element_type=\"widget\" data-e-type=\"widget\" data-widget_type=\"heading.default\">\n\t\t\t\t<div class=\"elementor-widget-container\">\n\t\t\t\t\t<h2 class=\"elementor-heading-title elementor-size-default\">La import\u00e0ncia de la higiene bucodental en el blanquejament dental<\/h2>\t\t\t\t<\/div>\n\t\t\t\t<\/div>\n\t\t<div class=\"elementor-element elementor-element-125878b e-con-full e-flex e-con e-child\" data-id=\"125878b\" data-element_type=\"container\" data-e-type=\"container\">\n\t\t\t\t<div class=\"elementor-element elementor-element-09d7dfe elementor-widget elementor-widget-text-editor\" data-id=\"09d7dfe\" data-element_type=\"widget\" data-e-type=\"widget\" data-widget_type=\"text-editor.default\">\n\t\t\t\t<div class=\"elementor-widget-container\">\n\t\t\t\t\t\t\t\t\t<p><span style=\"font-weight: 400;\">La <\/span><b>higiene bucodental<\/b><span style=\"font-weight: 400;\"> \u00e9s <\/span><b>fonamental<\/b><span style=\"font-weight: 400;\"> per aconseguir <\/span><b>resultats duradors<\/b><span style=\"font-weight: 400;\"> despr\u00e9s d\u2019un tractament de <\/span><b>blanquejament dental<\/b><span style=\"font-weight: 400;\">.<\/span><\/p><p><b>Abans del blanquejament dental<\/b><b><br \/><\/b><span style=\"font-weight: 400;\"> \u2714 \u00c9s recomanable realitzar una <\/span><b>neteja dental professional<\/b><span style=\"font-weight: 400;\"> per eliminar la <\/span><b>placa bacteriana acumulada<\/b><span style=\"font-weight: 400;\">.<\/span><span style=\"font-weight: 400;\"><br \/><\/span><span style=\"font-weight: 400;\"> \u2714 Cal assegurar-se que <\/span><b>no hi ha cap malaltia periodontal<\/b><span style=\"font-weight: 400;\"> que pugui afectar el tractament.<\/span><\/p><p><b>Higiene di\u00e0ria per mantenir els resultats<\/b><b><br \/><\/b><span style=\"font-weight: 400;\"> \u2714 <\/span><b>Raspallar-se les dents almenys dues vegades al dia<\/b><span style=\"font-weight: 400;\">, durant <\/span><b>un m\u00ednim de dos minuts cada vegada<\/b><span style=\"font-weight: 400;\">.<\/span><span style=\"font-weight: 400;\"><br \/><\/span><span style=\"font-weight: 400;\"> \u2714 <\/span><b>Utilitzar fil dental i col\u00b7lutori adequats<\/b><span style=\"font-weight: 400;\">.<\/span><span style=\"font-weight: 400;\"><br \/><\/span><span style=\"font-weight: 400;\"> \u2714 Mantenir aquestes pr\u00e0ctiques com a <\/span><b>h\u00e0bits diaris<\/b><span style=\"font-weight: 400;\"> per prevenir la <\/span><b>acumulaci\u00f3 de taques<\/b><span style=\"font-weight: 400;\">.<\/span><\/p><p><b>Cures especials despr\u00e9s del blanquejament<\/b><b><br \/><\/b><span style=\"font-weight: 400;\"> \u2714 \u00das de <\/span><b>pasta dental especial<\/b><span style=\"font-weight: 400;\"> per a dents blanquejades.<\/span><span style=\"font-weight: 400;\"><br \/><\/span><span style=\"font-weight: 400;\"> \u2714 Reduir el consum de <\/span><b>certs aliments o begudes<\/b><span style=\"font-weight: 400;\"> que podrien enfosquir les dents.<\/span><span style=\"font-weight: 400;\"><br \/><\/span><span style=\"font-weight: 400;\"> \u2714 <\/span><b>Seguir les recomanacions de l\u2019odont\u00f2leg<\/b><span style=\"font-weight: 400;\"> per mantenir <\/span><b>uns resultats duradors<\/b><span style=\"font-weight: 400;\"> i una millora general de l\u2019est\u00e8tica del somriure.<\/span><\/p><p><span style=\"font-weight: 400;\">A m\u00e9s d\u2019aconseguir <\/span><b>dents m\u00e9s blanques i brillants<\/b><span style=\"font-weight: 400;\">, una bona salut bucodental contribueix a <\/span><b>millorar l\u2019autoestima i el benestar diari<\/b><span style=\"font-weight: 400;\">.<\/span><\/p>\t\t\t\t\t\t\t\t<\/div>\n\t\t\t\t<\/div>\n\t\t\t\t<\/div>\n\t\t\t\t<\/div>\n\t\t\t\t<\/div>\n\t\t<div class=\"elementor-element elementor-element-55a89b2 e-flex e-con-boxed e-con e-child\" data-id=\"55a89b2\" data-element_type=\"container\" data-e-type=\"container\" data-settings=\"{&quot;background_background&quot;:&quot;classic&quot;}\">\n\t\t\t\t\t<div class=\"e-con-inner\">\n\t\t<div class=\"elementor-element elementor-element-40187f5 e-con-full e-flex e-con e-child\" data-id=\"40187f5\" data-element_type=\"container\" data-e-type=\"container\" data-settings=\"{&quot;background_background&quot;:&quot;classic&quot;}\">\n\t\t\t\t<div class=\"elementor-element elementor-element-52a2328 elementor-widget elementor-widget-text-editor\" data-id=\"52a2328\" data-element_type=\"widget\" data-e-type=\"widget\" data-widget_type=\"text-editor.default\">\n\t\t\t\t<div class=\"elementor-widget-container\">\n\t\t\t\t\t\t\t\t\t<p>ACONSEGUEIX UNES DENTS M\u00c9S BLANQUES I ATRACTIVES<\/p>\t\t\t\t\t\t\t\t<\/div>\n\t\t\t\t<\/div>\n\t\t\t\t<div class=\"elementor-element elementor-element-c94c95b elementor-widget__width-initial elementor-widget elementor-widget-text-editor\" data-id=\"c94c95b\" data-element_type=\"widget\" data-e-type=\"widget\" data-widget_type=\"text-editor.default\">\n\t\t\t\t<div class=\"elementor-widget-container\">\n\t\t\t\t\t\t\t\t\t<p><b>Demana la teva cita ara<\/b><span style=\"font-weight: 400;\"> i t\u2019informarem sobre el <\/span><b>tractament de blanquejament dental<\/b><span style=\"font-weight: 400;\"> i com <\/span><b>aconseguir f\u00e0cilment un somriure m\u00e9s blanc i atractiu<\/b><span style=\"font-weight: 400;\">.<\/span><\/p><p><b>Nom\u00e9s necessitarem una estona del teu temps!<\/b><\/p>\t\t\t\t\t\t\t\t<\/div>\n\t\t\t\t<\/div>\n\t\t\t\t<div class=\"elementor-element elementor-element-ad658a6 elementor-widget elementor-widget-button\" data-id=\"ad658a6\" data-element_type=\"widget\" data-e-type=\"widget\" data-widget_type=\"button.default\">\n\t\t\t\t<div class=\"elementor-widget-container\">\n\t\t\t\t\t\t\t\t\t<div class=\"elementor-button-wrapper\">\n\t\t\t\t\t<a class=\"elementor-button elementor-button-link elementor-size-sm\" href=\"https:\/\/clinicadentalmontsetimoneda.com\/ca\/demanar-cita\/\">\n\t\t\t\t\t\t<span class=\"elementor-button-content-wrapper\">\n\t\t\t\t\t\t<span class=\"elementor-button-icon\">\n\t\t\t\t<svg xmlns=\"http:\/\/www.w3.org\/2000\/svg\" width=\"47\" height=\"48\" viewBox=\"0 0 47 48\" fill=\"none\"><g clip-path=\"url(#clip0_2066_1867)\"><path d=\"M31.6046 28.0732L25.17 23.2473V13.4168C25.17 12.4284 24.3711 11.6294 23.3826 11.6294C22.3942 11.6294 21.5952 12.4284 21.5952 13.4168V24.1411C21.5952 24.7041 21.8598 25.235 22.3102 25.571L29.4596 30.9332C29.7813 31.1745 30.1568 31.2906 30.5303 31.2906C31.0754 31.2906 31.6117 31.0457 31.962 30.5739C32.5556 29.7855 32.3947 28.6649 31.6046 28.0732Z\" fill=\"black\"><\/path><path d=\"M23.3826 0.923096C10.6583 0.923096 0.307617 11.2738 0.307617 23.9981C0.307617 36.7224 10.6583 47.0731 23.3826 47.0731C36.1069 47.0731 46.4576 36.7224 46.4576 23.9981C46.4576 11.2738 36.1069 0.923096 23.3826 0.923096ZM23.3826 43.4984C12.6316 43.4984 3.88235 34.7492 3.88235 23.9981C3.88235 13.247 12.6316 4.49783 23.3826 4.49783C34.1355 4.49783 42.8829 13.247 42.8829 23.9981C42.8829 34.7492 34.1337 43.4984 23.3826 43.4984Z\" fill=\"black\"><\/path><\/g><defs><clipPath id=\"clip0_2066_1867\"><rect width=\"46.15\" height=\"46.15\" fill=\"white\" transform=\"translate(0.307617 0.923096)\"><\/rect><\/clipPath><\/defs><\/svg>\t\t\t<\/span>\n\t\t\t\t\t\t\t\t\t<span class=\"elementor-button-text\">Vull una cita<\/span>\n\t\t\t\t\t<\/span>\n\t\t\t\t\t<\/a>\n\t\t\t\t<\/div>\n\t\t\t\t\t\t\t\t<\/div>\n\t\t\t\t<\/div>\n\t\t\t\t<\/div>\n\t\t\t\t\t<\/div>\n\t\t\t\t<\/div>\n\t\t\t\t<\/div>\n\t\t\t\t<\/div>\n\t\t","protected":false},"excerpt":{"rendered":"<p>Blanquejament Dental Tot el que necessites saber abans d\u00b4aclarir les teves dents. Un somriure brillant i radiant \u00e9s el desig de tothom El blanquejament dental \u00e9s un procediment odontol\u00f2gic cada cop m\u00e9s popular que pot ajudar-te a aconseguir un aspecte llumin\u00f3s i juvenil per a les teves dents. Amb el pas del temps, factors com: [&#8230;]\n","protected":false},"author":7,"featured_media":0,"parent":12969,"menu_order":1,"comment_status":"closed","ping_status":"closed","template":"elementor_header_footer","meta":{"footnotes":""},"class_list":["post-12968","page","type-page","status-publish","hentry"],"yoast_head":"<!-- This site is optimized with the Yoast SEO plugin v27.3 - https:\/\/yoast.com\/product\/yoast-seo-wordpress\/ -->\n<title>Blanquejament dental | Cl\u00ednica Dental Montse Timoneda<\/title>\n<meta name=\"description\" content=\"Il\u00b7lumina el teu somriure amb el blanquejament dental de Cl\u00ednica Dental Montse Timoneda. Tractaments segurs per a dents m\u00e9s blanques.\" \/>\n<meta name=\"robots\" content=\"index, follow\" \/>\n<link rel=\"canonical\" href=\"https:\/\/clinicadentalmontsetimoneda.com\/ca\/estetica-dental\/blanquejament-dental\/\" \/>\n<meta property=\"og:locale\" content=\"ca_ES\" \/>\n<meta property=\"og:type\" content=\"article\" \/>\n<meta property=\"og:title\" content=\"Blanquejament dental | Cl\u00ednica Dental Montse Timoneda\" \/>\n<meta property=\"og:description\" content=\"Il\u00b7lumina el teu somriure amb el blanquejament dental de Cl\u00ednica Dental Montse Timoneda. Tractaments segurs per a dents m\u00e9s blanques.\" \/>\n<meta property=\"og:url\" content=\"https:\/\/clinicadentalmontsetimoneda.com\/ca\/estetica-dental\/blanquejament-dental\/\" \/>\n<meta property=\"og:site_name\" content=\"Montse Timoneda\" \/>\n<meta property=\"article:publisher\" content=\"https:\/\/es-es.facebook.com\/ClinicaDentalMontseTimoneda\/\" \/>\n<meta property=\"article:modified_time\" content=\"2025-02-20T10:59:11+00:00\" \/>\n<meta property=\"og:image\" content=\"https:\/\/clinicadentalmontsetimoneda.com\/wp-content\/uploads\/2025\/01\/TECNOLOGIA-_-blanqueamiento-dental-2.jpg\" \/>\n\t<meta property=\"og:image:width\" content=\"2000\" \/>\n\t<meta property=\"og:image:height\" content=\"1333\" \/>\n\t<meta property=\"og:image:type\" content=\"image\/jpeg\" \/>\n<meta name=\"twitter:card\" content=\"summary_large_image\" \/>\n<meta name=\"twitter:label1\" content=\"Temps estimat de lectura\" \/>\n\t<meta name=\"twitter:data1\" content=\"16 minuts\" \/>\n<script type=\"application\/ld+json\" class=\"yoast-schema-graph\">{\"@context\":\"https:\\\/\\\/schema.org\",\"@graph\":[{\"@type\":\"WebPage\",\"@id\":\"https:\\\/\\\/clinicadentalmontsetimoneda.com\\\/ca\\\/estetica-dental\\\/blanquejament-dental\\\/\",\"url\":\"https:\\\/\\\/clinicadentalmontsetimoneda.com\\\/ca\\\/estetica-dental\\\/blanquejament-dental\\\/\",\"name\":\"Blanquejament dental | Cl\u00ednica Dental Montse Timoneda\",\"isPartOf\":{\"@id\":\"https:\\\/\\\/clinicadentalmontsetimoneda.com\\\/ca\\\/#website\"},\"primaryImageOfPage\":{\"@id\":\"https:\\\/\\\/clinicadentalmontsetimoneda.com\\\/ca\\\/estetica-dental\\\/blanquejament-dental\\\/#primaryimage\"},\"image\":{\"@id\":\"https:\\\/\\\/clinicadentalmontsetimoneda.com\\\/ca\\\/estetica-dental\\\/blanquejament-dental\\\/#primaryimage\"},\"thumbnailUrl\":\"https:\\\/\\\/clinicadentalmontsetimoneda.com\\\/wp-content\\\/uploads\\\/2025\\\/01\\\/TECNOLOGIA-_-blanqueamiento-dental-2-1200x800.jpg\",\"datePublished\":\"2024-06-27T11:30:39+00:00\",\"dateModified\":\"2025-02-20T10:59:11+00:00\",\"description\":\"Il\u00b7lumina el teu somriure amb el blanquejament dental de Cl\u00ednica Dental Montse Timoneda. Tractaments segurs per a dents m\u00e9s blanques.\",\"breadcrumb\":{\"@id\":\"https:\\\/\\\/clinicadentalmontsetimoneda.com\\\/ca\\\/estetica-dental\\\/blanquejament-dental\\\/#breadcrumb\"},\"inLanguage\":\"ca\",\"potentialAction\":[{\"@type\":\"ReadAction\",\"target\":[\"https:\\\/\\\/clinicadentalmontsetimoneda.com\\\/ca\\\/estetica-dental\\\/blanquejament-dental\\\/\"]}]},{\"@type\":\"ImageObject\",\"inLanguage\":\"ca\",\"@id\":\"https:\\\/\\\/clinicadentalmontsetimoneda.com\\\/ca\\\/estetica-dental\\\/blanquejament-dental\\\/#primaryimage\",\"url\":\"https:\\\/\\\/clinicadentalmontsetimoneda.com\\\/wp-content\\\/uploads\\\/2025\\\/01\\\/TECNOLOGIA-_-blanqueamiento-dental-2-1200x800.jpg\",\"contentUrl\":\"https:\\\/\\\/clinicadentalmontsetimoneda.com\\\/wp-content\\\/uploads\\\/2025\\\/01\\\/TECNOLOGIA-_-blanqueamiento-dental-2-1200x800.jpg\"},{\"@type\":\"BreadcrumbList\",\"@id\":\"https:\\\/\\\/clinicadentalmontsetimoneda.com\\\/ca\\\/estetica-dental\\\/blanquejament-dental\\\/#breadcrumb\",\"itemListElement\":[{\"@type\":\"ListItem\",\"position\":1,\"name\":\"Portada\",\"item\":\"https:\\\/\\\/clinicadentalmontsetimoneda.com\\\/ca\\\/\"},{\"@type\":\"ListItem\",\"position\":2,\"name\":\"Est\u00e8tica dental\",\"item\":\"https:\\\/\\\/clinicadentalmontsetimoneda.com\\\/ca\\\/estetica-dental\\\/\"},{\"@type\":\"ListItem\",\"position\":3,\"name\":\"Blanquejament dental\"}]},{\"@type\":\"WebSite\",\"@id\":\"https:\\\/\\\/clinicadentalmontsetimoneda.com\\\/ca\\\/#website\",\"url\":\"https:\\\/\\\/clinicadentalmontsetimoneda.com\\\/ca\\\/\",\"name\":\"Montse Timoneda\",\"description\":\"Cl\u00ednica dental  | Tarragona\",\"publisher\":{\"@id\":\"https:\\\/\\\/clinicadentalmontsetimoneda.com\\\/ca\\\/#organization\"},\"potentialAction\":[{\"@type\":\"SearchAction\",\"target\":{\"@type\":\"EntryPoint\",\"urlTemplate\":\"https:\\\/\\\/clinicadentalmontsetimoneda.com\\\/ca\\\/?s={search_term_string}\"},\"query-input\":{\"@type\":\"PropertyValueSpecification\",\"valueRequired\":true,\"valueName\":\"search_term_string\"}}],\"inLanguage\":\"ca\"},{\"@type\":\"Organization\",\"@id\":\"https:\\\/\\\/clinicadentalmontsetimoneda.com\\\/ca\\\/#organization\",\"name\":\"Clinica Dental Montse Timoneda\",\"url\":\"https:\\\/\\\/clinicadentalmontsetimoneda.com\\\/ca\\\/\",\"logo\":{\"@type\":\"ImageObject\",\"inLanguage\":\"ca\",\"@id\":\"https:\\\/\\\/clinicadentalmontsetimoneda.com\\\/ca\\\/#\\\/schema\\\/logo\\\/image\\\/\",\"url\":\"https:\\\/\\\/clinicadentalmontsetimoneda.com\\\/wp-content\\\/uploads\\\/2024\\\/05\\\/Logo-central.svg\",\"contentUrl\":\"https:\\\/\\\/clinicadentalmontsetimoneda.com\\\/wp-content\\\/uploads\\\/2024\\\/05\\\/Logo-central.svg\",\"width\":515,\"height\":110,\"caption\":\"Clinica Dental Montse Timoneda\"},\"image\":{\"@id\":\"https:\\\/\\\/clinicadentalmontsetimoneda.com\\\/ca\\\/#\\\/schema\\\/logo\\\/image\\\/\"},\"sameAs\":[\"https:\\\/\\\/es-es.facebook.com\\\/ClinicaDentalMontseTimoneda\\\/\",\"https:\\\/\\\/www.instagram.com\\\/cd.montsetimoneda\\\/\",\"https:\\\/\\\/www.youtube.com\\\/channel\\\/UCBohbjYo6D3kp365Fs68cGw\"]}]}<\/script>\n<!-- \/ Yoast SEO plugin. -->","yoast_head_json":{"title":"Blanquejament dental | Cl\u00ednica Dental Montse Timoneda","description":"Il\u00b7lumina el teu somriure amb el blanquejament dental de Cl\u00ednica Dental Montse Timoneda. Tractaments segurs per a dents m\u00e9s blanques.","robots":{"index":"index","follow":"follow"},"canonical":"https:\/\/clinicadentalmontsetimoneda.com\/ca\/estetica-dental\/blanquejament-dental\/","og_locale":"ca_ES","og_type":"article","og_title":"Blanquejament dental | Cl\u00ednica Dental Montse Timoneda","og_description":"Il\u00b7lumina el teu somriure amb el blanquejament dental de Cl\u00ednica Dental Montse Timoneda. Tractaments segurs per a dents m\u00e9s blanques.","og_url":"https:\/\/clinicadentalmontsetimoneda.com\/ca\/estetica-dental\/blanquejament-dental\/","og_site_name":"Montse Timoneda","article_publisher":"https:\/\/es-es.facebook.com\/ClinicaDentalMontseTimoneda\/","article_modified_time":"2025-02-20T10:59:11+00:00","og_image":[{"width":2000,"height":1333,"url":"https:\/\/clinicadentalmontsetimoneda.com\/wp-content\/uploads\/2025\/01\/TECNOLOGIA-_-blanqueamiento-dental-2.jpg","type":"image\/jpeg"}],"twitter_card":"summary_large_image","twitter_misc":{"Temps estimat de lectura":"16 minuts"},"schema":{"@context":"https:\/\/schema.org","@graph":[{"@type":"WebPage","@id":"https:\/\/clinicadentalmontsetimoneda.com\/ca\/estetica-dental\/blanquejament-dental\/","url":"https:\/\/clinicadentalmontsetimoneda.com\/ca\/estetica-dental\/blanquejament-dental\/","name":"Blanquejament dental | Cl\u00ednica Dental Montse Timoneda","isPartOf":{"@id":"https:\/\/clinicadentalmontsetimoneda.com\/ca\/#website"},"primaryImageOfPage":{"@id":"https:\/\/clinicadentalmontsetimoneda.com\/ca\/estetica-dental\/blanquejament-dental\/#primaryimage"},"image":{"@id":"https:\/\/clinicadentalmontsetimoneda.com\/ca\/estetica-dental\/blanquejament-dental\/#primaryimage"},"thumbnailUrl":"https:\/\/clinicadentalmontsetimoneda.com\/wp-content\/uploads\/2025\/01\/TECNOLOGIA-_-blanqueamiento-dental-2-1200x800.jpg","datePublished":"2024-06-27T11:30:39+00:00","dateModified":"2025-02-20T10:59:11+00:00","description":"Il\u00b7lumina el teu somriure amb el blanquejament dental de Cl\u00ednica Dental Montse Timoneda. Tractaments segurs per a dents m\u00e9s blanques.","breadcrumb":{"@id":"https:\/\/clinicadentalmontsetimoneda.com\/ca\/estetica-dental\/blanquejament-dental\/#breadcrumb"},"inLanguage":"ca","potentialAction":[{"@type":"ReadAction","target":["https:\/\/clinicadentalmontsetimoneda.com\/ca\/estetica-dental\/blanquejament-dental\/"]}]},{"@type":"ImageObject","inLanguage":"ca","@id":"https:\/\/clinicadentalmontsetimoneda.com\/ca\/estetica-dental\/blanquejament-dental\/#primaryimage","url":"https:\/\/clinicadentalmontsetimoneda.com\/wp-content\/uploads\/2025\/01\/TECNOLOGIA-_-blanqueamiento-dental-2-1200x800.jpg","contentUrl":"https:\/\/clinicadentalmontsetimoneda.com\/wp-content\/uploads\/2025\/01\/TECNOLOGIA-_-blanqueamiento-dental-2-1200x800.jpg"},{"@type":"BreadcrumbList","@id":"https:\/\/clinicadentalmontsetimoneda.com\/ca\/estetica-dental\/blanquejament-dental\/#breadcrumb","itemListElement":[{"@type":"ListItem","position":1,"name":"Portada","item":"https:\/\/clinicadentalmontsetimoneda.com\/ca\/"},{"@type":"ListItem","position":2,"name":"Est\u00e8tica dental","item":"https:\/\/clinicadentalmontsetimoneda.com\/ca\/estetica-dental\/"},{"@type":"ListItem","position":3,"name":"Blanquejament dental"}]},{"@type":"WebSite","@id":"https:\/\/clinicadentalmontsetimoneda.com\/ca\/#website","url":"https:\/\/clinicadentalmontsetimoneda.com\/ca\/","name":"Montse Timoneda","description":"Cl\u00ednica dental  | Tarragona","publisher":{"@id":"https:\/\/clinicadentalmontsetimoneda.com\/ca\/#organization"},"potentialAction":[{"@type":"SearchAction","target":{"@type":"EntryPoint","urlTemplate":"https:\/\/clinicadentalmontsetimoneda.com\/ca\/?s={search_term_string}"},"query-input":{"@type":"PropertyValueSpecification","valueRequired":true,"valueName":"search_term_string"}}],"inLanguage":"ca"},{"@type":"Organization","@id":"https:\/\/clinicadentalmontsetimoneda.com\/ca\/#organization","name":"Clinica Dental Montse Timoneda","url":"https:\/\/clinicadentalmontsetimoneda.com\/ca\/","logo":{"@type":"ImageObject","inLanguage":"ca","@id":"https:\/\/clinicadentalmontsetimoneda.com\/ca\/#\/schema\/logo\/image\/","url":"https:\/\/clinicadentalmontsetimoneda.com\/wp-content\/uploads\/2024\/05\/Logo-central.svg","contentUrl":"https:\/\/clinicadentalmontsetimoneda.com\/wp-content\/uploads\/2024\/05\/Logo-central.svg","width":515,"height":110,"caption":"Clinica Dental Montse Timoneda"},"image":{"@id":"https:\/\/clinicadentalmontsetimoneda.com\/ca\/#\/schema\/logo\/image\/"},"sameAs":["https:\/\/es-es.facebook.com\/ClinicaDentalMontseTimoneda\/","https:\/\/www.instagram.com\/cd.montsetimoneda\/","https:\/\/www.youtube.com\/channel\/UCBohbjYo6D3kp365Fs68cGw"]}]}},"_links":{"self":[{"href":"https:\/\/clinicadentalmontsetimoneda.com\/ca\/wp-json\/wp\/v2\/pages\/12968","targetHints":{"allow":["GET"]}}],"collection":[{"href":"https:\/\/clinicadentalmontsetimoneda.com\/ca\/wp-json\/wp\/v2\/pages"}],"about":[{"href":"https:\/\/clinicadentalmontsetimoneda.com\/ca\/wp-json\/wp\/v2\/types\/page"}],"author":[{"embeddable":true,"href":"https:\/\/clinicadentalmontsetimoneda.com\/ca\/wp-json\/wp\/v2\/users\/7"}],"replies":[{"embeddable":true,"href":"https:\/\/clinicadentalmontsetimoneda.com\/ca\/wp-json\/wp\/v2\/comments?post=12968"}],"version-history":[{"count":38,"href":"https:\/\/clinicadentalmontsetimoneda.com\/ca\/wp-json\/wp\/v2\/pages\/12968\/revisions"}],"predecessor-version":[{"id":16910,"href":"https:\/\/clinicadentalmontsetimoneda.com\/ca\/wp-json\/wp\/v2\/pages\/12968\/revisions\/16910"}],"up":[{"embeddable":true,"href":"https:\/\/clinicadentalmontsetimoneda.com\/ca\/wp-json\/wp\/v2\/pages\/12969"}],"wp:attachment":[{"href":"https:\/\/clinicadentalmontsetimoneda.com\/ca\/wp-json\/wp\/v2\/media?parent=12968"}],"curies":[{"name":"wp","href":"https:\/\/api.w.org\/{rel}","templated":true}]}}