{"id":12966,"date":"2024-06-27T07:33:54","date_gmt":"2024-06-27T07:33:54","guid":{"rendered":"https:\/\/clinicadentalmontsetimoneda.plesk.myfocus.es\/?page_id=12966"},"modified":"2025-02-20T10:40:28","modified_gmt":"2025-02-20T10:40:28","slug":"eco-clinica","status":"publish","type":"page","link":"https:\/\/clinicadentalmontsetimoneda.com\/ca\/eco-clinica\/","title":{"rendered":"Eco-cl\u00ednica"},"content":{"rendered":"\t\t<div data-elementor-type=\"wp-page\" data-elementor-id=\"12966\" class=\"elementor elementor-12966 elementor-11744\" data-elementor-post-type=\"page\">\n\t\t\t\t<div class=\"elementor-element elementor-element-b409d1a e-con-full no-padding-block no-padding-inline e-flex e-con e-parent\" data-id=\"b409d1a\" data-element_type=\"container\" data-e-type=\"container\">\n\t\t<div class=\"elementor-element elementor-element-550925e e-con-full no-padding-block no-padding-inline e-flex e-con e-child\" data-id=\"550925e\" data-element_type=\"container\" data-e-type=\"container\" data-settings=\"{&quot;background_background&quot;:&quot;classic&quot;}\">\n\t\t\t\t<div class=\"elementor-element elementor-element-1690748 elementor-widget__width-inherit elementor-widget elementor-widget-image\" data-id=\"1690748\" data-element_type=\"widget\" data-e-type=\"widget\" data-widget_type=\"image.default\">\n\t\t\t\t<div class=\"elementor-widget-container\">\n\t\t\t\t\t\t\t\t\t\t\t\t\t\t\t<img fetchpriority=\"high\" decoding=\"async\" width=\"1020\" height=\"680\" src=\"https:\/\/clinicadentalmontsetimoneda.com\/wp-content\/uploads\/2023\/01\/Depositphotos_246483268_XL-1200x800.jpg\" class=\"attachment-large size-large wp-image-7007\" alt=\"\" srcset=\"https:\/\/clinicadentalmontsetimoneda.com\/wp-content\/uploads\/2023\/01\/Depositphotos_246483268_XL-1200x800.jpg 1200w, https:\/\/clinicadentalmontsetimoneda.com\/wp-content\/uploads\/2023\/01\/Depositphotos_246483268_XL-600x400.jpg 600w, https:\/\/clinicadentalmontsetimoneda.com\/wp-content\/uploads\/2023\/01\/Depositphotos_246483268_XL-768x512.jpg 768w, https:\/\/clinicadentalmontsetimoneda.com\/wp-content\/uploads\/2023\/01\/Depositphotos_246483268_XL-1536x1024.jpg 1536w, https:\/\/clinicadentalmontsetimoneda.com\/wp-content\/uploads\/2023\/01\/Depositphotos_246483268_XL-2048x1366.jpg 2048w\" sizes=\"(max-width: 1020px) 100vw, 1020px\" \/>\t\t\t\t\t\t\t\t\t\t\t\t\t\t\t<\/div>\n\t\t\t\t<\/div>\n\t\t\t\t<div class=\"elementor-element elementor-element-d2659a6 elementor-widget__width-inherit elementor-widget elementor-widget-image\" data-id=\"d2659a6\" data-element_type=\"widget\" data-e-type=\"widget\" data-widget_type=\"image.default\">\n\t\t\t\t<div class=\"elementor-widget-container\">\n\t\t\t\t\t\t\t\t\t\t\t\t\t\t\t<img decoding=\"async\" width=\"390\" height=\"784\" src=\"https:\/\/clinicadentalmontsetimoneda.com\/wp-content\/uploads\/2024\/08\/banner-eco-clinica-mobile.jpg\" class=\"attachment-large size-large wp-image-13530\" alt=\"\" srcset=\"https:\/\/clinicadentalmontsetimoneda.com\/wp-content\/uploads\/2024\/08\/banner-eco-clinica-mobile.jpg 390w, https:\/\/clinicadentalmontsetimoneda.com\/wp-content\/uploads\/2024\/08\/banner-eco-clinica-mobile-199x400.jpg 199w\" sizes=\"(max-width: 390px) 100vw, 390px\" \/>\t\t\t\t\t\t\t\t\t\t\t\t\t\t\t<\/div>\n\t\t\t\t<\/div>\n\t\t<div class=\"elementor-element elementor-element-c02703b e-con-full e-flex e-con e-child\" data-id=\"c02703b\" data-element_type=\"container\" data-e-type=\"container\" data-settings=\"{&quot;background_background&quot;:&quot;classic&quot;}\">\n\t\t\t\t<div class=\"elementor-element elementor-element-1523a45 elementor-align-left elementor-widget elementor-widget-breadcrumbs\" data-id=\"1523a45\" data-element_type=\"widget\" data-e-type=\"widget\" data-widget_type=\"breadcrumbs.default\">\n\t\t\t\t<div class=\"elementor-widget-container\">\n\t\t\t\t\t<p id=\"breadcrumbs\"><span><span><a href=\"https:\/\/clinicadentalmontsetimoneda.com\/ca\/\">Portada<\/a><\/span><\/span><\/p>\t\t\t\t<\/div>\n\t\t\t\t<\/div>\n\t\t\t\t<div class=\"elementor-element elementor-element-362cef5 elementor-widget elementor-widget-heading\" data-id=\"362cef5\" data-element_type=\"widget\" data-e-type=\"widget\" data-widget_type=\"heading.default\">\n\t\t\t\t<div class=\"elementor-widget-container\">\n\t\t\t\t\t<h1 class=\"elementor-heading-title elementor-size-default\">Eco-cl\u00ednica<\/h1>\t\t\t\t<\/div>\n\t\t\t\t<\/div>\n\t\t\t\t<div class=\"elementor-element elementor-element-de0cc34 elementor-widget elementor-widget-heading\" data-id=\"de0cc34\" data-element_type=\"widget\" data-e-type=\"widget\" data-widget_type=\"heading.default\">\n\t\t\t\t<div class=\"elementor-widget-container\">\n\t\t\t\t\t<h3 class=\"elementor-heading-title elementor-size-default\">Compromesos amb la cura del planeta per a un futur m\u00e9s sostenible<\/h3>\t\t\t\t<\/div>\n\t\t\t\t<\/div>\n\t\t\t\t<\/div>\n\t\t\t\t<\/div>\n\t\t<div class=\"elementor-element elementor-element-9b8e91a e-con-full e-flex e-con e-child\" data-id=\"9b8e91a\" data-element_type=\"container\" data-e-type=\"container\" data-settings=\"{&quot;background_background&quot;:&quot;classic&quot;}\">\n\t\t\t\t<div class=\"elementor-element elementor-element-905d399 elementor-widget__width-initial elementor-widget elementor-widget-image\" data-id=\"905d399\" data-element_type=\"widget\" data-e-type=\"widget\" data-widget_type=\"image.default\">\n\t\t\t\t<div class=\"elementor-widget-container\">\n\t\t\t\t\t\t\t\t\t\t\t\t\t\t\t<img decoding=\"async\" width=\"400\" height=\"600\" src=\"https:\/\/clinicadentalmontsetimoneda.com\/wp-content\/uploads\/2023\/01\/Depositphotos_95696218_XL.png\" class=\"attachment-full size-full wp-image-7015\" alt=\"\" srcset=\"https:\/\/clinicadentalmontsetimoneda.com\/wp-content\/uploads\/2023\/01\/Depositphotos_95696218_XL.png 400w, https:\/\/clinicadentalmontsetimoneda.com\/wp-content\/uploads\/2023\/01\/Depositphotos_95696218_XL-267x400.png 267w\" sizes=\"(max-width: 400px) 100vw, 400px\" \/>\t\t\t\t\t\t\t\t\t\t\t\t\t\t\t<\/div>\n\t\t\t\t<\/div>\n\t\t<div class=\"elementor-element elementor-element-1401114 e-con-full e-flex e-con e-child\" data-id=\"1401114\" data-element_type=\"container\" data-e-type=\"container\">\n\t\t\t\t<div class=\"elementor-element elementor-element-7fe5875 elementor-widget__width-initial elementor-widget elementor-widget-text-editor\" data-id=\"7fe5875\" data-element_type=\"widget\" data-e-type=\"widget\" data-widget_type=\"text-editor.default\">\n\t\t\t\t<div class=\"elementor-widget-container\">\n\t\t\t\t\t\t\t\t\tPer qu\u00e8 vam decidir ser una eco-cl\u00ednica?\t\t\t\t\t\t\t\t<\/div>\n\t\t\t\t<\/div>\n\t\t\t\t<div class=\"elementor-element elementor-element-a273d57 elementor-widget elementor-widget-text-editor\" data-id=\"a273d57\" data-element_type=\"widget\" data-e-type=\"widget\" data-widget_type=\"text-editor.default\">\n\t\t\t\t<div class=\"elementor-widget-container\">\n\t\t\t\t\t\t\t\t\t<p><span style=\"font-weight: 400;\">Des dels nostres inicis, l\u2019ess\u00e8ncia de la nostra cl\u00ednica sempre ha estat contribuir al benestar de la nostra societat, aportant el nostre coneixement i feina per millorar la salut bucodental del m\u00e0xim nombre possible de persones. Sabem que una bona salut bucodental repercuteix directament en una millor salut general i, en conseq\u00fc\u00e8ncia, en una millor qualitat de vida dels nostres pacients. Aquesta perspectiva i manera d\u2019actuar no s\u2019ha afeblit ni un bri al llarg de tots els anys en qu\u00e8 hem exercit la nostra professi\u00f3 amb el m\u00e0xim rigor, enteresa i honestedat.<\/span><\/p>\t\t\t\t\t\t\t\t<\/div>\n\t\t\t\t<\/div>\n\t\t\t\t<div class=\"elementor-element elementor-element-1a83f35 elementor-widget elementor-widget-text-editor\" data-id=\"1a83f35\" data-element_type=\"widget\" data-e-type=\"widget\" data-widget_type=\"text-editor.default\">\n\t\t\t\t<div class=\"elementor-widget-container\">\n\t\t\t\t\t\t\t\t\t<p><span style=\"font-weight: 400;\">Tanmateix, el pas del temps planteja nous reptes, alguns d\u2019ells de car\u00e0cter global, que no poden ser a\u00efllats del nostre entorn aparentment segur, ni molt menys ignorats, perqu\u00e8 la seva repercussi\u00f3 ens afecta com a societat de manera molt considerable en tots els \u00e0mbits i ens afectar\u00e0 encara m\u00e9s en un futur immediat. Ens referim al desafiament planetari m\u00e9s complex que probablement haur\u00e0 d\u2019afrontar l\u2019\u00e9sser hum\u00e0 des del principi de la seva exist\u00e8ncia: el canvi clim\u00e0tic i la conservaci\u00f3 del medi ambient, un factor determinant per a la nostra salut i, segons com actuem d\u2019ara endavant, tamb\u00e9 per a la nostra superviv\u00e8ncia com a esp\u00e8cie. No es tracta d\u2019una obsessi\u00f3 d\u2019uns quants extremistes apocal\u00edptics exaltats o d\u2019ecologistes hiperventilats: la certesa que la situaci\u00f3 ambiental del planeta \u00e9s molt compromesa est\u00e0 plenament contrastada dins la comunitat cient\u00edfica d\u2019arreu del m\u00f3n, que fa m\u00e9s de 30 anys que ens adverteix dels greus efectes que comportar\u00e0 aquest fenomen a nivell econ\u00f2mic, social i, per descomptat, de salut; una comunitat cient\u00edfica que ha estat reiteradament ignorada pels governs de les principals pot\u00e8ncies i per la societat en general, malgrat no haver-se equivocat ni un mil\u00b7l\u00edmetre en les seves prediccions.<\/span><\/p>\t\t\t\t\t\t\t\t<\/div>\n\t\t\t\t<\/div>\n\t\t\t\t<\/div>\n\t\t\t\t<\/div>\n\t\t<div class=\"elementor-element elementor-element-1f49797 e-con-full e-flex e-con e-child\" data-id=\"1f49797\" data-element_type=\"container\" data-e-type=\"container\" data-settings=\"{&quot;background_background&quot;:&quot;classic&quot;}\">\n\t\t\t\t<div class=\"elementor-element elementor-element-5b70bac elementor-widget__width-initial elementor-widget elementor-widget-text-editor\" data-id=\"5b70bac\" data-element_type=\"widget\" data-e-type=\"widget\" data-widget_type=\"text-editor.default\">\n\t\t\t\t<div class=\"elementor-widget-container\">\n\t\t\t\t\t\t\t\t\t<p style=\"text-align: center;\">S\u00edntesi dels problemes ambientals<\/p>\t\t\t\t\t\t\t\t<\/div>\n\t\t\t\t<\/div>\n\t\t\t\t<\/div>\n\t\t<div class=\"elementor-element elementor-element-6fe70e2 e-con-full e-flex e-con e-child\" data-id=\"6fe70e2\" data-element_type=\"container\" data-e-type=\"container\" data-settings=\"{&quot;background_background&quot;:&quot;classic&quot;}\">\n\t\t\t\t<div class=\"elementor-element elementor-element-24bf945 elementor-widget__width-initial elementor-widget elementor-widget-image\" data-id=\"24bf945\" data-element_type=\"widget\" data-e-type=\"widget\" data-widget_type=\"image.default\">\n\t\t\t\t<div class=\"elementor-widget-container\">\n\t\t\t\t\t\t\t\t\t\t\t\t\t\t\t<img loading=\"lazy\" decoding=\"async\" width=\"800\" height=\"534\" src=\"https:\/\/clinicadentalmontsetimoneda.com\/wp-content\/uploads\/2023\/01\/ecoclinica-en-tarragona.jpg\" class=\"attachment-full size-full wp-image-7056\" alt=\"\" srcset=\"https:\/\/clinicadentalmontsetimoneda.com\/wp-content\/uploads\/2023\/01\/ecoclinica-en-tarragona.jpg 800w, https:\/\/clinicadentalmontsetimoneda.com\/wp-content\/uploads\/2023\/01\/ecoclinica-en-tarragona-599x400.jpg 599w, https:\/\/clinicadentalmontsetimoneda.com\/wp-content\/uploads\/2023\/01\/ecoclinica-en-tarragona-768x513.jpg 768w\" sizes=\"(max-width: 800px) 100vw, 800px\" \/>\t\t\t\t\t\t\t\t\t\t\t\t\t\t\t<\/div>\n\t\t\t\t<\/div>\n\t\t<div class=\"elementor-element elementor-element-26943a6 e-con-full e-flex e-con e-child\" data-id=\"26943a6\" data-element_type=\"container\" data-e-type=\"container\">\n\t\t<div class=\"elementor-element elementor-element-c418f11 e-con-full e-flex e-con e-child\" data-id=\"c418f11\" data-element_type=\"container\" data-e-type=\"container\">\n\t\t\t\t<div class=\"elementor-element elementor-element-a8ec2a5 elementor-widget__width-inherit elementor-widget-tablet__width-initial elementor-widget elementor-widget-text-editor\" data-id=\"a8ec2a5\" data-element_type=\"widget\" data-e-type=\"widget\" data-widget_type=\"text-editor.default\">\n\t\t\t\t<div class=\"elementor-widget-container\">\n\t\t\t\t\t\t\t\t\t<p><span style=\"font-weight: 400;\">El canvi clim\u00e0tic \u00e9s avui la nostra principal amena\u00e7a, una realitat palpable de la qual no hi ha cap mena de dubte que l\u2019\u00fanic responsable \u00e9s l\u2019\u00e9sser hum\u00e0, mitjan\u00e7ant l\u2019emissi\u00f3 de gasos d\u2019efecte hivernacle (GEH) de llarga durada a l\u2019atmosfera a trav\u00e9s de la ind\u00fastria, el transport terrestre, aeri i mar\u00edtim i, en general, la generaci\u00f3 d\u2019energia basada en el consum de combustibles f\u00f2ssils durant massa d\u00e8cades.<\/span><\/p><p><span style=\"font-weight: 400;\">Aix\u00ed mateix, els recursos del planeta fa temps que mostren clars signes d\u2019esgotament. La sobreexplotaci\u00f3 dels mars i oceans, la contaminaci\u00f3 massiva amb pl\u00e0stics i productes qu\u00edmics o l\u2019agricultura extensiva, entre moltes altres agressions ambientals, agreujades per una superpoblaci\u00f3 que no para de cr\u00e9ixer exponencialment, han contribu\u00eft de manera incisiva al deteriorament accelerat de la biodiversitat.<\/span><\/p>\t\t\t\t\t\t\t\t<\/div>\n\t\t\t\t<\/div>\n\t\t\t\t<\/div>\n\t\t\t\t<div class=\"elementor-element elementor-element-af554c3 elementor-widget__width-inherit elementor-widget elementor-widget-image\" data-id=\"af554c3\" data-element_type=\"widget\" data-e-type=\"widget\" data-widget_type=\"image.default\">\n\t\t\t\t<div class=\"elementor-widget-container\">\n\t\t\t\t\t\t\t\t\t\t\t\t\t\t\t<img loading=\"lazy\" decoding=\"async\" width=\"960\" height=\"172\" src=\"https:\/\/clinicadentalmontsetimoneda.com\/wp-content\/uploads\/2024\/05\/textura-gris-1.png\" class=\"attachment-full size-full wp-image-10548\" alt=\"\" srcset=\"https:\/\/clinicadentalmontsetimoneda.com\/wp-content\/uploads\/2024\/05\/textura-gris-1.png 960w, https:\/\/clinicadentalmontsetimoneda.com\/wp-content\/uploads\/2024\/05\/textura-gris-1-800x143.png 800w, https:\/\/clinicadentalmontsetimoneda.com\/wp-content\/uploads\/2024\/05\/textura-gris-1-768x138.png 768w\" sizes=\"(max-width: 960px) 100vw, 960px\" \/>\t\t\t\t\t\t\t\t\t\t\t\t\t\t\t<\/div>\n\t\t\t\t<\/div>\n\t\t\t\t<\/div>\n\t\t\t\t<\/div>\n\t\t<div class=\"elementor-element elementor-element-6028ae3 e-con-full e-flex e-con e-child\" data-id=\"6028ae3\" data-element_type=\"container\" data-e-type=\"container\" data-settings=\"{&quot;background_background&quot;:&quot;classic&quot;}\">\n\t\t<div class=\"elementor-element elementor-element-b5c31f3 e-con-full e-flex e-con e-child\" data-id=\"b5c31f3\" data-element_type=\"container\" data-e-type=\"container\">\n\t\t<div class=\"elementor-element elementor-element-fbc61e0 e-con-full e-flex e-con e-child\" data-id=\"fbc61e0\" data-element_type=\"container\" data-e-type=\"container\">\n\t\t\t\t<div class=\"elementor-element elementor-element-22dcfef elementor-widget__width-inherit elementor-widget-tablet__width-initial elementor-widget elementor-widget-text-editor\" data-id=\"22dcfef\" data-element_type=\"widget\" data-e-type=\"widget\" data-widget_type=\"text-editor.default\">\n\t\t\t\t<div class=\"elementor-widget-container\">\n\t\t\t\t\t\t\t\t\t<p><span style=\"font-weight: 400;\">Hem de, doncs, revertir aquesta situaci\u00f3 d\u2019extinci\u00f3 massiva d\u2019esp\u00e8cies i conservar aquesta biodiversitat, la qual \u00e9s essencial per a la vida, promovent una cultura respectuosa amb el medi ambient que persisteixi a executar accions com l\u2019agricultura de proximitat, el cultiu ecol\u00f2gic, el reciclatge de residus, la reutilitzaci\u00f3 de productes, el consum responsable i l\u2019\u00fas d\u2019energies renovables alternatives.<\/span><\/p><p><span style=\"font-weight: 400;\">Si el planeta recupera un estat d\u2019equilibri tolerable, si cuidem avui m\u00e9s que mai la naturalesa i adoptem pr\u00e0ctiques sostenibles en el nostre dia a dia, preservarem, potenciarem i optimitzarem tots els recursos del nostre planeta, convertint-lo en una font rica en recursos, per\u00f2 sostenible. Serem capa\u00e7os d\u2019assolir-ho?<\/span><\/p><p><span style=\"font-weight: 400;\">En certa manera, algunes persones ja comencen a sensibilitzar-se i a ser conscients del greu problema, responent-hi amb una implicaci\u00f3 personal en la causa de la conservaci\u00f3 del medi ambient. Per\u00f2 en l\u2019\u00e0mbit professional encara hi ha poca sensibilitzaci\u00f3, de manera que hem de sumar esfor\u00e7os per optimitzar recursos, reduir consums, treballar amb energies renovables i utilitzar materials reciclables tamb\u00e9 a la feina.<\/span><\/p>\t\t\t\t\t\t\t\t<\/div>\n\t\t\t\t<\/div>\n\t\t\t\t<\/div>\n\t\t\t\t<div class=\"elementor-element elementor-element-b1e5ae6 elementor-widget__width-inherit elementor-widget elementor-widget-image\" data-id=\"b1e5ae6\" data-element_type=\"widget\" data-e-type=\"widget\" data-widget_type=\"image.default\">\n\t\t\t\t<div class=\"elementor-widget-container\">\n\t\t\t\t\t\t\t\t\t\t\t\t\t\t\t<img loading=\"lazy\" decoding=\"async\" width=\"960\" height=\"172\" src=\"https:\/\/clinicadentalmontsetimoneda.com\/wp-content\/uploads\/2024\/05\/textura-beige-1.png\" class=\"attachment-full size-full wp-image-10546\" alt=\"\" srcset=\"https:\/\/clinicadentalmontsetimoneda.com\/wp-content\/uploads\/2024\/05\/textura-beige-1.png 960w, https:\/\/clinicadentalmontsetimoneda.com\/wp-content\/uploads\/2024\/05\/textura-beige-1-800x143.png 800w, https:\/\/clinicadentalmontsetimoneda.com\/wp-content\/uploads\/2024\/05\/textura-beige-1-768x138.png 768w\" sizes=\"(max-width: 960px) 100vw, 960px\" \/>\t\t\t\t\t\t\t\t\t\t\t\t\t\t\t<\/div>\n\t\t\t\t<\/div>\n\t\t\t\t<\/div>\n\t\t\t\t<div class=\"elementor-element elementor-element-4e062f4 elementor-widget__width-initial elementor-widget elementor-widget-image\" data-id=\"4e062f4\" data-element_type=\"widget\" data-e-type=\"widget\" data-widget_type=\"image.default\">\n\t\t\t\t<div class=\"elementor-widget-container\">\n\t\t\t\t\t\t\t\t\t\t\t\t\t\t\t<img loading=\"lazy\" decoding=\"async\" width=\"800\" height=\"800\" src=\"https:\/\/clinicadentalmontsetimoneda.com\/wp-content\/uploads\/2023\/01\/biodiversidad-clinica-dental-tarragona.jpg\" class=\"attachment-full size-full wp-image-7059\" alt=\"\" srcset=\"https:\/\/clinicadentalmontsetimoneda.com\/wp-content\/uploads\/2023\/01\/biodiversidad-clinica-dental-tarragona.jpg 800w, https:\/\/clinicadentalmontsetimoneda.com\/wp-content\/uploads\/2023\/01\/biodiversidad-clinica-dental-tarragona-400x400.jpg 400w, https:\/\/clinicadentalmontsetimoneda.com\/wp-content\/uploads\/2023\/01\/biodiversidad-clinica-dental-tarragona-280x280.jpg 280w, https:\/\/clinicadentalmontsetimoneda.com\/wp-content\/uploads\/2023\/01\/biodiversidad-clinica-dental-tarragona-768x768.jpg 768w\" sizes=\"(max-width: 800px) 100vw, 800px\" \/>\t\t\t\t\t\t\t\t\t\t\t\t\t\t\t<\/div>\n\t\t\t\t<\/div>\n\t\t\t\t<\/div>\n\t\t<div class=\"elementor-element elementor-element-d82d6ee e-con-full e-flex e-con e-child\" data-id=\"d82d6ee\" data-element_type=\"container\" data-e-type=\"container\" data-settings=\"{&quot;background_background&quot;:&quot;classic&quot;}\">\n\t\t\t\t<div class=\"elementor-element elementor-element-d0ec002 elementor-widget__width-initial elementor-widget elementor-widget-image\" data-id=\"d0ec002\" data-element_type=\"widget\" data-e-type=\"widget\" data-widget_type=\"image.default\">\n\t\t\t\t<div class=\"elementor-widget-container\">\n\t\t\t\t\t\t\t\t\t\t\t\t\t\t\t<img loading=\"lazy\" decoding=\"async\" width=\"800\" height=\"593\" src=\"https:\/\/clinicadentalmontsetimoneda.com\/wp-content\/uploads\/2023\/01\/eco-clinica-en-tarragona-_-residuos-cero.png\" class=\"attachment-full size-full wp-image-7067\" alt=\"\" srcset=\"https:\/\/clinicadentalmontsetimoneda.com\/wp-content\/uploads\/2023\/01\/eco-clinica-en-tarragona-_-residuos-cero.png 800w, https:\/\/clinicadentalmontsetimoneda.com\/wp-content\/uploads\/2023\/01\/eco-clinica-en-tarragona-_-residuos-cero-540x400.png 540w, https:\/\/clinicadentalmontsetimoneda.com\/wp-content\/uploads\/2023\/01\/eco-clinica-en-tarragona-_-residuos-cero-768x569.png 768w\" sizes=\"(max-width: 800px) 100vw, 800px\" \/>\t\t\t\t\t\t\t\t\t\t\t\t\t\t\t<\/div>\n\t\t\t\t<\/div>\n\t\t<div class=\"elementor-element elementor-element-3d6c466 e-con-full e-flex e-con e-child\" data-id=\"3d6c466\" data-element_type=\"container\" data-e-type=\"container\">\n\t\t<div class=\"elementor-element elementor-element-9b8324e e-con-full e-flex e-con e-child\" data-id=\"9b8324e\" data-element_type=\"container\" data-e-type=\"container\">\n\t\t\t\t<div class=\"elementor-element elementor-element-95c31b0 elementor-widget__width-inherit elementor-widget elementor-widget-text-editor\" data-id=\"95c31b0\" data-element_type=\"widget\" data-e-type=\"widget\" data-widget_type=\"text-editor.default\">\n\t\t\t\t<div class=\"elementor-widget-container\">\n\t\t\t\t\t\t\t\t\t<p><span style=\"font-weight: 400;\">Tant en l\u2019\u00e0mbit personal com en el professional, la nostra cl\u00ednica dental ha decidit ser part activa en la lluita contra el canvi clim\u00e0tic i la conservaci\u00f3 del medi ambient, adoptant totes les mesures possibles que estiguin a les nostres mans. Volem ajudar el planeta, volem ajudar les persones, volem contribuir al fet que les futures generacions heretin un planeta habitable on sigui possible desenvolupar-hi les seves vides.<\/span><\/p><p><span style=\"font-weight: 400;\">Tots aquests motius ens han portat al fet que, des de fa un temps, h\u00e0gim anat implementant nous processos per disminuir al m\u00e0xim el nostre impacte ecol\u00f2gic, perqu\u00e8, de la manera m\u00e9s r\u00e0pida possible, arribem a un horitz\u00f3 proper a emissions i residus nuls.<\/span><\/p>\t\t\t\t\t\t\t\t<\/div>\n\t\t\t\t<\/div>\n\t\t\t\t<\/div>\n\t\t\t\t<div class=\"elementor-element elementor-element-1872c80 elementor-widget__width-inherit elementor-widget elementor-widget-image\" data-id=\"1872c80\" data-element_type=\"widget\" data-e-type=\"widget\" data-widget_type=\"image.default\">\n\t\t\t\t<div class=\"elementor-widget-container\">\n\t\t\t\t\t\t\t\t\t\t\t\t\t\t\t<img loading=\"lazy\" decoding=\"async\" width=\"960\" height=\"172\" src=\"https:\/\/clinicadentalmontsetimoneda.com\/wp-content\/uploads\/2024\/05\/textura-gris-1.png\" class=\"attachment-full size-full wp-image-10548\" alt=\"\" srcset=\"https:\/\/clinicadentalmontsetimoneda.com\/wp-content\/uploads\/2024\/05\/textura-gris-1.png 960w, https:\/\/clinicadentalmontsetimoneda.com\/wp-content\/uploads\/2024\/05\/textura-gris-1-800x143.png 800w, https:\/\/clinicadentalmontsetimoneda.com\/wp-content\/uploads\/2024\/05\/textura-gris-1-768x138.png 768w\" sizes=\"(max-width: 960px) 100vw, 960px\" \/>\t\t\t\t\t\t\t\t\t\t\t\t\t\t\t<\/div>\n\t\t\t\t<\/div>\n\t\t\t\t<\/div>\n\t\t\t\t<\/div>\n\t\t<div class=\"elementor-element elementor-element-693bb44 e-con-full e-flex e-con e-child\" data-id=\"693bb44\" data-element_type=\"container\" data-e-type=\"container\" data-settings=\"{&quot;background_background&quot;:&quot;classic&quot;}\">\n\t\t<div class=\"elementor-element elementor-element-e0fb423 e-con-full e-flex e-con e-child\" data-id=\"e0fb423\" data-element_type=\"container\" data-e-type=\"container\">\n\t\t\t\t<div class=\"elementor-element elementor-element-5e64fa1 elementor-widget__width-inherit elementor-widget elementor-widget-text-editor\" data-id=\"5e64fa1\" data-element_type=\"widget\" data-e-type=\"widget\" data-widget_type=\"text-editor.default\">\n\t\t\t\t<div class=\"elementor-widget-container\">\n\t\t\t\t\t\t\t\t\t<p><span style=\"font-weight: 400;\">A continuaci\u00f3 detallem totes les nombroses i importants mesures que estem implementant per assolir, com d\u00e8iem, l\u2019ambici\u00f3s objectiu de ser una cl\u00ednica amb un impacte en el nostre medi ambient el m\u00e9s proper possible a zero:<\/span><\/p>\t\t\t\t\t\t\t\t<\/div>\n\t\t\t\t<\/div>\n\t\t\t\t<div class=\"elementor-element elementor-element-e1c242d elementor-widget elementor-widget-accordion\" data-id=\"e1c242d\" data-element_type=\"widget\" data-e-type=\"widget\" data-widget_type=\"accordion.default\">\n\t\t\t\t<div class=\"elementor-widget-container\">\n\t\t\t\t\t\t\t<div class=\"elementor-accordion\">\n\t\t\t\t\t\t\t<div class=\"elementor-accordion-item\">\n\t\t\t\t\t<div id=\"elementor-tab-title-2361\" class=\"elementor-tab-title\" data-tab=\"1\" role=\"button\" aria-controls=\"elementor-tab-content-2361\" aria-expanded=\"false\">\n\t\t\t\t\t\t\t\t\t\t\t\t\t<span class=\"elementor-accordion-icon elementor-accordion-icon-right\" aria-hidden=\"true\">\n\t\t\t\t\t\t\t\t\t\t\t\t\t\t\t<span class=\"elementor-accordion-icon-closed\"><svg xmlns=\"http:\/\/www.w3.org\/2000\/svg\" width=\"37\" height=\"37\" viewBox=\"0 0 37 37\" fill=\"none\"><circle cx=\"18.5518\" cy=\"18.046\" r=\"17.6921\" stroke=\"#3A3A3A\" stroke-width=\"0.707685\"><\/circle><line x1=\"18.9069\" y1=\"6.8999\" x2=\"18.9069\" y2=\"29.192\" stroke=\"#3A3A3A\" stroke-width=\"1.41537\"><\/line><line x1=\"30.2305\" y1=\"18.7536\" x2=\"7.93838\" y2=\"18.7536\" stroke=\"#3A3A3A\" stroke-width=\"1.41537\"><\/line><\/svg><\/span>\n\t\t\t\t\t\t\t\t<span class=\"elementor-accordion-icon-opened\"><svg xmlns=\"http:\/\/www.w3.org\/2000\/svg\" width=\"37\" height=\"37\" viewBox=\"0 0 37 37\" fill=\"none\"><circle cx=\"18.5518\" cy=\"18.046\" r=\"17.6921\" stroke=\"#3A3A3A\" stroke-width=\"0.707685\"><\/circle><line x1=\"30.2305\" y1=\"18.7536\" x2=\"7.93838\" y2=\"18.7536\" stroke=\"#3A3A3A\" stroke-width=\"1.41537\"><\/line><\/svg><\/span>\n\t\t\t\t\t\t\t\t\t\t\t\t\t\t<\/span>\n\t\t\t\t\t\t\t\t\t\t\t\t<a class=\"elementor-accordion-title\" tabindex=\"0\">Reducci\u00f3 i gesti\u00f3 de pl\u00e0stics<\/a>\n\t\t\t\t\t<\/div>\n\t\t\t\t\t<div id=\"elementor-tab-content-2361\" class=\"elementor-tab-content elementor-clearfix\" data-tab=\"1\" role=\"region\" aria-labelledby=\"elementor-tab-title-2361\"><ul><li style=\"font-weight: 400;\" aria-level=\"1\"><span style=\"font-weight: 400;\">Eliminar pl\u00e0stics d\u2019un sol \u00fas i substituir-los per materials reutilitzables o biodegradables.<\/span><\/li><li style=\"font-weight: 400;\" aria-level=\"1\"><span style=\"font-weight: 400;\">Tenir en compte les consideracions sobre raspalls de dents de pl\u00e0stic i de materials sostenibles.<\/span><\/li><li style=\"font-weight: 400;\" aria-level=\"1\"><span style=\"font-weight: 400;\">Comprar productes sense embalatge de pl\u00e0stic.<\/span><\/li><li style=\"font-weight: 400;\" aria-level=\"1\"><span style=\"font-weight: 400;\">Donar bosses de paper reciclat o de tela als pacients en lloc de bosses de pl\u00e0stic.<\/span><\/li><li style=\"font-weight: 400;\" aria-level=\"1\"><span style=\"font-weight: 400;\">Comprar productes de pl\u00e0stic reciclat i reutilitzables.<\/span><\/li><li style=\"font-weight: 400;\" aria-level=\"1\"><span style=\"font-weight: 400;\">Separar els residus de pl\u00e0stic per al seu reciclatge.<\/span><\/li><li style=\"font-weight: 400;\" aria-level=\"1\"><span style=\"font-weight: 400;\">Reduir l\u2019\u00fas d\u2019aspiradors de saliva de pl\u00e0stic i utilitzar m\u00e9s aspiradors quir\u00fargics esterilitzables.<\/span><\/li><li style=\"font-weight: 400;\" aria-level=\"1\"><span style=\"font-weight: 400;\">Usar indument\u00e0ria de protecci\u00f3 de tela rentable o esterilitzable en comptes de pl\u00e0stic.<\/span><\/li><\/ul><\/div>\n\t\t\t\t<\/div>\n\t\t\t\t\t\t\t<div class=\"elementor-accordion-item\">\n\t\t\t\t\t<div id=\"elementor-tab-title-2362\" class=\"elementor-tab-title\" data-tab=\"2\" role=\"button\" aria-controls=\"elementor-tab-content-2362\" aria-expanded=\"false\">\n\t\t\t\t\t\t\t\t\t\t\t\t\t<span class=\"elementor-accordion-icon elementor-accordion-icon-right\" aria-hidden=\"true\">\n\t\t\t\t\t\t\t\t\t\t\t\t\t\t\t<span class=\"elementor-accordion-icon-closed\"><svg xmlns=\"http:\/\/www.w3.org\/2000\/svg\" width=\"37\" height=\"37\" viewBox=\"0 0 37 37\" fill=\"none\"><circle cx=\"18.5518\" cy=\"18.046\" r=\"17.6921\" stroke=\"#3A3A3A\" stroke-width=\"0.707685\"><\/circle><line x1=\"18.9069\" y1=\"6.8999\" x2=\"18.9069\" y2=\"29.192\" stroke=\"#3A3A3A\" stroke-width=\"1.41537\"><\/line><line x1=\"30.2305\" y1=\"18.7536\" x2=\"7.93838\" y2=\"18.7536\" stroke=\"#3A3A3A\" stroke-width=\"1.41537\"><\/line><\/svg><\/span>\n\t\t\t\t\t\t\t\t<span class=\"elementor-accordion-icon-opened\"><svg xmlns=\"http:\/\/www.w3.org\/2000\/svg\" width=\"37\" height=\"37\" viewBox=\"0 0 37 37\" fill=\"none\"><circle cx=\"18.5518\" cy=\"18.046\" r=\"17.6921\" stroke=\"#3A3A3A\" stroke-width=\"0.707685\"><\/circle><line x1=\"30.2305\" y1=\"18.7536\" x2=\"7.93838\" y2=\"18.7536\" stroke=\"#3A3A3A\" stroke-width=\"1.41537\"><\/line><\/svg><\/span>\n\t\t\t\t\t\t\t\t\t\t\t\t\t\t<\/span>\n\t\t\t\t\t\t\t\t\t\t\t\t<a class=\"elementor-accordion-title\" tabindex=\"0\">Reducci\u00f3 i gesti\u00f3 del consum de paper<\/a>\n\t\t\t\t\t<\/div>\n\t\t\t\t\t<div id=\"elementor-tab-content-2362\" class=\"elementor-tab-content elementor-clearfix\" data-tab=\"2\" role=\"region\" aria-labelledby=\"elementor-tab-title-2362\"><ul><li style=\"font-weight: 400;\" aria-level=\"1\"><span style=\"font-weight: 400;\">Conscienciar sobre un \u00fas de paper limitat.<\/span><\/li><li style=\"font-weight: 400;\" aria-level=\"1\"><span style=\"font-weight: 400;\">Digitalitzar les hist\u00f2ries cl\u00edniques.<\/span><\/li><li style=\"font-weight: 400;\" aria-level=\"1\"><span style=\"font-weight: 400;\">Implementar la signatura digital per a documents legals.<\/span><\/li><li style=\"font-weight: 400;\" aria-level=\"1\"><span style=\"font-weight: 400;\">Implementar la recepta electr\u00f2nica privada.<\/span><\/li><li style=\"font-weight: 400;\" aria-level=\"1\"><span style=\"font-weight: 400;\">Entreteniment digital a les sales d\u2019espera.<\/span><\/li><li style=\"font-weight: 400;\" aria-level=\"1\"><span style=\"font-weight: 400;\">Digitalitzar la radiologia.<\/span><\/li><li style=\"font-weight: 400;\" aria-level=\"1\"><span style=\"font-weight: 400;\">Digitalitzar tota la gesti\u00f3.<\/span><\/li><li style=\"font-weight: 400;\" aria-level=\"1\"><span style=\"font-weight: 400;\">Implementar sistemes de comunicaci\u00f3 digitals amb els pacients.<\/span><\/li><li style=\"font-weight: 400;\" aria-level=\"1\"><span style=\"font-weight: 400;\">Implementar sistemes de comunicaci\u00f3 digitals entre el personal.<\/span><\/li><li style=\"font-weight: 400;\" aria-level=\"1\"><span style=\"font-weight: 400;\">Adoptar publicacions en format digital (llibres, revistes, cat\u00e0legs de prove\u00efdors, etc.).<\/span><\/li><li style=\"font-weight: 400;\" aria-level=\"1\"><span style=\"font-weight: 400;\">Retirar dispensadors de paper i instal\u00b7lar eixugamans d\u2019aire.<\/span><\/li><li style=\"font-weight: 400;\" aria-level=\"1\"><span style=\"font-weight: 400;\">Millorar les pr\u00e0ctiques de fotoc\u00f2pia i impressi\u00f3.<\/span><\/li><li style=\"font-weight: 400;\" aria-level=\"1\"><span style=\"font-weight: 400;\">Fer servir paper reciclat i ecol\u00f2gic.<\/span><\/li><li style=\"font-weight: 400;\" aria-level=\"1\"><span style=\"font-weight: 400;\">Fer servir tinta ecol\u00f2gica a les impressores.<\/span><\/li><li style=\"font-weight: 400;\" aria-level=\"1\"><span style=\"font-weight: 400;\">Fer servir tovallons de material reciclable o de tela.<\/span><\/li><li style=\"font-weight: 400;\" aria-level=\"1\"><span style=\"font-weight: 400;\">Canviar l\u2019embossat de l\u2019esterilitzaci\u00f3 per contenidors est\u00e8rils reutilitzables, previs a l\u2019autoclau.<\/span><\/li><li style=\"font-weight: 400;\" aria-level=\"1\"><span style=\"font-weight: 400;\">Reutilitzar el paper usat.<\/span><\/li><li style=\"font-weight: 400;\" aria-level=\"1\"><span style=\"font-weight: 400;\">Separar els residus de paper i\/o cartr\u00f3 per al seu reciclatge.<\/span><\/li><li style=\"font-weight: 400;\" aria-level=\"1\"><span style=\"font-weight: 400;\">Separar els documents confidencials per al seu reciclatge de manera segura.<\/span><\/li><\/ul><\/div>\n\t\t\t\t<\/div>\n\t\t\t\t\t\t\t<div class=\"elementor-accordion-item\">\n\t\t\t\t\t<div id=\"elementor-tab-title-2363\" class=\"elementor-tab-title\" data-tab=\"3\" role=\"button\" aria-controls=\"elementor-tab-content-2363\" aria-expanded=\"false\">\n\t\t\t\t\t\t\t\t\t\t\t\t\t<span class=\"elementor-accordion-icon elementor-accordion-icon-right\" aria-hidden=\"true\">\n\t\t\t\t\t\t\t\t\t\t\t\t\t\t\t<span class=\"elementor-accordion-icon-closed\"><svg xmlns=\"http:\/\/www.w3.org\/2000\/svg\" width=\"37\" height=\"37\" viewBox=\"0 0 37 37\" fill=\"none\"><circle cx=\"18.5518\" cy=\"18.046\" r=\"17.6921\" stroke=\"#3A3A3A\" stroke-width=\"0.707685\"><\/circle><line x1=\"18.9069\" y1=\"6.8999\" x2=\"18.9069\" y2=\"29.192\" stroke=\"#3A3A3A\" stroke-width=\"1.41537\"><\/line><line x1=\"30.2305\" y1=\"18.7536\" x2=\"7.93838\" y2=\"18.7536\" stroke=\"#3A3A3A\" stroke-width=\"1.41537\"><\/line><\/svg><\/span>\n\t\t\t\t\t\t\t\t<span class=\"elementor-accordion-icon-opened\"><svg xmlns=\"http:\/\/www.w3.org\/2000\/svg\" width=\"37\" height=\"37\" viewBox=\"0 0 37 37\" fill=\"none\"><circle cx=\"18.5518\" cy=\"18.046\" r=\"17.6921\" stroke=\"#3A3A3A\" stroke-width=\"0.707685\"><\/circle><line x1=\"30.2305\" y1=\"18.7536\" x2=\"7.93838\" y2=\"18.7536\" stroke=\"#3A3A3A\" stroke-width=\"1.41537\"><\/line><\/svg><\/span>\n\t\t\t\t\t\t\t\t\t\t\t\t\t\t<\/span>\n\t\t\t\t\t\t\t\t\t\t\t\t<a class=\"elementor-accordion-title\" tabindex=\"0\">Foment del reciclatge<\/a>\n\t\t\t\t\t<\/div>\n\t\t\t\t\t<div id=\"elementor-tab-content-2363\" class=\"elementor-tab-content elementor-clearfix\" data-tab=\"3\" role=\"region\" aria-labelledby=\"elementor-tab-title-2363\"><ul><li style=\"font-weight: 400;\" aria-level=\"1\"><span style=\"font-weight: 400;\">Reciclatge de residus assimilables als dom\u00e8stics.<\/span><\/li><li style=\"font-weight: 400;\" aria-level=\"1\"><span style=\"font-weight: 400;\">Reciclatge de metalls.<\/span><\/li><li style=\"font-weight: 400;\" aria-level=\"1\"><span style=\"font-weight: 400;\">Reciclatge de radiologia dental.<\/span><\/li><li style=\"font-weight: 400;\" aria-level=\"1\"><span style=\"font-weight: 400;\">Reciclatge de residus electr\u00f2nics, bombetes i piles.<\/span><\/li><li style=\"font-weight: 400;\" aria-level=\"1\"><span style=\"font-weight: 400;\">Reciclatge de productes d\u2019\u00fas cl\u00ednic.<\/span><\/li><li style=\"font-weight: 400;\" aria-level=\"1\"><span style=\"font-weight: 400;\">Reciclatge de ceres dentals.<\/span><\/li><li style=\"font-weight: 400;\" aria-level=\"1\"><span style=\"font-weight: 400;\">Reciclatge d\u2019aliatges de fosa.<\/span><\/li><li style=\"font-weight: 400;\" aria-level=\"1\"><span style=\"font-weight: 400;\">Reciclatge d\u2019equipament dental.<\/span><\/li><li style=\"font-weight: 400;\" aria-level=\"1\"><span style=\"font-weight: 400;\">Donaci\u00f3 de material que no s\u2019utilitzi a ONG o fundacions solid\u00e0ries.<\/span><\/li><\/ul><\/div>\n\t\t\t\t<\/div>\n\t\t\t\t\t\t\t<div class=\"elementor-accordion-item\">\n\t\t\t\t\t<div id=\"elementor-tab-title-2364\" class=\"elementor-tab-title\" data-tab=\"4\" role=\"button\" aria-controls=\"elementor-tab-content-2364\" aria-expanded=\"false\">\n\t\t\t\t\t\t\t\t\t\t\t\t\t<span class=\"elementor-accordion-icon elementor-accordion-icon-right\" aria-hidden=\"true\">\n\t\t\t\t\t\t\t\t\t\t\t\t\t\t\t<span class=\"elementor-accordion-icon-closed\"><svg xmlns=\"http:\/\/www.w3.org\/2000\/svg\" width=\"37\" height=\"37\" viewBox=\"0 0 37 37\" fill=\"none\"><circle cx=\"18.5518\" cy=\"18.046\" r=\"17.6921\" stroke=\"#3A3A3A\" stroke-width=\"0.707685\"><\/circle><line x1=\"18.9069\" y1=\"6.8999\" x2=\"18.9069\" y2=\"29.192\" stroke=\"#3A3A3A\" stroke-width=\"1.41537\"><\/line><line x1=\"30.2305\" y1=\"18.7536\" x2=\"7.93838\" y2=\"18.7536\" stroke=\"#3A3A3A\" stroke-width=\"1.41537\"><\/line><\/svg><\/span>\n\t\t\t\t\t\t\t\t<span class=\"elementor-accordion-icon-opened\"><svg xmlns=\"http:\/\/www.w3.org\/2000\/svg\" width=\"37\" height=\"37\" viewBox=\"0 0 37 37\" fill=\"none\"><circle cx=\"18.5518\" cy=\"18.046\" r=\"17.6921\" stroke=\"#3A3A3A\" stroke-width=\"0.707685\"><\/circle><line x1=\"30.2305\" y1=\"18.7536\" x2=\"7.93838\" y2=\"18.7536\" stroke=\"#3A3A3A\" stroke-width=\"1.41537\"><\/line><\/svg><\/span>\n\t\t\t\t\t\t\t\t\t\t\t\t\t\t<\/span>\n\t\t\t\t\t\t\t\t\t\t\t\t<a class=\"elementor-accordion-title\" tabindex=\"0\">Augment de la bioseguretat<\/a>\n\t\t\t\t\t<\/div>\n\t\t\t\t\t<div id=\"elementor-tab-content-2364\" class=\"elementor-tab-content elementor-clearfix\" data-tab=\"4\" role=\"region\" aria-labelledby=\"elementor-tab-title-2364\"><ul><li style=\"font-weight: 400;\" aria-level=\"1\"><span style=\"font-weight: 400;\">Monitoritzaci\u00f3 de l&#8217;entorn interior respecte als nivells de COVs, CO\u2082, oz\u00f3 i part\u00edcules en suspensi\u00f3.<\/span><\/li><li style=\"font-weight: 400;\" aria-level=\"1\"><span style=\"font-weight: 400;\">Utilitzar menys desinfectants (sense afectar la bioseguretat) i que continguin i alliberin menys COVs.<\/span><\/li><li style=\"font-weight: 400;\" aria-level=\"1\"><span style=\"font-weight: 400;\">Fer servir desinfectants produ\u00efts localment.<\/span><\/li><li style=\"font-weight: 400;\" aria-level=\"1\"><span style=\"font-weight: 400;\">Utilitzar autoclaves de majors dimensions (menys cicles i menor consum).<\/span><\/li><li style=\"font-weight: 400;\" aria-level=\"1\"><span style=\"font-weight: 400;\">Utilitzar autoclaves amb capacitat per preparar i utilitzar aigua de la xarxa p\u00fablica, capa\u00e7 de reutilitzar-se en m\u00e9s d&#8217;un cicle i tractar-la posteriorment per abocar-la al clavegueram.<\/span><\/li><li style=\"font-weight: 400;\" aria-level=\"1\"><span style=\"font-weight: 400;\">Separar, emmagatzemar i recollir adequadament els residus de tipus 2, 3 i 4.<\/span><\/li><li style=\"font-weight: 400;\" aria-level=\"1\"><span style=\"font-weight: 400;\">Compactar el material d\u2019un sol \u00fas de tipus 2 i 3.<\/span><\/li><li style=\"font-weight: 400;\" aria-level=\"1\"><span style=\"font-weight: 400;\">Separar i recollir els metalls aspirats.<\/span><\/li><li style=\"font-weight: 400;\" aria-level=\"1\"><span style=\"font-weight: 400;\">Utilitzar filtres adequats (HEPA).<\/span><\/li><li style=\"font-weight: 400;\" aria-level=\"1\"><span style=\"font-weight: 400;\">Tractament adequat dels residus de radiologia convencional.<\/span><\/li><li style=\"font-weight: 400;\" aria-level=\"1\"><span style=\"font-weight: 400;\">Revisar i mantenir peri\u00f2dicament els filtres CVAA (calefacci\u00f3, ventilaci\u00f3 i aire condicionat).<\/span><\/li><li style=\"font-weight: 400;\" aria-level=\"1\"><span style=\"font-weight: 400;\">Evitar la utilitzaci\u00f3 d&#8217;impressores que alliberen oz\u00f3.<\/span><\/li><li style=\"font-weight: 400;\" aria-level=\"1\"><span style=\"font-weight: 400;\">Fer servir mobiliari i paviments que alliberin menys COVs de manera natural o per reacci\u00f3 amb productes de neteja i desinfecci\u00f3.<\/span><\/li><li style=\"font-weight: 400;\" aria-level=\"1\"><span style=\"font-weight: 400;\">Mantenir els envasos de l\u00edquids de neteja i desinfecci\u00f3 o les tovalloletes impregnades ben tancats entre usos.<\/span><\/li><li style=\"font-weight: 400;\" aria-level=\"1\"><span style=\"font-weight: 400;\">Mantenir les cubetes de neteja per ultrasons tancades durant els per\u00edodes de funcionament, fins i tot en els per\u00edodes d&#8217;inactivitat.<\/span><\/li><li style=\"font-weight: 400;\" aria-level=\"1\"><span style=\"font-weight: 400;\">Recollir adequadament els productes de desinfecci\u00f3 i lubricaci\u00f3 de l&#8217;instrumental rotatori.<\/span><\/li><li style=\"font-weight: 400;\" aria-level=\"1\"><span style=\"font-weight: 400;\">Gestionar correctament els medicaments caducats i els residus relacionats.<\/span><\/li><li style=\"font-weight: 400;\" aria-level=\"1\"><span style=\"font-weight: 400;\">Utilitzar guants de l\u00e0tex i\/o nitril i evitar els guants de vinil.<\/span><\/li><li style=\"font-weight: 400;\" aria-level=\"1\"><span style=\"font-weight: 400;\">Reduir l&#8217;\u00fas de l\u2019escopidor, o fins i tot eliminar-lo de l\u2019equip: menys consum d&#8217;aigua i menys \u00fas de productes de desinfecci\u00f3\/esterilitzaci\u00f3.<\/span><\/li><li style=\"font-weight: 400;\" aria-level=\"1\"><span style=\"font-weight: 400;\">Evitar l&#8217;\u00fas d&#8217;ambientadors (aromatitzadors) amb COV (paraclorobenz\u00e8).<\/span><\/li><li style=\"font-weight: 400;\" aria-level=\"1\"><span style=\"font-weight: 400;\">Evitar vaporizadors\/purificadors d&#8217;ambient que augmentin els COVs i les part\u00edcules en suspensi\u00f3.<\/span><\/li><li style=\"font-weight: 400;\" aria-level=\"1\"><span style=\"font-weight: 400;\">Utilitzar cabines de tall i desgast de guix, acr\u00edlics, metalls, etc., tancades i amb succi\u00f3.<\/span><\/li><li style=\"font-weight: 400;\" aria-level=\"1\"><span style=\"font-weight: 400;\">Utilitzar cabines de raig extern tancades i ben constru\u00efdes.<\/span><\/li><li style=\"font-weight: 400;\" aria-level=\"1\"><span style=\"font-weight: 400;\">Utilitzar aspiraci\u00f3 quir\u00fargica potent quan s\u2019utilitzin aeropulidors o regadors de part\u00edcules en pacients\/quir\u00f2fan.<\/span><\/li><\/ul><\/div>\n\t\t\t\t<\/div>\n\t\t\t\t\t\t\t<div class=\"elementor-accordion-item\">\n\t\t\t\t\t<div id=\"elementor-tab-title-2365\" class=\"elementor-tab-title\" data-tab=\"5\" role=\"button\" aria-controls=\"elementor-tab-content-2365\" aria-expanded=\"false\">\n\t\t\t\t\t\t\t\t\t\t\t\t\t<span class=\"elementor-accordion-icon elementor-accordion-icon-right\" aria-hidden=\"true\">\n\t\t\t\t\t\t\t\t\t\t\t\t\t\t\t<span class=\"elementor-accordion-icon-closed\"><svg xmlns=\"http:\/\/www.w3.org\/2000\/svg\" width=\"37\" height=\"37\" viewBox=\"0 0 37 37\" fill=\"none\"><circle cx=\"18.5518\" cy=\"18.046\" r=\"17.6921\" stroke=\"#3A3A3A\" stroke-width=\"0.707685\"><\/circle><line x1=\"18.9069\" y1=\"6.8999\" x2=\"18.9069\" y2=\"29.192\" stroke=\"#3A3A3A\" stroke-width=\"1.41537\"><\/line><line x1=\"30.2305\" y1=\"18.7536\" x2=\"7.93838\" y2=\"18.7536\" stroke=\"#3A3A3A\" stroke-width=\"1.41537\"><\/line><\/svg><\/span>\n\t\t\t\t\t\t\t\t<span class=\"elementor-accordion-icon-opened\"><svg xmlns=\"http:\/\/www.w3.org\/2000\/svg\" width=\"37\" height=\"37\" viewBox=\"0 0 37 37\" fill=\"none\"><circle cx=\"18.5518\" cy=\"18.046\" r=\"17.6921\" stroke=\"#3A3A3A\" stroke-width=\"0.707685\"><\/circle><line x1=\"30.2305\" y1=\"18.7536\" x2=\"7.93838\" y2=\"18.7536\" stroke=\"#3A3A3A\" stroke-width=\"1.41537\"><\/line><\/svg><\/span>\n\t\t\t\t\t\t\t\t\t\t\t\t\t\t<\/span>\n\t\t\t\t\t\t\t\t\t\t\t\t<a class=\"elementor-accordion-title\" tabindex=\"0\">Estalvi d\u2019aigua<\/a>\n\t\t\t\t\t<\/div>\n\t\t\t\t\t<div id=\"elementor-tab-content-2365\" class=\"elementor-tab-content elementor-clearfix\" data-tab=\"5\" role=\"region\" aria-labelledby=\"elementor-tab-title-2365\"><ul><li style=\"font-weight: 400;\" aria-level=\"1\"><span style=\"font-weight: 400;\">Instal\u00b7lar difusors a les aixetes.<\/span><\/li><li style=\"font-weight: 400;\" aria-level=\"1\"><span style=\"font-weight: 400;\">Instal\u00b7lar aixetes temporitzades o amb sensor autom\u00e0tic.<\/span><\/li><li style=\"font-weight: 400;\" aria-level=\"1\"><span style=\"font-weight: 400;\">Utilitzar gel hidroalcoh\u00f2lic per rentar-nos les mans.<\/span><\/li><li style=\"font-weight: 400;\" aria-level=\"1\"><span style=\"font-weight: 400;\">Instal\u00b7lar cisternes amb dos botons als lavabos.<\/span><\/li><li style=\"font-weight: 400;\" aria-level=\"1\"><span style=\"font-weight: 400;\">Dosificar l\u2019aigua dels sillons per a l\u2019esbandida del pacient.<\/span><\/li><li style=\"font-weight: 400;\" aria-level=\"1\"><span style=\"font-weight: 400;\">Utilitzar tecnologia d\u2019oz\u00f3 per al rentat dels pijames del personal i el t\u00e8xtil de la cl\u00ednica.<\/span><\/li><li style=\"font-weight: 400;\" aria-level=\"1\"><span style=\"font-weight: 400;\">Instal\u00b7laci\u00f3 de fonts d\u2019aigua de quil\u00f2metre zero.<\/span><\/li><\/ul><\/div>\n\t\t\t\t<\/div>\n\t\t\t\t\t\t\t<div class=\"elementor-accordion-item\">\n\t\t\t\t\t<div id=\"elementor-tab-title-2366\" class=\"elementor-tab-title\" data-tab=\"6\" role=\"button\" aria-controls=\"elementor-tab-content-2366\" aria-expanded=\"false\">\n\t\t\t\t\t\t\t\t\t\t\t\t\t<span class=\"elementor-accordion-icon elementor-accordion-icon-right\" aria-hidden=\"true\">\n\t\t\t\t\t\t\t\t\t\t\t\t\t\t\t<span class=\"elementor-accordion-icon-closed\"><svg xmlns=\"http:\/\/www.w3.org\/2000\/svg\" width=\"37\" height=\"37\" viewBox=\"0 0 37 37\" fill=\"none\"><circle cx=\"18.5518\" cy=\"18.046\" r=\"17.6921\" stroke=\"#3A3A3A\" stroke-width=\"0.707685\"><\/circle><line x1=\"18.9069\" y1=\"6.8999\" x2=\"18.9069\" y2=\"29.192\" stroke=\"#3A3A3A\" stroke-width=\"1.41537\"><\/line><line x1=\"30.2305\" y1=\"18.7536\" x2=\"7.93838\" y2=\"18.7536\" stroke=\"#3A3A3A\" stroke-width=\"1.41537\"><\/line><\/svg><\/span>\n\t\t\t\t\t\t\t\t<span class=\"elementor-accordion-icon-opened\"><svg xmlns=\"http:\/\/www.w3.org\/2000\/svg\" width=\"37\" height=\"37\" viewBox=\"0 0 37 37\" fill=\"none\"><circle cx=\"18.5518\" cy=\"18.046\" r=\"17.6921\" stroke=\"#3A3A3A\" stroke-width=\"0.707685\"><\/circle><line x1=\"30.2305\" y1=\"18.7536\" x2=\"7.93838\" y2=\"18.7536\" stroke=\"#3A3A3A\" stroke-width=\"1.41537\"><\/line><\/svg><\/span>\n\t\t\t\t\t\t\t\t\t\t\t\t\t\t<\/span>\n\t\t\t\t\t\t\t\t\t\t\t\t<a class=\"elementor-accordion-title\" tabindex=\"0\">Estalvi d\u2019energia<\/a>\n\t\t\t\t\t<\/div>\n\t\t\t\t\t<div id=\"elementor-tab-content-2366\" class=\"elementor-tab-content elementor-clearfix\" data-tab=\"6\" role=\"region\" aria-labelledby=\"elementor-tab-title-2366\"><ul><li style=\"font-weight: 400;\" aria-level=\"1\"><span style=\"font-weight: 400;\">Instal\u00b7lar tecnologies de baix consum (il\u00b7luminaci\u00f3 LED).<\/span><\/li><li style=\"font-weight: 400;\" aria-level=\"1\"><span style=\"font-weight: 400;\">Aprofitar la llum natural sempre que sigui possible.<\/span><\/li><li style=\"font-weight: 400;\" aria-level=\"1\"><span style=\"font-weight: 400;\">Instal\u00b7lar splits de calefacci\u00f3 i aire condicionat en lloc de sistemes centralitzats.<\/span><\/li><li style=\"font-weight: 400;\" aria-level=\"1\"><span style=\"font-weight: 400;\">Dotar de a\u00efllament finestres i portes.<\/span><\/li><li style=\"font-weight: 400;\" aria-level=\"1\"><span style=\"font-weight: 400;\">Apagar llums, ordinadors, equips, etc., quan no s\u2019estiguin utilitzant.<\/span><\/li><li style=\"font-weight: 400;\" aria-level=\"1\"><span style=\"font-weight: 400;\">Comprar equips electr\u00f2nics amb etiqueta <\/span><b>ENERGY STAR<\/b><span style=\"font-weight: 400;\">.<\/span><\/li><li style=\"font-weight: 400;\" aria-level=\"1\"><span style=\"font-weight: 400;\">Instal\u00b7lar interruptors de llum temporitzats o amb sensor de moviment a les sales on sigui convenient.<\/span><\/li><li style=\"font-weight: 400;\" aria-level=\"1\"><span style=\"font-weight: 400;\">Instal\u00b7lar temporitzadors o sensors lum\u00ednics en r\u00e8tols il\u00b7luminats o en la il\u00b7luminaci\u00f3 a peu de carrer.<\/span><\/li><li style=\"font-weight: 400;\" aria-level=\"1\"><span style=\"font-weight: 400;\">Posar en marxa l\u2019autoclau nom\u00e9s quan estigui ple.<\/span><\/li><li style=\"font-weight: 400;\" aria-level=\"1\"><span style=\"font-weight: 400;\">Baixar els diferencials en acabar la jornada (excepte aquells indispensables).<\/span><\/li><\/ul><\/div>\n\t\t\t\t<\/div>\n\t\t\t\t\t\t\t<div class=\"elementor-accordion-item\">\n\t\t\t\t\t<div id=\"elementor-tab-title-2367\" class=\"elementor-tab-title\" data-tab=\"7\" role=\"button\" aria-controls=\"elementor-tab-content-2367\" aria-expanded=\"false\">\n\t\t\t\t\t\t\t\t\t\t\t\t\t<span class=\"elementor-accordion-icon elementor-accordion-icon-right\" aria-hidden=\"true\">\n\t\t\t\t\t\t\t\t\t\t\t\t\t\t\t<span class=\"elementor-accordion-icon-closed\"><svg xmlns=\"http:\/\/www.w3.org\/2000\/svg\" width=\"37\" height=\"37\" viewBox=\"0 0 37 37\" fill=\"none\"><circle cx=\"18.5518\" cy=\"18.046\" r=\"17.6921\" stroke=\"#3A3A3A\" stroke-width=\"0.707685\"><\/circle><line x1=\"18.9069\" y1=\"6.8999\" x2=\"18.9069\" y2=\"29.192\" stroke=\"#3A3A3A\" stroke-width=\"1.41537\"><\/line><line x1=\"30.2305\" y1=\"18.7536\" x2=\"7.93838\" y2=\"18.7536\" stroke=\"#3A3A3A\" stroke-width=\"1.41537\"><\/line><\/svg><\/span>\n\t\t\t\t\t\t\t\t<span class=\"elementor-accordion-icon-opened\"><svg xmlns=\"http:\/\/www.w3.org\/2000\/svg\" width=\"37\" height=\"37\" viewBox=\"0 0 37 37\" fill=\"none\"><circle cx=\"18.5518\" cy=\"18.046\" r=\"17.6921\" stroke=\"#3A3A3A\" stroke-width=\"0.707685\"><\/circle><line x1=\"30.2305\" y1=\"18.7536\" x2=\"7.93838\" y2=\"18.7536\" stroke=\"#3A3A3A\" stroke-width=\"1.41537\"><\/line><\/svg><\/span>\n\t\t\t\t\t\t\t\t\t\t\t\t\t\t<\/span>\n\t\t\t\t\t\t\t\t\t\t\t\t<a class=\"elementor-accordion-title\" tabindex=\"0\">\u00das d\u2019energies renovables<\/a>\n\t\t\t\t\t<\/div>\n\t\t\t\t\t<div id=\"elementor-tab-content-2367\" class=\"elementor-tab-content elementor-clearfix\" data-tab=\"7\" role=\"region\" aria-labelledby=\"elementor-tab-title-2367\"><ul><li style=\"font-weight: 400;\" aria-level=\"1\"><span style=\"font-weight: 400;\">Contractar energia el\u00e8ctrica d\u2019origen 100% renovable.<\/span><\/li><li style=\"font-weight: 400;\" aria-level=\"1\"><span style=\"font-weight: 400;\">Realitzar una instal\u00b7laci\u00f3 d\u2019autoconsum fotovoltaic.<\/span><\/li><\/ul><\/div>\n\t\t\t\t<\/div>\n\t\t\t\t\t\t\t<div class=\"elementor-accordion-item\">\n\t\t\t\t\t<div id=\"elementor-tab-title-2368\" class=\"elementor-tab-title\" data-tab=\"8\" role=\"button\" aria-controls=\"elementor-tab-content-2368\" aria-expanded=\"false\">\n\t\t\t\t\t\t\t\t\t\t\t\t\t<span class=\"elementor-accordion-icon elementor-accordion-icon-right\" aria-hidden=\"true\">\n\t\t\t\t\t\t\t\t\t\t\t\t\t\t\t<span class=\"elementor-accordion-icon-closed\"><svg xmlns=\"http:\/\/www.w3.org\/2000\/svg\" width=\"37\" height=\"37\" viewBox=\"0 0 37 37\" fill=\"none\"><circle cx=\"18.5518\" cy=\"18.046\" r=\"17.6921\" stroke=\"#3A3A3A\" stroke-width=\"0.707685\"><\/circle><line x1=\"18.9069\" y1=\"6.8999\" x2=\"18.9069\" y2=\"29.192\" stroke=\"#3A3A3A\" stroke-width=\"1.41537\"><\/line><line x1=\"30.2305\" y1=\"18.7536\" x2=\"7.93838\" y2=\"18.7536\" stroke=\"#3A3A3A\" stroke-width=\"1.41537\"><\/line><\/svg><\/span>\n\t\t\t\t\t\t\t\t<span class=\"elementor-accordion-icon-opened\"><svg xmlns=\"http:\/\/www.w3.org\/2000\/svg\" width=\"37\" height=\"37\" viewBox=\"0 0 37 37\" fill=\"none\"><circle cx=\"18.5518\" cy=\"18.046\" r=\"17.6921\" stroke=\"#3A3A3A\" stroke-width=\"0.707685\"><\/circle><line x1=\"30.2305\" y1=\"18.7536\" x2=\"7.93838\" y2=\"18.7536\" stroke=\"#3A3A3A\" stroke-width=\"1.41537\"><\/line><\/svg><\/span>\n\t\t\t\t\t\t\t\t\t\t\t\t\t\t<\/span>\n\t\t\t\t\t\t\t\t\t\t\t\t<a class=\"elementor-accordion-title\" tabindex=\"0\">Mobilitat sostenible<\/a>\n\t\t\t\t\t<\/div>\n\t\t\t\t\t<div id=\"elementor-tab-content-2368\" class=\"elementor-tab-content elementor-clearfix\" data-tab=\"8\" role=\"region\" aria-labelledby=\"elementor-tab-title-2368\"><ul><li style=\"font-weight: 400;\" aria-level=\"1\"><span style=\"font-weight: 400;\">Realitzar m\u00e9s tractaments en cada visita.<\/span><\/li><li style=\"font-weight: 400;\" aria-level=\"1\"><span style=\"font-weight: 400;\">Fer coincidir les visites dels membres d&#8217;una mateixa fam\u00edlia.<\/span><\/li><li style=\"font-weight: 400;\" aria-level=\"1\"><span style=\"font-weight: 400;\">Evitar les visites de control curtes si no s\u00f3n imprescindibles.<\/span><\/li><li style=\"font-weight: 400;\" aria-level=\"1\"><span style=\"font-weight: 400;\">Utilitzar la telemedicina per a les visites que ho permetin.<\/span><\/li><li style=\"font-weight: 400;\" aria-level=\"1\"><span style=\"font-weight: 400;\">Despla\u00e7ar-se a peu, en bicicleta o en vehicle de mobilitat personal sempre que sigui possible.<\/span><\/li><li style=\"font-weight: 400;\" aria-level=\"1\"><span style=\"font-weight: 400;\">Utilitzar el transport p\u00fablic, vehicles compartits o vehicles de baixes emissions si la dist\u00e0ncia fins al treball requereix un despla\u00e7ament llarg.<\/span><\/li><li style=\"font-weight: 400;\" aria-level=\"1\"><span style=\"font-weight: 400;\">Fomentar l\u2019\u00fas de transports sostenibles entre els treballadors i els pacients.<\/span><\/li><\/ul><\/div>\n\t\t\t\t<\/div>\n\t\t\t\t\t\t\t<div class=\"elementor-accordion-item\">\n\t\t\t\t\t<div id=\"elementor-tab-title-2369\" class=\"elementor-tab-title\" data-tab=\"9\" role=\"button\" aria-controls=\"elementor-tab-content-2369\" aria-expanded=\"false\">\n\t\t\t\t\t\t\t\t\t\t\t\t\t<span class=\"elementor-accordion-icon elementor-accordion-icon-right\" aria-hidden=\"true\">\n\t\t\t\t\t\t\t\t\t\t\t\t\t\t\t<span class=\"elementor-accordion-icon-closed\"><svg xmlns=\"http:\/\/www.w3.org\/2000\/svg\" width=\"37\" height=\"37\" viewBox=\"0 0 37 37\" fill=\"none\"><circle cx=\"18.5518\" cy=\"18.046\" r=\"17.6921\" stroke=\"#3A3A3A\" stroke-width=\"0.707685\"><\/circle><line x1=\"18.9069\" y1=\"6.8999\" x2=\"18.9069\" y2=\"29.192\" stroke=\"#3A3A3A\" stroke-width=\"1.41537\"><\/line><line x1=\"30.2305\" y1=\"18.7536\" x2=\"7.93838\" y2=\"18.7536\" stroke=\"#3A3A3A\" stroke-width=\"1.41537\"><\/line><\/svg><\/span>\n\t\t\t\t\t\t\t\t<span class=\"elementor-accordion-icon-opened\"><svg xmlns=\"http:\/\/www.w3.org\/2000\/svg\" width=\"37\" height=\"37\" viewBox=\"0 0 37 37\" fill=\"none\"><circle cx=\"18.5518\" cy=\"18.046\" r=\"17.6921\" stroke=\"#3A3A3A\" stroke-width=\"0.707685\"><\/circle><line x1=\"30.2305\" y1=\"18.7536\" x2=\"7.93838\" y2=\"18.7536\" stroke=\"#3A3A3A\" stroke-width=\"1.41537\"><\/line><\/svg><\/span>\n\t\t\t\t\t\t\t\t\t\t\t\t\t\t<\/span>\n\t\t\t\t\t\t\t\t\t\t\t\t<a class=\"elementor-accordion-title\" tabindex=\"0\">Relaci\u00f3 amb prove\u00efdors<\/a>\n\t\t\t\t\t<\/div>\n\t\t\t\t\t<div id=\"elementor-tab-content-2369\" class=\"elementor-tab-content elementor-clearfix\" data-tab=\"9\" role=\"region\" aria-labelledby=\"elementor-tab-title-2369\"><ul><li style=\"font-weight: 400;\" aria-level=\"1\"><span style=\"font-weight: 400;\">Tenir exig\u00e8ncies mediambientals amb els prove\u00efdors en les diferents fases de la producci\u00f3 o prestaci\u00f3 dels seus serveis.<\/span><\/li><\/ul><\/div>\n\t\t\t\t<\/div>\n\t\t\t\t\t\t\t<div class=\"elementor-accordion-item\">\n\t\t\t\t\t<div id=\"elementor-tab-title-23610\" class=\"elementor-tab-title\" data-tab=\"10\" role=\"button\" aria-controls=\"elementor-tab-content-23610\" aria-expanded=\"false\">\n\t\t\t\t\t\t\t\t\t\t\t\t\t<span class=\"elementor-accordion-icon elementor-accordion-icon-right\" aria-hidden=\"true\">\n\t\t\t\t\t\t\t\t\t\t\t\t\t\t\t<span class=\"elementor-accordion-icon-closed\"><svg xmlns=\"http:\/\/www.w3.org\/2000\/svg\" width=\"37\" height=\"37\" viewBox=\"0 0 37 37\" fill=\"none\"><circle cx=\"18.5518\" cy=\"18.046\" r=\"17.6921\" stroke=\"#3A3A3A\" stroke-width=\"0.707685\"><\/circle><line x1=\"18.9069\" y1=\"6.8999\" x2=\"18.9069\" y2=\"29.192\" stroke=\"#3A3A3A\" stroke-width=\"1.41537\"><\/line><line x1=\"30.2305\" y1=\"18.7536\" x2=\"7.93838\" y2=\"18.7536\" stroke=\"#3A3A3A\" stroke-width=\"1.41537\"><\/line><\/svg><\/span>\n\t\t\t\t\t\t\t\t<span class=\"elementor-accordion-icon-opened\"><svg xmlns=\"http:\/\/www.w3.org\/2000\/svg\" width=\"37\" height=\"37\" viewBox=\"0 0 37 37\" fill=\"none\"><circle cx=\"18.5518\" cy=\"18.046\" r=\"17.6921\" stroke=\"#3A3A3A\" stroke-width=\"0.707685\"><\/circle><line x1=\"30.2305\" y1=\"18.7536\" x2=\"7.93838\" y2=\"18.7536\" stroke=\"#3A3A3A\" stroke-width=\"1.41537\"><\/line><\/svg><\/span>\n\t\t\t\t\t\t\t\t\t\t\t\t\t\t<\/span>\n\t\t\t\t\t\t\t\t\t\t\t\t<a class=\"elementor-accordion-title\" tabindex=\"0\">Accions comunit\u00e0ries<\/a>\n\t\t\t\t\t<\/div>\n\t\t\t\t\t<div id=\"elementor-tab-content-23610\" class=\"elementor-tab-content elementor-clearfix\" data-tab=\"10\" role=\"region\" aria-labelledby=\"elementor-tab-title-23610\"><ul><li style=\"font-weight: 400;\" aria-level=\"1\"><span style=\"font-weight: 400;\">Plantar un arbre.<\/span><\/li><li style=\"font-weight: 400;\" aria-level=\"1\"><span style=\"font-weight: 400;\">Sortejar un arbre per plantar entre els pacients que participin en alguna iniciativa promoguda per la cl\u00ednica.<\/span><\/li><li style=\"font-weight: 400;\" aria-level=\"1\"><span style=\"font-weight: 400;\">Oferir consells sobre cura del medi ambient a les xarxes socials basant-se en l&#8217;experi\u00e8ncia generada gr\u00e0cies a la guia de sostenibilitat mediambiental.<\/span><\/li><li style=\"font-weight: 400;\" aria-level=\"1\"><span style=\"font-weight: 400;\">Adherir-se a iniciatives mediambientals d&#8217;altres organitzacions (per exemple, els Objectius de Desenvolupament Sostenible de l&#8217;ONU) i compartir els seus missatges.<\/span><\/li><li style=\"font-weight: 400;\" aria-level=\"1\"><span style=\"font-weight: 400;\">Col\u00b7laborar amb entitats locals de car\u00e0cter social i mediambiental, per exemple, per a la donaci\u00f3 de materials, uniformes antics, etc.<\/span><\/li><\/ul><\/div>\n\t\t\t\t<\/div>\n\t\t\t\t\t\t\t\t<\/div>\n\t\t\t\t\t\t<\/div>\n\t\t\t\t<\/div>\n\t\t\t\t<\/div>\n\t\t\t\t<\/div>\n\t\t<div class=\"elementor-element elementor-element-55a89b2 e-flex e-con-boxed e-con e-child\" data-id=\"55a89b2\" data-element_type=\"container\" data-e-type=\"container\" data-settings=\"{&quot;background_background&quot;:&quot;classic&quot;}\">\n\t\t\t\t\t<div class=\"e-con-inner\">\n\t\t<div class=\"elementor-element elementor-element-40187f5 e-con-full e-flex e-con e-child\" data-id=\"40187f5\" data-element_type=\"container\" data-e-type=\"container\" data-settings=\"{&quot;background_background&quot;:&quot;classic&quot;}\">\n\t\t\t\t<div class=\"elementor-element elementor-element-52a2328 elementor-widget elementor-widget-text-editor\" data-id=\"52a2328\" data-element_type=\"widget\" data-e-type=\"widget\" data-widget_type=\"text-editor.default\">\n\t\t\t\t<div class=\"elementor-widget-container\">\n\t\t\t\t\t\t\t\t\t<p>EXPLICA&#8217;NS ELS TEUS MOTIUS<\/p>\t\t\t\t\t\t\t\t<\/div>\n\t\t\t\t<\/div>\n\t\t\t\t<div class=\"elementor-element elementor-element-c94c95b elementor-widget__width-initial elementor-widget elementor-widget-text-editor\" data-id=\"c94c95b\" data-element_type=\"widget\" data-e-type=\"widget\" data-widget_type=\"text-editor.default\">\n\t\t\t\t<div class=\"elementor-widget-container\">\n\t\t\t\t\t\t\t\t\t<p>Demana la teva cita Ara i t&#8217;informarem sense comprom\u00eds del tractament i de com et podem ajudar. Posa&#8217;t en m\u00e0 d&#8217;uns grans professionals, nom\u00e9s cal una estona del teu temps.<\/p>\t\t\t\t\t\t\t\t<\/div>\n\t\t\t\t<\/div>\n\t\t\t\t<div class=\"elementor-element elementor-element-ad658a6 elementor-widget elementor-widget-button\" data-id=\"ad658a6\" data-element_type=\"widget\" data-e-type=\"widget\" data-widget_type=\"button.default\">\n\t\t\t\t<div class=\"elementor-widget-container\">\n\t\t\t\t\t\t\t\t\t<div class=\"elementor-button-wrapper\">\n\t\t\t\t\t<a class=\"elementor-button elementor-button-link elementor-size-sm\" href=\"https:\/\/clinicadentalmontsetimoneda.com\/ca\/demanar-cita\/\">\n\t\t\t\t\t\t<span class=\"elementor-button-content-wrapper\">\n\t\t\t\t\t\t<span class=\"elementor-button-icon\">\n\t\t\t\t<svg xmlns=\"http:\/\/www.w3.org\/2000\/svg\" width=\"47\" height=\"48\" viewBox=\"0 0 47 48\" fill=\"none\"><g clip-path=\"url(#clip0_2066_1867)\"><path d=\"M31.6046 28.0732L25.17 23.2473V13.4168C25.17 12.4284 24.3711 11.6294 23.3826 11.6294C22.3942 11.6294 21.5952 12.4284 21.5952 13.4168V24.1411C21.5952 24.7041 21.8598 25.235 22.3102 25.571L29.4596 30.9332C29.7813 31.1745 30.1568 31.2906 30.5303 31.2906C31.0754 31.2906 31.6117 31.0457 31.962 30.5739C32.5556 29.7855 32.3947 28.6649 31.6046 28.0732Z\" fill=\"black\"><\/path><path d=\"M23.3826 0.923096C10.6583 0.923096 0.307617 11.2738 0.307617 23.9981C0.307617 36.7224 10.6583 47.0731 23.3826 47.0731C36.1069 47.0731 46.4576 36.7224 46.4576 23.9981C46.4576 11.2738 36.1069 0.923096 23.3826 0.923096ZM23.3826 43.4984C12.6316 43.4984 3.88235 34.7492 3.88235 23.9981C3.88235 13.247 12.6316 4.49783 23.3826 4.49783C34.1355 4.49783 42.8829 13.247 42.8829 23.9981C42.8829 34.7492 34.1337 43.4984 23.3826 43.4984Z\" fill=\"black\"><\/path><\/g><defs><clipPath id=\"clip0_2066_1867\"><rect width=\"46.15\" height=\"46.15\" fill=\"white\" transform=\"translate(0.307617 0.923096)\"><\/rect><\/clipPath><\/defs><\/svg>\t\t\t<\/span>\n\t\t\t\t\t\t\t\t\t<span class=\"elementor-button-text\">Vull una cita<\/span>\n\t\t\t\t\t<\/span>\n\t\t\t\t\t<\/a>\n\t\t\t\t<\/div>\n\t\t\t\t\t\t\t\t<\/div>\n\t\t\t\t<\/div>\n\t\t\t\t<\/div>\n\t\t\t\t\t<\/div>\n\t\t\t\t<\/div>\n\t\t\t\t<\/div>\n\t\t\t\t<\/div>\n\t\t","protected":false},"excerpt":{"rendered":"<p>Eco-cl\u00ednica Compromesos amb la cura del planeta per a un futur m\u00e9s sostenible Per qu\u00e8 vam decidir ser una eco-cl\u00ednica? Des dels nostres inicis, l\u2019ess\u00e8ncia de la nostra cl\u00ednica sempre ha estat contribuir al benestar de la nostra societat, aportant el nostre coneixement i feina per millorar la salut bucodental del m\u00e0xim nombre possible de [&#8230;]\n","protected":false},"author":7,"featured_media":0,"parent":0,"menu_order":1,"comment_status":"closed","ping_status":"closed","template":"elementor_header_footer","meta":{"footnotes":""},"class_list":["post-12966","page","type-page","status-publish","hentry"],"yoast_head":"<!-- This site is optimized with the Yoast SEO plugin v27.3 - https:\/\/yoast.com\/product\/yoast-seo-wordpress\/ -->\n<title>Eco-cl\u00ednica | Cl\u00ednica Dental Montse Timoneda<\/title>\n<meta name=\"description\" content=\"Cl\u00ednica Dental Montse Timoneda \u00e9s una Eco Cl\u00ednica compromesa amb la sostenibilitat. Cuida el teu somriure respectant el medi ambient.\" \/>\n<meta name=\"robots\" content=\"index, follow\" \/>\n<link rel=\"canonical\" href=\"https:\/\/clinicadentalmontsetimoneda.com\/ca\/eco-clinica\/\" \/>\n<meta property=\"og:locale\" content=\"ca_ES\" \/>\n<meta property=\"og:type\" content=\"article\" \/>\n<meta property=\"og:title\" content=\"Eco-cl\u00ednica | Cl\u00ednica Dental Montse Timoneda\" \/>\n<meta property=\"og:description\" content=\"Cl\u00ednica Dental Montse Timoneda \u00e9s una Eco Cl\u00ednica compromesa amb la sostenibilitat. Cuida el teu somriure respectant el medi ambient.\" \/>\n<meta property=\"og:url\" content=\"https:\/\/clinicadentalmontsetimoneda.com\/ca\/eco-clinica\/\" \/>\n<meta property=\"og:site_name\" content=\"Montse Timoneda\" \/>\n<meta property=\"article:publisher\" content=\"https:\/\/es-es.facebook.com\/ClinicaDentalMontseTimoneda\/\" \/>\n<meta property=\"article:modified_time\" content=\"2025-02-20T10:40:28+00:00\" \/>\n<meta property=\"og:image\" content=\"https:\/\/clinicadentalmontsetimoneda.com\/wp-content\/uploads\/2023\/01\/Depositphotos_246483268_XL.jpg\" \/>\n\t<meta property=\"og:image:width\" content=\"2560\" \/>\n\t<meta property=\"og:image:height\" content=\"1707\" \/>\n\t<meta property=\"og:image:type\" content=\"image\/jpeg\" \/>\n<meta name=\"twitter:card\" content=\"summary_large_image\" \/>\n<meta name=\"twitter:label1\" content=\"Temps estimat de lectura\" \/>\n\t<meta name=\"twitter:data1\" content=\"10 minuts\" \/>\n<script type=\"application\/ld+json\" class=\"yoast-schema-graph\">{\"@context\":\"https:\\\/\\\/schema.org\",\"@graph\":[{\"@type\":\"WebPage\",\"@id\":\"https:\\\/\\\/clinicadentalmontsetimoneda.com\\\/ca\\\/eco-clinica\\\/\",\"url\":\"https:\\\/\\\/clinicadentalmontsetimoneda.com\\\/ca\\\/eco-clinica\\\/\",\"name\":\"Eco-cl\u00ednica | Cl\u00ednica Dental Montse Timoneda\",\"isPartOf\":{\"@id\":\"https:\\\/\\\/clinicadentalmontsetimoneda.com\\\/ca\\\/#website\"},\"primaryImageOfPage\":{\"@id\":\"https:\\\/\\\/clinicadentalmontsetimoneda.com\\\/ca\\\/eco-clinica\\\/#primaryimage\"},\"image\":{\"@id\":\"https:\\\/\\\/clinicadentalmontsetimoneda.com\\\/ca\\\/eco-clinica\\\/#primaryimage\"},\"thumbnailUrl\":\"https:\\\/\\\/clinicadentalmontsetimoneda.com\\\/wp-content\\\/uploads\\\/2023\\\/01\\\/Depositphotos_246483268_XL-1200x800.jpg\",\"datePublished\":\"2024-06-27T07:33:54+00:00\",\"dateModified\":\"2025-02-20T10:40:28+00:00\",\"description\":\"Cl\u00ednica Dental Montse Timoneda \u00e9s una Eco Cl\u00ednica compromesa amb la sostenibilitat. Cuida el teu somriure respectant el medi ambient.\",\"breadcrumb\":{\"@id\":\"https:\\\/\\\/clinicadentalmontsetimoneda.com\\\/ca\\\/eco-clinica\\\/#breadcrumb\"},\"inLanguage\":\"ca\",\"potentialAction\":[{\"@type\":\"ReadAction\",\"target\":[\"https:\\\/\\\/clinicadentalmontsetimoneda.com\\\/ca\\\/eco-clinica\\\/\"]}]},{\"@type\":\"ImageObject\",\"inLanguage\":\"ca\",\"@id\":\"https:\\\/\\\/clinicadentalmontsetimoneda.com\\\/ca\\\/eco-clinica\\\/#primaryimage\",\"url\":\"https:\\\/\\\/clinicadentalmontsetimoneda.com\\\/wp-content\\\/uploads\\\/2023\\\/01\\\/Depositphotos_246483268_XL-1200x800.jpg\",\"contentUrl\":\"https:\\\/\\\/clinicadentalmontsetimoneda.com\\\/wp-content\\\/uploads\\\/2023\\\/01\\\/Depositphotos_246483268_XL-1200x800.jpg\"},{\"@type\":\"BreadcrumbList\",\"@id\":\"https:\\\/\\\/clinicadentalmontsetimoneda.com\\\/ca\\\/eco-clinica\\\/#breadcrumb\",\"itemListElement\":[{\"@type\":\"ListItem\",\"position\":1,\"name\":\"Portada\",\"item\":\"https:\\\/\\\/clinicadentalmontsetimoneda.com\\\/ca\\\/\"},{\"@type\":\"ListItem\",\"position\":2,\"name\":\"Eco-cl\u00ednica\"}]},{\"@type\":\"WebSite\",\"@id\":\"https:\\\/\\\/clinicadentalmontsetimoneda.com\\\/ca\\\/#website\",\"url\":\"https:\\\/\\\/clinicadentalmontsetimoneda.com\\\/ca\\\/\",\"name\":\"Montse Timoneda\",\"description\":\"Cl\u00ednica dental  | Tarragona\",\"publisher\":{\"@id\":\"https:\\\/\\\/clinicadentalmontsetimoneda.com\\\/ca\\\/#organization\"},\"potentialAction\":[{\"@type\":\"SearchAction\",\"target\":{\"@type\":\"EntryPoint\",\"urlTemplate\":\"https:\\\/\\\/clinicadentalmontsetimoneda.com\\\/ca\\\/?s={search_term_string}\"},\"query-input\":{\"@type\":\"PropertyValueSpecification\",\"valueRequired\":true,\"valueName\":\"search_term_string\"}}],\"inLanguage\":\"ca\"},{\"@type\":\"Organization\",\"@id\":\"https:\\\/\\\/clinicadentalmontsetimoneda.com\\\/ca\\\/#organization\",\"name\":\"Clinica Dental Montse Timoneda\",\"url\":\"https:\\\/\\\/clinicadentalmontsetimoneda.com\\\/ca\\\/\",\"logo\":{\"@type\":\"ImageObject\",\"inLanguage\":\"ca\",\"@id\":\"https:\\\/\\\/clinicadentalmontsetimoneda.com\\\/ca\\\/#\\\/schema\\\/logo\\\/image\\\/\",\"url\":\"https:\\\/\\\/clinicadentalmontsetimoneda.com\\\/wp-content\\\/uploads\\\/2024\\\/05\\\/Logo-central.svg\",\"contentUrl\":\"https:\\\/\\\/clinicadentalmontsetimoneda.com\\\/wp-content\\\/uploads\\\/2024\\\/05\\\/Logo-central.svg\",\"width\":515,\"height\":110,\"caption\":\"Clinica Dental Montse Timoneda\"},\"image\":{\"@id\":\"https:\\\/\\\/clinicadentalmontsetimoneda.com\\\/ca\\\/#\\\/schema\\\/logo\\\/image\\\/\"},\"sameAs\":[\"https:\\\/\\\/es-es.facebook.com\\\/ClinicaDentalMontseTimoneda\\\/\",\"https:\\\/\\\/www.instagram.com\\\/cd.montsetimoneda\\\/\",\"https:\\\/\\\/www.youtube.com\\\/channel\\\/UCBohbjYo6D3kp365Fs68cGw\"]}]}<\/script>\n<!-- \/ Yoast SEO plugin. -->","yoast_head_json":{"title":"Eco-cl\u00ednica | Cl\u00ednica Dental Montse Timoneda","description":"Cl\u00ednica Dental Montse Timoneda \u00e9s una Eco Cl\u00ednica compromesa amb la sostenibilitat. Cuida el teu somriure respectant el medi ambient.","robots":{"index":"index","follow":"follow"},"canonical":"https:\/\/clinicadentalmontsetimoneda.com\/ca\/eco-clinica\/","og_locale":"ca_ES","og_type":"article","og_title":"Eco-cl\u00ednica | Cl\u00ednica Dental Montse Timoneda","og_description":"Cl\u00ednica Dental Montse Timoneda \u00e9s una Eco Cl\u00ednica compromesa amb la sostenibilitat. Cuida el teu somriure respectant el medi ambient.","og_url":"https:\/\/clinicadentalmontsetimoneda.com\/ca\/eco-clinica\/","og_site_name":"Montse Timoneda","article_publisher":"https:\/\/es-es.facebook.com\/ClinicaDentalMontseTimoneda\/","article_modified_time":"2025-02-20T10:40:28+00:00","og_image":[{"width":2560,"height":1707,"url":"https:\/\/clinicadentalmontsetimoneda.com\/wp-content\/uploads\/2023\/01\/Depositphotos_246483268_XL.jpg","type":"image\/jpeg"}],"twitter_card":"summary_large_image","twitter_misc":{"Temps estimat de lectura":"10 minuts"},"schema":{"@context":"https:\/\/schema.org","@graph":[{"@type":"WebPage","@id":"https:\/\/clinicadentalmontsetimoneda.com\/ca\/eco-clinica\/","url":"https:\/\/clinicadentalmontsetimoneda.com\/ca\/eco-clinica\/","name":"Eco-cl\u00ednica | Cl\u00ednica Dental Montse Timoneda","isPartOf":{"@id":"https:\/\/clinicadentalmontsetimoneda.com\/ca\/#website"},"primaryImageOfPage":{"@id":"https:\/\/clinicadentalmontsetimoneda.com\/ca\/eco-clinica\/#primaryimage"},"image":{"@id":"https:\/\/clinicadentalmontsetimoneda.com\/ca\/eco-clinica\/#primaryimage"},"thumbnailUrl":"https:\/\/clinicadentalmontsetimoneda.com\/wp-content\/uploads\/2023\/01\/Depositphotos_246483268_XL-1200x800.jpg","datePublished":"2024-06-27T07:33:54+00:00","dateModified":"2025-02-20T10:40:28+00:00","description":"Cl\u00ednica Dental Montse Timoneda \u00e9s una Eco Cl\u00ednica compromesa amb la sostenibilitat. Cuida el teu somriure respectant el medi ambient.","breadcrumb":{"@id":"https:\/\/clinicadentalmontsetimoneda.com\/ca\/eco-clinica\/#breadcrumb"},"inLanguage":"ca","potentialAction":[{"@type":"ReadAction","target":["https:\/\/clinicadentalmontsetimoneda.com\/ca\/eco-clinica\/"]}]},{"@type":"ImageObject","inLanguage":"ca","@id":"https:\/\/clinicadentalmontsetimoneda.com\/ca\/eco-clinica\/#primaryimage","url":"https:\/\/clinicadentalmontsetimoneda.com\/wp-content\/uploads\/2023\/01\/Depositphotos_246483268_XL-1200x800.jpg","contentUrl":"https:\/\/clinicadentalmontsetimoneda.com\/wp-content\/uploads\/2023\/01\/Depositphotos_246483268_XL-1200x800.jpg"},{"@type":"BreadcrumbList","@id":"https:\/\/clinicadentalmontsetimoneda.com\/ca\/eco-clinica\/#breadcrumb","itemListElement":[{"@type":"ListItem","position":1,"name":"Portada","item":"https:\/\/clinicadentalmontsetimoneda.com\/ca\/"},{"@type":"ListItem","position":2,"name":"Eco-cl\u00ednica"}]},{"@type":"WebSite","@id":"https:\/\/clinicadentalmontsetimoneda.com\/ca\/#website","url":"https:\/\/clinicadentalmontsetimoneda.com\/ca\/","name":"Montse Timoneda","description":"Cl\u00ednica dental  | Tarragona","publisher":{"@id":"https:\/\/clinicadentalmontsetimoneda.com\/ca\/#organization"},"potentialAction":[{"@type":"SearchAction","target":{"@type":"EntryPoint","urlTemplate":"https:\/\/clinicadentalmontsetimoneda.com\/ca\/?s={search_term_string}"},"query-input":{"@type":"PropertyValueSpecification","valueRequired":true,"valueName":"search_term_string"}}],"inLanguage":"ca"},{"@type":"Organization","@id":"https:\/\/clinicadentalmontsetimoneda.com\/ca\/#organization","name":"Clinica Dental Montse Timoneda","url":"https:\/\/clinicadentalmontsetimoneda.com\/ca\/","logo":{"@type":"ImageObject","inLanguage":"ca","@id":"https:\/\/clinicadentalmontsetimoneda.com\/ca\/#\/schema\/logo\/image\/","url":"https:\/\/clinicadentalmontsetimoneda.com\/wp-content\/uploads\/2024\/05\/Logo-central.svg","contentUrl":"https:\/\/clinicadentalmontsetimoneda.com\/wp-content\/uploads\/2024\/05\/Logo-central.svg","width":515,"height":110,"caption":"Clinica Dental Montse Timoneda"},"image":{"@id":"https:\/\/clinicadentalmontsetimoneda.com\/ca\/#\/schema\/logo\/image\/"},"sameAs":["https:\/\/es-es.facebook.com\/ClinicaDentalMontseTimoneda\/","https:\/\/www.instagram.com\/cd.montsetimoneda\/","https:\/\/www.youtube.com\/channel\/UCBohbjYo6D3kp365Fs68cGw"]}]}},"_links":{"self":[{"href":"https:\/\/clinicadentalmontsetimoneda.com\/ca\/wp-json\/wp\/v2\/pages\/12966","targetHints":{"allow":["GET"]}}],"collection":[{"href":"https:\/\/clinicadentalmontsetimoneda.com\/ca\/wp-json\/wp\/v2\/pages"}],"about":[{"href":"https:\/\/clinicadentalmontsetimoneda.com\/ca\/wp-json\/wp\/v2\/types\/page"}],"author":[{"embeddable":true,"href":"https:\/\/clinicadentalmontsetimoneda.com\/ca\/wp-json\/wp\/v2\/users\/7"}],"replies":[{"embeddable":true,"href":"https:\/\/clinicadentalmontsetimoneda.com\/ca\/wp-json\/wp\/v2\/comments?post=12966"}],"version-history":[{"count":33,"href":"https:\/\/clinicadentalmontsetimoneda.com\/ca\/wp-json\/wp\/v2\/pages\/12966\/revisions"}],"predecessor-version":[{"id":16868,"href":"https:\/\/clinicadentalmontsetimoneda.com\/ca\/wp-json\/wp\/v2\/pages\/12966\/revisions\/16868"}],"wp:attachment":[{"href":"https:\/\/clinicadentalmontsetimoneda.com\/ca\/wp-json\/wp\/v2\/media?parent=12966"}],"curies":[{"name":"wp","href":"https:\/\/api.w.org\/{rel}","templated":true}]}}