{"id":12924,"date":"2024-07-18T16:10:29","date_gmt":"2024-07-18T16:10:29","guid":{"rendered":"https:\/\/clinicadentalmontsetimoneda.plesk.myfocus.es\/?page_id=12924"},"modified":"2025-01-23T18:36:42","modified_gmt":"2025-01-23T18:36:42","slug":"avis-legal","status":"publish","type":"page","link":"https:\/\/clinicadentalmontsetimoneda.com\/ca\/avis-legal\/","title":{"rendered":"Avis Legal"},"content":{"rendered":"\t\t<div data-elementor-type=\"wp-page\" data-elementor-id=\"12924\" class=\"elementor elementor-12924 elementor-12104\" data-elementor-post-type=\"page\">\n\t\t\t\t<div class=\"elementor-element elementor-element-e7f6755 e-con-full e-flex e-con e-parent\" data-id=\"e7f6755\" data-element_type=\"container\" data-e-type=\"container\" data-settings=\"{&quot;background_background&quot;:&quot;classic&quot;}\">\n\t\t<div class=\"elementor-element elementor-element-63491c9 e-flex e-con-boxed e-con e-child\" data-id=\"63491c9\" data-element_type=\"container\" data-e-type=\"container\" data-settings=\"{&quot;background_background&quot;:&quot;classic&quot;}\">\n\t\t\t\t\t<div class=\"e-con-inner\">\n\t\t\t\t<div class=\"elementor-element elementor-element-48bb4c8 elementor-widget-mobile__width-inherit elementor-widget elementor-widget-heading\" data-id=\"48bb4c8\" data-element_type=\"widget\" data-e-type=\"widget\" data-widget_type=\"heading.default\">\n\t\t\t\t<div class=\"elementor-widget-container\">\n\t\t\t\t\t<h1 class=\"elementor-heading-title elementor-size-default\">Av\u00eds Legal<\/h1>\t\t\t\t<\/div>\n\t\t\t\t<\/div>\n\t\t\t\t\t<\/div>\n\t\t\t\t<\/div>\n\t\t<div class=\"elementor-element elementor-element-b6ddef5 e-flex e-con-boxed e-con e-child\" data-id=\"b6ddef5\" data-element_type=\"container\" data-e-type=\"container\">\n\t\t\t\t\t<div class=\"e-con-inner\">\n\t\t\t\t<div class=\"elementor-element elementor-element-873a591 elementor-widget elementor-widget-heading\" data-id=\"873a591\" data-element_type=\"widget\" data-e-type=\"widget\" data-widget_type=\"heading.default\">\n\t\t\t\t<div class=\"elementor-widget-container\">\n\t\t\t\t\t<h2 class=\"elementor-heading-title elementor-size-default\">Identificaci\u00f3 i Titularitat<\/h2>\t\t\t\t<\/div>\n\t\t\t\t<\/div>\n\t\t\t\t<div class=\"elementor-element elementor-element-31ef920 elementor-widget elementor-widget-text-editor\" data-id=\"31ef920\" data-element_type=\"widget\" data-e-type=\"widget\" data-widget_type=\"text-editor.default\">\n\t\t\t\t<div class=\"elementor-widget-container\">\n\t\t\t\t\t\t\t\t\tDe conformitat amb l\u2019article 10 de la Llei 34\/2002, d\u201911 de juliol, de Serveis de la Societat de la Informaci\u00f3 i de Comer\u00e7 Electr\u00f2nic, el Titular exposa les seves dades identificatives:\n<ul>\n \t<li><b>Titular:<\/b>\u00a0 CENTRE ODONTOLOGIC SANADENT, S.L.P.<\/li>\n \t<li><b>NIF:<\/b>\u00a0B43798263\nInscrita en el registre mercantil de TARRAGONA, tom 2067, llibre , secci\u00f3 SOCIETAT, foli 140, full T-30818, inscripci\u00f3 1a.<\/li>\n \t<li><b>Domicili:<\/b>\u00a0 AV. PRAT DE LA RIBA, 18 BIS &#8211; 43001, Tarragona &#8211; Espanya.<\/li>\n \t<li><b>Correu electr\u00f2nic:<\/b>\u00a0 DENTAL@MONTSETIMONEDA.COM<\/li>\n \t<li><b>Lloc Web:<\/b>\u00a0\u00a0<a href=\"https:\/\/clinicadentalmontsetimoneda.com\/\">https:\/\/montsetimoneda.com<\/a><\/li>\n<\/ul>\t\t\t\t\t\t\t\t<\/div>\n\t\t\t\t<\/div>\n\t\t\t\t\t<\/div>\n\t\t\t\t<\/div>\n\t\t<div class=\"elementor-element elementor-element-485b300 e-flex e-con-boxed e-con e-child\" data-id=\"485b300\" data-element_type=\"container\" data-e-type=\"container\">\n\t\t\t\t\t<div class=\"e-con-inner\">\n\t\t\t\t<div class=\"elementor-element elementor-element-8f6947d elementor-widget elementor-widget-heading\" data-id=\"8f6947d\" data-element_type=\"widget\" data-e-type=\"widget\" data-widget_type=\"heading.default\">\n\t\t\t\t<div class=\"elementor-widget-container\">\n\t\t\t\t\t<h2 class=\"elementor-heading-title elementor-size-default\">Finalitat<\/h2>\t\t\t\t<\/div>\n\t\t\t\t<\/div>\n\t\t\t\t<div class=\"elementor-element elementor-element-c1eeca3 elementor-widget elementor-widget-text-editor\" data-id=\"c1eeca3\" data-element_type=\"widget\" data-e-type=\"widget\" data-widget_type=\"text-editor.default\">\n\t\t\t\t<div class=\"elementor-widget-container\">\n\t\t\t\t\t\t\t\t\t<p><span style=\"font-weight: 400;\">La finalitat del Lloc Web \u00e9s: Cl\u00ednica Dental.<\/span><\/p>\t\t\t\t\t\t\t\t<\/div>\n\t\t\t\t<\/div>\n\t\t\t\t\t<\/div>\n\t\t\t\t<\/div>\n\t\t<div class=\"elementor-element elementor-element-a8cede9 e-flex e-con-boxed e-con e-child\" data-id=\"a8cede9\" data-element_type=\"container\" data-e-type=\"container\">\n\t\t\t\t\t<div class=\"e-con-inner\">\n\t\t\t\t<div class=\"elementor-element elementor-element-f78ec9c elementor-widget elementor-widget-heading\" data-id=\"f78ec9c\" data-element_type=\"widget\" data-e-type=\"widget\" data-widget_type=\"heading.default\">\n\t\t\t\t<div class=\"elementor-widget-container\">\n\t\t\t\t\t<h2 class=\"elementor-heading-title elementor-size-default\">Condicions d\u2019\u00fas<\/h2>\t\t\t\t<\/div>\n\t\t\t\t<\/div>\n\t\t\t\t<div class=\"elementor-element elementor-element-61e5607 elementor-widget elementor-widget-text-editor\" data-id=\"61e5607\" data-element_type=\"widget\" data-e-type=\"widget\" data-widget_type=\"text-editor.default\">\n\t\t\t\t<div class=\"elementor-widget-container\">\n\t\t\t\t\t\t\t\t\t<p><span style=\"font-weight: 400;\">L\u2019\u00fas del Lloc Web li atorga la condici\u00f3 d\u2019Usuari i implica l\u2019acceptaci\u00f3 completa de totes les cl\u00e0usules i condicions d\u2019\u00fas incloses en les p\u00e0gines:<\/span><\/p><ul><li><a href=\"\/ca\/avis-legal\/\" target=\"_blank\" rel=\"noopener\">Av\u00eds Legal<\/a><\/li><li><a href=\"\/ca\/politica-de-privacitat\/\" target=\"_blank\" rel=\"noopener\">Pol\u00edtica de Privacitat<\/a><\/li><li><a href=\"\/ca\/politica-de-cookies\" target=\"_blank\" rel=\"noopener\">Pol\u00edtica de Cookies<\/a><\/li><\/ul><p><span style=\"font-weight: 400;\">Si no est\u00e0 d\u2019acord amb totes i cadascuna d\u2019aquestes cl\u00e0usules i condicions, s\u2019abstingui d\u2019utilitzar el Lloc Web.<\/span><\/p><p><span style=\"font-weight: 400;\">L\u2019acc\u00e9s al Lloc Web no suposa, de cap manera, l\u2019inici d\u2019una relaci\u00f3 comercial amb el Titular.<\/span><\/p><p><span style=\"font-weight: 400;\">A trav\u00e9s del Lloc Web, el Titular li facilita l\u2019acc\u00e9s i l\u2019\u00fas de diversos continguts que el Titular i\/o els seus col\u00b7laboradors han publicat a trav\u00e9s d\u2019Internet.<\/span><\/p><p><span style=\"font-weight: 400;\">A aquest efecte, est\u00e0 obligat i es compromet a <\/span><b>NO<\/b><span style=\"font-weight: 400;\"> utilitzar cap dels continguts del Lloc Web amb finalitats o efectes il\u00b7l\u00edcits, prohibits en aquest Av\u00eds Legal o per la legislaci\u00f3 vigent, lesius dels drets i interessos de tercers o que, de qualsevol forma, puguin malmetre, inutilitzar, sobrecarregar, deteriorar o impedir la normal utilitzaci\u00f3 dels continguts, dels equips inform\u00e0tics o dels documents, arxius i tota mena de continguts emmagatzemats en qualsevol equip inform\u00e0tic propis o contractats pel Titular, d\u2019altres usuaris o de qualsevol usuari d\u2019Internet.<\/span><\/p>\t\t\t\t\t\t\t\t<\/div>\n\t\t\t\t<\/div>\n\t\t\t\t\t<\/div>\n\t\t\t\t<\/div>\n\t\t<div class=\"elementor-element elementor-element-fea7d3b e-flex e-con-boxed e-con e-child\" data-id=\"fea7d3b\" data-element_type=\"container\" data-e-type=\"container\">\n\t\t\t\t\t<div class=\"e-con-inner\">\n\t\t\t\t<div class=\"elementor-element elementor-element-77299ee elementor-widget elementor-widget-heading\" data-id=\"77299ee\" data-element_type=\"widget\" data-e-type=\"widget\" data-widget_type=\"heading.default\">\n\t\t\t\t<div class=\"elementor-widget-container\">\n\t\t\t\t\t<h2 class=\"elementor-heading-title elementor-size-default\">Mesures de seguretat<\/h2>\t\t\t\t<\/div>\n\t\t\t\t<\/div>\n\t\t\t\t<div class=\"elementor-element elementor-element-4cc1df8 elementor-widget elementor-widget-text-editor\" data-id=\"4cc1df8\" data-element_type=\"widget\" data-e-type=\"widget\" data-widget_type=\"text-editor.default\">\n\t\t\t\t<div class=\"elementor-widget-container\">\n\t\t\t\t\t\t\t\t\t<p><span style=\"font-weight: 400;\">Les dades personals que faciliti al Titular poden ser emmagatzemades en bases de dades automatitzades o no, la titularitat de les quals correspon en exclusiva al Titular, qui assumeix totes les mesures de car\u00e0cter t\u00e8cnic, organitzatiu i de seguretat que garanteixen la confidencialitat, integritat i qualitat de la informaci\u00f3 continguda d\u2019acord amb el que estableix la normativa vigent en protecci\u00f3 de dades.<\/span><\/p><p><span style=\"font-weight: 400;\">Tanmateix, ha de ser conscient que les mesures de seguretat dels sistemes inform\u00e0tics a Internet no s\u00f3n totalment fiables i que, per tant, el Titular no pot garantir la inexist\u00e8ncia de virus o d\u2019altres elements que puguin produir alteracions en els sistemes inform\u00e0tics (programari i maquinari) de l\u2019Usuari o en els seus documents electr\u00f2nics i fitxers continguts en aquests, si b\u00e9 el Titular posa tots els mitjans necessaris i adopta les mesures de seguretat oportunes per evitar la pres\u00e8ncia d\u2019aquests elements nocius.<\/span><\/p>\t\t\t\t\t\t\t\t<\/div>\n\t\t\t\t<\/div>\n\t\t\t\t\t<\/div>\n\t\t\t\t<\/div>\n\t\t<div class=\"elementor-element elementor-element-a5c4888 e-flex e-con-boxed e-con e-child\" data-id=\"a5c4888\" data-element_type=\"container\" data-e-type=\"container\">\n\t\t\t\t\t<div class=\"e-con-inner\">\n\t\t\t\t<div class=\"elementor-element elementor-element-88192d1 elementor-widget elementor-widget-heading\" data-id=\"88192d1\" data-element_type=\"widget\" data-e-type=\"widget\" data-widget_type=\"heading.default\">\n\t\t\t\t<div class=\"elementor-widget-container\">\n\t\t\t\t\t<h2 class=\"elementor-heading-title elementor-size-default\">Tractament de Dades Personals<\/h2>\t\t\t\t<\/div>\n\t\t\t\t<\/div>\n\t\t\t\t<div class=\"elementor-element elementor-element-76d9f4b elementor-widget elementor-widget-text-editor\" data-id=\"76d9f4b\" data-element_type=\"widget\" data-e-type=\"widget\" data-widget_type=\"text-editor.default\">\n\t\t\t\t<div class=\"elementor-widget-container\">\n\t\t\t\t\t\t\t\t\t<p><span style=\"font-weight: 400;\">Pot consultar tota la informaci\u00f3 relativa al tractament de dades personals que recull el Titular a la p\u00e0gina de<\/span> <a href=\"\/ca\/politica-de-privacitat\/\" target=\"_blank\" rel=\"noopener\">Pol\u00edtica de Privacitat<\/a>.<\/p>\t\t\t\t\t\t\t\t<\/div>\n\t\t\t\t<\/div>\n\t\t\t\t\t<\/div>\n\t\t\t\t<\/div>\n\t\t<div class=\"elementor-element elementor-element-d44fe1f e-flex e-con-boxed e-con e-child\" data-id=\"d44fe1f\" data-element_type=\"container\" data-e-type=\"container\">\n\t\t\t\t\t<div class=\"e-con-inner\">\n\t\t\t\t<div class=\"elementor-element elementor-element-a1bac54 elementor-widget elementor-widget-heading\" data-id=\"a1bac54\" data-element_type=\"widget\" data-e-type=\"widget\" data-widget_type=\"heading.default\">\n\t\t\t\t<div class=\"elementor-widget-container\">\n\t\t\t\t\t<h2 class=\"elementor-heading-title elementor-size-default\">Continguts<\/h2>\t\t\t\t<\/div>\n\t\t\t\t<\/div>\n\t\t\t\t<div class=\"elementor-element elementor-element-4625fa6 elementor-widget elementor-widget-text-editor\" data-id=\"4625fa6\" data-element_type=\"widget\" data-e-type=\"widget\" data-widget_type=\"text-editor.default\">\n\t\t\t\t<div class=\"elementor-widget-container\">\n\t\t\t\t\t\t\t\t\t<p><span style=\"font-weight: 400;\">El Titular ha obtingut la informaci\u00f3, el contingut multim\u00e8dia i els materials inclosos en el Lloc Web de fonts que considera fiables, per\u00f2, tot i que ha pres totes les mesures raonables per assegurar que la informaci\u00f3 continguda sigui correcta, el Titular no garanteix que sigui exacta, completa o actualitzada. El Titular declina expressament qualsevol responsabilitat per error o omissi\u00f3 en la informaci\u00f3 continguda a les p\u00e0gines del Lloc Web.<\/span><\/p><p><span style=\"font-weight: 400;\">Queda prohibit transmetre o enviar a trav\u00e9s del Lloc Web qualsevol contingut il\u00b7legal o il\u00b7l\u00edcit, virus inform\u00e0tics o missatges que, en general, afectin o violin drets del Titular o de tercers.<\/span><\/p><p><span style=\"font-weight: 400;\">Els continguts del Lloc Web tenen \u00fanicament una finalitat informativa i, sota cap circumst\u00e0ncia, s\u2019han d\u2019utilitzar o considerar com una oferta de venda, sol\u00b7licitud d\u2019una oferta de compra ni recomanaci\u00f3 per a realitzar cap altra operaci\u00f3, llevat que aix\u00ed s\u2019indiqui expressament.<\/span><\/p><p><span style=\"font-weight: 400;\">El Titular es reserva el dret de modificar, suspendre, cancel\u00b7lar o restringir el contingut del Lloc Web, els enlla\u00e7os o la informaci\u00f3 obtinguda a trav\u00e9s del Lloc Web, sense necessitat d\u2019av\u00eds previ.<\/span><\/p><p><span style=\"font-weight: 400;\">El Titular no \u00e9s responsable dels danys i perjudicis que poguessin derivar-se de la utilitzaci\u00f3 de la informaci\u00f3 del Lloc Web o de la que es contingui a les xarxes socials del Titular.<\/span><\/p>\t\t\t\t\t\t\t\t<\/div>\n\t\t\t\t<\/div>\n\t\t\t\t\t<\/div>\n\t\t\t\t<\/div>\n\t\t<div class=\"elementor-element elementor-element-d2295cf e-flex e-con-boxed e-con e-child\" data-id=\"d2295cf\" data-element_type=\"container\" data-e-type=\"container\">\n\t\t\t\t\t<div class=\"e-con-inner\">\n\t\t\t\t<div class=\"elementor-element elementor-element-37428d7 elementor-widget elementor-widget-heading\" data-id=\"37428d7\" data-element_type=\"widget\" data-e-type=\"widget\" data-widget_type=\"heading.default\">\n\t\t\t\t<div class=\"elementor-widget-container\">\n\t\t\t\t\t<h2 class=\"elementor-heading-title elementor-size-default\">Pol\u00edtica de cookies<\/h2>\t\t\t\t<\/div>\n\t\t\t\t<\/div>\n\t\t\t\t<div class=\"elementor-element elementor-element-e965261 elementor-widget elementor-widget-text-editor\" data-id=\"e965261\" data-element_type=\"widget\" data-e-type=\"widget\" data-widget_type=\"text-editor.default\">\n\t\t\t\t<div class=\"elementor-widget-container\">\n\t\t\t\t\t\t\t\t\tPot consultar tota la informaci\u00f3 relativa a la pol\u00edtica de recollida i tractament de cookies a la informaci\u00f3 disponible en la gesti\u00f3 de la Pol\u00edtica de Cookies.\t\t\t\t\t\t\t\t<\/div>\n\t\t\t\t<\/div>\n\t\t\t\t\t<\/div>\n\t\t\t\t<\/div>\n\t\t<div class=\"elementor-element elementor-element-b42e261 e-flex e-con-boxed e-con e-child\" data-id=\"b42e261\" data-element_type=\"container\" data-e-type=\"container\">\n\t\t\t\t\t<div class=\"e-con-inner\">\n\t\t\t\t<div class=\"elementor-element elementor-element-3772e0d elementor-widget elementor-widget-heading\" data-id=\"3772e0d\" data-element_type=\"widget\" data-e-type=\"widget\" data-widget_type=\"heading.default\">\n\t\t\t\t<div class=\"elementor-widget-container\">\n\t\t\t\t\t<h2 class=\"elementor-heading-title elementor-size-default\">Enlla\u00e7os a altres llocs web<\/h2>\t\t\t\t<\/div>\n\t\t\t\t<\/div>\n\t\t\t\t<div class=\"elementor-element elementor-element-56ccb9a elementor-widget elementor-widget-text-editor\" data-id=\"56ccb9a\" data-element_type=\"widget\" data-e-type=\"widget\" data-widget_type=\"text-editor.default\">\n\t\t\t\t<div class=\"elementor-widget-container\">\n\t\t\t\t\t\t\t\t\t<p><span style=\"font-weight: 400;\">El Titular pot proporcionar-li acc\u00e9s a llocs web de tercers mitjan\u00e7ant enlla\u00e7os amb la finalitat exclusiva d\u2019informar sobre l\u2019exist\u00e8ncia d\u2019altres fonts d\u2019informaci\u00f3 a Internet on podr\u00e0 ampliar les dades ofertes en el Lloc Web.<\/span><\/p><p><span style=\"font-weight: 400;\">Aquests enlla\u00e7os a altres llocs web no suposen en cap cas una sugger\u00e8ncia o recomanaci\u00f3 perqu\u00e8 vost\u00e8 visiti les p\u00e0gines web de dest\u00ed, que estan fora del control del Titular. Per aix\u00f2, el Titular no \u00e9s responsable del contingut dels llocs web enlla\u00e7ats ni del resultat que obtingui en seguir aquests enlla\u00e7os. Aix\u00ed mateix, el Titular no respon dels links o enlla\u00e7os situats en els llocs web enlla\u00e7ats als quals li proporciona acc\u00e9s.<\/span><\/p><p><span style=\"font-weight: 400;\">L\u2019establiment de l\u2019enlla\u00e7 no implica en cap cas l\u2019exist\u00e8ncia de relacions entre el Titular i el propietari del lloc on s\u2019estableixi l\u2019enlla\u00e7, ni l\u2019acceptaci\u00f3 o aprovaci\u00f3 per part del Titular dels seus continguts o serveis.<\/span><\/p><p><span style=\"font-weight: 400;\">Si accedeix a un lloc web extern des d\u2019un enlla\u00e7 que trobi en el Lloc Web, haur\u00e0 de llegir la pr\u00f2pia pol\u00edtica de privacitat de l\u2019altre lloc web, que pot ser diferent de la d\u2019aquest Lloc Web.<\/span><\/p>\t\t\t\t\t\t\t\t<\/div>\n\t\t\t\t<\/div>\n\t\t\t\t\t<\/div>\n\t\t\t\t<\/div>\n\t\t<div class=\"elementor-element elementor-element-5361056 e-flex e-con-boxed e-con e-child\" data-id=\"5361056\" data-element_type=\"container\" data-e-type=\"container\">\n\t\t\t\t\t<div class=\"e-con-inner\">\n\t\t\t\t<div class=\"elementor-element elementor-element-41a340d elementor-widget elementor-widget-heading\" data-id=\"41a340d\" data-element_type=\"widget\" data-e-type=\"widget\" data-widget_type=\"heading.default\">\n\t\t\t\t<div class=\"elementor-widget-container\">\n\t\t\t\t\t<h2 class=\"elementor-heading-title elementor-size-default\">Propietat intel\u00b7lectual i industrial<\/h2>\t\t\t\t<\/div>\n\t\t\t\t<\/div>\n\t\t\t\t<div class=\"elementor-element elementor-element-b5279b4 elementor-widget elementor-widget-text-editor\" data-id=\"b5279b4\" data-element_type=\"widget\" data-e-type=\"widget\" data-widget_type=\"text-editor.default\">\n\t\t\t\t<div class=\"elementor-widget-container\">\n\t\t\t\t\t\t\t\t\t<p><span style=\"font-weight: 400;\">Tots els drets estan reservats.<\/span><\/p><p><span style=\"font-weight: 400;\">Tot acc\u00e9s a aquest Lloc Web est\u00e0 subjecte a les condicions seg\u00fcents: la reproducci\u00f3, l\u2019emmagatzematge permanent i la difusi\u00f3 dels continguts o qualsevol altre \u00fas amb finalitat p\u00fablica o comercial queda expressament prohibit sense el consentiment previ, expr\u00e9s i per escrit del Titular.<\/span><\/p>\t\t\t\t\t\t\t\t<\/div>\n\t\t\t\t<\/div>\n\t\t\t\t\t<\/div>\n\t\t\t\t<\/div>\n\t\t<div class=\"elementor-element elementor-element-5d5f9c1 e-flex e-con-boxed e-con e-child\" data-id=\"5d5f9c1\" data-element_type=\"container\" data-e-type=\"container\">\n\t\t\t\t\t<div class=\"e-con-inner\">\n\t\t\t\t<div class=\"elementor-element elementor-element-dab518c elementor-widget elementor-widget-heading\" data-id=\"dab518c\" data-element_type=\"widget\" data-e-type=\"widget\" data-widget_type=\"heading.default\">\n\t\t\t\t<div class=\"elementor-widget-container\">\n\t\t\t\t\t<h2 class=\"elementor-heading-title elementor-size-default\">Limitaci\u00f3 de responsabilitat<\/h2>\t\t\t\t<\/div>\n\t\t\t\t<\/div>\n\t\t\t\t<div class=\"elementor-element elementor-element-d5a7fca elementor-widget elementor-widget-text-editor\" data-id=\"d5a7fca\" data-element_type=\"widget\" data-e-type=\"widget\" data-widget_type=\"text-editor.default\">\n\t\t\t\t<div class=\"elementor-widget-container\">\n\t\t\t\t\t\t\t\t\t<p><span style=\"font-weight: 400;\">El Titular declina qualsevol responsabilitat en cas que es produeixin interrupcions o un mal funcionament dels Serveis o continguts oferts a Internet, sigui quina sigui la causa. Aix\u00ed mateix, el Titular no es fa responsable de les caigudes de la xarxa, p\u00e8rdues de negoci a conseq\u00fc\u00e8ncia d\u2019aquestes caigudes, suspensions temporals del subministrament el\u00e8ctric o qualsevol altre tipus de dany indirecte que li pugui ser causat per causes alienes al Titular.<\/span><\/p><p><span style=\"font-weight: 400;\">Abans de prendre decisions i\/o emprendre accions basant-se en la informaci\u00f3 inclosa al Lloc Web, el Titular li recomana comprovar i contrastar la informaci\u00f3 rebuda amb altres fonts.<\/span><\/p>\t\t\t\t\t\t\t\t<\/div>\n\t\t\t\t<\/div>\n\t\t\t\t\t<\/div>\n\t\t\t\t<\/div>\n\t\t<div class=\"elementor-element elementor-element-3be07ad e-flex e-con-boxed e-con e-child\" data-id=\"3be07ad\" data-element_type=\"container\" data-e-type=\"container\">\n\t\t\t\t\t<div class=\"e-con-inner\">\n\t\t\t\t<div class=\"elementor-element elementor-element-3e7cbe6 elementor-widget elementor-widget-heading\" data-id=\"3e7cbe6\" data-element_type=\"widget\" data-e-type=\"widget\" data-widget_type=\"heading.default\">\n\t\t\t\t<div class=\"elementor-widget-container\">\n\t\t\t\t\t<h2 class=\"elementor-heading-title elementor-size-default\">Jurisdicci\u00f3<\/h2>\t\t\t\t<\/div>\n\t\t\t\t<\/div>\n\t\t\t\t<div class=\"elementor-element elementor-element-0272120 elementor-widget elementor-widget-text-editor\" data-id=\"0272120\" data-element_type=\"widget\" data-e-type=\"widget\" data-widget_type=\"text-editor.default\">\n\t\t\t\t<div class=\"elementor-widget-container\">\n\t\t\t\t\t\t\t\t\t<p><span style=\"font-weight: 400;\">Aquest Av\u00eds Legal es regeix \u00edntegrament per la legislaci\u00f3 espanyola.<\/span><\/p>\t\t\t\t\t\t\t\t<\/div>\n\t\t\t\t<\/div>\n\t\t\t\t\t<\/div>\n\t\t\t\t<\/div>\n\t\t<div class=\"elementor-element elementor-element-e7a835a e-flex e-con-boxed e-con e-child\" data-id=\"e7a835a\" data-element_type=\"container\" data-e-type=\"container\">\n\t\t\t\t\t<div class=\"e-con-inner\">\n\t\t\t\t<div class=\"elementor-element elementor-element-3477c45 elementor-widget elementor-widget-heading\" data-id=\"3477c45\" data-element_type=\"widget\" data-e-type=\"widget\" data-widget_type=\"heading.default\">\n\t\t\t\t<div class=\"elementor-widget-container\">\n\t\t\t\t\t<h2 class=\"elementor-heading-title elementor-size-default\">Contacte<\/h2>\t\t\t\t<\/div>\n\t\t\t\t<\/div>\n\t\t\t\t<div class=\"elementor-element elementor-element-35c039c elementor-widget elementor-widget-text-editor\" data-id=\"35c039c\" data-element_type=\"widget\" data-e-type=\"widget\" data-widget_type=\"text-editor.default\">\n\t\t\t\t<div class=\"elementor-widget-container\">\n\t\t\t\t\t\t\t\t\t<p><span style=\"font-weight: 400;\">En cas que tingui qualsevol dubte sobre aquest Av\u00eds Legal o vulgui fer qualsevol comentari sobre el Lloc Web, pot enviar un missatge de correu electr\u00f2nic a l\u2019adre\u00e7a: <\/span><b>DENTAL@MONTSETIMONEDA.COM<\/b><span style=\"font-weight: 400;\">.<\/span><\/p>\t\t\t\t\t\t\t\t<\/div>\n\t\t\t\t<\/div>\n\t\t\t\t\t<\/div>\n\t\t\t\t<\/div>\n\t\t\t\t<\/div>\n\t\t\t\t<\/div>\n\t\t","protected":false},"excerpt":{"rendered":"<p>Av\u00eds Legal Identificaci\u00f3 i Titularitat De conformitat amb l\u2019article 10 de la Llei 34\/2002, d\u201911 de juliol, de Serveis de la Societat de la Informaci\u00f3 i de Comer\u00e7 Electr\u00f2nic, el Titular exposa les seves dades identificatives: Titular:\u00a0 CENTRE ODONTOLOGIC SANADENT, S.L.P. NIF:\u00a0B43798263 Inscrita en el registre mercantil de TARRAGONA, tom 2067, llibre , secci\u00f3 SOCIETAT, [&#8230;]\n","protected":false},"author":7,"featured_media":0,"parent":0,"menu_order":0,"comment_status":"closed","ping_status":"closed","template":"elementor_header_footer","meta":{"footnotes":""},"class_list":["post-12924","page","type-page","status-publish","hentry"],"yoast_head":"<!-- This site is optimized with the Yoast SEO plugin v27.3 - https:\/\/yoast.com\/product\/yoast-seo-wordpress\/ -->\n<title>Avis Legal | Cl\u00ednica Dental Montse Timoneda<\/title>\n<meta name=\"description\" content=\"Consulta l&#039;av\u00eds legal de Cl\u00ednica Dental Montse Timoneda. Informaci\u00f3 sobre termes, condicions i protecci\u00f3 de dades al nostre lloc web.\" \/>\n<meta name=\"robots\" content=\"index, follow\" \/>\n<link rel=\"canonical\" href=\"https:\/\/clinicadentalmontsetimoneda.com\/ca\/avis-legal\/\" \/>\n<meta property=\"og:locale\" content=\"ca_ES\" \/>\n<meta property=\"og:type\" content=\"article\" \/>\n<meta property=\"og:title\" content=\"Avis Legal | Cl\u00ednica Dental Montse Timoneda\" \/>\n<meta property=\"og:description\" content=\"Consulta l&#039;av\u00eds legal de Cl\u00ednica Dental Montse Timoneda. Informaci\u00f3 sobre termes, condicions i protecci\u00f3 de dades al nostre lloc web.\" \/>\n<meta property=\"og:url\" content=\"https:\/\/clinicadentalmontsetimoneda.com\/ca\/avis-legal\/\" \/>\n<meta property=\"og:site_name\" content=\"Montse Timoneda\" \/>\n<meta property=\"article:publisher\" content=\"https:\/\/es-es.facebook.com\/ClinicaDentalMontseTimoneda\/\" \/>\n<meta property=\"article:modified_time\" content=\"2025-01-23T18:36:42+00:00\" \/>\n<meta name=\"twitter:card\" content=\"summary_large_image\" \/>\n<meta name=\"twitter:label1\" content=\"Temps estimat de lectura\" \/>\n\t<meta name=\"twitter:data1\" content=\"6 minuts\" \/>\n<script type=\"application\/ld+json\" class=\"yoast-schema-graph\">{\"@context\":\"https:\\\/\\\/schema.org\",\"@graph\":[{\"@type\":\"WebPage\",\"@id\":\"https:\\\/\\\/clinicadentalmontsetimoneda.com\\\/ca\\\/avis-legal\\\/\",\"url\":\"https:\\\/\\\/clinicadentalmontsetimoneda.com\\\/ca\\\/avis-legal\\\/\",\"name\":\"Avis Legal | Cl\u00ednica Dental Montse Timoneda\",\"isPartOf\":{\"@id\":\"https:\\\/\\\/clinicadentalmontsetimoneda.com\\\/ca\\\/#website\"},\"datePublished\":\"2024-07-18T16:10:29+00:00\",\"dateModified\":\"2025-01-23T18:36:42+00:00\",\"description\":\"Consulta l'av\u00eds legal de Cl\u00ednica Dental Montse Timoneda. Informaci\u00f3 sobre termes, condicions i protecci\u00f3 de dades al nostre lloc web.\",\"breadcrumb\":{\"@id\":\"https:\\\/\\\/clinicadentalmontsetimoneda.com\\\/ca\\\/avis-legal\\\/#breadcrumb\"},\"inLanguage\":\"ca\",\"potentialAction\":[{\"@type\":\"ReadAction\",\"target\":[\"https:\\\/\\\/clinicadentalmontsetimoneda.com\\\/ca\\\/avis-legal\\\/\"]}]},{\"@type\":\"BreadcrumbList\",\"@id\":\"https:\\\/\\\/clinicadentalmontsetimoneda.com\\\/ca\\\/avis-legal\\\/#breadcrumb\",\"itemListElement\":[{\"@type\":\"ListItem\",\"position\":1,\"name\":\"Portada\",\"item\":\"https:\\\/\\\/clinicadentalmontsetimoneda.com\\\/ca\\\/\"},{\"@type\":\"ListItem\",\"position\":2,\"name\":\"Avis Legal\"}]},{\"@type\":\"WebSite\",\"@id\":\"https:\\\/\\\/clinicadentalmontsetimoneda.com\\\/ca\\\/#website\",\"url\":\"https:\\\/\\\/clinicadentalmontsetimoneda.com\\\/ca\\\/\",\"name\":\"Montse Timoneda\",\"description\":\"Cl\u00ednica dental  | Tarragona\",\"publisher\":{\"@id\":\"https:\\\/\\\/clinicadentalmontsetimoneda.com\\\/ca\\\/#organization\"},\"potentialAction\":[{\"@type\":\"SearchAction\",\"target\":{\"@type\":\"EntryPoint\",\"urlTemplate\":\"https:\\\/\\\/clinicadentalmontsetimoneda.com\\\/ca\\\/?s={search_term_string}\"},\"query-input\":{\"@type\":\"PropertyValueSpecification\",\"valueRequired\":true,\"valueName\":\"search_term_string\"}}],\"inLanguage\":\"ca\"},{\"@type\":\"Organization\",\"@id\":\"https:\\\/\\\/clinicadentalmontsetimoneda.com\\\/ca\\\/#organization\",\"name\":\"Clinica Dental Montse Timoneda\",\"url\":\"https:\\\/\\\/clinicadentalmontsetimoneda.com\\\/ca\\\/\",\"logo\":{\"@type\":\"ImageObject\",\"inLanguage\":\"ca\",\"@id\":\"https:\\\/\\\/clinicadentalmontsetimoneda.com\\\/ca\\\/#\\\/schema\\\/logo\\\/image\\\/\",\"url\":\"https:\\\/\\\/clinicadentalmontsetimoneda.com\\\/wp-content\\\/uploads\\\/2024\\\/05\\\/Logo-central.svg\",\"contentUrl\":\"https:\\\/\\\/clinicadentalmontsetimoneda.com\\\/wp-content\\\/uploads\\\/2024\\\/05\\\/Logo-central.svg\",\"width\":515,\"height\":110,\"caption\":\"Clinica Dental Montse Timoneda\"},\"image\":{\"@id\":\"https:\\\/\\\/clinicadentalmontsetimoneda.com\\\/ca\\\/#\\\/schema\\\/logo\\\/image\\\/\"},\"sameAs\":[\"https:\\\/\\\/es-es.facebook.com\\\/ClinicaDentalMontseTimoneda\\\/\",\"https:\\\/\\\/www.instagram.com\\\/cd.montsetimoneda\\\/\",\"https:\\\/\\\/www.youtube.com\\\/channel\\\/UCBohbjYo6D3kp365Fs68cGw\"]}]}<\/script>\n<!-- \/ Yoast SEO plugin. -->","yoast_head_json":{"title":"Avis Legal | Cl\u00ednica Dental Montse Timoneda","description":"Consulta l'av\u00eds legal de Cl\u00ednica Dental Montse Timoneda. Informaci\u00f3 sobre termes, condicions i protecci\u00f3 de dades al nostre lloc web.","robots":{"index":"index","follow":"follow"},"canonical":"https:\/\/clinicadentalmontsetimoneda.com\/ca\/avis-legal\/","og_locale":"ca_ES","og_type":"article","og_title":"Avis Legal | Cl\u00ednica Dental Montse Timoneda","og_description":"Consulta l'av\u00eds legal de Cl\u00ednica Dental Montse Timoneda. Informaci\u00f3 sobre termes, condicions i protecci\u00f3 de dades al nostre lloc web.","og_url":"https:\/\/clinicadentalmontsetimoneda.com\/ca\/avis-legal\/","og_site_name":"Montse Timoneda","article_publisher":"https:\/\/es-es.facebook.com\/ClinicaDentalMontseTimoneda\/","article_modified_time":"2025-01-23T18:36:42+00:00","twitter_card":"summary_large_image","twitter_misc":{"Temps estimat de lectura":"6 minuts"},"schema":{"@context":"https:\/\/schema.org","@graph":[{"@type":"WebPage","@id":"https:\/\/clinicadentalmontsetimoneda.com\/ca\/avis-legal\/","url":"https:\/\/clinicadentalmontsetimoneda.com\/ca\/avis-legal\/","name":"Avis Legal | Cl\u00ednica Dental Montse Timoneda","isPartOf":{"@id":"https:\/\/clinicadentalmontsetimoneda.com\/ca\/#website"},"datePublished":"2024-07-18T16:10:29+00:00","dateModified":"2025-01-23T18:36:42+00:00","description":"Consulta l'av\u00eds legal de Cl\u00ednica Dental Montse Timoneda. Informaci\u00f3 sobre termes, condicions i protecci\u00f3 de dades al nostre lloc web.","breadcrumb":{"@id":"https:\/\/clinicadentalmontsetimoneda.com\/ca\/avis-legal\/#breadcrumb"},"inLanguage":"ca","potentialAction":[{"@type":"ReadAction","target":["https:\/\/clinicadentalmontsetimoneda.com\/ca\/avis-legal\/"]}]},{"@type":"BreadcrumbList","@id":"https:\/\/clinicadentalmontsetimoneda.com\/ca\/avis-legal\/#breadcrumb","itemListElement":[{"@type":"ListItem","position":1,"name":"Portada","item":"https:\/\/clinicadentalmontsetimoneda.com\/ca\/"},{"@type":"ListItem","position":2,"name":"Avis Legal"}]},{"@type":"WebSite","@id":"https:\/\/clinicadentalmontsetimoneda.com\/ca\/#website","url":"https:\/\/clinicadentalmontsetimoneda.com\/ca\/","name":"Montse Timoneda","description":"Cl\u00ednica dental  | Tarragona","publisher":{"@id":"https:\/\/clinicadentalmontsetimoneda.com\/ca\/#organization"},"potentialAction":[{"@type":"SearchAction","target":{"@type":"EntryPoint","urlTemplate":"https:\/\/clinicadentalmontsetimoneda.com\/ca\/?s={search_term_string}"},"query-input":{"@type":"PropertyValueSpecification","valueRequired":true,"valueName":"search_term_string"}}],"inLanguage":"ca"},{"@type":"Organization","@id":"https:\/\/clinicadentalmontsetimoneda.com\/ca\/#organization","name":"Clinica Dental Montse Timoneda","url":"https:\/\/clinicadentalmontsetimoneda.com\/ca\/","logo":{"@type":"ImageObject","inLanguage":"ca","@id":"https:\/\/clinicadentalmontsetimoneda.com\/ca\/#\/schema\/logo\/image\/","url":"https:\/\/clinicadentalmontsetimoneda.com\/wp-content\/uploads\/2024\/05\/Logo-central.svg","contentUrl":"https:\/\/clinicadentalmontsetimoneda.com\/wp-content\/uploads\/2024\/05\/Logo-central.svg","width":515,"height":110,"caption":"Clinica Dental Montse Timoneda"},"image":{"@id":"https:\/\/clinicadentalmontsetimoneda.com\/ca\/#\/schema\/logo\/image\/"},"sameAs":["https:\/\/es-es.facebook.com\/ClinicaDentalMontseTimoneda\/","https:\/\/www.instagram.com\/cd.montsetimoneda\/","https:\/\/www.youtube.com\/channel\/UCBohbjYo6D3kp365Fs68cGw"]}]}},"_links":{"self":[{"href":"https:\/\/clinicadentalmontsetimoneda.com\/ca\/wp-json\/wp\/v2\/pages\/12924","targetHints":{"allow":["GET"]}}],"collection":[{"href":"https:\/\/clinicadentalmontsetimoneda.com\/ca\/wp-json\/wp\/v2\/pages"}],"about":[{"href":"https:\/\/clinicadentalmontsetimoneda.com\/ca\/wp-json\/wp\/v2\/types\/page"}],"author":[{"embeddable":true,"href":"https:\/\/clinicadentalmontsetimoneda.com\/ca\/wp-json\/wp\/v2\/users\/7"}],"replies":[{"embeddable":true,"href":"https:\/\/clinicadentalmontsetimoneda.com\/ca\/wp-json\/wp\/v2\/comments?post=12924"}],"version-history":[{"count":25,"href":"https:\/\/clinicadentalmontsetimoneda.com\/ca\/wp-json\/wp\/v2\/pages\/12924\/revisions"}],"predecessor-version":[{"id":15900,"href":"https:\/\/clinicadentalmontsetimoneda.com\/ca\/wp-json\/wp\/v2\/pages\/12924\/revisions\/15900"}],"wp:attachment":[{"href":"https:\/\/clinicadentalmontsetimoneda.com\/ca\/wp-json\/wp\/v2\/media?parent=12924"}],"curies":[{"name":"wp","href":"https:\/\/api.w.org\/{rel}","templated":true}]}}